{"id":6682,"date":"2021-05-17T16:02:54","date_gmt":"2021-05-17T14:02:54","guid":{"rendered":"https:\/\/gronau-inside.heska.mp\/home-page\/"},"modified":"2026-01-14T14:28:15","modified_gmt":"2026-01-14T13:28:15","slug":"home-page","status":"publish","type":"page","link":"https:\/\/gronau-inside.de\/en","title":{"rendered":"Home page"},"content":{"rendered":"\t\t<div data-elementor-type=\"wp-page\" data-elementor-id=\"6682\" class=\"elementor elementor-6682 elementor-17\" data-elementor-post-type=\"page\">\n\t\t\t\t<div class=\"elementor-element elementor-element-769815f e-con-full e-flex e-con e-parent\" data-id=\"769815f\" data-element_type=\"container\" data-e-type=\"container\" data-settings=\"{&quot;jet_parallax_layout_list&quot;:[{&quot;jet_parallax_layout_image&quot;:{&quot;url&quot;:&quot;&quot;,&quot;id&quot;:&quot;&quot;,&quot;size&quot;:&quot;&quot;},&quot;_id&quot;:&quot;aaf412a&quot;,&quot;jet_parallax_layout_image_tablet&quot;:{&quot;url&quot;:&quot;&quot;,&quot;id&quot;:&quot;&quot;,&quot;size&quot;:&quot;&quot;},&quot;jet_parallax_layout_image_mobile&quot;:{&quot;url&quot;:&quot;&quot;,&quot;id&quot;:&quot;&quot;,&quot;size&quot;:&quot;&quot;},&quot;jet_parallax_layout_speed&quot;:{&quot;unit&quot;:&quot;%&quot;,&quot;size&quot;:50,&quot;sizes&quot;:[]},&quot;jet_parallax_layout_type&quot;:&quot;scroll&quot;,&quot;jet_parallax_layout_direction&quot;:&quot;1&quot;,&quot;jet_parallax_layout_fx_direction&quot;:null,&quot;jet_parallax_layout_z_index&quot;:&quot;&quot;,&quot;jet_parallax_layout_bg_x&quot;:50,&quot;jet_parallax_layout_bg_x_tablet&quot;:&quot;&quot;,&quot;jet_parallax_layout_bg_x_mobile&quot;:&quot;&quot;,&quot;jet_parallax_layout_bg_y&quot;:50,&quot;jet_parallax_layout_bg_y_tablet&quot;:&quot;&quot;,&quot;jet_parallax_layout_bg_y_mobile&quot;:&quot;&quot;,&quot;jet_parallax_layout_bg_size&quot;:&quot;auto&quot;,&quot;jet_parallax_layout_bg_size_tablet&quot;:&quot;&quot;,&quot;jet_parallax_layout_bg_size_mobile&quot;:&quot;&quot;,&quot;jet_parallax_layout_animation_prop&quot;:&quot;transform&quot;,&quot;jet_parallax_layout_on&quot;:[&quot;desktop&quot;,&quot;tablet&quot;]}],&quot;background_background&quot;:&quot;video&quot;,&quot;background_video_link&quot;:&quot;https:\\\/\\\/gronau-inside.de\\\/wp-content\\\/uploads\\\/2022\\\/10\\\/Gronau-Website-Loop-v5-2.mp4&quot;,&quot;background_play_on_mobile&quot;:&quot;yes&quot;,&quot;ekit_has_onepagescroll_dot&quot;:&quot;yes&quot;}\">\n\t\t<div class=\"elementor-background-video-container\">\n\t\t\t\t\t\t\t<video class=\"elementor-background-video-hosted\" role=\"presentation\" autoplay muted playsinline loop><\/video>\n\t\t\t\t\t<\/div><div class=\"elementor-element elementor-element-07f45e7 e-con-full e-flex e-con e-child\" data-id=\"07f45e7\" data-element_type=\"container\" data-e-type=\"container\" data-settings=\"{&quot;jet_parallax_layout_list&quot;:[],&quot;ekit_has_onepagescroll_dot&quot;:&quot;yes&quot;}\">\n\t\t\t\t<div class=\"elementor-element elementor-element-8b3693f elementor-widget elementor-widget-heading\" data-id=\"8b3693f\" data-element_type=\"widget\" data-e-type=\"widget\" data-settings=\"{&quot;ekit_we_effect_on&quot;:&quot;none&quot;}\" data-widget_type=\"heading.default\">\n\t\t\t\t<div class=\"elementor-widget-container\">\n\t\t\t\t\t<h2 class=\"elementor-heading-title elementor-size-default\">WELCOME TO GRONAU<br><span>Music city in the countryside<\/span><\/h2>\t\t\t\t<\/div>\n\t\t\t\t<\/div>\n\t\t\t\t<div class=\"elementor-element elementor-element-64277dd elementor-widget-divider--view-line elementor-widget elementor-widget-divider\" data-id=\"64277dd\" data-element_type=\"widget\" data-e-type=\"widget\" data-settings=\"{&quot;ekit_we_effect_on&quot;:&quot;none&quot;}\" data-widget_type=\"divider.default\">\n\t\t\t\t<div class=\"elementor-widget-container\">\n\t\t\t\t\t\t\t<div class=\"elementor-divider\">\n\t\t\t<span class=\"elementor-divider-separator\">\n\t\t\t\t\t\t<\/span>\n\t\t<\/div>\n\t\t\t\t\t\t<\/div>\n\t\t\t\t<\/div>\n\t\t<div class=\"elementor-element elementor-element-124a0df e-flex e-con-boxed e-con e-child\" data-id=\"124a0df\" data-element_type=\"container\" data-e-type=\"container\" data-settings=\"{&quot;jet_parallax_layout_list&quot;:[{&quot;jet_parallax_layout_image&quot;:{&quot;url&quot;:&quot;&quot;,&quot;id&quot;:&quot;&quot;,&quot;size&quot;:&quot;&quot;},&quot;_id&quot;:&quot;cf2ca6c&quot;,&quot;jet_parallax_layout_image_tablet&quot;:{&quot;url&quot;:&quot;&quot;,&quot;id&quot;:&quot;&quot;,&quot;size&quot;:&quot;&quot;},&quot;jet_parallax_layout_image_mobile&quot;:{&quot;url&quot;:&quot;&quot;,&quot;id&quot;:&quot;&quot;,&quot;size&quot;:&quot;&quot;},&quot;jet_parallax_layout_speed&quot;:{&quot;unit&quot;:&quot;%&quot;,&quot;size&quot;:50,&quot;sizes&quot;:[]},&quot;jet_parallax_layout_type&quot;:&quot;scroll&quot;,&quot;jet_parallax_layout_direction&quot;:&quot;1&quot;,&quot;jet_parallax_layout_fx_direction&quot;:null,&quot;jet_parallax_layout_z_index&quot;:&quot;&quot;,&quot;jet_parallax_layout_bg_x&quot;:50,&quot;jet_parallax_layout_bg_x_tablet&quot;:&quot;&quot;,&quot;jet_parallax_layout_bg_x_mobile&quot;:&quot;&quot;,&quot;jet_parallax_layout_bg_y&quot;:50,&quot;jet_parallax_layout_bg_y_tablet&quot;:&quot;&quot;,&quot;jet_parallax_layout_bg_y_mobile&quot;:&quot;&quot;,&quot;jet_parallax_layout_bg_size&quot;:&quot;auto&quot;,&quot;jet_parallax_layout_bg_size_tablet&quot;:&quot;&quot;,&quot;jet_parallax_layout_bg_size_mobile&quot;:&quot;&quot;,&quot;jet_parallax_layout_animation_prop&quot;:&quot;transform&quot;,&quot;jet_parallax_layout_on&quot;:[&quot;desktop&quot;,&quot;tablet&quot;]}],&quot;ekit_has_onepagescroll_dot&quot;:&quot;yes&quot;}\">\n\t\t\t\t\t<div class=\"e-con-inner\">\n\t\t<div class=\"elementor-element elementor-element-2208aea e-con-full e-flex e-con e-child\" data-id=\"2208aea\" data-element_type=\"container\" data-e-type=\"container\" data-settings=\"{&quot;jet_parallax_layout_list&quot;:[],&quot;ekit_has_onepagescroll_dot&quot;:&quot;yes&quot;}\">\n\t\t\t\t<div class=\"elementor-element elementor-element-ecb701b elementor-flip-box--effect-fade elementor-widget elementor-widget-flip-box\" data-id=\"ecb701b\" data-element_type=\"widget\" data-e-type=\"widget\" data-settings=\"{&quot;ekit_we_effect_on&quot;:&quot;none&quot;}\" data-widget_type=\"flip-box.default\">\n\t\t\t\t<div class=\"elementor-widget-container\">\n\t\t\t\t\t\t\t<div class=\"elementor-flip-box\" tabindex=\"0\">\n\t\t\t<div class=\"elementor-flip-box__layer elementor-flip-box__front\">\n\t\t\t\t<div class=\"elementor-flip-box__layer__overlay\">\n\t\t\t\t\t<div class=\"elementor-flip-box__layer__inner\">\n\t\t\t\t\t\t\n\t\t\t\t\t\t\t\t\t\t\t\t\t<h3 class=\"elementor-flip-box__layer__title\">\n\t\t\t\t\t\t\t\tevents\t\t\t\t\t\t\t<\/h3>\n\t\t\t\t\t\t\n\t\t\t\t\t\t\t\t\t\t\t<\/div>\n\t\t\t\t<\/div>\n\t\t\t<\/div>\n\t\t\t<a class=\"elementor-flip-box__layer elementor-flip-box__back\" href=\"https:\/\/gronau-inside.de\/veranstaltungen\">\n\t\t\t<div class=\"elementor-flip-box__layer__overlay\">\n\t\t\t\t<div class=\"elementor-flip-box__layer__inner\">\n\t\t\t\t\t\t\t\t\t\t\t<h3 class=\"elementor-flip-box__layer__title\">\n\t\t\t\t\t\t\tevents\t\t\t\t\t\t<\/h3>\n\t\t\t\t\t\n\t\t\t\t\t\t\t\t\t\t\t<div class=\"elementor-flip-box__layer__description\">\n\t\t\t\t\t\t\tLive music, guided tours, musicals, shooting festivals and much more: there's always something going on in Gronau!\t\t\t\t\t\t<\/div>\n\t\t\t\t\t\n\t\t\t\t\t\t\t\t\t\t\t<span class=\"elementor-flip-box__button elementor-button elementor-size-sm\">\n\t\t\t\t\t\t\tRead more\t\t\t\t\t\t<\/span>\n\t\t\t\t\t\t\t\t<\/div>\n\t\t<\/div>\n\t\t<\/a>\n\t\t<\/div>\n\t\t\t\t\t\t<\/div>\n\t\t\t\t<\/div>\n\t\t\t\t<\/div>\n\t\t<div class=\"elementor-element elementor-element-384a1a7 e-con-full e-flex e-con e-child\" data-id=\"384a1a7\" data-element_type=\"container\" data-e-type=\"container\" data-settings=\"{&quot;jet_parallax_layout_list&quot;:[],&quot;ekit_has_onepagescroll_dot&quot;:&quot;yes&quot;}\">\n\t\t<div class=\"elementor-element elementor-element-f1c771a e-con-full e-flex e-con e-child\" data-id=\"f1c771a\" data-element_type=\"container\" data-e-type=\"container\" data-settings=\"{&quot;jet_parallax_layout_list&quot;:[],&quot;ekit_has_onepagescroll_dot&quot;:&quot;yes&quot;}\">\n\t\t\t\t<div class=\"elementor-element elementor-element-656d921 elementor-flip-box--effect-fade elementor-widget elementor-widget-flip-box\" data-id=\"656d921\" data-element_type=\"widget\" data-e-type=\"widget\" data-settings=\"{&quot;ekit_we_effect_on&quot;:&quot;none&quot;}\" data-widget_type=\"flip-box.default\">\n\t\t\t\t<div class=\"elementor-widget-container\">\n\t\t\t\t\t\t\t<div class=\"elementor-flip-box\" tabindex=\"0\">\n\t\t\t<div class=\"elementor-flip-box__layer elementor-flip-box__front\">\n\t\t\t\t<div class=\"elementor-flip-box__layer__overlay\">\n\t\t\t\t\t<div class=\"elementor-flip-box__layer__inner\">\n\t\t\t\t\t\t\n\t\t\t\t\t\t\t\t\t\t\t\t\t<h3 class=\"elementor-flip-box__layer__title\">\n\t\t\t\t\t\t\t\tRegister for events\t\t\t\t\t\t\t<\/h3>\n\t\t\t\t\t\t\n\t\t\t\t\t\t\t\t\t\t\t<\/div>\n\t\t\t\t<\/div>\n\t\t\t<\/div>\n\t\t\t<a class=\"elementor-flip-box__layer elementor-flip-box__back\" href=\"https:\/\/forms.office.com\/pages\/responsepage.aspx?id=1KA6qGcUMEagtEaa9X9Q68Oj0QqgQZRGiLDx8oI6re5UNUpOWVJKUkhIU1IzSjhDNlYwNzFMQlpVWi4u&#038;route=shorturl\">\n\t\t\t<div class=\"elementor-flip-box__layer__overlay\">\n\t\t\t\t<div class=\"elementor-flip-box__layer__inner\">\n\t\t\t\t\t\t\t\t\t\t\t<h3 class=\"elementor-flip-box__layer__title\">\n\t\t\t\t\t\t\tWe are looking for you\t\t\t\t\t\t<\/h3>\n\t\t\t\t\t\n\t\t\t\t\t\t\t\t\t\t\t<div class=\"elementor-flip-box__layer__description\">\n\t\t\t\t\t\t\tWhether you are a club, a business or a band, anyone who would like to take an active part in our events is cordially invited to register now.  \t\t\t\t\t\t<\/div>\n\t\t\t\t\t\n\t\t\t\t\t\t\t\t\t\t\t<span class=\"elementor-flip-box__button elementor-button elementor-size-sm\">\n\t\t\t\t\t\t\tRegister now\t\t\t\t\t\t<\/span>\n\t\t\t\t\t\t\t\t<\/div>\n\t\t<\/div>\n\t\t<\/a>\n\t\t<\/div>\n\t\t\t\t\t\t<\/div>\n\t\t\t\t<\/div>\n\t\t\t\t<\/div>\n\t\t\t\t<\/div>\n\t\t<div class=\"elementor-element elementor-element-2b4803a elementor-hidden-tablet elementor-hidden-phone e-con-full e-flex e-con e-child\" data-id=\"2b4803a\" data-element_type=\"container\" data-e-type=\"container\" data-settings=\"{&quot;jet_parallax_layout_list&quot;:[],&quot;ekit_has_onepagescroll_dot&quot;:&quot;yes&quot;}\">\n\t\t\t\t<div class=\"elementor-element elementor-element-844852a elementor-flip-box--effect-fade elementor-widget elementor-widget-flip-box\" data-id=\"844852a\" data-element_type=\"widget\" data-e-type=\"widget\" data-settings=\"{&quot;ekit_we_effect_on&quot;:&quot;none&quot;}\" data-widget_type=\"flip-box.default\">\n\t\t\t\t<div class=\"elementor-widget-container\">\n\t\t\t\t\t\t\t<div class=\"elementor-flip-box\" tabindex=\"0\">\n\t\t\t<div class=\"elementor-flip-box__layer elementor-flip-box__front\">\n\t\t\t\t<div class=\"elementor-flip-box__layer__overlay\">\n\t\t\t\t\t<div class=\"elementor-flip-box__layer__inner\">\n\t\t\t\t\t\t\n\t\t\t\t\t\t\t\t\t\t\t\t\t<h1 class=\"elementor-flip-box__layer__title\">\n\t\t\t\t\t\t\t\tCulture &amp; Music\t\t\t\t\t\t\t<\/h1>\n\t\t\t\t\t\t\n\t\t\t\t\t\t\t\t\t\t\t<\/div>\n\t\t\t\t<\/div>\n\t\t\t<\/div>\n\t\t\t<a class=\"elementor-flip-box__layer elementor-flip-box__back\" href=\"https:\/\/gronau-inside.de\/en\/culture\">\n\t\t\t<div class=\"elementor-flip-box__layer__overlay\">\n\t\t\t\t<div class=\"elementor-flip-box__layer__inner\">\n\t\t\t\t\t\t\t\t\t\t\t<h1 class=\"elementor-flip-box__layer__title\">\n\t\t\t\t\t\t\tCulture and music\t\t\t\t\t\t<\/h1>\n\t\t\t\t\t\n\t\t\t\t\t\t\t\t\t\t\t<div class=\"elementor-flip-box__layer__description\">\n\t\t\t\t\t\t\tBirthplace of Udo Lindenberg, home of the rock'n'pop museum and venue of the Jazzfest: discover the city of music!\t\t\t\t\t\t<\/div>\n\t\t\t\t\t\n\t\t\t\t\t\t\t\t\t\t\t<span class=\"elementor-flip-box__button elementor-button elementor-size-sm\">\n\t\t\t\t\t\t\tRead more\t\t\t\t\t\t<\/span>\n\t\t\t\t\t\t\t\t<\/div>\n\t\t<\/div>\n\t\t<\/a>\n\t\t<\/div>\n\t\t\t\t\t\t<\/div>\n\t\t\t\t<\/div>\n\t\t\t\t<\/div>\n\t\t\t\t\t<\/div>\n\t\t\t\t<\/div>\n\t\t<div class=\"elementor-element elementor-element-1ff6e34 e-flex e-con-boxed e-con e-child\" data-id=\"1ff6e34\" data-element_type=\"container\" data-e-type=\"container\" data-settings=\"{&quot;jet_parallax_layout_list&quot;:[{&quot;jet_parallax_layout_image&quot;:{&quot;url&quot;:&quot;&quot;,&quot;id&quot;:&quot;&quot;,&quot;size&quot;:&quot;&quot;},&quot;_id&quot;:&quot;cf2ca6c&quot;,&quot;jet_parallax_layout_image_tablet&quot;:{&quot;url&quot;:&quot;&quot;,&quot;id&quot;:&quot;&quot;,&quot;size&quot;:&quot;&quot;},&quot;jet_parallax_layout_image_mobile&quot;:{&quot;url&quot;:&quot;&quot;,&quot;id&quot;:&quot;&quot;,&quot;size&quot;:&quot;&quot;},&quot;jet_parallax_layout_speed&quot;:{&quot;unit&quot;:&quot;%&quot;,&quot;size&quot;:50,&quot;sizes&quot;:[]},&quot;jet_parallax_layout_type&quot;:&quot;scroll&quot;,&quot;jet_parallax_layout_direction&quot;:&quot;1&quot;,&quot;jet_parallax_layout_fx_direction&quot;:null,&quot;jet_parallax_layout_z_index&quot;:&quot;&quot;,&quot;jet_parallax_layout_bg_x&quot;:50,&quot;jet_parallax_layout_bg_x_tablet&quot;:&quot;&quot;,&quot;jet_parallax_layout_bg_x_mobile&quot;:&quot;&quot;,&quot;jet_parallax_layout_bg_y&quot;:50,&quot;jet_parallax_layout_bg_y_tablet&quot;:&quot;&quot;,&quot;jet_parallax_layout_bg_y_mobile&quot;:&quot;&quot;,&quot;jet_parallax_layout_bg_size&quot;:&quot;auto&quot;,&quot;jet_parallax_layout_bg_size_tablet&quot;:&quot;&quot;,&quot;jet_parallax_layout_bg_size_mobile&quot;:&quot;&quot;,&quot;jet_parallax_layout_animation_prop&quot;:&quot;transform&quot;,&quot;jet_parallax_layout_on&quot;:[&quot;desktop&quot;,&quot;tablet&quot;]}],&quot;ekit_has_onepagescroll_dot&quot;:&quot;yes&quot;}\">\n\t\t\t\t\t<div class=\"e-con-inner\">\n\t\t<div class=\"elementor-element elementor-element-185e434 e-con-full e-flex e-con e-child\" data-id=\"185e434\" data-element_type=\"container\" data-e-type=\"container\" data-settings=\"{&quot;jet_parallax_layout_list&quot;:[],&quot;ekit_has_onepagescroll_dot&quot;:&quot;yes&quot;}\">\n\t\t\t\t<div class=\"elementor-element elementor-element-e1edcda elementor-flip-box--effect-fade elementor-widget elementor-widget-flip-box\" data-id=\"e1edcda\" data-element_type=\"widget\" data-e-type=\"widget\" data-settings=\"{&quot;ekit_we_effect_on&quot;:&quot;none&quot;}\" data-widget_type=\"flip-box.default\">\n\t\t\t\t<div class=\"elementor-widget-container\">\n\t\t\t\t\t\t\t<div class=\"elementor-flip-box\" tabindex=\"0\">\n\t\t\t<div class=\"elementor-flip-box__layer elementor-flip-box__front\">\n\t\t\t\t<div class=\"elementor-flip-box__layer__overlay\">\n\t\t\t\t\t<div class=\"elementor-flip-box__layer__inner\">\n\t\t\t\t\t\t\n\t\t\t\t\t\t\t\t\t\t\t\t\t<h3 class=\"elementor-flip-box__layer__title\">\n\t\t\t\t\t\t\t\tPLANNING A VISIT\t\t\t\t\t\t\t<\/h3>\n\t\t\t\t\t\t\n\t\t\t\t\t\t\t\t\t\t\t<\/div>\n\t\t\t\t<\/div>\n\t\t\t<\/div>\n\t\t\t<a class=\"elementor-flip-box__layer elementor-flip-box__back\" href=\"https:\/\/gronau-inside.de\/en\/plan-a-visit\/tourist-info\">\n\t\t\t<div class=\"elementor-flip-box__layer__overlay\">\n\t\t\t\t<div class=\"elementor-flip-box__layer__inner\">\n\t\t\t\t\t\t\t\t\t\t\t<h3 class=\"elementor-flip-box__layer__title\">\n\t\t\t\t\t\t\tPLANNING A VISIT\t\t\t\t\t\t<\/h3>\n\t\t\t\t\t\n\t\t\t\t\t\t\t\t\t\t\t<div class=\"elementor-flip-box__layer__description\">\n\t\t\t\t\t\t\tPlanning a visit to Gronau? We have put together practical information and much more for you.  \t\t\t\t\t\t<\/div>\n\t\t\t\t\t\n\t\t\t\t\t\t\t\t\t\t\t<span class=\"elementor-flip-box__button elementor-button elementor-size-sm\">\n\t\t\t\t\t\t\tRead more\t\t\t\t\t\t<\/span>\n\t\t\t\t\t\t\t\t<\/div>\n\t\t<\/div>\n\t\t<\/a>\n\t\t<\/div>\n\t\t\t\t\t\t<\/div>\n\t\t\t\t<\/div>\n\t\t\t\t<\/div>\n\t\t<div class=\"elementor-element elementor-element-efaec39 e-con-full e-flex e-con e-child\" data-id=\"efaec39\" data-element_type=\"container\" data-e-type=\"container\" data-settings=\"{&quot;jet_parallax_layout_list&quot;:[],&quot;ekit_has_onepagescroll_dot&quot;:&quot;yes&quot;}\">\n\t\t\t\t<div class=\"elementor-element elementor-element-f143ee4 elementor-flip-box--effect-fade elementor-widget elementor-widget-flip-box\" data-id=\"f143ee4\" data-element_type=\"widget\" data-e-type=\"widget\" data-settings=\"{&quot;ekit_we_effect_on&quot;:&quot;none&quot;}\" data-widget_type=\"flip-box.default\">\n\t\t\t\t<div class=\"elementor-widget-container\">\n\t\t\t\t\t\t\t<div class=\"elementor-flip-box\" tabindex=\"0\">\n\t\t\t<div class=\"elementor-flip-box__layer elementor-flip-box__front\">\n\t\t\t\t<div class=\"elementor-flip-box__layer__overlay\">\n\t\t\t\t\t<div class=\"elementor-flip-box__layer__inner\">\n\t\t\t\t\t\t\n\t\t\t\t\t\t\t\t\t\t\t\t\t<h1 class=\"elementor-flip-box__layer__title\">\n\t\t\t\t\t\t\t\tEmployer voucher\t\t\t\t\t\t\t<\/h1>\n\t\t\t\t\t\t\n\t\t\t\t\t\t\t\t\t\t\t<\/div>\n\t\t\t\t<\/div>\n\t\t\t<\/div>\n\t\t\t<a class=\"elementor-flip-box__layer elementor-flip-box__back\" href=\"https:\/\/inside.stadtgutschein-gronauepe.de\/\">\n\t\t\t<div class=\"elementor-flip-box__layer__overlay\">\n\t\t\t\t<div class=\"elementor-flip-box__layer__inner\">\n\t\t\t\t\t\t\t\t\t\t\t<h1 class=\"elementor-flip-box__layer__title\">\n\t\t\t\t\t\t\tEmployer voucher\t\t\t\t\t\t<\/h1>\n\t\t\t\t\t\n\t\t\t\t\t\t\t\t\t\t\t<div class=\"elementor-flip-box__layer__description\">\n\t\t\t\t\t\t\tGive your employees a city voucher worth up to \u20ac50 every month.\t\t\t\t\t\t<\/div>\n\t\t\t\t\t\n\t\t\t\t\t\t\t\t\t\t\t<span class=\"elementor-flip-box__button elementor-button elementor-size-sm\">\n\t\t\t\t\t\t\tRead more\t\t\t\t\t\t<\/span>\n\t\t\t\t\t\t\t\t<\/div>\n\t\t<\/div>\n\t\t<\/a>\n\t\t<\/div>\n\t\t\t\t\t\t<\/div>\n\t\t\t\t<\/div>\n\t\t\t\t<\/div>\n\t\t<div class=\"elementor-element elementor-element-6ca2fe0 elementor-hidden-tablet elementor-hidden-phone e-con-full e-flex e-con e-child\" data-id=\"6ca2fe0\" data-element_type=\"container\" data-e-type=\"container\" data-settings=\"{&quot;jet_parallax_layout_list&quot;:[],&quot;ekit_has_onepagescroll_dot&quot;:&quot;yes&quot;}\">\n\t\t\t\t<div class=\"elementor-element elementor-element-ac22828 elementor-flip-box--effect-fade elementor-widget elementor-widget-flip-box\" data-id=\"ac22828\" data-element_type=\"widget\" data-e-type=\"widget\" data-settings=\"{&quot;ekit_we_effect_on&quot;:&quot;none&quot;}\" data-widget_type=\"flip-box.default\">\n\t\t\t\t<div class=\"elementor-widget-container\">\n\t\t\t\t\t\t\t<div class=\"elementor-flip-box\" tabindex=\"0\">\n\t\t\t<div class=\"elementor-flip-box__layer elementor-flip-box__front\">\n\t\t\t\t<div class=\"elementor-flip-box__layer__overlay\">\n\t\t\t\t\t<div class=\"elementor-flip-box__layer__inner\">\n\t\t\t\t\t\t\n\t\t\t\t\t\t\t\t\t\t\t\t\t<h3 class=\"elementor-flip-box__layer__title\">\n\t\t\t\t\t\t\t\tGroup offers\t\t\t\t\t\t\t<\/h3>\n\t\t\t\t\t\t\n\t\t\t\t\t\t\t\t\t\t\t<\/div>\n\t\t\t\t<\/div>\n\t\t\t<\/div>\n\t\t\t<a class=\"elementor-flip-box__layer elementor-flip-box__back\" href=\"https:\/\/gronau-inside.de\/en\/experience-discover\/group-offers\">\n\t\t\t<div class=\"elementor-flip-box__layer__overlay\">\n\t\t\t\t<div class=\"elementor-flip-box__layer__inner\">\n\t\t\t\t\t\t\t\t\t\t\t<h3 class=\"elementor-flip-box__layer__title\">\n\t\t\t\t\t\t\tGroup offers\t\t\t\t\t\t<\/h3>\n\t\t\t\t\t\n\t\t\t\t\t\t\t\t\t\t\t<div class=\"elementor-flip-box__layer__description\">\n\t\t\t\t\t\t\tWhether it's an alpaca hike, a city tour or a guided hike, there's something for everyone here.\t\t\t\t\t\t<\/div>\n\t\t\t\t\t\n\t\t\t\t\t\t\t\t\t\t\t<span class=\"elementor-flip-box__button elementor-button elementor-size-sm\">\n\t\t\t\t\t\t\tRead more\t\t\t\t\t\t<\/span>\n\t\t\t\t\t\t\t\t<\/div>\n\t\t<\/div>\n\t\t<\/a>\n\t\t<\/div>\n\t\t\t\t\t\t<\/div>\n\t\t\t\t<\/div>\n\t\t\t\t<\/div>\n\t\t\t\t\t<\/div>\n\t\t\t\t<\/div>\n\t\t\t\t<\/div>\n\t\t\t\t<\/div>\n\t\t\t\t<section class=\"elementor-section elementor-top-section elementor-element elementor-element-8aee91b elementor-section-boxed elementor-section-height-default elementor-section-height-default\" data-id=\"8aee91b\" data-element_type=\"section\" data-e-type=\"section\" data-settings=\"{&quot;jet_parallax_layout_list&quot;:[{&quot;jet_parallax_layout_image&quot;:{&quot;url&quot;:&quot;&quot;,&quot;id&quot;:&quot;&quot;,&quot;size&quot;:&quot;&quot;},&quot;_id&quot;:&quot;15edc51&quot;,&quot;jet_parallax_layout_image_tablet&quot;:{&quot;url&quot;:&quot;&quot;,&quot;id&quot;:&quot;&quot;,&quot;size&quot;:&quot;&quot;},&quot;jet_parallax_layout_image_mobile&quot;:{&quot;url&quot;:&quot;&quot;,&quot;id&quot;:&quot;&quot;,&quot;size&quot;:&quot;&quot;},&quot;jet_parallax_layout_speed&quot;:{&quot;unit&quot;:&quot;%&quot;,&quot;size&quot;:50,&quot;sizes&quot;:[]},&quot;jet_parallax_layout_type&quot;:&quot;scroll&quot;,&quot;jet_parallax_layout_direction&quot;:&quot;1&quot;,&quot;jet_parallax_layout_fx_direction&quot;:null,&quot;jet_parallax_layout_z_index&quot;:&quot;&quot;,&quot;jet_parallax_layout_bg_x&quot;:50,&quot;jet_parallax_layout_bg_x_tablet&quot;:&quot;&quot;,&quot;jet_parallax_layout_bg_x_mobile&quot;:&quot;&quot;,&quot;jet_parallax_layout_bg_y&quot;:50,&quot;jet_parallax_layout_bg_y_tablet&quot;:&quot;&quot;,&quot;jet_parallax_layout_bg_y_mobile&quot;:&quot;&quot;,&quot;jet_parallax_layout_bg_size&quot;:&quot;auto&quot;,&quot;jet_parallax_layout_bg_size_tablet&quot;:&quot;&quot;,&quot;jet_parallax_layout_bg_size_mobile&quot;:&quot;&quot;,&quot;jet_parallax_layout_animation_prop&quot;:&quot;transform&quot;,&quot;jet_parallax_layout_on&quot;:[&quot;desktop&quot;,&quot;tablet&quot;]}],&quot;background_background&quot;:&quot;classic&quot;,&quot;ekit_has_onepagescroll_dot&quot;:&quot;yes&quot;}\">\n\t\t\t\t\t\t<div class=\"elementor-container elementor-column-gap-default\">\n\t\t\t\t\t<div class=\"elementor-column elementor-col-100 elementor-top-column elementor-element elementor-element-25ea1d5\" data-id=\"25ea1d5\" data-element_type=\"column\" data-e-type=\"column\">\n\t\t\t<div class=\"elementor-widget-wrap elementor-element-populated\">\n\t\t\t\t\t\t<div class=\"elementor-element elementor-element-ca23867 elementor-widget elementor-widget-heading\" data-id=\"ca23867\" data-element_type=\"widget\" data-e-type=\"widget\" data-settings=\"{&quot;ekit_we_effect_on&quot;:&quot;none&quot;}\" data-widget_type=\"heading.default\">\n\t\t\t\t<div class=\"elementor-widget-container\">\n\t\t\t\t\t<h2 class=\"elementor-heading-title elementor-size-default\">CURRENTS<\/h2>\t\t\t\t<\/div>\n\t\t\t\t<\/div>\n\t\t\t\t<div class=\"elementor-element elementor-element-e7760cc elementor-widget-divider--view-line elementor-widget elementor-widget-divider\" data-id=\"e7760cc\" data-element_type=\"widget\" data-e-type=\"widget\" data-settings=\"{&quot;ekit_we_effect_on&quot;:&quot;none&quot;}\" data-widget_type=\"divider.default\">\n\t\t\t\t<div class=\"elementor-widget-container\">\n\t\t\t\t\t\t\t<div class=\"elementor-divider\">\n\t\t\t<span class=\"elementor-divider-separator\">\n\t\t\t\t\t\t<\/span>\n\t\t<\/div>\n\t\t\t\t\t\t<\/div>\n\t\t\t\t<\/div>\n\t\t\t\t<div class=\"elementor-element elementor-element-92572c2 elementor-grid-tablet-1 elementor-grid-3 elementor-grid-mobile-1 elementor-posts--thumbnail-top elementor-card-shadow-yes elementor-posts__hover-gradient elementor-widget elementor-widget-posts\" data-id=\"92572c2\" data-element_type=\"widget\" data-e-type=\"widget\" data-settings=\"{&quot;cards_columns_tablet&quot;:&quot;1&quot;,&quot;cards_columns&quot;:&quot;3&quot;,&quot;cards_columns_mobile&quot;:&quot;1&quot;,&quot;cards_row_gap&quot;:{&quot;unit&quot;:&quot;px&quot;,&quot;size&quot;:35,&quot;sizes&quot;:[]},&quot;cards_row_gap_tablet&quot;:{&quot;unit&quot;:&quot;px&quot;,&quot;size&quot;:&quot;&quot;,&quot;sizes&quot;:[]},&quot;cards_row_gap_mobile&quot;:{&quot;unit&quot;:&quot;px&quot;,&quot;size&quot;:&quot;&quot;,&quot;sizes&quot;:[]},&quot;ekit_we_effect_on&quot;:&quot;none&quot;}\" data-widget_type=\"posts.cards\">\n\t\t\t\t<div class=\"elementor-widget-container\">\n\t\t\t\t\t\t\t<div class=\"elementor-posts-container elementor-posts elementor-posts--skin-cards elementor-grid\" role=\"list\">\n\t\t\t\t<article class=\"elementor-post elementor-grid-item post-93839 post type-post status-publish format-standard has-post-thumbnail hentry category-angesagt\" role=\"listitem\">\n\t\t\t<div class=\"elementor-post__card\">\n\t\t\t\t<a class=\"elementor-post__thumbnail__link\" href=\"https:\/\/gronau-inside.de\/en\/laaaaanges-wochenende-das-steht-ganz-im-zeichen-des-jazzfest-gronau-%f0%9f%8e%b7%f0%9f%8e%b6-wi-2\" tabindex=\"-1\" ><div class=\"elementor-post__thumbnail\"><img fetchpriority=\"high\" decoding=\"async\" width=\"720\" height=\"900\" src=\"https:\/\/gronau-inside.de\/wp-content\/uploads\/2026\/04\/686100472_1542814201182674_8471466853569490767_n.jpg\" class=\"attachment-medium_large size-medium_large wp-image-93838\" alt=\"\" srcset=\"https:\/\/gronau-inside.de\/wp-content\/uploads\/2026\/04\/686100472_1542814201182674_8471466853569490767_n.jpg 720w, https:\/\/gronau-inside.de\/wp-content\/uploads\/2026\/04\/686100472_1542814201182674_8471466853569490767_n-240x300.jpg 240w, https:\/\/gronau-inside.de\/wp-content\/uploads\/2026\/04\/686100472_1542814201182674_8471466853569490767_n-600x750.jpg 600w\" sizes=\"(max-width: 720px) 100vw, 720px\" \/><\/div><\/a>\n\t\t\t\t<div class=\"elementor-post__text\">\n\t\t\t\t<h3 class=\"elementor-post__title\">\n\t\t\t<a href=\"https:\/\/gronau-inside.de\/en\/laaaaanges-wochenende-das-steht-ganz-im-zeichen-des-jazzfest-gronau-%f0%9f%8e%b7%f0%9f%8e%b6-wi-2\" >\n\t\t\t\tLaaaaanges Wochenende &#038; das steht ganz im Zeichen des Jazzfest Gronau! \ud83c\udfb7\ud83c\udfb6 \nWi&#8230;\t\t\t<\/a>\n\t\t<\/h3>\n\t\t\t\t<div class=\"elementor-post__excerpt\">\n\t\t\t<p>Laaaaanges Wochenende &#038; das steht ganz im Zeichen des Jazzfest Gronau! \ud83c\udfb7\ud83c\udfb6 Wir freuen uns auf viele tolle Konzerte in unserer Stadt. \u263a\ufe0f Alle Infos findet ihr auf unserer Webseite<\/p>\n\t\t<\/div>\n\t\t\n\t\t<a class=\"elementor-post__read-more\" href=\"https:\/\/gronau-inside.de\/en\/laaaaanges-wochenende-das-steht-ganz-im-zeichen-des-jazzfest-gronau-%f0%9f%8e%b7%f0%9f%8e%b6-wi-2\" aria-label=\"Read more about Laaaaanges Wochenende &#038; das steht ganz im Zeichen des Jazzfest Gronau! \ud83c\udfb7\ud83c\udfb6 \nWi&#8230;\" tabindex=\"-1\" >\n\t\t\tRead more \"\t\t<\/a>\n\n\t\t\t\t<\/div>\n\t\t\t\t\t<\/div>\n\t\t<\/article>\n\t\t\t\t<article class=\"elementor-post elementor-grid-item post-93837 post type-post status-publish format-standard has-post-thumbnail hentry category-angesagt\" role=\"listitem\">\n\t\t\t<div class=\"elementor-post__card\">\n\t\t\t\t<a class=\"elementor-post__thumbnail__link\" href=\"https:\/\/gronau-inside.de\/en\/laaaaanges-wochenende-das-steht-ganz-im-zeichen-des-jazzfest-gronau-%f0%9f%8e%b7%f0%9f%8e%b6-wi\" tabindex=\"-1\" ><div class=\"elementor-post__thumbnail\"><img decoding=\"async\" width=\"720\" height=\"900\" src=\"https:\/\/gronau-inside.de\/wp-content\/uploads\/2026\/04\/684267969_1542768481187246_5870870761513781582_n.jpg\" class=\"attachment-medium_large size-medium_large wp-image-93836\" alt=\"\" srcset=\"https:\/\/gronau-inside.de\/wp-content\/uploads\/2026\/04\/684267969_1542768481187246_5870870761513781582_n.jpg 720w, https:\/\/gronau-inside.de\/wp-content\/uploads\/2026\/04\/684267969_1542768481187246_5870870761513781582_n-240x300.jpg 240w, https:\/\/gronau-inside.de\/wp-content\/uploads\/2026\/04\/684267969_1542768481187246_5870870761513781582_n-600x750.jpg 600w\" sizes=\"(max-width: 720px) 100vw, 720px\" \/><\/div><\/a>\n\t\t\t\t<div class=\"elementor-post__text\">\n\t\t\t\t<h3 class=\"elementor-post__title\">\n\t\t\t<a href=\"https:\/\/gronau-inside.de\/en\/laaaaanges-wochenende-das-steht-ganz-im-zeichen-des-jazzfest-gronau-%f0%9f%8e%b7%f0%9f%8e%b6-wi\" >\n\t\t\t\tLaaaaanges Wochenende &#038; das steht ganz im Zeichen des Jazzfest Gronau! \ud83c\udfb7\ud83c\udfb6 \nWi&#8230;\t\t\t<\/a>\n\t\t<\/h3>\n\t\t\t\t<div class=\"elementor-post__excerpt\">\n\t\t\t<p>Laaaaanges Wochenende &#038; das steht ganz im Zeichen des Jazzfest Gronau! \ud83c\udfb7\ud83c\udfb6 Wir freuen uns auf viele tolle Konzerte in unserer Stadt. \u263a\ufe0f Alle Infos findet ihr auf unserer Webseite<\/p>\n\t\t<\/div>\n\t\t\n\t\t<a class=\"elementor-post__read-more\" href=\"https:\/\/gronau-inside.de\/en\/laaaaanges-wochenende-das-steht-ganz-im-zeichen-des-jazzfest-gronau-%f0%9f%8e%b7%f0%9f%8e%b6-wi\" aria-label=\"Read more about Laaaaanges Wochenende &#038; das steht ganz im Zeichen des Jazzfest Gronau! \ud83c\udfb7\ud83c\udfb6 \nWi&#8230;\" tabindex=\"-1\" >\n\t\t\tRead more \"\t\t<\/a>\n\n\t\t\t\t<\/div>\n\t\t\t\t\t<\/div>\n\t\t<\/article>\n\t\t\t\t<article class=\"elementor-post elementor-grid-item post-93831 post type-post status-publish format-standard has-post-thumbnail hentry category-angesagt\" role=\"listitem\">\n\t\t\t<div class=\"elementor-post__card\">\n\t\t\t\t<a class=\"elementor-post__thumbnail__link\" href=\"https:\/\/gronau-inside.de\/en\/diesen-samstag-wird-das-gelaende-rund-um-die-buergerhalle-in-gronau-wieder-zur\" tabindex=\"-1\" ><div class=\"elementor-post__thumbnail\"><img decoding=\"async\" width=\"720\" height=\"900\" src=\"https:\/\/gronau-inside.de\/wp-content\/uploads\/2026\/04\/678258706_1534741088656652_1369264169474648636_n.jpg\" class=\"attachment-medium_large size-medium_large wp-image-93830\" alt=\"\" srcset=\"https:\/\/gronau-inside.de\/wp-content\/uploads\/2026\/04\/678258706_1534741088656652_1369264169474648636_n.jpg 720w, https:\/\/gronau-inside.de\/wp-content\/uploads\/2026\/04\/678258706_1534741088656652_1369264169474648636_n-240x300.jpg 240w, https:\/\/gronau-inside.de\/wp-content\/uploads\/2026\/04\/678258706_1534741088656652_1369264169474648636_n-600x750.jpg 600w\" sizes=\"(max-width: 720px) 100vw, 720px\" \/><\/div><\/a>\n\t\t\t\t<div class=\"elementor-post__text\">\n\t\t\t\t<h3 class=\"elementor-post__title\">\n\t\t\t<a href=\"https:\/\/gronau-inside.de\/en\/diesen-samstag-wird-das-gelaende-rund-um-die-buergerhalle-in-gronau-wieder-zur\" >\n\t\t\t\tDiesen Samstag wird das Gel\u00e4nde rund um die B\u00fcrgerhalle in Gronau wieder zur &#8230;\t\t\t<\/a>\n\t\t<\/h3>\n\t\t\t\t<div class=\"elementor-post__excerpt\">\n\t\t\t<p>Diesen Samstag wird das Gel\u00e4nde rund um die B\u00fcrgerhalle in Gronau wieder zur B\u00fchne f\u00fcr die K+K Musiknacht \ud83d\ude0a Gestartet wird um 16:30 Uhr mit einem bunten Kinderprogramm: Basteln, Tanzen<\/p>\n\t\t<\/div>\n\t\t\n\t\t<a class=\"elementor-post__read-more\" href=\"https:\/\/gronau-inside.de\/en\/diesen-samstag-wird-das-gelaende-rund-um-die-buergerhalle-in-gronau-wieder-zur\" aria-label=\"Read more about Diesen Samstag wird das Gel\u00e4nde rund um die B\u00fcrgerhalle in Gronau wieder zur &#8230;\" tabindex=\"-1\" >\n\t\t\tRead more \"\t\t<\/a>\n\n\t\t\t\t<\/div>\n\t\t\t\t\t<\/div>\n\t\t<\/article>\n\t\t\t\t<\/div>\n\t\t\n\t\t\t\t\t\t<\/div>\n\t\t\t\t<\/div>\n\t\t\t\t<div class=\"elementor-element elementor-element-d404ebf elementor-align-center elementor-widget elementor-widget-button\" data-id=\"d404ebf\" data-element_type=\"widget\" data-e-type=\"widget\" data-settings=\"{&quot;ekit_we_effect_on&quot;:&quot;none&quot;}\" data-widget_type=\"button.default\">\n\t\t\t\t<div class=\"elementor-widget-container\">\n\t\t\t\t\t\t\t\t\t<div class=\"elementor-button-wrapper\">\n\t\t\t\t\t<a class=\"elementor-button elementor-button-link elementor-size-sm\" href=\"https:\/\/gronau-inside.de\/en\/news\">\n\t\t\t\t\t\t<span class=\"elementor-button-content-wrapper\">\n\t\t\t\t\t\t\t\t\t<span class=\"elementor-button-text\">More news<\/span>\n\t\t\t\t\t<\/span>\n\t\t\t\t\t<\/a>\n\t\t\t\t<\/div>\n\t\t\t\t\t\t\t\t<\/div>\n\t\t\t\t<\/div>\n\t\t\t\t\t<\/div>\n\t\t<\/div>\n\t\t\t\t\t<\/div>\n\t\t<\/section>\n\t\t<div class=\"elementor-element elementor-element-319b436 e-flex e-con-boxed e-con e-parent\" data-id=\"319b436\" data-element_type=\"container\" data-e-type=\"container\" data-settings=\"{&quot;jet_parallax_layout_list&quot;:[],&quot;ekit_has_onepagescroll_dot&quot;:&quot;yes&quot;}\">\n\t\t\t\t\t<div class=\"e-con-inner\">\n\t\t\t\t<div class=\"elementor-element elementor-element-12840db elementor-widget elementor-widget-spacer\" data-id=\"12840db\" data-element_type=\"widget\" data-e-type=\"widget\" data-settings=\"{&quot;ekit_we_effect_on&quot;:&quot;none&quot;}\" data-widget_type=\"spacer.default\">\n\t\t\t\t<div class=\"elementor-widget-container\">\n\t\t\t\t\t\t\t<div class=\"elementor-spacer\">\n\t\t\t<div class=\"elementor-spacer-inner\"><\/div>\n\t\t<\/div>\n\t\t\t\t\t\t<\/div>\n\t\t\t\t<\/div>\n\t\t\t\t<div class=\"elementor-element elementor-element-b0f197e elementor-widget elementor-widget-heading\" data-id=\"b0f197e\" data-element_type=\"widget\" data-e-type=\"widget\" data-settings=\"{&quot;ekit_we_effect_on&quot;:&quot;none&quot;}\" data-widget_type=\"heading.default\">\n\t\t\t\t<div class=\"elementor-widget-container\">\n\t\t\t\t\t<h2 class=\"elementor-heading-title elementor-size-default\">events<\/h2>\t\t\t\t<\/div>\n\t\t\t\t<\/div>\n\t\t\t\t<div class=\"elementor-element elementor-element-08364d8 elementor-widget-divider--view-line elementor-widget elementor-widget-divider\" data-id=\"08364d8\" data-element_type=\"widget\" data-e-type=\"widget\" data-settings=\"{&quot;ekit_we_effect_on&quot;:&quot;none&quot;}\" data-widget_type=\"divider.default\">\n\t\t\t\t<div class=\"elementor-widget-container\">\n\t\t\t\t\t\t\t<div class=\"elementor-divider\">\n\t\t\t<span class=\"elementor-divider-separator\">\n\t\t\t\t\t\t<\/span>\n\t\t<\/div>\n\t\t\t\t\t\t<\/div>\n\t\t\t\t<\/div>\n\t\t\t\t<div class=\"elementor-element elementor-element-953efbc elementor-widget elementor-widget-tec_elementor_widget_events_view\" data-id=\"953efbc\" data-element_type=\"widget\" data-e-type=\"widget\" data-settings=\"{&quot;ekit_we_effect_on&quot;:&quot;none&quot;}\" data-widget_type=\"tec_elementor_widget_events_view.default\">\n\t\t\t\t<div class=\"elementor-widget-container\">\n\t\t\t\t\t<div\n\t class=\"tribe-common tribe-events tribe-events-view tribe-events-view--photo alignwide tribe-events-view--shortcode tribe-events-view--shortcode-a7dee104 tribe-events-pro\" \tdata-js=\"tribe-events-view\"\n\tdata-view-rest-url=\"https:\/\/gronau-inside.de\/en\/wp-json\/tribe\/views\/v2\/html\"\n\tdata-view-rest-method=\"GET\"\n\tdata-view-manage-url=\"\"\n\t\t\tdata-view-shortcode=\"a7dee104\"\n\t\t\t\tdata-view-breakpoint-pointer=\"73cad3a2-ce3f-4963-99d5-4bc607e2f96f\"\n\t>\n\t<section class=\"tribe-common-l-container tribe-events-l-container\">\n\t\t<div\n\tclass=\"tribe-events-view-loader tribe-common-a11y-hidden\"\n\trole=\"alert\"\n\taria-live=\"polite\"\n>\n\t<span class=\"tribe-events-view-loader__text tribe-common-a11y-visual-hide\">\n\t\t6 events found.\t<\/span>\n\t<div class=\"tribe-events-view-loader__dots tribe-common-c-loader\">\n\t\t<svg\n\t class=\"tribe-common-c-svgicon tribe-common-c-svgicon--dot tribe-common-c-loader__dot tribe-common-c-loader__dot--first\" \taria-hidden=\"true\"\n\tviewBox=\"0 0 15 15\"\n\txmlns=\"http:\/\/www.w3.org\/2000\/svg\"\n>\n\t<circle cx=\"7.5\" cy=\"7.5\" r=\"7.5\"\/>\n<\/svg>\n\t\t<svg\n\t class=\"tribe-common-c-svgicon tribe-common-c-svgicon--dot tribe-common-c-loader__dot tribe-common-c-loader__dot--second\" \taria-hidden=\"true\"\n\tviewBox=\"0 0 15 15\"\n\txmlns=\"http:\/\/www.w3.org\/2000\/svg\"\n>\n\t<circle cx=\"7.5\" cy=\"7.5\" r=\"7.5\"\/>\n<\/svg>\n\t\t<svg\n\t class=\"tribe-common-c-svgicon tribe-common-c-svgicon--dot tribe-common-c-loader__dot tribe-common-c-loader__dot--third\" \taria-hidden=\"true\"\n\tviewBox=\"0 0 15 15\"\n\txmlns=\"http:\/\/www.w3.org\/2000\/svg\"\n>\n\t<circle cx=\"7.5\" cy=\"7.5\" r=\"7.5\"\/>\n<\/svg>\n\t<\/div>\n<\/div>\n\n\t\t<script type=\"application\/ld+json\">\r\n[{\"@context\":\"http:\/\/schema.org\",\"@type\":\"Event\",\"name\":\"38th Gronau Jazz Festival\",\"description\":\"&lt;p&gt;From April 28 to May 3, 2026, the city of Gronau will become a meeting place for music fans from near and far. For the 38th time, the Gronau Cultural [&hellip;]&lt;\/p&gt;\\\\n\",\"image\":\"https:\/\/gronau-inside.de\/wp-content\/uploads\/2025\/07\/Jazzfest_2026_So-Me-Grafiken_EarlyBird-Insta.jpg\",\"url\":\"https:\/\/gronau-inside.de\/en\/veranstaltung\/38th-gronau-jazz-festival\/\",\"eventAttendanceMode\":\"https:\/\/schema.org\/OfflineEventAttendanceMode\",\"eventStatus\":\"https:\/\/schema.org\/EventScheduled\",\"startDate\":\"2026-04-28T00:00:00+02:00\",\"endDate\":\"2026-05-03T23:59:59+02:00\",\"location\":{\"@type\":\"Place\",\"name\":\"verschiedene Spielorte\",\"description\":\"\",\"url\":\"https:\/\/gronau-inside.de\/venue\/verschiedene-spielorte\",\"address\":{\"@type\":\"PostalAddress\"},\"telephone\":\"\",\"sameAs\":\"\"},\"organizer\":{\"@type\":\"Person\",\"name\":\"Kulturb\\u00fcro\/ Touristinfo &#038; Stadtmarketing Gronau\",\"description\":\"\",\"url\":\"https:\/\/gronau-inside.de\/\",\"telephone\":\"+492562 99006\",\"email\":\"&#105;nf&#111;&#64;stad&#116;&#109;&#97;&#114;&#107;e&#116;ing&#45;gr&#111;&#110;&#97;u.&#100;e\",\"sameAs\":\"https:\/\/gronau-inside.de\/\"},\"performer\":\"Organization\"},{\"@context\":\"http:\/\/schema.org\",\"@type\":\"Event\",\"name\":\"Vorlesestunde mit B\\u00fccherei-Pirat Pit in der Stadtb\\u00fccherei\",\"description\":\"&lt;p&gt;f\\u00fcr Kinder ab 4 Jahren Vorlesestunde mit B\\u00fccherei-Pirat Pit in der Stadtb\\u00fccherei Habt ihr Lust auf eine aufregende Reise \\u00fcber die sieben Geschichten-Meere? Dann kommt zur Vorlesestunde mit B\\u00fccherei-Pirat Pit, [&hellip;]&lt;\/p&gt;\\\\n\",\"image\":\"https:\/\/gronau-inside.de\/wp-content\/uploads\/2026\/04\/2026_04_30_Vorlesestunde-Pit.jpg\",\"url\":\"https:\/\/gronau-inside.de\/en\/veranstaltung\/vorlesestunde-mit-buecherei-pirat-pit-in-der-stadtbuecherei-2\/2026-04-30\/\",\"eventAttendanceMode\":\"https:\/\/schema.org\/OfflineEventAttendanceMode\",\"eventStatus\":\"https:\/\/schema.org\/EventScheduled\",\"startDate\":\"2026-04-30T16:00:00+02:00\",\"endDate\":\"2026-04-30T17:00:00+02:00\",\"location\":{\"@type\":\"Place\",\"name\":\"Gronau public library\",\"description\":\"\",\"url\":\"https:\/\/gronau-inside.de\/en\/venue\/gronau-public-library\",\"address\":{\"@type\":\"PostalAddress\",\"streetAddress\":\"Park road 1\",\"addressLocality\":\"Gronau\",\"postalCode\":\"48599\"},\"telephone\":\"+49256212442\",\"sameAs\":\"https:\/\/sb-gronau.lmscloud.net\/\"},\"organizer\":{\"@type\":\"Person\",\"name\":\"Gronau public library\",\"description\":\"\",\"url\":\"https:\/\/sb-gronau.lmscloud.net\/\",\"telephone\":\"+49256212442\",\"email\":\"stadtbue&#99;her&#101;i-&#103;ronau&#64;&#103;&#114;&#111;&#110;&#97;&#117;&#46;&#100;&#101;\",\"sameAs\":\"https:\/\/sb-gronau.lmscloud.net\/\"},\"performer\":\"Organization\"},{\"@context\":\"http:\/\/schema.org\",\"@type\":\"Event\",\"name\":\"Jazzfest: Billy Cobham &amp; JugendJazzOrchester NRW\",\"description\":\"&lt;p&gt;A special musical highlight awaits the audience on International Jazz Day: fusion icon Billy Cobham meets the JugendJazzOrchester NRW. When the energy and experience of the world-famous drummer meets the [&hellip;]&lt;\/p&gt;\\\\n\",\"image\":\"https:\/\/gronau-inside.de\/wp-content\/uploads\/2025\/11\/JF26_insta-Billy-Cobham_JJO-NRW.jpg\",\"url\":\"https:\/\/gronau-inside.de\/en\/veranstaltung\/jazzfest-billy-cobham-jugendjazzorchester-nrw\/\",\"eventAttendanceMode\":\"https:\/\/schema.org\/OfflineEventAttendanceMode\",\"eventStatus\":\"https:\/\/schema.org\/EventScheduled\",\"startDate\":\"2026-04-30T20:00:00+02:00\",\"endDate\":\"2026-04-30T20:00:00+02:00\",\"location\":{\"@type\":\"Place\",\"name\":\"B\\u00fcrgerhalle Gronau\",\"description\":\"\",\"url\":\"https:\/\/gronau-inside.de\/venue\/buergerhalle-gronau\",\"address\":{\"@type\":\"PostalAddress\",\"streetAddress\":\"Spinnereistra\\u00dfe 20\",\"addressLocality\":\"Gronau\",\"postalCode\":\"48599\"},\"telephone\":\"0256271870\",\"sameAs\":\"https:\/\/www.eventlocations.com\/de\/venues\/burgerhalle-gronau\"},\"organizer\":{\"@type\":\"Person\",\"name\":\"Kulturb\\u00fcro\/ Touristinfo &#038; Stadtmarketing Gronau\",\"description\":\"\",\"url\":\"https:\/\/gronau-inside.de\/\",\"telephone\":\"+492562 99006\",\"email\":\"in&#102;o&#64;&#115;&#116;&#97;d&#116;mark&#101;ti&#110;g&#45;&#103;ro&#110;a&#117;.de\",\"sameAs\":\"https:\/\/gronau-inside.de\/\"},\"performer\":\"Organization\"},{\"@context\":\"http:\/\/schema.org\",\"@type\":\"Event\",\"name\":\"Jazzfest: Offbeat Party\",\"description\":\"&lt;p&gt;For the first time, there will be an &quot;Offbeat Party&quot; with DJ in the Cinetech cinema on the evening before 01.05.26. Tickets only available at the box office: 10,- Euro&lt;\/p&gt;\\\\n\",\"image\":\"https:\/\/gronau-inside.de\/wp-content\/uploads\/2025\/11\/JF26_Offbeatparty_insta.jpg\",\"url\":\"https:\/\/gronau-inside.de\/en\/veranstaltung\/jazzfest-offbeat-party\/\",\"eventAttendanceMode\":\"https:\/\/schema.org\/OfflineEventAttendanceMode\",\"eventStatus\":\"https:\/\/schema.org\/EventScheduled\",\"startDate\":\"2026-04-30T21:00:00+02:00\",\"endDate\":\"2026-04-30T21:00:00+02:00\",\"location\":{\"@type\":\"Place\",\"name\":\"Cinetech Gronau\",\"description\":\"\",\"url\":\"https:\/\/gronau-inside.de\/venue\/cinetech-gronau\",\"address\":{\"@type\":\"PostalAddress\",\"streetAddress\":\"M\\u00fchlenmathe 37\",\"addressLocality\":\"Gronau\",\"postalCode\":\"48599\"},\"telephone\":\"+4925624445\",\"sameAs\":\"https:\/\/gronau.cinetech.de\/\"},\"organizer\":{\"@type\":\"Person\",\"name\":\"Kulturb\\u00fcro\/ Touristinfo &#038; Stadtmarketing Gronau\",\"description\":\"\",\"url\":\"https:\/\/gronau-inside.de\/\",\"telephone\":\"+492562 99006\",\"email\":\"&#105;&#110;&#102;&#111;&#64;&#115;t&#97;&#100;t&#109;ar&#107;&#101;&#116;&#105;&#110;&#103;-&#103;r&#111;nau&#46;&#100;e\",\"sameAs\":\"https:\/\/gronau-inside.de\/\"},\"performer\":\"Organization\"},{\"@context\":\"http:\/\/schema.org\",\"@type\":\"Event\",\"name\":\"Gronau-Epe weekly market\",\"description\":\"&lt;p&gt;Every Friday from 8 a.m. to 1 p.m., the weekly market attracts many visitors to the Eper town center. Besides delicious vegetables and fruit, fresh baked goods, Dutch cheese, fish, [&hellip;]&lt;\/p&gt;\\\\n\",\"image\":\"https:\/\/gronau-inside.de\/wp-content\/uploads\/2021\/05\/Wochenmarkt-Epe-1-e1695720579249.jpg\",\"url\":\"https:\/\/gronau-inside.de\/en\/veranstaltung\/gronau-epe-weekly-market\/2026-05-01\/\",\"eventAttendanceMode\":\"https:\/\/schema.org\/OfflineEventAttendanceMode\",\"eventStatus\":\"https:\/\/schema.org\/EventScheduled\",\"startDate\":\"2026-05-01T08:00:00+02:00\",\"endDate\":\"2026-05-01T13:00:00+02:00\",\"location\":{\"@type\":\"Place\",\"name\":\"Merschstra\\u00dfe Epe\",\"description\":\"\",\"url\":\"https:\/\/gronau-inside.de\/venue\/merschstrasse-epe\",\"address\":{\"@type\":\"PostalAddress\",\"streetAddress\":\"Merschstra\\u00dfe\",\"addressLocality\":\"Gronau\",\"postalCode\":\"48599\"},\"telephone\":\"\",\"sameAs\":\"\"},\"performer\":\"Organization\"},{\"@context\":\"http:\/\/schema.org\",\"@type\":\"Event\",\"name\":\"Jazzfest: Pluto&#8217;s Dixie Delight\",\"description\":\"&lt;p&gt;Stadtwerke Gronau invites you to the free opening of the outdoor pool season as part of the Jazzfest. &quot;Pluto\\\\'s Dixie Delight&quot; provide the musical entertainment Photo (c) Winne Voget&lt;\/p&gt;\\\\n\",\"image\":\"https:\/\/gronau-inside.de\/wp-content\/uploads\/2025\/11\/JF26_insta-Plutos-Dixie-Delights.jpg\",\"url\":\"https:\/\/gronau-inside.de\/en\/veranstaltung\/jazzfest-plutos-dixie-delight\/\",\"eventAttendanceMode\":\"https:\/\/schema.org\/OfflineEventAttendanceMode\",\"eventStatus\":\"https:\/\/schema.org\/EventScheduled\",\"startDate\":\"2026-05-01T15:00:00+02:00\",\"endDate\":\"2026-05-01T15:00:00+02:00\",\"location\":{\"@type\":\"Place\",\"name\":\"Parkfreibad Gronau\",\"description\":\"\",\"url\":\"https:\/\/gronau-inside.de\/venue\/parkfreibad-gronau\",\"address\":{\"@type\":\"PostalAddress\",\"streetAddress\":\"Br\\u00e4ndstr\\u00f6mstra\\u00dfe 25\",\"addressLocality\":\"Gronau\",\"postalCode\":\"48599\"},\"telephone\":\"\",\"sameAs\":\"\"},\"organizer\":{\"@type\":\"Person\",\"name\":\"Kulturb\\u00fcro\/ Touristinfo &#038; Stadtmarketing Gronau\",\"description\":\"\",\"url\":\"https:\/\/gronau-inside.de\/\",\"telephone\":\"+492562 99006\",\"email\":\"i&#110;&#102;&#111;&#64;stadt&#109;a&#114;k&#101;t&#105;n&#103;&#45;gro&#110;au&#46;d&#101;\",\"sameAs\":\"https:\/\/gronau-inside.de\/\"},\"performer\":\"Organization\"}]\r\n<\/script>\n\t\t<script data-js=\"tribe-events-view-data\" type=\"application\/json\">\n\t{\"slug\":\"photo\",\"prev_url\":\"https:\\\/\\\/gronau-inside.de\\\/en\\\/veranstaltungen\\\/photo\\\/?rest_route=%2Fwp%2Fv2%2Fpages%2F6682&shortcode=a7dee104&eventDisplay=past\",\"next_url\":\"https:\\\/\\\/gronau-inside.de\\\/en\\\/veranstaltungen\\\/photo\\\/page\\\/2\\\/?shortcode=a7dee104\",\"view_class\":\"Tribe\\\\Events\\\\Pro\\\\Views\\\\V2\\\\Views\\\\Photo_View\",\"view_slug\":\"photo\",\"view_label\":\"Photo\",\"title\":\"Events from 28. April \\u2013 1. May \\u2013 Gronau Inside\",\"events\":[10004372,10007005,10005896,10005898,10005117,10005899],\"url\":\"https:\\\/\\\/gronau-inside.de\\\/en\\\/veranstaltungen\\\/photo\\\/?shortcode=a7dee104\",\"url_event_date\":false,\"bar\":{\"keyword\":\"\",\"date\":\"\"},\"today\":\"2026-04-30 00:00:00\",\"now\":\"2026-04-30 16:07:53\",\"home_url\":\"https:\\\/\\\/gronau-inside.de\\\/en\",\"rest_url\":\"https:\\\/\\\/gronau-inside.de\\\/en\\\/wp-json\\\/tribe\\\/views\\\/v2\\\/html\",\"rest_method\":\"GET\",\"rest_nonce\":\"\",\"should_manage_url\":false,\"today_url\":\"https:\\\/\\\/gronau-inside.de\\\/en\\\/veranstaltungen\\\/photo\\\/?rest_route=%2Fwp%2Fv2%2Fpages%2F6682&shortcode=a7dee104\",\"today_title\":\"Click to select today's date\",\"today_label\":\"Today\",\"prev_label\":\"\",\"next_label\":\"\",\"date_formats\":{\"compact\":\"d.m.Y\",\"month_and_year_compact\":\"m.Y\",\"month_and_year\":\"F Y\",\"time_range_separator\":\" - \",\"date_time_separator\":\" um \"},\"messages\":[],\"start_of_week\":\"1\",\"header_title\":\"\",\"header_title_element\":\"h1\",\"content_title\":\"\",\"show_content_title\":false,\"breadcrumbs\":[],\"backlink\":false,\"before_events\":\"\",\"after_events\":\"\",\"display_events_bar\":true,\"disable_event_search\":false,\"live_refresh\":true,\"ical\":{\"display_link\":true,\"link\":{\"url\":\"https:\\\/\\\/gronau-inside.de\\\/en\\\/veranstaltungen\\\/photo\\\/?shortcode=a7dee104&#038;ical=1\",\"text\":\"Export Events\",\"title\":\"Use this to share calendar data with Google Calendar, Apple iCal and other compatible apps\"}},\"container_classes\":[\"tribe-common\",\"tribe-events\",\"tribe-events-view\",\"tribe-events-view--photo\",\"alignwide\",\"tribe-events-view--shortcode\",\"tribe-events-view--shortcode-a7dee104\",\"tribe-events-pro\"],\"container_data\":{\"shortcode\":\"a7dee104\"},\"is_past\":false,\"breakpoints\":{\"xsmall\":500,\"medium\":768,\"full\":960},\"breakpoint_pointer\":\"73cad3a2-ce3f-4963-99d5-4bc607e2f96f\",\"is_initial_load\":false,\"public_views\":{\"list\":{\"view_class\":\"Tribe\\\\Events\\\\Views\\\\V2\\\\Views\\\\List_View\",\"view_url\":\"https:\\\/\\\/gronau-inside.de\\\/en\\\/veranstaltungen\\\/list\\\/?shortcode=a7dee104\",\"view_label\":\"List\",\"aria_label\":\"Display Events in List View\"},\"month\":{\"view_class\":\"Tribe\\\\Events\\\\Views\\\\V2\\\\Views\\\\Month_View\",\"view_url\":\"https:\\\/\\\/gronau-inside.de\\\/en\\\/veranstaltungen\\\/month\\\/?shortcode=a7dee104\",\"view_label\":\"Month\",\"aria_label\":\"Display Events in Month View\"},\"day\":{\"view_class\":\"Tribe\\\\Events\\\\Views\\\\V2\\\\Views\\\\Day_View\",\"view_url\":\"https:\\\/\\\/gronau-inside.de\\\/en\\\/veranstaltungen\\\/today\\\/?shortcode=a7dee104\",\"view_label\":\"Day\",\"aria_label\":\"Display Events in Day View\"}},\"show_latest_past\":true,\"past\":false,\"placeholder_url\":\"https:\\\/\\\/gronau-inside.de\\\/en\\\/wp-content\\\/plugins\\\/events-calendar-pro\\\/src\\\/resources\\\/images\\\/tribe-event-placeholder-image.svg\",\"show_now\":true,\"now_label\":\"Now\",\"now_label_mobile\":\"Now\",\"show_end\":true,\"selected_start_datetime\":\"2026-04-30\",\"selected_start_date_mobile\":\"30.04.2026\",\"selected_start_date_label\":\"30. April\",\"selected_end_datetime\":\"2026-05-01\",\"selected_end_date_mobile\":\"01.05.2026\",\"selected_end_date_label\":\"1. May\",\"datepicker_date\":\"30.04.2026\",\"subscribe_links\":{\"gcal\":{\"label\":\"Google Calendar\",\"single_label\":\"Add to Google Calendar\",\"visible\":true,\"block_slug\":\"hasGoogleCalendar\"},\"ical\":{\"label\":\"iCalendar\",\"single_label\":\"Add to iCalendar\",\"visible\":true,\"block_slug\":\"hasiCal\"},\"outlook-365\":{\"label\":\"Outlook 365\",\"single_label\":\"Outlook 365\",\"visible\":true,\"block_slug\":\"hasOutlook365\"},\"outlook-live\":{\"label\":\"Outlook Live\",\"single_label\":\"Outlook Live\",\"visible\":true,\"block_slug\":\"hasOutlookLive\"},\"ics\":{\"label\":\"Export .ics file\",\"single_label\":\"Export .ics file\",\"visible\":true,\"block_slug\":null},\"outlook-ics\":{\"label\":\"Export Outlook .ics file\",\"single_label\":\"Export Outlook .ics file\",\"visible\":true,\"block_slug\":null}},\"layout\":\"vertical\",\"filterbar_state\":\"open\",\"filters\":[{\"filter_object\":{\"type\":\"select\",\"name\":\"Veranstaltungskategorie\",\"slug\":\"filterbar_category\",\"priority\":1,\"values\":[{\"name\":\"Cinema\",\"depth\":0,\"value\":473,\"data\":{\"slug\":\"cinema-en\"},\"class\":\"tribe-parent-cat tribe-events-category-cinema-en\"},{\"name\":\"Civic hall\",\"depth\":0,\"value\":325,\"data\":{\"slug\":\"civic-hall\"},\"class\":\"tribe-parent-cat tribe-events-category-civic-hall\"},{\"name\":\"Comedy + cabaret\",\"depth\":0,\"value\":495,\"data\":{\"slug\":\"comedy-cabaret\"},\"class\":\"tribe-parent-cat tribe-events-category-comedy-cabaret\"},{\"name\":\"Dreil\\u00e4ndersee\",\"depth\":0,\"value\":524,\"data\":{\"slug\":\"dreilaendersee-en\"},\"class\":\"tribe-parent-cat tribe-events-category-dreilaendersee-en\"},{\"name\":\"Exhibition\",\"depth\":0,\"value\":440,\"data\":{\"slug\":\"exhibition\"},\"class\":\"tribe-parent-cat tribe-events-category-exhibition\"},{\"name\":\"Fair\",\"depth\":0,\"value\":526,\"data\":{\"slug\":\"fair\"},\"class\":\"tribe-parent-cat tribe-events-category-fair\"},{\"name\":\"Families + children\",\"depth\":0,\"value\":329,\"data\":{\"slug\":\"families-children\"},\"class\":\"tribe-parent-cat tribe-events-category-families-children\"},{\"name\":\"Festivities + Party\",\"depth\":0,\"value\":327,\"data\":{\"slug\":\"festivities-party\"},\"class\":\"tribe-parent-cat tribe-events-category-festivities-party\"},{\"name\":\"Food &amp; drink\",\"depth\":0,\"value\":433,\"data\":{\"slug\":\"food-drink\"},\"class\":\"tribe-parent-cat tribe-events-category-food-drink\"},{\"name\":\"Highlight\",\"depth\":0,\"value\":439,\"data\":{\"slug\":\"highlight-en\"},\"class\":\"tribe-parent-cat tribe-events-category-highlight-en\"},{\"name\":\"House Lebenstein\",\"depth\":0,\"value\":565,\"data\":{\"slug\":\"house-lebenstein\"},\"class\":\"tribe-parent-cat tribe-events-category-house-lebenstein\"},{\"name\":\"KuBiG (Cultural Education Gronau)\",\"depth\":0,\"value\":450,\"data\":{\"slug\":\"kubig-cultural-education-gronau\"},\"class\":\"tribe-parent-cat tribe-events-category-kubig-cultural-education-gronau\"},{\"name\":\"LAGA site\",\"depth\":0,\"value\":347,\"data\":{\"slug\":\"laga-site\"},\"class\":\"tribe-parent-cat tribe-events-category-laga-site\"},{\"name\":\"Lecture\",\"depth\":0,\"value\":431,\"data\":{\"slug\":\"lecture\"},\"class\":\"tribe-parent-cat tribe-events-category-lecture\"},{\"name\":\"Markets + trade fairs\",\"depth\":0,\"value\":331,\"data\":{\"slug\":\"markets-trade-fairs\"},\"class\":\"tribe-parent-cat tribe-events-category-markets-trade-fairs\"},{\"name\":\"Music\",\"depth\":0,\"value\":321,\"data\":{\"slug\":\"music\"},\"class\":\"tribe-parent-cat tribe-events-category-music\"},{\"name\":\"Musical\",\"depth\":0,\"value\":512,\"data\":{\"slug\":\"musical-en\"},\"class\":\"tribe-parent-cat tribe-events-category-musical-en\"},{\"name\":\"Reading\",\"depth\":0,\"value\":470,\"data\":{\"slug\":\"reading\"},\"class\":\"tribe-parent-cat tribe-events-category-reading\"},{\"name\":\"rock'n'pop museum\",\"depth\":0,\"value\":467,\"data\":{\"slug\":\"rocknpop-museum\"},\"class\":\"tribe-parent-cat tribe-events-category-rocknpop-museum\"},{\"name\":\"Seniors\",\"depth\":0,\"value\":435,\"data\":{\"slug\":\"seniors\"},\"class\":\"tribe-parent-cat tribe-events-category-seniors\"},{\"name\":\"Shooting festivals\",\"depth\":0,\"value\":324,\"data\":{\"slug\":\"shooting-festivals\"},\"class\":\"tribe-parent-cat tribe-events-category-shooting-festivals\"},{\"name\":\"Social affairs\",\"depth\":0,\"value\":452,\"data\":{\"slug\":\"social-affairs\"},\"class\":\"tribe-parent-cat tribe-events-category-social-affairs\"},{\"name\":\"Sport\",\"depth\":0,\"value\":343,\"data\":{\"slug\":\"sport-en\"},\"class\":\"tribe-parent-cat tribe-events-category-sport-en\"},{\"name\":\"Sundays open\",\"depth\":0,\"value\":441,\"data\":{\"slug\":\"sundays-open\"},\"class\":\"tribe-parent-cat tribe-events-category-sundays-open\"},{\"name\":\"Theatre\",\"depth\":0,\"value\":516,\"data\":{\"slug\":\"theatre\"},\"class\":\"tribe-parent-cat tribe-events-category-theatre\"},{\"name\":\"Tours + guided tours\",\"depth\":0,\"value\":427,\"data\":{\"slug\":\"tours-guided-tours\"},\"class\":\"tribe-parent-cat tribe-events-category-tours-guided-tours\"},{\"name\":\"Workshop\",\"depth\":0,\"value\":456,\"data\":{\"slug\":\"workshop-en\"},\"class\":\"tribe-parent-cat tribe-events-category-workshop-en\"}],\"free\":null,\"currentValue\":[],\"isActiveFilter\":true,\"queryArgs\":[],\"joinClause\":\"\",\"whereClause\":\"\",\"stack_managed\":false},\"label\":\"Veranstaltungskategorie\",\"selections_count\":\"\",\"selections\":\"\",\"toggle_id\":\"filterbar_category-toggle-73cad3a2-ce3f-4963-99d5-4bc607e2f96f\",\"container_id\":\"filterbar_category-container-73cad3a2-ce3f-4963-99d5-4bc607e2f96f\",\"pill_toggle_id\":\"filterbar_category-pill-toggle-73cad3a2-ce3f-4963-99d5-4bc607e2f96f\",\"is_open\":false,\"name\":\"tribe_eventcategory[]\",\"fields\":[{\"type\":\"dropdown\",\"value\":\"\",\"id\":\"tribe-events-filterbar-f1726930-filterbar_category\",\"name\":\"tribe_eventcategory[]\",\"options\":[{\"text\":\"Cinema\",\"id\":\"473\",\"value\":473},{\"text\":\"Civic hall\",\"id\":\"325\",\"value\":325},{\"text\":\"Comedy + cabaret\",\"id\":\"495\",\"value\":495},{\"text\":\"Dreil\\u00e4ndersee\",\"id\":\"524\",\"value\":524},{\"text\":\"Exhibition\",\"id\":\"440\",\"value\":440},{\"text\":\"Fair\",\"id\":\"526\",\"value\":526},{\"text\":\"Families + children\",\"id\":\"329\",\"value\":329},{\"text\":\"Festivities + Party\",\"id\":\"327\",\"value\":327},{\"text\":\"Food &amp; drink\",\"id\":\"433\",\"value\":433},{\"text\":\"Highlight\",\"id\":\"439\",\"value\":439},{\"text\":\"House Lebenstein\",\"id\":\"565\",\"value\":565},{\"text\":\"KuBiG (Cultural Education Gronau)\",\"id\":\"450\",\"value\":450},{\"text\":\"LAGA site\",\"id\":\"347\",\"value\":347},{\"text\":\"Lecture\",\"id\":\"431\",\"value\":431},{\"text\":\"Markets + trade fairs\",\"id\":\"331\",\"value\":331},{\"text\":\"Music\",\"id\":\"321\",\"value\":321},{\"text\":\"Musical\",\"id\":\"512\",\"value\":512},{\"text\":\"Reading\",\"id\":\"470\",\"value\":470},{\"text\":\"rock'n'pop museum\",\"id\":\"467\",\"value\":467},{\"text\":\"Seniors\",\"id\":\"435\",\"value\":435},{\"text\":\"Shooting festivals\",\"id\":\"324\",\"value\":324},{\"text\":\"Social affairs\",\"id\":\"452\",\"value\":452},{\"text\":\"Sport\",\"id\":\"343\",\"value\":343},{\"text\":\"Sundays open\",\"id\":\"441\",\"value\":441},{\"text\":\"Theatre\",\"id\":\"516\",\"value\":516},{\"text\":\"Tours + guided tours\",\"id\":\"427\",\"value\":427},{\"text\":\"Workshop\",\"id\":\"456\",\"value\":456}]}],\"type\":\"dropdown\"},{\"filter_object\":{\"type\":\"select\",\"name\":\"Veranstaltungsorte\",\"slug\":\"filterbar_venue\",\"priority\":4,\"values\":[{\"name\":\"Appartement - Hotel - Restaurant Seeblick\",\"value\":61632},{\"name\":\"Art Rock Caf\\u00e9\",\"value\":84034},{\"name\":\"Artrock Caf\\u00e9 Gronau\",\"value\":83798},{\"name\":\"Aula im Werner-von-Siemens Gymnasium\",\"value\":71523},{\"name\":\"Autohaus Anton Segbert GmbH & Co. KG\",\"value\":67926},{\"name\":\"Bentheimer Stra\\u00dfe 22\",\"value\":66815},{\"name\":\"Bergesbuer\",\"value\":66868},{\"name\":\"Bookstore Epe\",\"value\":83707},{\"name\":\"B\\u00fcrgerhalle Gronau\",\"value\":60598},{\"name\":\"Caf\\u00e9 1836\",\"value\":76985},{\"name\":\"Caf\\u00e9 Backstage\",\"value\":63565},{\"name\":\"Caf\\u00e9 Grenzenlos\",\"value\":62007},{\"name\":\"Carl-Zeiss-Weg\",\"value\":71964},{\"name\":\"Cinetech Gronau\",\"value\":60630},{\"name\":\"City Strandkorb\",\"value\":61813},{\"name\":\"Concordia\",\"value\":68574},{\"name\":\"Conference room Caf\\u00e9 Vita at St. Antonius Hospital Gronau\",\"value\":84423},{\"name\":\"Dampfspeicherlok\",\"value\":60969},{\"name\":\"Day care at the Bethesda senior center\",\"value\":88271},{\"name\":\"Dinkelhof\",\"value\":60608},{\"name\":\"Dinkelwerkstatt der InSel\",\"value\":72165},{\"name\":\"Dreil\\u00e4ndersee\",\"value\":61885},{\"name\":\"Driland Inn\",\"value\":76981},{\"name\":\"Driland Kolleg\",\"value\":64958},{\"name\":\"Drilandsee water sports clubhouse\",\"value\":82293},{\"name\":\"Drilandsee, \\\"Gro\\u00dfer Berg\\\" viewpoint\",\"value\":90965},{\"name\":\"Duesmann's Spinnerei\",\"value\":68166},{\"name\":\"Entrance hall of Sparkasse Westm\\u00fcnsterland\",\"value\":84547},{\"name\":\"Epe library branch\",\"value\":76983},{\"name\":\"Epe mini golf course\",\"value\":80725},{\"name\":\"Epe Protestant Church\",\"value\":80955},{\"name\":\"Eper Dorfkern\",\"value\":60786},{\"name\":\"Eper Inn\",\"value\":87793},{\"name\":\"Euregio-Gesamtschule-Epe\",\"value\":70557},{\"name\":\"European Robotic Institute\",\"value\":92959},{\"name\":\"Ev. Freikirche am Olympiaweg\",\"value\":68221},{\"name\":\"Ev. Stadtkirche Gronau\",\"value\":61116},{\"name\":\"Fairground Epe\",\"value\":83130},{\"name\":\"Familienbildungsst\\u00e4tte Gronau\",\"value\":62165},{\"name\":\"Fatih Moschee Gronau\",\"value\":63291},{\"name\":\"FC Epe, B\\u00fclten sports ground\",\"value\":84612},{\"name\":\"Festplatz an der E\\u00dfseite\",\"value\":73199},{\"name\":\"Festplatz B\\u00fcrgerhalle\",\"value\":64052},{\"name\":\"Fu\\u00dfg\\u00e4ngerzone Epe\",\"value\":63867},{\"name\":\"Gartenland Schmitz\",\"value\":63808},{\"name\":\"Georgs Galerie\",\"value\":60584},{\"name\":\"Green Business Park\",\"value\":84807},{\"name\":\"Gronau at the DRK Center\",\"value\":82005},{\"name\":\"Gronau public library\",\"value\":76980},{\"name\":\"Gronau train station\",\"value\":90796},{\"name\":\"Gronauer Innenstadt\",\"value\":60592},{\"name\":\"Hallenbad Gronau\",\"value\":70995},{\"name\":\"Haus Lebenstein - Place of the Synagogue in Epe\",\"value\":80413},{\"name\":\"Hermann-L\\u00f6ns-Schule\",\"value\":68694},{\"name\":\"Hof R\\u00f6ttger-H\\u00f6lscher\",\"value\":61420},{\"name\":\"Hotel B\\u00fcgener\",\"value\":87654},{\"name\":\"Hotel Restaurant Schepers\",\"value\":90918},{\"name\":\"Imkerei van der Wals\",\"value\":71638},{\"name\":\"J\\u00fcdischer Friedhof\",\"value\":92516},{\"name\":\"Jugendzentrum Luise\",\"value\":74477},{\"name\":\"Jugendzentrum St. Josef\",\"value\":62444},{\"name\":\"Jugendzentrum STOP\",\"value\":67882},{\"name\":\"KLJB Epe\",\"value\":81151},{\"name\":\"Kurt-Schumacher-Platz\",\"value\":62775},{\"name\":\"LAGA-Gel\\u00e4nde\",\"value\":60798},{\"name\":\"Lat\\u00fcchte\",\"value\":60679},{\"name\":\"Lat\\u00fcchte Epe\",\"value\":67900},{\"name\":\"LIVELY\",\"value\":71904},{\"name\":\"Meeting point: at the entrance to the Sparkasse, Hindenburgring\",\"value\":87591},{\"name\":\"Meeting point: In front of Caf\\u00e9 1836 on Kurt-Schumacher-Platz\",\"value\":81127},{\"name\":\"Meeting point: in front of the Kirmesplatz\\\/Fabrikstra\\u00dfe entrance\",\"value\":90731},{\"name\":\"Meeting point: in front of the rock'n'popmuseum\",\"value\":84652},{\"name\":\"Meeting point: Old Town Hall Tower, walk to the memorial on Kurt-Schumacher-Platz\",\"value\":85389},{\"name\":\"Merschstra\\u00dfe &amp; fairground on Ahauser Stra\\u00dfe\",\"value\":88887},{\"name\":\"Merschstra\\u00dfe 14, 48599 Gronau-Epe\",\"value\":92513},{\"name\":\"Merschstra\\u00dfe Epe\",\"value\":61119},{\"name\":\"Music school Gronau\",\"value\":76979},{\"name\":\"Musikclub Turbine\",\"value\":60639},{\"name\":\"Neustra\\u00dfe - directly in front of St. Anthony's Church\",\"value\":78496},{\"name\":\"Neustra\\u00dfe und Schulstra\\u00dfe\",\"value\":78451},{\"name\":\"\\u00d6ffentlicher Grillplatz an der Fabrikstra\\u00dfe\",\"value\":92990},{\"name\":\"Old barn Brefeld\",\"value\":90822},{\"name\":\"Oli's Strandkorb\",\"value\":77153},{\"name\":\"On the dining side 171\",\"value\":84293},{\"name\":\"On the dining side 209\",\"value\":86170},{\"name\":\"Palliative care unit St. Antonius Hospital Gronau\",\"value\":84634},{\"name\":\"Parkfreibad Gronau\",\"value\":61127},{\"name\":\"Pfarrhof St. Agatha Gronau-Epe\",\"value\":69402},{\"name\":\"Reit-, Zucht- und Fahrverein Epe e.V.\",\"value\":69314},{\"name\":\"Restaurant Nienhaus\",\"value\":65447},{\"name\":\"rock'n'popmuseum\",\"value\":60827},{\"name\":\"RZFV Epe e.V.\",\"value\":67286},{\"name\":\"Saunapark Epe\",\"value\":69866},{\"name\":\"Sch\\u00fctzenplatz An der E\\u00dfseite\",\"value\":73118},{\"name\":\"Sch\\u00fctzenplatz Buterland-Beckerhook\",\"value\":67065},{\"name\":\"Sch\\u00fctzenplatz Hubertus\",\"value\":93247},{\"name\":\"Sch\\u00fctzenplatz Kaiserstiege\",\"value\":71995},{\"name\":\"Sch\\u00fctzenplatz Kloster\",\"value\":73232},{\"name\":\"Sch\\u00fctzenplatz Sch\\u00f6ttelkotterhook-Tiekerhook-E\\u00dfseite\",\"value\":60657},{\"name\":\"Sch\\u00fctzenplatz Spechtholtshook\",\"value\":64223},{\"name\":\"Sch\\u00fctzenplatz St. Katharina\",\"value\":73294},{\"name\":\"Short way 16\",\"value\":87525},{\"name\":\"Sparkasse Epe\",\"value\":61430},{\"name\":\"Sporthalle 1\",\"value\":75851},{\"name\":\"St. Agatha Kirche\",\"value\":68701},{\"name\":\"St. Agatha-Domizil\",\"value\":70604},{\"name\":\"St. Anthony's parish church\",\"value\":89649},{\"name\":\"St. Antonius Hospital - 1st floor of the nursing school\",\"value\":87983},{\"name\":\"St. Antonius Hospital Gronau\",\"value\":84553},{\"name\":\"St. Antonius Kirche\",\"value\":64063},{\"name\":\"St. Antonius Mission High School\",\"value\":87954},{\"name\":\"St. Josef Kindergarten\",\"value\":92388},{\"name\":\"St. Joseph's Church\",\"value\":82172},{\"name\":\"St.-Agatha-Kirche\",\"value\":64019},{\"name\":\"Stadtpark\",\"value\":63798},{\"name\":\"STEPS\",\"value\":93605},{\"name\":\"Storker Hook 13a\",\"value\":86194},{\"name\":\"Studio in the \\u201cBr\\u00fccke\\u201d (music school)\",\"value\":81131},{\"name\":\"SV OG Gronau\",\"value\":83628},{\"name\":\"Syrian Orthodox Church of St. Isaiah\",\"value\":91722},{\"name\":\"Table Gronau\",\"value\":84387},{\"name\":\"Tageshospiz Josef-Haus\",\"value\":61385},{\"name\":\"Tagesst\\u00e4tte\",\"value\":76509},{\"name\":\"Treffpunkt: an der alten Dampflok am Bahnhofsvorplatz in Gronau\",\"value\":65356},{\"name\":\"Treffpunkt: An der Marters\\u00e4ule auf dem Kirchplatz der St. Agatha Kirche in Epe\",\"value\":65366},{\"name\":\"Treffpunkt: Parkplatz an der Touristinfo\",\"value\":92537},{\"name\":\"Treffpunkt: Vereinsheim TV Gronau\",\"value\":61208},{\"name\":\"TV Gr\\u00fcn-Gold Gronau e.V.\",\"value\":67867},{\"name\":\"verschiedene Orte\",\"value\":61891},{\"name\":\"verschiedene Spielorte\",\"value\":61144},{\"name\":\"Vorplatz der B\\u00fcrgerhalle\",\"value\":60792},{\"name\":\"Vorw\\u00e4rts Epe 1923 e.V.\",\"value\":72011},{\"name\":\"Waldb\\u00fchne\",\"value\":61198},{\"name\":\"Walter Thiemann House\",\"value\":84179},{\"name\":\"Wanderparkplatz Sch\\u00f6ttelkotter Damm\",\"value\":60646},{\"name\":\"Wasserturm Gronau\",\"value\":60578},{\"name\":\"Weihnachtshaus Gronau\",\"value\":76465},{\"name\":\"whisky & cigar salon\",\"value\":60975},{\"name\":\"White Lady Gronau\",\"value\":82217},{\"name\":\"Yezidi community Gronau\",\"value\":89587}],\"free\":null,\"currentValue\":[],\"isActiveFilter\":true,\"queryArgs\":[],\"joinClause\":\"\",\"whereClause\":\"\",\"stack_managed\":false},\"label\":\"Veranstaltungsorte\",\"selections_count\":\"\",\"selections\":\"\",\"toggle_id\":\"filterbar_venue-toggle-73cad3a2-ce3f-4963-99d5-4bc607e2f96f\",\"container_id\":\"filterbar_venue-container-73cad3a2-ce3f-4963-99d5-4bc607e2f96f\",\"pill_toggle_id\":\"filterbar_venue-pill-toggle-73cad3a2-ce3f-4963-99d5-4bc607e2f96f\",\"is_open\":false,\"name\":\"tribe_venues[]\",\"fields\":[{\"type\":\"dropdown\",\"value\":\"\",\"id\":\"tribe-events-filterbar-95912f3b-filterbar_venue\",\"name\":\"tribe_venues[]\",\"options\":[{\"text\":\"Appartement - Hotel - Restaurant Seeblick\",\"id\":\"61632\",\"value\":61632},{\"text\":\"Art Rock Caf\\u00e9\",\"id\":\"84034\",\"value\":84034},{\"text\":\"Artrock Caf\\u00e9 Gronau\",\"id\":\"83798\",\"value\":83798},{\"text\":\"Aula im Werner-von-Siemens Gymnasium\",\"id\":\"71523\",\"value\":71523},{\"text\":\"Autohaus Anton Segbert GmbH & Co. KG\",\"id\":\"67926\",\"value\":67926},{\"text\":\"Bentheimer Stra\\u00dfe 22\",\"id\":\"66815\",\"value\":66815},{\"text\":\"Bergesbuer\",\"id\":\"66868\",\"value\":66868},{\"text\":\"Bookstore Epe\",\"id\":\"83707\",\"value\":83707},{\"text\":\"B\\u00fcrgerhalle Gronau\",\"id\":\"60598\",\"value\":60598},{\"text\":\"Caf\\u00e9 1836\",\"id\":\"76985\",\"value\":76985},{\"text\":\"Caf\\u00e9 Backstage\",\"id\":\"63565\",\"value\":63565},{\"text\":\"Caf\\u00e9 Grenzenlos\",\"id\":\"62007\",\"value\":62007},{\"text\":\"Carl-Zeiss-Weg\",\"id\":\"71964\",\"value\":71964},{\"text\":\"Cinetech Gronau\",\"id\":\"60630\",\"value\":60630},{\"text\":\"City Strandkorb\",\"id\":\"61813\",\"value\":61813},{\"text\":\"Concordia\",\"id\":\"68574\",\"value\":68574},{\"text\":\"Conference room Caf\\u00e9 Vita at St. Antonius Hospital Gronau\",\"id\":\"84423\",\"value\":84423},{\"text\":\"Dampfspeicherlok\",\"id\":\"60969\",\"value\":60969},{\"text\":\"Day care at the Bethesda senior center\",\"id\":\"88271\",\"value\":88271},{\"text\":\"Dinkelhof\",\"id\":\"60608\",\"value\":60608},{\"text\":\"Dinkelwerkstatt der InSel\",\"id\":\"72165\",\"value\":72165},{\"text\":\"Dreil\\u00e4ndersee\",\"id\":\"61885\",\"value\":61885},{\"text\":\"Driland Inn\",\"id\":\"76981\",\"value\":76981},{\"text\":\"Driland Kolleg\",\"id\":\"64958\",\"value\":64958},{\"text\":\"Drilandsee water sports clubhouse\",\"id\":\"82293\",\"value\":82293},{\"text\":\"Drilandsee, \\\"Gro\\u00dfer Berg\\\" viewpoint\",\"id\":\"90965\",\"value\":90965},{\"text\":\"Duesmann's Spinnerei\",\"id\":\"68166\",\"value\":68166},{\"text\":\"Entrance hall of Sparkasse Westm\\u00fcnsterland\",\"id\":\"84547\",\"value\":84547},{\"text\":\"Epe library branch\",\"id\":\"76983\",\"value\":76983},{\"text\":\"Epe mini golf course\",\"id\":\"80725\",\"value\":80725},{\"text\":\"Epe Protestant Church\",\"id\":\"80955\",\"value\":80955},{\"text\":\"Eper Dorfkern\",\"id\":\"60786\",\"value\":60786},{\"text\":\"Eper Inn\",\"id\":\"87793\",\"value\":87793},{\"text\":\"Euregio-Gesamtschule-Epe\",\"id\":\"70557\",\"value\":70557},{\"text\":\"European Robotic Institute\",\"id\":\"92959\",\"value\":92959},{\"text\":\"Ev. Freikirche am Olympiaweg\",\"id\":\"68221\",\"value\":68221},{\"text\":\"Ev. Stadtkirche Gronau\",\"id\":\"61116\",\"value\":61116},{\"text\":\"Fairground Epe\",\"id\":\"83130\",\"value\":83130},{\"text\":\"Familienbildungsst\\u00e4tte Gronau\",\"id\":\"62165\",\"value\":62165},{\"text\":\"Fatih Moschee Gronau\",\"id\":\"63291\",\"value\":63291},{\"text\":\"FC Epe, B\\u00fclten sports ground\",\"id\":\"84612\",\"value\":84612},{\"text\":\"Festplatz an der E\\u00dfseite\",\"id\":\"73199\",\"value\":73199},{\"text\":\"Festplatz B\\u00fcrgerhalle\",\"id\":\"64052\",\"value\":64052},{\"text\":\"Fu\\u00dfg\\u00e4ngerzone Epe\",\"id\":\"63867\",\"value\":63867},{\"text\":\"Gartenland Schmitz\",\"id\":\"63808\",\"value\":63808},{\"text\":\"Georgs Galerie\",\"id\":\"60584\",\"value\":60584},{\"text\":\"Green Business Park\",\"id\":\"84807\",\"value\":84807},{\"text\":\"Gronau at the DRK Center\",\"id\":\"82005\",\"value\":82005},{\"text\":\"Gronau public library\",\"id\":\"76980\",\"value\":76980},{\"text\":\"Gronau train station\",\"id\":\"90796\",\"value\":90796},{\"text\":\"Gronauer Innenstadt\",\"id\":\"60592\",\"value\":60592},{\"text\":\"Hallenbad Gronau\",\"id\":\"70995\",\"value\":70995},{\"text\":\"Haus Lebenstein - Place of the Synagogue in Epe\",\"id\":\"80413\",\"value\":80413},{\"text\":\"Hermann-L\\u00f6ns-Schule\",\"id\":\"68694\",\"value\":68694},{\"text\":\"Hof R\\u00f6ttger-H\\u00f6lscher\",\"id\":\"61420\",\"value\":61420},{\"text\":\"Hotel B\\u00fcgener\",\"id\":\"87654\",\"value\":87654},{\"text\":\"Hotel Restaurant Schepers\",\"id\":\"90918\",\"value\":90918},{\"text\":\"Imkerei van der Wals\",\"id\":\"71638\",\"value\":71638},{\"text\":\"J\\u00fcdischer Friedhof\",\"id\":\"92516\",\"value\":92516},{\"text\":\"Jugendzentrum Luise\",\"id\":\"74477\",\"value\":74477},{\"text\":\"Jugendzentrum St. Josef\",\"id\":\"62444\",\"value\":62444},{\"text\":\"Jugendzentrum STOP\",\"id\":\"67882\",\"value\":67882},{\"text\":\"KLJB Epe\",\"id\":\"81151\",\"value\":81151},{\"text\":\"Kurt-Schumacher-Platz\",\"id\":\"62775\",\"value\":62775},{\"text\":\"LAGA-Gel\\u00e4nde\",\"id\":\"60798\",\"value\":60798},{\"text\":\"Lat\\u00fcchte\",\"id\":\"60679\",\"value\":60679},{\"text\":\"Lat\\u00fcchte Epe\",\"id\":\"67900\",\"value\":67900},{\"text\":\"LIVELY\",\"id\":\"71904\",\"value\":71904},{\"text\":\"Meeting point: at the entrance to the Sparkasse, Hindenburgring\",\"id\":\"87591\",\"value\":87591},{\"text\":\"Meeting point: In front of Caf\\u00e9 1836 on Kurt-Schumacher-Platz\",\"id\":\"81127\",\"value\":81127},{\"text\":\"Meeting point: in front of the Kirmesplatz\\\/Fabrikstra\\u00dfe entrance\",\"id\":\"90731\",\"value\":90731},{\"text\":\"Meeting point: in front of the rock'n'popmuseum\",\"id\":\"84652\",\"value\":84652},{\"text\":\"Meeting point: Old Town Hall Tower, walk to the memorial on Kurt-Schumacher-Platz\",\"id\":\"85389\",\"value\":85389},{\"text\":\"Merschstra\\u00dfe &amp; fairground on Ahauser Stra\\u00dfe\",\"id\":\"88887\",\"value\":88887},{\"text\":\"Merschstra\\u00dfe 14, 48599 Gronau-Epe\",\"id\":\"92513\",\"value\":92513},{\"text\":\"Merschstra\\u00dfe Epe\",\"id\":\"61119\",\"value\":61119},{\"text\":\"Music school Gronau\",\"id\":\"76979\",\"value\":76979},{\"text\":\"Musikclub Turbine\",\"id\":\"60639\",\"value\":60639},{\"text\":\"Neustra\\u00dfe - directly in front of St. Anthony's Church\",\"id\":\"78496\",\"value\":78496},{\"text\":\"Neustra\\u00dfe und Schulstra\\u00dfe\",\"id\":\"78451\",\"value\":78451},{\"text\":\"\\u00d6ffentlicher Grillplatz an der Fabrikstra\\u00dfe\",\"id\":\"92990\",\"value\":92990},{\"text\":\"Old barn Brefeld\",\"id\":\"90822\",\"value\":90822},{\"text\":\"Oli's Strandkorb\",\"id\":\"77153\",\"value\":77153},{\"text\":\"On the dining side 171\",\"id\":\"84293\",\"value\":84293},{\"text\":\"On the dining side 209\",\"id\":\"86170\",\"value\":86170},{\"text\":\"Palliative care unit St. Antonius Hospital Gronau\",\"id\":\"84634\",\"value\":84634},{\"text\":\"Parkfreibad Gronau\",\"id\":\"61127\",\"value\":61127},{\"text\":\"Pfarrhof St. Agatha Gronau-Epe\",\"id\":\"69402\",\"value\":69402},{\"text\":\"Reit-, Zucht- und Fahrverein Epe e.V.\",\"id\":\"69314\",\"value\":69314},{\"text\":\"Restaurant Nienhaus\",\"id\":\"65447\",\"value\":65447},{\"text\":\"rock'n'popmuseum\",\"id\":\"60827\",\"value\":60827},{\"text\":\"RZFV Epe e.V.\",\"id\":\"67286\",\"value\":67286},{\"text\":\"Saunapark Epe\",\"id\":\"69866\",\"value\":69866},{\"text\":\"Sch\\u00fctzenplatz An der E\\u00dfseite\",\"id\":\"73118\",\"value\":73118},{\"text\":\"Sch\\u00fctzenplatz Buterland-Beckerhook\",\"id\":\"67065\",\"value\":67065},{\"text\":\"Sch\\u00fctzenplatz Hubertus\",\"id\":\"93247\",\"value\":93247},{\"text\":\"Sch\\u00fctzenplatz Kaiserstiege\",\"id\":\"71995\",\"value\":71995},{\"text\":\"Sch\\u00fctzenplatz Kloster\",\"id\":\"73232\",\"value\":73232},{\"text\":\"Sch\\u00fctzenplatz Sch\\u00f6ttelkotterhook-Tiekerhook-E\\u00dfseite\",\"id\":\"60657\",\"value\":60657},{\"text\":\"Sch\\u00fctzenplatz Spechtholtshook\",\"id\":\"64223\",\"value\":64223},{\"text\":\"Sch\\u00fctzenplatz St. Katharina\",\"id\":\"73294\",\"value\":73294},{\"text\":\"Short way 16\",\"id\":\"87525\",\"value\":87525},{\"text\":\"Sparkasse Epe\",\"id\":\"61430\",\"value\":61430},{\"text\":\"Sporthalle 1\",\"id\":\"75851\",\"value\":75851},{\"text\":\"St. Agatha Kirche\",\"id\":\"68701\",\"value\":68701},{\"text\":\"St. Agatha-Domizil\",\"id\":\"70604\",\"value\":70604},{\"text\":\"St. Anthony's parish church\",\"id\":\"89649\",\"value\":89649},{\"text\":\"St. Antonius Hospital - 1st floor of the nursing school\",\"id\":\"87983\",\"value\":87983},{\"text\":\"St. Antonius Hospital Gronau\",\"id\":\"84553\",\"value\":84553},{\"text\":\"St. Antonius Kirche\",\"id\":\"64063\",\"value\":64063},{\"text\":\"St. Antonius Mission High School\",\"id\":\"87954\",\"value\":87954},{\"text\":\"St. Josef Kindergarten\",\"id\":\"92388\",\"value\":92388},{\"text\":\"St. Joseph's Church\",\"id\":\"82172\",\"value\":82172},{\"text\":\"St.-Agatha-Kirche\",\"id\":\"64019\",\"value\":64019},{\"text\":\"Stadtpark\",\"id\":\"63798\",\"value\":63798},{\"text\":\"STEPS\",\"id\":\"93605\",\"value\":93605},{\"text\":\"Storker Hook 13a\",\"id\":\"86194\",\"value\":86194},{\"text\":\"Studio in the \\u201cBr\\u00fccke\\u201d (music school)\",\"id\":\"81131\",\"value\":81131},{\"text\":\"SV OG Gronau\",\"id\":\"83628\",\"value\":83628},{\"text\":\"Syrian Orthodox Church of St. Isaiah\",\"id\":\"91722\",\"value\":91722},{\"text\":\"Table Gronau\",\"id\":\"84387\",\"value\":84387},{\"text\":\"Tageshospiz Josef-Haus\",\"id\":\"61385\",\"value\":61385},{\"text\":\"Tagesst\\u00e4tte\",\"id\":\"76509\",\"value\":76509},{\"text\":\"Treffpunkt: an der alten Dampflok am Bahnhofsvorplatz in Gronau\",\"id\":\"65356\",\"value\":65356},{\"text\":\"Treffpunkt: An der Marters\\u00e4ule auf dem Kirchplatz der St. Agatha Kirche in Epe\",\"id\":\"65366\",\"value\":65366},{\"text\":\"Treffpunkt: Parkplatz an der Touristinfo\",\"id\":\"92537\",\"value\":92537},{\"text\":\"Treffpunkt: Vereinsheim TV Gronau\",\"id\":\"61208\",\"value\":61208},{\"text\":\"TV Gr\\u00fcn-Gold Gronau e.V.\",\"id\":\"67867\",\"value\":67867},{\"text\":\"verschiedene Orte\",\"id\":\"61891\",\"value\":61891},{\"text\":\"verschiedene Spielorte\",\"id\":\"61144\",\"value\":61144},{\"text\":\"Vorplatz der B\\u00fcrgerhalle\",\"id\":\"60792\",\"value\":60792},{\"text\":\"Vorw\\u00e4rts Epe 1923 e.V.\",\"id\":\"72011\",\"value\":72011},{\"text\":\"Waldb\\u00fchne\",\"id\":\"61198\",\"value\":61198},{\"text\":\"Walter Thiemann House\",\"id\":\"84179\",\"value\":84179},{\"text\":\"Wanderparkplatz Sch\\u00f6ttelkotter Damm\",\"id\":\"60646\",\"value\":60646},{\"text\":\"Wasserturm Gronau\",\"id\":\"60578\",\"value\":60578},{\"text\":\"Weihnachtshaus Gronau\",\"id\":\"76465\",\"value\":76465},{\"text\":\"whisky & cigar salon\",\"id\":\"60975\",\"value\":60975},{\"text\":\"White Lady Gronau\",\"id\":\"82217\",\"value\":82217},{\"text\":\"Yezidi community Gronau\",\"id\":\"89587\",\"value\":89587}]}],\"type\":\"dropdown\"}],\"selected_filters\":[],\"mobile_initial_state_control\":true,\"display_recurring_toggle\":false,\"_context\":{\"slug\":\"photo\",\"should_manage_url\":false},\"text\":\"Loading...\",\"classes\":[\"tribe-common-c-loader__dot\",\"tribe-common-c-loader__dot--third\"]}<\/script>\n\n\t\t\n\t\t\n<header  class=\"tribe-events-header tribe-events-header--has-event-search\" >\n\t<div class=\"tribe-events-header__content-title\">\n\t<h1 class=\"screen-reader-text tec-a11y-title-hidden\">Events<\/h1><\/div>\n\n\t\n\t\n\t\n\t<div class=\"tribe-events-c-top-bar tribe-events-header__top-bar\">\n\n\t<nav class=\"tribe-events-c-top-bar__nav tribe-common-a11y-hidden\" aria-label=\"Top events list pagination\">\n\t<ul class=\"tribe-events-c-top-bar__nav-list\">\n\t\t<li class=\"tribe-events-c-top-bar__nav-list-item\">\n\t<a\n\t\thref=\"https:\/\/gronau-inside.de\/en\/veranstaltungen\/photo\/?rest_route=%2Fwp%2Fv2%2Fpages%2F6682&#038;shortcode=a7dee104&#038;eventDisplay=past\"\n\t\tclass=\"tribe-common-c-btn-icon tribe-common-c-btn-icon--caret-left tribe-events-c-top-bar__nav-link tribe-events-c-top-bar__nav-link--prev\"\n\t\taria-label=\"Previous Events\"\n\t\ttitle=\"Previous Events\"\n\t\tdata-js=\"tribe-events-view-link\"\n\t>\n\t\t<svg\n\t class=\"tribe-common-c-svgicon tribe-common-c-svgicon--caret-left tribe-common-c-btn-icon__icon-svg tribe-events-c-top-bar__nav-link-icon-svg\" \taria-hidden=\"true\"\n\tviewBox=\"0 0 10 16\"\n\txmlns=\"http:\/\/www.w3.org\/2000\/svg\"\n>\n\t<path d=\"M9.7 14.4l-1.5 1.5L.3 8 8.2.1l1.5 1.5L3.3 8l6.4 6.4z\"\/>\n<\/svg>\n\t<\/a>\n<\/li>\n\n\t\t<li class=\"tribe-events-c-top-bar__nav-list-item\">\n\t<a\n\t\thref=\"https:\/\/gronau-inside.de\/en\/veranstaltungen\/photo\/page\/2\/?shortcode=a7dee104\"\n\t\tclass=\"tribe-common-c-btn-icon tribe-common-c-btn-icon--caret-right tribe-events-c-top-bar__nav-link tribe-events-c-top-bar__nav-link--next\"\n\t\taria-label=\"Next Events\"\n\t\ttitle=\"Next Events\"\n\t\tdata-js=\"tribe-events-view-link\"\n\t>\n\t\t<svg\n\t class=\"tribe-common-c-svgicon tribe-common-c-svgicon--caret-right tribe-common-c-btn-icon__icon-svg tribe-events-c-top-bar__nav-link-icon-svg\" \taria-hidden=\"true\"\n\tviewBox=\"0 0 10 16\"\n\txmlns=\"http:\/\/www.w3.org\/2000\/svg\"\n>\n\t<path d=\"M.3 1.6L1.8.1 9.7 8l-7.9 7.9-1.5-1.5L6.7 8 .3 1.6z\"\/>\n<\/svg>\n\t<\/a>\n<\/li>\n\t<\/ul>\n<\/nav>\n\n\t<a\n\thref=\"https:\/\/gronau-inside.de\/en\/veranstaltungen\/photo\/?rest_route=%2Fwp%2Fv2%2Fpages%2F6682&#038;shortcode=a7dee104\"\n\tclass=\"tribe-common-c-btn-border-small tribe-events-c-top-bar__today-button tribe-common-a11y-hidden\"\n\tdata-js=\"tribe-events-view-link\"\n\taria-description=\"Click to select today&#039;s date\"\n>\n\tToday<\/a>\n\n\t<div class=\"tribe-events-c-top-bar__datepicker\">\n\t<button\n\t\tclass=\"tribe-common-c-btn__clear tribe-common-h3 tribe-common-h--alt tribe-events-c-top-bar__datepicker-button\"\n\t\tdata-js=\"tribe-events-top-bar-datepicker-button\"\n\t\ttype=\"button\"\n\t\taria-label=\"Click to toggle datepicker\"\n\t\ttitle=\"Click to toggle datepicker\"\n\t>\n\t\t<time\n\t\t\tdatetime=\"2026-04-30\"\n\t\t\tclass=\"tribe-events-c-top-bar__datepicker-time\"\n\t\t>\n\t\t\t\t\t\t\t<span class=\"tribe-events-c-top-bar__datepicker-mobile\">\n\t\t\t\t\tNow\t\t\t\t<\/span>\n\t\t\t\t<span class=\"tribe-events-c-top-bar__datepicker-desktop tribe-common-a11y-hidden\">\n\t\t\t\t\tNow\t\t\t\t<\/span>\n\t\t\t\t\t<\/time>\n\t\t\t\t\t<span class=\"tribe-events-c-top-bar__datepicker-separator\"> - <\/span>\n\t\t\t<time\n\t\t\t\tdatetime=\"2026-05-01\"\n\t\t\t\tclass=\"tribe-events-c-top-bar__datepicker-time\"\n\t\t\t>\n\t\t\t\t<span class=\"tribe-events-c-top-bar__datepicker-mobile\">\n\t\t\t\t\t01.05.2026\t\t\t\t<\/span>\n\t\t\t\t<span class=\"tribe-events-c-top-bar__datepicker-desktop tribe-common-a11y-hidden\">\n\t\t\t\t\t1. May\t\t\t\t<\/span>\n\t\t\t<\/time>\n\t\t\t\t<svg\n\t class=\"tribe-common-c-svgicon tribe-common-c-svgicon--caret-down tribe-events-c-top-bar__datepicker-button-icon-svg\" \taria-hidden=\"true\"\n\tviewBox=\"0 0 10 7\"\n\txmlns=\"http:\/\/www.w3.org\/2000\/svg\"\n>\n\t<path fill-rule=\"evenodd\" clip-rule=\"evenodd\" d=\"M1.008.609L5 4.6 8.992.61l.958.958L5 6.517.05 1.566l.958-.958z\" class=\"tribe-common-c-svgicon__svg-fill\"\/>\n<\/svg>\n\t<\/button>\n\t<label\n\t\tclass=\"tribe-events-c-top-bar__datepicker-label tribe-common-a11y-visual-hide\"\n\t\tfor=\"tribe-events-top-bar-date\"\n\t>\n\t\tSelect date.\t<\/label>\n\t<input\n\t\ttype=\"text\"\n\t\tclass=\"tribe-events-c-top-bar__datepicker-input tribe-common-a11y-visual-hide\"\n\t\tdata-js=\"tribe-events-top-bar-date\"\n\t\tid=\"tribe-events-top-bar-date\"\n\t\tname=\"tribe-events-views[tribe-bar-date]\"\n\t\tvalue=\"30.04.2026\"\n\t\ttabindex=\"-1\"\n\t\tautocomplete=\"off\"\n\t\treadonly=\"readonly\"\n\t\/>\n\t<div class=\"tribe-events-c-top-bar__datepicker-container\" data-js=\"tribe-events-top-bar-datepicker-container\"><\/div>\n\t<template class=\"tribe-events-c-top-bar__datepicker-template-prev-icon\">\n\t\t<svg\n\t class=\"tribe-common-c-svgicon tribe-common-c-svgicon--caret-left tribe-events-c-top-bar__datepicker-nav-icon-svg\" \taria-hidden=\"true\"\n\tviewBox=\"0 0 10 16\"\n\txmlns=\"http:\/\/www.w3.org\/2000\/svg\"\n>\n\t<path d=\"M9.7 14.4l-1.5 1.5L.3 8 8.2.1l1.5 1.5L3.3 8l6.4 6.4z\"\/>\n<\/svg>\n\t<\/template>\n\t<template class=\"tribe-events-c-top-bar__datepicker-template-next-icon\">\n\t\t<svg\n\t class=\"tribe-common-c-svgicon tribe-common-c-svgicon--caret-right tribe-events-c-top-bar__datepicker-nav-icon-svg\" \taria-hidden=\"true\"\n\tviewBox=\"0 0 10 16\"\n\txmlns=\"http:\/\/www.w3.org\/2000\/svg\"\n>\n\t<path d=\"M.3 1.6L1.8.1 9.7 8l-7.9 7.9-1.5-1.5L6.7 8 .3 1.6z\"\/>\n<\/svg>\n\t<\/template>\n<\/div>\n\n\t\n\t<div class=\"tribe-events-c-top-bar__actions tribe-common-a11y-hidden\">\n\t<\/div>\n\n<\/div>\n<\/header>\n\n\t\t\n\t\t<div class=\"tribe-events-pro-photo\">\n\t\t\t<h2\n\t\t\t\tid=\"tribe-events-photo-view-heading\"\n\t\t\t\tclass=\"tribe-common-a11y-visual-hide\"\n\t\t\t>\n\t\t\t\tList of events in Photo View\t\t\t<\/h2>\n\t\t\t<ul class=\"tribe-common-g-row tribe-common-g-row--gutters\" aria-labelledby=\"tribe-events-photo-view-heading\">\n\n\t\t\t\t\t\t\t\t\t\n\t\t\t\t\t<li  class=\"tribe-common-g-col tribe-events-pro-photo__event post-10004372 tribe_events type-tribe_events status-publish has-post-thumbnail hentry\" >\n\t<article>\n\t\t<div class=\"tribe-events-pro-photo__event-featured-image-wrapper\">\n\t<a\n\t\thref=\"https:\/\/gronau-inside.de\/en\/veranstaltung\/38th-gronau-jazz-festival\"\n\t\trel=\"bookmark\"\n\t\tclass=\"tribe-events-pro-photo__event-featured-image-link\"\n\t>\n\t\t<span class=\"tribe-events-pro-photo__event-featured-image-link-inner tribe-common-a11y-hidden\">38th Gronau Jazz Festival<\/span>\n\t\t<img\n\t\t\tclass=\"tribe-events-pro-photo__event-featured-image\"\n\t\t\tsrc=\"https:\/\/gronau-inside.de\/wp-content\/uploads\/2025\/07\/Jazzfest_2026_So-Me-Grafiken_EarlyBird-Insta.jpg\"\n\t\t\trole=\"presentation\"\n\t\t\t\t\t\t\tsrcset=\"https:\/\/gronau-inside.de\/wp-content\/uploads\/2025\/07\/Jazzfest_2026_So-Me-Grafiken_EarlyBird-Insta-240x300.jpg 240w, https:\/\/gronau-inside.de\/wp-content\/uploads\/2025\/07\/Jazzfest_2026_So-Me-Grafiken_EarlyBird-Insta-819x1024.jpg 819w, https:\/\/gronau-inside.de\/wp-content\/uploads\/2025\/07\/Jazzfest_2026_So-Me-Grafiken_EarlyBird-Insta-768x960.jpg 768w, https:\/\/gronau-inside.de\/wp-content\/uploads\/2025\/07\/Jazzfest_2026_So-Me-Grafiken_EarlyBird-Insta-1229x1536.jpg 1229w, https:\/\/gronau-inside.de\/wp-content\/uploads\/2025\/07\/Jazzfest_2026_So-Me-Grafiken_EarlyBird-Insta-600x750.jpg 600w, https:\/\/gronau-inside.de\/wp-content\/uploads\/2025\/07\/Jazzfest_2026_So-Me-Grafiken_EarlyBird-Insta.jpg 1536w\"\n\t\t\t\t\t\t\t\t\t\talt=\"\"\n\t\t\t\t\t\t\t\t\t\ttitle=\"Jazzfest_2026_So-Me-Graphics_EarlyBird\"\n\t\t\t\t\t\t\t\t\t\twidth=\"1536\"\n\t\t\t\t\t\t\t\t\t\theight=\"1920\"\n\t\t\t\t\t\/>\n\t<\/a>\n<\/div>\n\n\t\t<div class=\"tribe-events-pro-photo__event-details-wrapper\">\n\t\t\t<div class=\"tribe-events-pro-photo__event-date-tag tribe-common-g-col\">\n\t<time class=\"tribe-events-pro-photo__event-date-tag-datetime\" datetime=\"2026-04-30\">\n\t\t<span class=\"tribe-events-pro-photo__event-date-tag-month\">\n\t\t\tApr\t\t<\/span>\n\t\t<span class=\"tribe-events-pro-photo__event-date-tag-daynum tribe-common-h5 tribe-common-h4--min-medium\">\n\t\t\t30\t\t<\/span>\n\t<\/time>\n<\/div>\n\t\t\t<div class=\"tribe-events-pro-photo__event-details\">\n\t\t\t\t<h3 class=\"tribe-events-pro-photo__event-title tribe-common-h6\">\n\t<a\n\t\thref=\"https:\/\/gronau-inside.de\/en\/veranstaltung\/38th-gronau-jazz-festival\"\n\t\ttitle=\"38th Gronau Jazz Festival\"\n\t\trel=\"bookmark\"\n\t\tclass=\"tribe-events-pro-photo__event-title-link tribe-common-anchor-thin\"\n\t>\n\t\t38th Gronau Jazz Festival\t<\/a>\n<\/h3>\n\t\t\t\t<div class=\"tribe-events-pro-photo__event-datetime tribe-common-b2\">\n\t\t\t\t<span class=\"tribe-event-date-start\">28. April<\/span> - <span class=\"tribe-event-date-end\">3. May<\/span>\t\t<\/div>\n\t\t\t\t\t\t\t\t\t\t\t<\/div>\n\t\t<\/div>\n\t<\/article>\n<\/li>\n\n\t\t\t\t\t\t\t\t\t\n\t\t\t\t\t<li  class=\"tribe-common-g-col tribe-events-pro-photo__event post-10007005 tribe_events type-tribe_events status-publish has-post-thumbnail hentry tribe_events_cat-familien-kinder tribe_events_cat-kubig-kulturelle-bildung-gronau tribe_events_cat-lesung cat_familien-kinder cat_kubig-kulturelle-bildung-gronau cat_lesung tribe-recurring-event tribe-recurring-event-parent\" >\n\t<article>\n\t\t<div class=\"tribe-events-pro-photo__event-featured-image-wrapper\">\n\t<a\n\t\thref=\"https:\/\/gronau-inside.de\/en\/veranstaltung\/vorlesestunde-mit-buecherei-pirat-pit-in-der-stadtbuecherei-2\/2026-04-30\"\n\t\trel=\"bookmark\"\n\t\tclass=\"tribe-events-pro-photo__event-featured-image-link\"\n\t>\n\t\t<span class=\"tribe-events-pro-photo__event-featured-image-link-inner tribe-common-a11y-hidden\">Vorlesestunde mit B\u00fccherei-Pirat Pit in der Stadtb\u00fccherei<\/span>\n\t\t<img\n\t\t\tclass=\"tribe-events-pro-photo__event-featured-image\"\n\t\t\tsrc=\"https:\/\/gronau-inside.de\/wp-content\/uploads\/2026\/04\/2026_04_30_Vorlesestunde-Pit.jpg\"\n\t\t\trole=\"presentation\"\n\t\t\t\t\t\t\tsrcset=\"https:\/\/gronau-inside.de\/wp-content\/uploads\/2026\/04\/2026_04_30_Vorlesestunde-Pit-192x300.jpg 192w, https:\/\/gronau-inside.de\/wp-content\/uploads\/2026\/04\/2026_04_30_Vorlesestunde-Pit.jpg 512w\"\n\t\t\t\t\t\t\t\t\t\talt=\"\"\n\t\t\t\t\t\t\t\t\t\ttitle=\"2026_04_30_Vorlesestunde Pit\"\n\t\t\t\t\t\t\t\t\t\twidth=\"512\"\n\t\t\t\t\t\t\t\t\t\theight=\"800\"\n\t\t\t\t\t\/>\n\t<\/a>\n<\/div>\n\n\t\t<div class=\"tribe-events-pro-photo__event-details-wrapper\">\n\t\t\t<div class=\"tribe-events-pro-photo__event-date-tag tribe-common-g-col\">\n\t<time class=\"tribe-events-pro-photo__event-date-tag-datetime\" datetime=\"2026-04-30\">\n\t\t<span class=\"tribe-events-pro-photo__event-date-tag-month\">\n\t\t\tApr\t\t<\/span>\n\t\t<span class=\"tribe-events-pro-photo__event-date-tag-daynum tribe-common-h5 tribe-common-h4--min-medium\">\n\t\t\t30\t\t<\/span>\n\t<\/time>\n<\/div>\n\t\t\t<div class=\"tribe-events-pro-photo__event-details\">\n\t\t\t\t<h3 class=\"tribe-events-pro-photo__event-title tribe-common-h6\">\n\t<a\n\t\thref=\"https:\/\/gronau-inside.de\/en\/veranstaltung\/vorlesestunde-mit-buecherei-pirat-pit-in-der-stadtbuecherei-2\/2026-04-30\"\n\t\ttitle=\"Vorlesestunde mit B\u00fccherei-Pirat Pit in der Stadtb\u00fccherei\"\n\t\trel=\"bookmark\"\n\t\tclass=\"tribe-events-pro-photo__event-title-link tribe-common-anchor-thin\"\n\t>\n\t\tVorlesestunde mit B\u00fccherei-Pirat Pit in der Stadtb\u00fccherei\t<\/a>\n<\/h3>\n\t\t\t\t<div class=\"tribe-events-pro-photo__event-datetime tribe-common-b2\">\n\t\t\t\t<time datetime=\"16:00\">\n\t\t\t16:00\t\t<\/time>\n\t\t\t\t\t<span class=\"tribe-events-events-pro-photo__event-datetime-separator\"> - <\/span>\n\t\t\t<time datetime=\"17:00\">\n\t\t\t\t17:00\t\t\t<\/time>\n\t\t\t\t\n<span class=\"tribe-events-calendar-series-archive__container\">\n\t<a\n\t\thref=\"https:\/\/gronau-inside.de\/en\/series\/vorlesestunde-mit-buecherei-pirat-pit-in-der-stadtbuecherei\"\n\t\taria-label=\"Event series: Vorlesestunde mit B\u00fccherei-Pirat Pit in der Stadtb\u00fccherei\"\n\t\tclass=\"tribe-events-calendar-series-archive__link\"\n\t>\n\t\t\n<svg  class=\"tribe-common-c-svgicon tribe-common-c-svgicon--series tribe-events-series-archive__icon\"  width=\"14\" height=\"12\" viewBox=\"0 0 14 12\" fill=\"none\" xmlns=\"http:\/\/www.w3.org\/2000\/svg\" aria-hidden=\"true\">\n\t<rect x=\"0.5\" y=\"4.5\" width=\"9\" height=\"7\" \/>\n\t<path d=\"M2 2.5H11.5V10\" \/>\n\t<path d=\"M4 0.5H13.5V8\" \/>\n<\/svg>\n\t<\/a>\n<\/span>\n<\/div>\n\t\t\t\t\t\t\t\t\t\t\t<\/div>\n\t\t<\/div>\n\t<\/article>\n<\/li>\n\n\t\t\t\t\t\t\t\t\t\n\t\t\t\t\t<li  class=\"tribe-common-g-col tribe-events-pro-photo__event post-10005896 tribe_events type-tribe_events status-publish has-post-thumbnail hentry tribe_events_cat-civic-hall tribe_events_cat-highlight-en tribe_events_cat-music cat_civic-hall cat_highlight-en cat_music\" >\n\t<article>\n\t\t<div class=\"tribe-events-pro-photo__event-featured-image-wrapper\">\n\t<a\n\t\thref=\"https:\/\/gronau-inside.de\/en\/veranstaltung\/jazzfest-billy-cobham-jugendjazzorchester-nrw\"\n\t\trel=\"bookmark\"\n\t\tclass=\"tribe-events-pro-photo__event-featured-image-link\"\n\t>\n\t\t<span class=\"tribe-events-pro-photo__event-featured-image-link-inner tribe-common-a11y-hidden\">Jazzfest: Billy Cobham &amp; JugendJazzOrchester NRW<\/span>\n\t\t<img\n\t\t\tclass=\"tribe-events-pro-photo__event-featured-image\"\n\t\t\tsrc=\"https:\/\/gronau-inside.de\/wp-content\/uploads\/2025\/11\/JF26_insta-Billy-Cobham_JJO-NRW.jpg\"\n\t\t\trole=\"presentation\"\n\t\t\t\t\t\t\tsrcset=\"https:\/\/gronau-inside.de\/wp-content\/uploads\/2025\/11\/JF26_insta-Billy-Cobham_JJO-NRW-240x300.jpg 240w, https:\/\/gronau-inside.de\/wp-content\/uploads\/2025\/11\/JF26_insta-Billy-Cobham_JJO-NRW-819x1024.jpg 819w, https:\/\/gronau-inside.de\/wp-content\/uploads\/2025\/11\/JF26_insta-Billy-Cobham_JJO-NRW-768x960.jpg 768w, https:\/\/gronau-inside.de\/wp-content\/uploads\/2025\/11\/JF26_insta-Billy-Cobham_JJO-NRW-600x750.jpg 600w, https:\/\/gronau-inside.de\/wp-content\/uploads\/2025\/11\/JF26_insta-Billy-Cobham_JJO-NRW.jpg 1080w\"\n\t\t\t\t\t\t\t\t\t\talt=\"\"\n\t\t\t\t\t\t\t\t\t\ttitle=\"Billy Cobham &#038; JJO NRW\"\n\t\t\t\t\t\t\t\t\t\twidth=\"1080\"\n\t\t\t\t\t\t\t\t\t\theight=\"1350\"\n\t\t\t\t\t\/>\n\t<\/a>\n<\/div>\n\n\t\t<div class=\"tribe-events-pro-photo__event-details-wrapper\">\n\t\t\t<div class=\"tribe-events-pro-photo__event-date-tag tribe-common-g-col\">\n\t<time class=\"tribe-events-pro-photo__event-date-tag-datetime\" datetime=\"2026-04-30\">\n\t\t<span class=\"tribe-events-pro-photo__event-date-tag-month\">\n\t\t\tApr\t\t<\/span>\n\t\t<span class=\"tribe-events-pro-photo__event-date-tag-daynum tribe-common-h5 tribe-common-h4--min-medium\">\n\t\t\t30\t\t<\/span>\n\t<\/time>\n<\/div>\n\t\t\t<div class=\"tribe-events-pro-photo__event-details\">\n\t\t\t\t<h3 class=\"tribe-events-pro-photo__event-title tribe-common-h6\">\n\t<a\n\t\thref=\"https:\/\/gronau-inside.de\/en\/veranstaltung\/jazzfest-billy-cobham-jugendjazzorchester-nrw\"\n\t\ttitle=\"Jazzfest: Billy Cobham &amp; JugendJazzOrchester NRW\"\n\t\trel=\"bookmark\"\n\t\tclass=\"tribe-events-pro-photo__event-title-link tribe-common-anchor-thin\"\n\t>\n\t\tJazzfest: Billy Cobham &amp; JugendJazzOrchester NRW\t<\/a>\n<\/h3>\n\t\t\t\t<div class=\"tribe-events-pro-photo__event-datetime tribe-common-b2\">\n\t\t\t\t<time datetime=\"20:00\">\n\t\t\t20:00\t\t<\/time>\n\t\t\t\t<\/div>\n\t\t\t\t\t\t\t\t\t\t\t<\/div>\n\t\t<\/div>\n\t<\/article>\n<\/li>\n\n\t\t\t\t\t\t\t\t\t\n\t\t\t\t\t<li  class=\"tribe-common-g-col tribe-events-pro-photo__event post-10005898 tribe_events type-tribe_events status-publish has-post-thumbnail hentry tribe_events_cat-cinema-en tribe_events_cat-festivities-party tribe_events_cat-highlight-en tribe_events_cat-kubig-cultural-education-gronau tribe_events_cat-music cat_cinema-en cat_festivities-party cat_highlight-en cat_kubig-cultural-education-gronau cat_music\" >\n\t<article>\n\t\t<div class=\"tribe-events-pro-photo__event-featured-image-wrapper\">\n\t<a\n\t\thref=\"https:\/\/gronau-inside.de\/en\/veranstaltung\/jazzfest-offbeat-party\"\n\t\trel=\"bookmark\"\n\t\tclass=\"tribe-events-pro-photo__event-featured-image-link\"\n\t>\n\t\t<span class=\"tribe-events-pro-photo__event-featured-image-link-inner tribe-common-a11y-hidden\">Jazzfest: Offbeat Party<\/span>\n\t\t<img\n\t\t\tclass=\"tribe-events-pro-photo__event-featured-image\"\n\t\t\tsrc=\"https:\/\/gronau-inside.de\/wp-content\/uploads\/2025\/11\/JF26_Offbeatparty_insta.jpg\"\n\t\t\trole=\"presentation\"\n\t\t\t\t\t\t\tsrcset=\"https:\/\/gronau-inside.de\/wp-content\/uploads\/2025\/11\/JF26_Offbeatparty_insta-240x300.jpg 240w, https:\/\/gronau-inside.de\/wp-content\/uploads\/2025\/11\/JF26_Offbeatparty_insta-819x1024.jpg 819w, https:\/\/gronau-inside.de\/wp-content\/uploads\/2025\/11\/JF26_Offbeatparty_insta-768x960.jpg 768w, https:\/\/gronau-inside.de\/wp-content\/uploads\/2025\/11\/JF26_Offbeatparty_insta-600x750.jpg 600w, https:\/\/gronau-inside.de\/wp-content\/uploads\/2025\/11\/JF26_Offbeatparty_insta.jpg 1080w\"\n\t\t\t\t\t\t\t\t\t\talt=\"\"\n\t\t\t\t\t\t\t\t\t\ttitle=\"JF26_Offbeatparty_alle_Grafiken\"\n\t\t\t\t\t\t\t\t\t\twidth=\"1080\"\n\t\t\t\t\t\t\t\t\t\theight=\"1350\"\n\t\t\t\t\t\/>\n\t<\/a>\n<\/div>\n\n\t\t<div class=\"tribe-events-pro-photo__event-details-wrapper\">\n\t\t\t<div class=\"tribe-events-pro-photo__event-date-tag tribe-common-g-col\">\n\t<time class=\"tribe-events-pro-photo__event-date-tag-datetime\" datetime=\"2026-04-30\">\n\t\t<span class=\"tribe-events-pro-photo__event-date-tag-month\">\n\t\t\tApr\t\t<\/span>\n\t\t<span class=\"tribe-events-pro-photo__event-date-tag-daynum tribe-common-h5 tribe-common-h4--min-medium\">\n\t\t\t30\t\t<\/span>\n\t<\/time>\n<\/div>\n\t\t\t<div class=\"tribe-events-pro-photo__event-details\">\n\t\t\t\t<h3 class=\"tribe-events-pro-photo__event-title tribe-common-h6\">\n\t<a\n\t\thref=\"https:\/\/gronau-inside.de\/en\/veranstaltung\/jazzfest-offbeat-party\"\n\t\ttitle=\"Jazzfest: Offbeat Party\"\n\t\trel=\"bookmark\"\n\t\tclass=\"tribe-events-pro-photo__event-title-link tribe-common-anchor-thin\"\n\t>\n\t\tJazzfest: Offbeat Party\t<\/a>\n<\/h3>\n\t\t\t\t<div class=\"tribe-events-pro-photo__event-datetime tribe-common-b2\">\n\t\t\t\t<time datetime=\"21:00\">\n\t\t\t21:00\t\t<\/time>\n\t\t\t\t<\/div>\n\t\t\t\t\t\t\t\t\t\t\t<\/div>\n\t\t<\/div>\n\t<\/article>\n<\/li>\n\n\t\t\t\t\t\t\t\t\t\n\t\t\t\t\t<li  class=\"tribe-common-g-col tribe-events-pro-photo__event post-10005117 tribe_events type-tribe_events status-publish has-post-thumbnail hentry tribe_events_cat-food-drink tribe_events_cat-markets-trade-fairs cat_food-drink cat_markets-trade-fairs tribe-recurring-event tribe-recurring-event-parent\" >\n\t<article>\n\t\t<div class=\"tribe-events-pro-photo__event-featured-image-wrapper\">\n\t<a\n\t\thref=\"https:\/\/gronau-inside.de\/en\/veranstaltung\/gronau-epe-weekly-market\/2026-05-01\"\n\t\trel=\"bookmark\"\n\t\tclass=\"tribe-events-pro-photo__event-featured-image-link\"\n\t>\n\t\t<span class=\"tribe-events-pro-photo__event-featured-image-link-inner tribe-common-a11y-hidden\">Gronau-Epe weekly market<\/span>\n\t\t<img\n\t\t\tclass=\"tribe-events-pro-photo__event-featured-image\"\n\t\t\tsrc=\"https:\/\/gronau-inside.de\/wp-content\/uploads\/2021\/05\/Wochenmarkt-Epe-1-e1695720579249.jpg\"\n\t\t\trole=\"presentation\"\n\t\t\t\t\t\t\tsrcset=\"https:\/\/gronau-inside.de\/wp-content\/uploads\/2021\/05\/Wochenmarkt-Epe-1-225x300.jpg 225w, https:\/\/gronau-inside.de\/wp-content\/uploads\/2021\/05\/Wochenmarkt-Epe-1-768x1024.jpg 768w, https:\/\/gronau-inside.de\/wp-content\/uploads\/2021\/05\/Wochenmarkt-Epe-1-1152x1536.jpg 1152w\"\n\t\t\t\t\t\t\t\t\t\talt=\"Wochenmarkt in der Merschstra\u00dfe in Epe\"\n\t\t\t\t\t\t\t\t\t\ttitle=\"Wochenmarkt Epe\"\n\t\t\t\t\t\t\t\t\t\twidth=\"1320\"\n\t\t\t\t\t\t\t\t\t\theight=\"1293\"\n\t\t\t\t\t\/>\n\t<\/a>\n<\/div>\n\n\t\t<div class=\"tribe-events-pro-photo__event-details-wrapper\">\n\t\t\t<div class=\"tribe-events-pro-photo__event-date-tag tribe-common-g-col\">\n\t<time class=\"tribe-events-pro-photo__event-date-tag-datetime\" datetime=\"2026-05-01\">\n\t\t<span class=\"tribe-events-pro-photo__event-date-tag-month\">\n\t\t\tMay\t\t<\/span>\n\t\t<span class=\"tribe-events-pro-photo__event-date-tag-daynum tribe-common-h5 tribe-common-h4--min-medium\">\n\t\t\t1\t\t<\/span>\n\t<\/time>\n<\/div>\n\t\t\t<div class=\"tribe-events-pro-photo__event-details\">\n\t\t\t\t<h3 class=\"tribe-events-pro-photo__event-title tribe-common-h6\">\n\t<a\n\t\thref=\"https:\/\/gronau-inside.de\/en\/veranstaltung\/gronau-epe-weekly-market\/2026-05-01\"\n\t\ttitle=\"Gronau-Epe weekly market\"\n\t\trel=\"bookmark\"\n\t\tclass=\"tribe-events-pro-photo__event-title-link tribe-common-anchor-thin\"\n\t>\n\t\tGronau-Epe weekly market\t<\/a>\n<\/h3>\n\t\t\t\t<div class=\"tribe-events-pro-photo__event-datetime tribe-common-b2\">\n\t\t\t\t<time datetime=\"08:00\">\n\t\t\t08:00\t\t<\/time>\n\t\t\t\t\t<span class=\"tribe-events-events-pro-photo__event-datetime-separator\"> - <\/span>\n\t\t\t<time datetime=\"13:00\">\n\t\t\t\t13:00\t\t\t<\/time>\n\t\t\t\t<\/div>\n\t\t\t\t\t\t\t\t\t\t\t<\/div>\n\t\t<\/div>\n\t<\/article>\n<\/li>\n\n\t\t\t\t\t\t\t\t\t\n\t\t\t\t\t<li  class=\"tribe-common-g-col tribe-events-pro-photo__event post-10005899 tribe_events type-tribe_events status-publish has-post-thumbnail hentry tribe_events_cat-families-children tribe_events_cat-festivities-party tribe_events_cat-food-drink tribe_events_cat-highlight-en tribe_events_cat-kubig-cultural-education-gronau tribe_events_cat-music cat_families-children cat_festivities-party cat_food-drink cat_highlight-en cat_kubig-cultural-education-gronau cat_music\" >\n\t<article>\n\t\t<div class=\"tribe-events-pro-photo__event-featured-image-wrapper\">\n\t<a\n\t\thref=\"https:\/\/gronau-inside.de\/en\/veranstaltung\/jazzfest-plutos-dixie-delight\"\n\t\trel=\"bookmark\"\n\t\tclass=\"tribe-events-pro-photo__event-featured-image-link\"\n\t>\n\t\t<span class=\"tribe-events-pro-photo__event-featured-image-link-inner tribe-common-a11y-hidden\">Jazzfest: Pluto&#8217;s Dixie Delight<\/span>\n\t\t<img\n\t\t\tclass=\"tribe-events-pro-photo__event-featured-image\"\n\t\t\tsrc=\"https:\/\/gronau-inside.de\/wp-content\/uploads\/2025\/11\/JF26_insta-Plutos-Dixie-Delights.jpg\"\n\t\t\trole=\"presentation\"\n\t\t\t\t\t\t\tsrcset=\"https:\/\/gronau-inside.de\/wp-content\/uploads\/2025\/11\/JF26_insta-Plutos-Dixie-Delights-240x300.jpg 240w, https:\/\/gronau-inside.de\/wp-content\/uploads\/2025\/11\/JF26_insta-Plutos-Dixie-Delights-819x1024.jpg 819w, https:\/\/gronau-inside.de\/wp-content\/uploads\/2025\/11\/JF26_insta-Plutos-Dixie-Delights-768x960.jpg 768w, https:\/\/gronau-inside.de\/wp-content\/uploads\/2025\/11\/JF26_insta-Plutos-Dixie-Delights-600x750.jpg 600w, https:\/\/gronau-inside.de\/wp-content\/uploads\/2025\/11\/JF26_insta-Plutos-Dixie-Delights.jpg 1080w\"\n\t\t\t\t\t\t\t\t\t\talt=\"\"\n\t\t\t\t\t\t\t\t\t\ttitle=\"Pluto&#8217;s Dixie Delight\"\n\t\t\t\t\t\t\t\t\t\twidth=\"1080\"\n\t\t\t\t\t\t\t\t\t\theight=\"1350\"\n\t\t\t\t\t\/>\n\t<\/a>\n<\/div>\n\n\t\t<div class=\"tribe-events-pro-photo__event-details-wrapper\">\n\t\t\t<div class=\"tribe-events-pro-photo__event-date-tag tribe-common-g-col\">\n\t<time class=\"tribe-events-pro-photo__event-date-tag-datetime\" datetime=\"2026-05-01\">\n\t\t<span class=\"tribe-events-pro-photo__event-date-tag-month\">\n\t\t\tMay\t\t<\/span>\n\t\t<span class=\"tribe-events-pro-photo__event-date-tag-daynum tribe-common-h5 tribe-common-h4--min-medium\">\n\t\t\t1\t\t<\/span>\n\t<\/time>\n<\/div>\n\t\t\t<div class=\"tribe-events-pro-photo__event-details\">\n\t\t\t\t<h3 class=\"tribe-events-pro-photo__event-title tribe-common-h6\">\n\t<a\n\t\thref=\"https:\/\/gronau-inside.de\/en\/veranstaltung\/jazzfest-plutos-dixie-delight\"\n\t\ttitle=\"Jazzfest: Pluto&#8217;s Dixie Delight\"\n\t\trel=\"bookmark\"\n\t\tclass=\"tribe-events-pro-photo__event-title-link tribe-common-anchor-thin\"\n\t>\n\t\tJazzfest: Pluto&#8217;s Dixie Delight\t<\/a>\n<\/h3>\n\t\t\t\t<div class=\"tribe-events-pro-photo__event-datetime tribe-common-b2\">\n\t\t\t\t<time datetime=\"15:00\">\n\t\t\t15:00\t\t<\/time>\n\t\t\t\t<\/div>\n\t\t\t\t\t\t\t\t\t\t\t<\/div>\n\t\t<\/div>\n\t<\/article>\n<\/li>\n\n\t\t\t\t\n\t\t\t<\/ul>\n\n\t\t<\/div>\n\n\t\t<nav class=\"tribe-events-pro-photo-nav tribe-events-c-nav\" aria-label=\"Bottom events list pagination\">\n\t<ul class=\"tribe-events-c-nav__list\">\n\t\t<li class=\"tribe-events-c-nav__list-item tribe-events-c-nav__list-item--prev\">\n\t<a\n\t\thref=\"https:\/\/gronau-inside.de\/en\/veranstaltungen\/photo\/?rest_route=%2Fwp%2Fv2%2Fpages%2F6682&#038;shortcode=a7dee104&#038;eventDisplay=past\"\n\t\trel=\"prev\"\n\t\tclass=\"tribe-events-c-nav__prev tribe-common-b2 tribe-common-b1--min-medium\"\n\t\tdata-js=\"tribe-events-view-link\"\n\t\taria-label=\"Previous Events\"\n\t\ttitle=\"Previous Events\"\n\t>\n\t\t<svg\n\t class=\"tribe-common-c-svgicon tribe-common-c-svgicon--caret-left tribe-events-c-nav__prev-icon-svg\" \taria-hidden=\"true\"\n\tviewBox=\"0 0 10 16\"\n\txmlns=\"http:\/\/www.w3.org\/2000\/svg\"\n>\n\t<path d=\"M9.7 14.4l-1.5 1.5L.3 8 8.2.1l1.5 1.5L3.3 8l6.4 6.4z\"\/>\n<\/svg>\n\t\t<span class=\"tribe-events-c-nav__prev-label\">\n\t\t\tPrevious <span class=\"tribe-events-c-nav__prev-label-plural tribe-common-a11y-visual-hide\">Events<\/span>\t\t<\/span>\n\t<\/a>\n<\/li>\n\n\t\t<li class=\"tribe-events-c-nav__list-item tribe-events-c-nav__list-item--today\">\n\t<a\n\t\thref=\"https:\/\/gronau-inside.de\/en\/veranstaltungen\/photo\/?rest_route=%2Fwp%2Fv2%2Fpages%2F6682&#038;shortcode=a7dee104\"\n\t\tclass=\"tribe-events-c-nav__today tribe-common-b2\"\n\t\tdata-js=\"tribe-events-view-link\"\n\t\taria-label=\"Click to select today&#039;s date\"\n\t\ttitle=\"Click to select today&#039;s date\"\n\t>\n\t\tToday\t<\/a>\n<\/li>\n\n\t\t<li class=\"tribe-events-c-nav__list-item tribe-events-c-nav__list-item--next\">\n\t<a\n\t\thref=\"https:\/\/gronau-inside.de\/en\/veranstaltungen\/photo\/page\/2\/?shortcode=a7dee104\"\n\t\trel=\"next\"\n\t\tclass=\"tribe-events-c-nav__next tribe-common-b2 tribe-common-b1--min-medium\"\n\t\tdata-js=\"tribe-events-view-link\"\n\t\taria-label=\"Next Events\"\n\t\ttitle=\"Next Events\"\n\t>\n\t\t<span class=\"tribe-events-c-nav__next-label\">\n\t\t\tNext <span class=\"tribe-events-c-nav__next-label-plural tribe-common-a11y-visual-hide\">Events<\/span>\t\t<\/span>\n\t\t<svg\n\t class=\"tribe-common-c-svgicon tribe-common-c-svgicon--caret-right tribe-events-c-nav__next-icon-svg\" \taria-hidden=\"true\"\n\tviewBox=\"0 0 10 16\"\n\txmlns=\"http:\/\/www.w3.org\/2000\/svg\"\n>\n\t<path d=\"M.3 1.6L1.8.1 9.7 8l-7.9 7.9-1.5-1.5L6.7 8 .3 1.6z\"\/>\n<\/svg>\n\t<\/a>\n<\/li>\n\t<\/ul>\n<\/nav>\n\n\t\t<div class=\"tribe-events-c-subscribe-dropdown__container\">\n\t<div class=\"tribe-events-c-subscribe-dropdown\">\n\t\t<div class=\"tribe-common-c-btn-border tribe-events-c-subscribe-dropdown__button\">\n\t\t\t<button\n\t\t\t\tclass=\"tribe-events-c-subscribe-dropdown__button-text tribe-common-c-btn--clear\"\n\t\t\t\taria-expanded=\"false\"\n\t\t\t\taria-controls=\"tribe-events-subscribe-dropdown-content\"\n\t\t\t\taria-label=\"\"\n\t\t\t>\n\t\t\t\tSubscribe to calendar\t\t\t<\/button>\n\t\t\t<svg\n\t class=\"tribe-common-c-svgicon tribe-common-c-svgicon--caret-down tribe-events-c-subscribe-dropdown__button-icon\" \taria-hidden=\"true\"\n\tviewBox=\"0 0 10 7\"\n\txmlns=\"http:\/\/www.w3.org\/2000\/svg\"\n>\n\t<path fill-rule=\"evenodd\" clip-rule=\"evenodd\" d=\"M1.008.609L5 4.6 8.992.61l.958.958L5 6.517.05 1.566l.958-.958z\" class=\"tribe-common-c-svgicon__svg-fill\"\/>\n<\/svg>\n\t\t<\/div>\n\t\t<div id=\"tribe-events-c-subscribe-dropdown-content\" class=\"tribe-events-c-subscribe-dropdown__content\">\n\t\t\t<ul class=\"tribe-events-c-subscribe-dropdown__list\">\n\t\t\t\t\t\t\t\t\t\n<li class=\"tribe-events-c-subscribe-dropdown__list-item tribe-events-c-subscribe-dropdown__list-item--gcal\">\n\t<a\n\t\thref=\"https:\/\/www.google.com\/calendar\/render?cid=webcal%3A%2F%2Fgronau-inside.de%2Fen%3Fpost_type%3Dtribe_events%26ical%3D1%26eventDisplay%3Dlist\"\n\t\tclass=\"tribe-events-c-subscribe-dropdown__list-item-link\"\n\t\ttarget=\"_blank\"\n\t\trel=\"noopener noreferrer nofollow noindex\"\n\t>\n\t\tGoogle Calendar\t<\/a>\n<\/li>\n\t\t\t\t\t\t\t\t\t\n<li class=\"tribe-events-c-subscribe-dropdown__list-item tribe-events-c-subscribe-dropdown__list-item--ical\">\n\t<a\n\t\thref=\"webcal:\/\/gronau-inside.de\/en?post_type=tribe_events&#038;ical=1&#038;eventDisplay=list\"\n\t\tclass=\"tribe-events-c-subscribe-dropdown__list-item-link\"\n\t\ttarget=\"_blank\"\n\t\trel=\"noopener noreferrer nofollow noindex\"\n\t>\n\t\tiCalendar\t<\/a>\n<\/li>\n\t\t\t\t\t\t\t\t\t\n<li class=\"tribe-events-c-subscribe-dropdown__list-item tribe-events-c-subscribe-dropdown__list-item--outlook-365\">\n\t<a\n\t\thref=\"https:\/\/outlook.office.com\/owa?path=\/calendar\/action\/compose&#038;rru=addsubscription&#038;url=webcal%3A%2F%2Fgronau-inside.de%2Fen%3Fpost_type%3Dtribe_events%26ical%3D1%26eventDisplay%3Dlist&#038;name=Gronau+Inside+Upcoming+Events+\u2013+Gronau+Inside\"\n\t\tclass=\"tribe-events-c-subscribe-dropdown__list-item-link\"\n\t\ttarget=\"_blank\"\n\t\trel=\"noopener noreferrer nofollow noindex\"\n\t>\n\t\tOutlook 365\t<\/a>\n<\/li>\n\t\t\t\t\t\t\t\t\t\n<li class=\"tribe-events-c-subscribe-dropdown__list-item tribe-events-c-subscribe-dropdown__list-item--outlook-live\">\n\t<a\n\t\thref=\"https:\/\/outlook.live.com\/owa?path=\/calendar\/action\/compose&#038;rru=addsubscription&#038;url=webcal%3A%2F%2Fgronau-inside.de%2Fen%3Fpost_type%3Dtribe_events%26ical%3D1%26eventDisplay%3Dlist&#038;name=Gronau+Inside+Upcoming+Events+\u2013+Gronau+Inside\"\n\t\tclass=\"tribe-events-c-subscribe-dropdown__list-item-link\"\n\t\ttarget=\"_blank\"\n\t\trel=\"noopener noreferrer nofollow noindex\"\n\t>\n\t\tOutlook Live\t<\/a>\n<\/li>\n\t\t\t\t\t\t\t\t\t\n<li class=\"tribe-events-c-subscribe-dropdown__list-item tribe-events-c-subscribe-dropdown__list-item--ics\">\n\t<a\n\t\thref=\"https:\/\/gronau-inside.de\/en\/veranstaltungen\/photo\/?shortcode=a7dee104&#038;ical=1\"\n\t\tclass=\"tribe-events-c-subscribe-dropdown__list-item-link\"\n\t\ttarget=\"_blank\"\n\t\trel=\"noopener noreferrer nofollow noindex\"\n\t>\n\t\tExport .ics file\t<\/a>\n<\/li>\n\t\t\t\t\t\t\t\t\t\n<li class=\"tribe-events-c-subscribe-dropdown__list-item tribe-events-c-subscribe-dropdown__list-item--outlook-ics\">\n\t<a\n\t\thref=\"https:\/\/gronau-inside.de\/en\/veranstaltungen\/photo\/?shortcode=a7dee104&#038;outlook-ical=1#038;ical=1\"\n\t\tclass=\"tribe-events-c-subscribe-dropdown__list-item-link\"\n\t\ttarget=\"_blank\"\n\t\trel=\"noopener noreferrer nofollow noindex\"\n\t>\n\t\tExport Outlook .ics file\t<\/a>\n<\/li>\n\t\t\t\t\t\t\t<\/ul>\n\t\t<\/div>\n\t<\/div>\n<\/div>\n\n\t\t\t<\/section>\n<\/div>\n\n<script data-js='tribe-events-view-nonce-data' type='application\/json'>{\"tvn1\":\"8d62f336f7\",\"tvn2\":\"\"}<\/script>\t\t\t\t<\/div>\n\t\t\t\t<\/div>\n\t\t\t\t<div class=\"elementor-element elementor-element-c83c90a elementor-align-center elementor-widget elementor-widget-button\" data-id=\"c83c90a\" data-element_type=\"widget\" data-e-type=\"widget\" data-settings=\"{&quot;ekit_we_effect_on&quot;:&quot;none&quot;}\" data-widget_type=\"button.default\">\n\t\t\t\t<div class=\"elementor-widget-container\">\n\t\t\t\t\t\t\t\t\t<div class=\"elementor-button-wrapper\">\n\t\t\t\t\t<a class=\"elementor-button elementor-button-link elementor-size-sm\" href=\"https:\/\/gronau-inside.de\/veranstaltungen\">\n\t\t\t\t\t\t<span class=\"elementor-button-content-wrapper\">\n\t\t\t\t\t\t\t\t\t<span class=\"elementor-button-text\">ALL EVENTS<\/span>\n\t\t\t\t\t<\/span>\n\t\t\t\t\t<\/a>\n\t\t\t\t<\/div>\n\t\t\t\t\t\t\t\t<\/div>\n\t\t\t\t<\/div>\n\t\t\t\t\t<\/div>\n\t\t\t\t<\/div>\n\t\t\t\t<section class=\"elementor-section elementor-top-section elementor-element elementor-element-037ccfb elementor-section-full_width elementor-reverse-tablet elementor-reverse-mobile elementor-section-height-default elementor-section-height-default\" data-id=\"037ccfb\" data-element_type=\"section\" data-e-type=\"section\" data-settings=\"{&quot;jet_parallax_layout_list&quot;:[{&quot;jet_parallax_layout_image&quot;:{&quot;url&quot;:&quot;&quot;,&quot;id&quot;:&quot;&quot;,&quot;size&quot;:&quot;&quot;},&quot;_id&quot;:&quot;050627f&quot;,&quot;jet_parallax_layout_image_tablet&quot;:{&quot;url&quot;:&quot;&quot;,&quot;id&quot;:&quot;&quot;,&quot;size&quot;:&quot;&quot;},&quot;jet_parallax_layout_image_mobile&quot;:{&quot;url&quot;:&quot;&quot;,&quot;id&quot;:&quot;&quot;,&quot;size&quot;:&quot;&quot;},&quot;jet_parallax_layout_speed&quot;:{&quot;unit&quot;:&quot;%&quot;,&quot;size&quot;:50,&quot;sizes&quot;:[]},&quot;jet_parallax_layout_type&quot;:&quot;scroll&quot;,&quot;jet_parallax_layout_direction&quot;:&quot;1&quot;,&quot;jet_parallax_layout_fx_direction&quot;:null,&quot;jet_parallax_layout_z_index&quot;:&quot;&quot;,&quot;jet_parallax_layout_bg_x&quot;:50,&quot;jet_parallax_layout_bg_x_tablet&quot;:&quot;&quot;,&quot;jet_parallax_layout_bg_x_mobile&quot;:&quot;&quot;,&quot;jet_parallax_layout_bg_y&quot;:50,&quot;jet_parallax_layout_bg_y_tablet&quot;:&quot;&quot;,&quot;jet_parallax_layout_bg_y_mobile&quot;:&quot;&quot;,&quot;jet_parallax_layout_bg_size&quot;:&quot;auto&quot;,&quot;jet_parallax_layout_bg_size_tablet&quot;:&quot;&quot;,&quot;jet_parallax_layout_bg_size_mobile&quot;:&quot;&quot;,&quot;jet_parallax_layout_animation_prop&quot;:&quot;transform&quot;,&quot;jet_parallax_layout_on&quot;:[&quot;desktop&quot;,&quot;tablet&quot;]}],&quot;ekit_has_onepagescroll_dot&quot;:&quot;yes&quot;}\">\n\t\t\t\t\t\t<div class=\"elementor-container elementor-column-gap-default\">\n\t\t\t\t\t<div class=\"elementor-column elementor-col-50 elementor-top-column elementor-element elementor-element-592b0e6\" data-id=\"592b0e6\" data-element_type=\"column\" data-e-type=\"column\" data-settings=\"{&quot;background_background&quot;:&quot;classic&quot;,&quot;animation&quot;:&quot;none&quot;}\">\n\t\t\t<div class=\"elementor-widget-wrap elementor-element-populated\">\n\t\t\t\t\t\t<div class=\"elementor-element elementor-element-9613a0a elementor-widget elementor-widget-heading\" data-id=\"9613a0a\" data-element_type=\"widget\" data-e-type=\"widget\" data-settings=\"{&quot;ekit_we_effect_on&quot;:&quot;none&quot;}\" data-widget_type=\"heading.default\">\n\t\t\t\t<div class=\"elementor-widget-container\">\n\t\t\t\t\t<h2 class=\"elementor-heading-title elementor-size-default\">Experience &amp; Discover<\/h2>\t\t\t\t<\/div>\n\t\t\t\t<\/div>\n\t\t\t\t<div class=\"elementor-element elementor-element-1aa0f84 elementor-widget-divider--view-line elementor-widget elementor-widget-divider\" data-id=\"1aa0f84\" data-element_type=\"widget\" data-e-type=\"widget\" data-settings=\"{&quot;ekit_we_effect_on&quot;:&quot;none&quot;}\" data-widget_type=\"divider.default\">\n\t\t\t\t<div class=\"elementor-widget-container\">\n\t\t\t\t\t\t\t<div class=\"elementor-divider\">\n\t\t\t<span class=\"elementor-divider-separator\">\n\t\t\t\t\t\t<\/span>\n\t\t<\/div>\n\t\t\t\t\t\t<\/div>\n\t\t\t\t<\/div>\n\t\t\t\t<div class=\"elementor-element elementor-element-10dd011 elementor-widget elementor-widget-text-editor\" data-id=\"10dd011\" data-element_type=\"widget\" data-e-type=\"widget\" data-settings=\"{&quot;ekit_we_effect_on&quot;:&quot;none&quot;}\" data-widget_type=\"text-editor.default\">\n\t\t\t\t<div class=\"elementor-widget-container\">\n\t\t\t\t\t\t\t\t\t<p>So many ways to experience the city: Guided tours, walks, cultural highlights, special offers and places &#8211; discover the city of music in the green!<\/p>\t\t\t\t\t\t\t\t<\/div>\n\t\t\t\t<\/div>\n\t\t\t\t<div class=\"elementor-element elementor-element-84052df elementor-tablet-align-center elementor-mobile-align-center elementor-widget elementor-widget-button\" data-id=\"84052df\" data-element_type=\"widget\" data-e-type=\"widget\" data-settings=\"{&quot;ekit_we_effect_on&quot;:&quot;none&quot;}\" data-widget_type=\"button.default\">\n\t\t\t\t<div class=\"elementor-widget-container\">\n\t\t\t\t\t\t\t\t\t<div class=\"elementor-button-wrapper\">\n\t\t\t\t\t<a class=\"elementor-button elementor-button-link elementor-size-sm\" href=\"https:\/\/gronau-inside.de\/en\/experience-discover\/must-dos\">\n\t\t\t\t\t\t<span class=\"elementor-button-content-wrapper\">\n\t\t\t\t\t\t\t\t\t<span class=\"elementor-button-text\">EXPERIENCE MORE<\/span>\n\t\t\t\t\t<\/span>\n\t\t\t\t\t<\/a>\n\t\t\t\t<\/div>\n\t\t\t\t\t\t\t\t<\/div>\n\t\t\t\t<\/div>\n\t\t\t\t\t<\/div>\n\t\t<\/div>\n\t\t\t\t<div class=\"elementor-column elementor-col-50 elementor-top-column elementor-element elementor-element-24c4870\" data-id=\"24c4870\" data-element_type=\"column\" data-e-type=\"column\" data-settings=\"{&quot;background_background&quot;:&quot;classic&quot;,&quot;animation&quot;:&quot;none&quot;}\">\n\t\t\t<div class=\"elementor-widget-wrap elementor-element-populated\">\n\t\t\t\t\t\t<div class=\"elementor-element elementor-element-00cdd13 elementor-widget elementor-widget-spacer\" data-id=\"00cdd13\" data-element_type=\"widget\" data-e-type=\"widget\" data-settings=\"{&quot;ekit_we_effect_on&quot;:&quot;none&quot;}\" data-widget_type=\"spacer.default\">\n\t\t\t\t<div class=\"elementor-widget-container\">\n\t\t\t\t\t\t\t<div class=\"elementor-spacer\">\n\t\t\t<div class=\"elementor-spacer-inner\"><\/div>\n\t\t<\/div>\n\t\t\t\t\t\t<\/div>\n\t\t\t\t<\/div>\n\t\t\t\t\t<\/div>\n\t\t<\/div>\n\t\t\t\t\t<\/div>\n\t\t<\/section>\n\t\t\t\t<section class=\"elementor-section elementor-top-section elementor-element elementor-element-3aca712 elementor-section-full_width elementor-section-height-default elementor-section-height-default\" data-id=\"3aca712\" data-element_type=\"section\" data-e-type=\"section\" data-settings=\"{&quot;jet_parallax_layout_list&quot;:[{&quot;jet_parallax_layout_image&quot;:{&quot;url&quot;:&quot;&quot;,&quot;id&quot;:&quot;&quot;,&quot;size&quot;:&quot;&quot;},&quot;_id&quot;:&quot;050627f&quot;,&quot;jet_parallax_layout_image_tablet&quot;:{&quot;url&quot;:&quot;&quot;,&quot;id&quot;:&quot;&quot;,&quot;size&quot;:&quot;&quot;},&quot;jet_parallax_layout_image_mobile&quot;:{&quot;url&quot;:&quot;&quot;,&quot;id&quot;:&quot;&quot;,&quot;size&quot;:&quot;&quot;},&quot;jet_parallax_layout_speed&quot;:{&quot;unit&quot;:&quot;%&quot;,&quot;size&quot;:50,&quot;sizes&quot;:[]},&quot;jet_parallax_layout_type&quot;:&quot;scroll&quot;,&quot;jet_parallax_layout_direction&quot;:&quot;1&quot;,&quot;jet_parallax_layout_fx_direction&quot;:null,&quot;jet_parallax_layout_z_index&quot;:&quot;&quot;,&quot;jet_parallax_layout_bg_x&quot;:50,&quot;jet_parallax_layout_bg_x_tablet&quot;:&quot;&quot;,&quot;jet_parallax_layout_bg_x_mobile&quot;:&quot;&quot;,&quot;jet_parallax_layout_bg_y&quot;:50,&quot;jet_parallax_layout_bg_y_tablet&quot;:&quot;&quot;,&quot;jet_parallax_layout_bg_y_mobile&quot;:&quot;&quot;,&quot;jet_parallax_layout_bg_size&quot;:&quot;auto&quot;,&quot;jet_parallax_layout_bg_size_tablet&quot;:&quot;&quot;,&quot;jet_parallax_layout_bg_size_mobile&quot;:&quot;&quot;,&quot;jet_parallax_layout_animation_prop&quot;:&quot;transform&quot;,&quot;jet_parallax_layout_on&quot;:[&quot;desktop&quot;,&quot;tablet&quot;]}],&quot;background_background&quot;:&quot;classic&quot;,&quot;ekit_has_onepagescroll_dot&quot;:&quot;yes&quot;}\">\n\t\t\t\t\t\t<div class=\"elementor-container elementor-column-gap-default\">\n\t\t\t\t\t<div class=\"elementor-column elementor-col-50 elementor-top-column elementor-element elementor-element-1eba0ae\" data-id=\"1eba0ae\" data-element_type=\"column\" data-e-type=\"column\" data-settings=\"{&quot;background_background&quot;:&quot;classic&quot;,&quot;animation&quot;:&quot;none&quot;}\">\n\t\t\t<div class=\"elementor-widget-wrap elementor-element-populated\">\n\t\t\t\t\t\t<div class=\"elementor-element elementor-element-3e16806 elementor-widget elementor-widget-spacer\" data-id=\"3e16806\" data-element_type=\"widget\" data-e-type=\"widget\" data-settings=\"{&quot;ekit_we_effect_on&quot;:&quot;none&quot;}\" data-widget_type=\"spacer.default\">\n\t\t\t\t<div class=\"elementor-widget-container\">\n\t\t\t\t\t\t\t<div class=\"elementor-spacer\">\n\t\t\t<div class=\"elementor-spacer-inner\"><\/div>\n\t\t<\/div>\n\t\t\t\t\t\t<\/div>\n\t\t\t\t<\/div>\n\t\t\t\t\t<\/div>\n\t\t<\/div>\n\t\t\t\t<div class=\"elementor-column elementor-col-50 elementor-top-column elementor-element elementor-element-16a3973\" data-id=\"16a3973\" data-element_type=\"column\" data-e-type=\"column\" data-settings=\"{&quot;background_background&quot;:&quot;classic&quot;,&quot;animation&quot;:&quot;none&quot;}\">\n\t\t\t<div class=\"elementor-widget-wrap elementor-element-populated\">\n\t\t\t\t\t\t<div class=\"elementor-element elementor-element-d307eed elementor-widget elementor-widget-heading\" data-id=\"d307eed\" data-element_type=\"widget\" data-e-type=\"widget\" data-settings=\"{&quot;ekit_we_effect_on&quot;:&quot;none&quot;}\" data-widget_type=\"heading.default\">\n\t\t\t\t<div class=\"elementor-widget-container\">\n\t\t\t\t\t<h2 class=\"elementor-heading-title elementor-size-default\">Plan a visit<\/h2>\t\t\t\t<\/div>\n\t\t\t\t<\/div>\n\t\t\t\t<div class=\"elementor-element elementor-element-dbaa6a5 elementor-widget-divider--view-line elementor-widget elementor-widget-divider\" data-id=\"dbaa6a5\" data-element_type=\"widget\" data-e-type=\"widget\" data-settings=\"{&quot;ekit_we_effect_on&quot;:&quot;none&quot;}\" data-widget_type=\"divider.default\">\n\t\t\t\t<div class=\"elementor-widget-container\">\n\t\t\t\t\t\t\t<div class=\"elementor-divider\">\n\t\t\t<span class=\"elementor-divider-separator\">\n\t\t\t\t\t\t<\/span>\n\t\t<\/div>\n\t\t\t\t\t\t<\/div>\n\t\t\t\t<\/div>\n\t\t\t\t<div class=\"elementor-element elementor-element-84f240e elementor-widget elementor-widget-text-editor\" data-id=\"84f240e\" data-element_type=\"widget\" data-e-type=\"widget\" data-settings=\"{&quot;ekit_we_effect_on&quot;:&quot;none&quot;}\" data-widget_type=\"text-editor.default\">\n\t\t\t\t<div class=\"elementor-widget-container\">\n\t\t\t\t\t\t\t\t\t<p>Everything you need to know &#8211; for your perfect time in Gronau. Feel free to contact us with any questions. We are looking forward to your visit!<\/p>\t\t\t\t\t\t\t\t<\/div>\n\t\t\t\t<\/div>\n\t\t\t\t<div class=\"elementor-element elementor-element-288fe8a elementor-tablet-align-center elementor-mobile-align-center elementor-widget elementor-widget-button\" data-id=\"288fe8a\" data-element_type=\"widget\" data-e-type=\"widget\" data-settings=\"{&quot;ekit_we_effect_on&quot;:&quot;none&quot;}\" data-widget_type=\"button.default\">\n\t\t\t\t<div class=\"elementor-widget-container\">\n\t\t\t\t\t\t\t\t\t<div class=\"elementor-button-wrapper\">\n\t\t\t\t\t<a class=\"elementor-button elementor-button-link elementor-size-sm\" href=\"https:\/\/gronau-inside.de\/en\/plan-a-visit\/tourist-info\">\n\t\t\t\t\t\t<span class=\"elementor-button-content-wrapper\">\n\t\t\t\t\t\t\t\t\t<span class=\"elementor-button-text\">EXPERIENCE MORE<\/span>\n\t\t\t\t\t<\/span>\n\t\t\t\t\t<\/a>\n\t\t\t\t<\/div>\n\t\t\t\t\t\t\t\t<\/div>\n\t\t\t\t<\/div>\n\t\t\t\t\t<\/div>\n\t\t<\/div>\n\t\t\t\t\t<\/div>\n\t\t<\/section>\n\t\t\t\t<section class=\"elementor-section elementor-top-section elementor-element elementor-element-3df793c elementor-section-full_width elementor-reverse-tablet elementor-reverse-mobile elementor-section-height-default elementor-section-height-default\" data-id=\"3df793c\" data-element_type=\"section\" data-e-type=\"section\" data-settings=\"{&quot;jet_parallax_layout_list&quot;:[{&quot;jet_parallax_layout_image&quot;:{&quot;url&quot;:&quot;&quot;,&quot;id&quot;:&quot;&quot;,&quot;size&quot;:&quot;&quot;},&quot;_id&quot;:&quot;050627f&quot;,&quot;jet_parallax_layout_image_tablet&quot;:{&quot;url&quot;:&quot;&quot;,&quot;id&quot;:&quot;&quot;,&quot;size&quot;:&quot;&quot;},&quot;jet_parallax_layout_image_mobile&quot;:{&quot;url&quot;:&quot;&quot;,&quot;id&quot;:&quot;&quot;,&quot;size&quot;:&quot;&quot;},&quot;jet_parallax_layout_speed&quot;:{&quot;unit&quot;:&quot;%&quot;,&quot;size&quot;:50,&quot;sizes&quot;:[]},&quot;jet_parallax_layout_type&quot;:&quot;scroll&quot;,&quot;jet_parallax_layout_direction&quot;:&quot;1&quot;,&quot;jet_parallax_layout_fx_direction&quot;:null,&quot;jet_parallax_layout_z_index&quot;:&quot;&quot;,&quot;jet_parallax_layout_bg_x&quot;:50,&quot;jet_parallax_layout_bg_x_tablet&quot;:&quot;&quot;,&quot;jet_parallax_layout_bg_x_mobile&quot;:&quot;&quot;,&quot;jet_parallax_layout_bg_y&quot;:50,&quot;jet_parallax_layout_bg_y_tablet&quot;:&quot;&quot;,&quot;jet_parallax_layout_bg_y_mobile&quot;:&quot;&quot;,&quot;jet_parallax_layout_bg_size&quot;:&quot;auto&quot;,&quot;jet_parallax_layout_bg_size_tablet&quot;:&quot;&quot;,&quot;jet_parallax_layout_bg_size_mobile&quot;:&quot;&quot;,&quot;jet_parallax_layout_animation_prop&quot;:&quot;transform&quot;,&quot;jet_parallax_layout_on&quot;:[&quot;desktop&quot;,&quot;tablet&quot;]}],&quot;ekit_has_onepagescroll_dot&quot;:&quot;yes&quot;}\">\n\t\t\t\t\t\t<div class=\"elementor-container elementor-column-gap-default\">\n\t\t\t\t\t<div class=\"elementor-column elementor-col-50 elementor-top-column elementor-element elementor-element-a7e00b9\" data-id=\"a7e00b9\" data-element_type=\"column\" data-e-type=\"column\" data-settings=\"{&quot;background_background&quot;:&quot;classic&quot;,&quot;animation&quot;:&quot;none&quot;}\">\n\t\t\t<div class=\"elementor-widget-wrap elementor-element-populated\">\n\t\t\t\t\t\t<div class=\"elementor-element elementor-element-14253f3 elementor-widget elementor-widget-heading\" data-id=\"14253f3\" data-element_type=\"widget\" data-e-type=\"widget\" data-settings=\"{&quot;ekit_we_effect_on&quot;:&quot;none&quot;}\" data-widget_type=\"heading.default\">\n\t\t\t\t<div class=\"elementor-widget-container\">\n\t\t\t\t\t<h2 class=\"elementor-heading-title elementor-size-default\">Culture<\/h2>\t\t\t\t<\/div>\n\t\t\t\t<\/div>\n\t\t\t\t<div class=\"elementor-element elementor-element-6669bb3 elementor-widget-divider--view-line elementor-widget elementor-widget-divider\" data-id=\"6669bb3\" data-element_type=\"widget\" data-e-type=\"widget\" data-settings=\"{&quot;ekit_we_effect_on&quot;:&quot;none&quot;}\" data-widget_type=\"divider.default\">\n\t\t\t\t<div class=\"elementor-widget-container\">\n\t\t\t\t\t\t\t<div class=\"elementor-divider\">\n\t\t\t<span class=\"elementor-divider-separator\">\n\t\t\t\t\t\t<\/span>\n\t\t<\/div>\n\t\t\t\t\t\t<\/div>\n\t\t\t\t<\/div>\n\t\t\t\t<div class=\"elementor-element elementor-element-e036953 elementor-widget elementor-widget-text-editor\" data-id=\"e036953\" data-element_type=\"widget\" data-e-type=\"widget\" data-settings=\"{&quot;ekit_we_effect_on&quot;:&quot;none&quot;}\" data-widget_type=\"text-editor.default\">\n\t\t\t\t<div class=\"elementor-widget-container\">\n\t\t\t\t\t\t\t\t\t<p>Gronau is not only the birthplace of Udo Lindenberg, the location of the unique rock&#8217;n&#8217;pop museum and the annual venue of the international jazz festival.<\/p><p>Gronau&#8217;s cultural life is lively and varied, with a large number of committed creative people and a wide range of associations.<\/p>\t\t\t\t\t\t\t\t<\/div>\n\t\t\t\t<\/div>\n\t\t\t\t<div class=\"elementor-element elementor-element-54f4839 elementor-tablet-align-center elementor-widget elementor-widget-button\" data-id=\"54f4839\" data-element_type=\"widget\" data-e-type=\"widget\" data-settings=\"{&quot;ekit_we_effect_on&quot;:&quot;none&quot;}\" data-widget_type=\"button.default\">\n\t\t\t\t<div class=\"elementor-widget-container\">\n\t\t\t\t\t\t\t\t\t<div class=\"elementor-button-wrapper\">\n\t\t\t\t\t<a class=\"elementor-button elementor-button-link elementor-size-sm\" href=\"https:\/\/gronau-inside.de\/en\/culture\">\n\t\t\t\t\t\t<span class=\"elementor-button-content-wrapper\">\n\t\t\t\t\t\t\t\t\t<span class=\"elementor-button-text\">EXPERIENCE MORE<\/span>\n\t\t\t\t\t<\/span>\n\t\t\t\t\t<\/a>\n\t\t\t\t<\/div>\n\t\t\t\t\t\t\t\t<\/div>\n\t\t\t\t<\/div>\n\t\t\t\t\t<\/div>\n\t\t<\/div>\n\t\t\t\t<div class=\"elementor-column elementor-col-50 elementor-top-column elementor-element elementor-element-13f6133\" data-id=\"13f6133\" data-element_type=\"column\" data-e-type=\"column\" data-settings=\"{&quot;background_background&quot;:&quot;classic&quot;,&quot;animation&quot;:&quot;none&quot;}\">\n\t\t\t<div class=\"elementor-widget-wrap elementor-element-populated\">\n\t\t\t\t\t\t<div class=\"elementor-element elementor-element-0cf8bf0 elementor-widget elementor-widget-spacer\" data-id=\"0cf8bf0\" data-element_type=\"widget\" data-e-type=\"widget\" data-settings=\"{&quot;ekit_we_effect_on&quot;:&quot;none&quot;}\" data-widget_type=\"spacer.default\">\n\t\t\t\t<div class=\"elementor-widget-container\">\n\t\t\t\t\t\t\t<div class=\"elementor-spacer\">\n\t\t\t<div class=\"elementor-spacer-inner\"><\/div>\n\t\t<\/div>\n\t\t\t\t\t\t<\/div>\n\t\t\t\t<\/div>\n\t\t\t\t\t<\/div>\n\t\t<\/div>\n\t\t\t\t\t<\/div>\n\t\t<\/section>\n\t\t\t\t<\/div>\n\t\t","protected":false},"excerpt":{"rendered":"<p>WELCOME TO GRONAUMusic city in the countryside events events Live music, guided tours, musicals, shooting festivals and much more: there&#8217;s always something going on in Gronau! Read more Register for [&hellip;]<\/p>\n","protected":false},"author":2,"featured_media":0,"parent":0,"menu_order":0,"comment_status":"closed","ping_status":"closed","template":"","meta":{"_acf_changed":false,"_price":"","_stock":"","_tribe_ticket_header":"","_tribe_default_ticket_provider":"","_tribe_ticket_capacity":"0","_ticket_start_date":"","_ticket_end_date":"","_tribe_ticket_show_description":"","_tribe_ticket_show_not_going":false,"_tribe_ticket_use_global_stock":"","_tribe_ticket_global_stock_level":"","_global_stock_mode":"","_global_stock_cap":"","_tribe_rsvp_for_event":"","_tribe_ticket_going_count":"","_tribe_ticket_not_going_count":"","_tribe_tickets_list":"[]","_tribe_ticket_has_attendee_info_fields":false,"footnotes":"","_tec_slr_enabled":"","_tec_slr_layout":""},"class_list":["post-6682","page","type-page","status-publish","hentry","cat_families-children","cat_festivities-party","cat_food-drink","cat_highlight-en","cat_kubig-cultural-education-gronau","cat_music"],"acf":[],"yoast_head":"<!-- This site is optimized with the Yoast SEO plugin v27.5 - https:\/\/yoast.com\/product\/yoast-seo-wordpress\/ -->\n<title>Welcome to the music city of Gronau in the countryside!<\/title>\n<meta name=\"description\" content=\"Whether for young or old: there is a lot to discover in Gronau. Welcome to Gronau inside, the portal for Gronau: events, culture, etc.\" \/>\n<meta name=\"robots\" content=\"index, follow, max-snippet:-1, max-image-preview:large, max-video-preview:-1\" \/>\n<link rel=\"canonical\" href=\"https:\/\/gronau-inside.de\/en\" \/>\n<meta property=\"og:locale\" content=\"en_US\" \/>\n<meta property=\"og:type\" content=\"article\" \/>\n<meta property=\"og:title\" content=\"Welcome to the music city of Gronau in the countryside!\" \/>\n<meta property=\"og:description\" content=\"Whether for young or old: there is a lot to discover in Gronau. Welcome to Gronau inside, the portal for Gronau: events, culture, etc.\" \/>\n<meta property=\"og:url\" content=\"https:\/\/gronau-inside.de\/en\" \/>\n<meta property=\"og:site_name\" content=\"Gronau Inside\" \/>\n<meta property=\"article:modified_time\" content=\"2026-01-14T13:28:15+00:00\" \/>\n<meta name=\"twitter:card\" content=\"summary_large_image\" \/>\n<meta name=\"twitter:label1\" content=\"Est. reading time\" \/>\n\t<meta name=\"twitter:data1\" content=\"2 minutes\" \/>\n<script type=\"application\/ld+json\" class=\"yoast-schema-graph\">{\"@context\":\"https:\\\/\\\/schema.org\",\"@graph\":[{\"@type\":\"WebPage\",\"@id\":\"https:\\\/\\\/gronau-inside.de\\\/en\",\"url\":\"https:\\\/\\\/gronau-inside.de\\\/en\",\"name\":\"Welcome to the music city of Gronau in the countryside!\",\"isPartOf\":{\"@id\":\"https:\\\/\\\/gronau-inside.de\\\/en#website\"},\"datePublished\":\"2021-05-17T14:02:54+00:00\",\"dateModified\":\"2026-01-14T13:28:15+00:00\",\"description\":\"Whether for young or old: there is a lot to discover in Gronau. Welcome to Gronau inside, the portal for Gronau: events, culture, etc.\",\"breadcrumb\":{\"@id\":\"https:\\\/\\\/gronau-inside.de\\\/en#breadcrumb\"},\"inLanguage\":\"en-US\",\"potentialAction\":[{\"@type\":\"ReadAction\",\"target\":[\"https:\\\/\\\/gronau-inside.de\\\/en\"]}]},{\"@type\":\"BreadcrumbList\",\"@id\":\"https:\\\/\\\/gronau-inside.de\\\/en#breadcrumb\",\"itemListElement\":[{\"@type\":\"ListItem\",\"position\":1,\"name\":\"Startseite\",\"item\":\"https:\\\/\\\/gronau-inside.de\\\/en\\\/home-page\"},{\"@type\":\"ListItem\",\"position\":2,\"name\":\"Home page\"}]},{\"@type\":\"WebSite\",\"@id\":\"https:\\\/\\\/gronau-inside.de\\\/en#website\",\"url\":\"https:\\\/\\\/gronau-inside.de\\\/en\",\"name\":\"Gronau Inside\",\"description\":\"Musikstadt im Gr\u00fcnen\",\"publisher\":{\"@id\":\"https:\\\/\\\/gronau-inside.de\\\/en#organization\"},\"potentialAction\":[{\"@type\":\"SearchAction\",\"target\":{\"@type\":\"EntryPoint\",\"urlTemplate\":\"https:\\\/\\\/gronau-inside.de\\\/en?s={search_term_string}\"},\"query-input\":{\"@type\":\"PropertyValueSpecification\",\"valueRequired\":true,\"valueName\":\"search_term_string\"}}],\"inLanguage\":\"en-US\"},{\"@type\":\"Organization\",\"@id\":\"https:\\\/\\\/gronau-inside.de\\\/en#organization\",\"name\":\"Gronau Inside\",\"url\":\"https:\\\/\\\/gronau-inside.de\\\/en\",\"logo\":{\"@type\":\"ImageObject\",\"inLanguage\":\"en-US\",\"@id\":\"https:\\\/\\\/gronau-inside.de\\\/en#\\\/schema\\\/logo\\\/image\\\/\",\"url\":\"https:\\\/\\\/gronau-inside.de\\\/wp-content\\\/uploads\\\/2020\\\/10\\\/01_gronau-logo_weissaufweiss_Schriftzug-1.png\",\"contentUrl\":\"https:\\\/\\\/gronau-inside.de\\\/wp-content\\\/uploads\\\/2020\\\/10\\\/01_gronau-logo_weissaufweiss_Schriftzug-1.png\",\"width\":254,\"height\":246,\"caption\":\"Gronau Inside\"},\"image\":{\"@id\":\"https:\\\/\\\/gronau-inside.de\\\/en#\\\/schema\\\/logo\\\/image\\\/\"}}]}<\/script>\n<!-- \/ Yoast SEO plugin. -->","yoast_head_json":{"title":"Welcome to the music city of Gronau in the countryside!","description":"Whether for young or old: there is a lot to discover in Gronau. Welcome to Gronau inside, the portal for Gronau: events, culture, etc.","robots":{"index":"index","follow":"follow","max-snippet":"max-snippet:-1","max-image-preview":"max-image-preview:large","max-video-preview":"max-video-preview:-1"},"canonical":"https:\/\/gronau-inside.de\/en","og_locale":"en_US","og_type":"article","og_title":"Welcome to the music city of Gronau in the countryside!","og_description":"Whether for young or old: there is a lot to discover in Gronau. Welcome to Gronau inside, the portal for Gronau: events, culture, etc.","og_url":"https:\/\/gronau-inside.de\/en","og_site_name":"Gronau Inside","article_modified_time":"2026-01-14T13:28:15+00:00","twitter_card":"summary_large_image","twitter_misc":{"Est. reading time":"2 minutes"},"schema":{"@context":"https:\/\/schema.org","@graph":[{"@type":"WebPage","@id":"https:\/\/gronau-inside.de\/en","url":"https:\/\/gronau-inside.de\/en","name":"Welcome to the music city of Gronau in the countryside!","isPartOf":{"@id":"https:\/\/gronau-inside.de\/en#website"},"datePublished":"2021-05-17T14:02:54+00:00","dateModified":"2026-01-14T13:28:15+00:00","description":"Whether for young or old: there is a lot to discover in Gronau. Welcome to Gronau inside, the portal for Gronau: events, culture, etc.","breadcrumb":{"@id":"https:\/\/gronau-inside.de\/en#breadcrumb"},"inLanguage":"en-US","potentialAction":[{"@type":"ReadAction","target":["https:\/\/gronau-inside.de\/en"]}]},{"@type":"BreadcrumbList","@id":"https:\/\/gronau-inside.de\/en#breadcrumb","itemListElement":[{"@type":"ListItem","position":1,"name":"Startseite","item":"https:\/\/gronau-inside.de\/en\/home-page"},{"@type":"ListItem","position":2,"name":"Home page"}]},{"@type":"WebSite","@id":"https:\/\/gronau-inside.de\/en#website","url":"https:\/\/gronau-inside.de\/en","name":"Gronau Inside","description":"Musikstadt im Gr\u00fcnen","publisher":{"@id":"https:\/\/gronau-inside.de\/en#organization"},"potentialAction":[{"@type":"SearchAction","target":{"@type":"EntryPoint","urlTemplate":"https:\/\/gronau-inside.de\/en?s={search_term_string}"},"query-input":{"@type":"PropertyValueSpecification","valueRequired":true,"valueName":"search_term_string"}}],"inLanguage":"en-US"},{"@type":"Organization","@id":"https:\/\/gronau-inside.de\/en#organization","name":"Gronau Inside","url":"https:\/\/gronau-inside.de\/en","logo":{"@type":"ImageObject","inLanguage":"en-US","@id":"https:\/\/gronau-inside.de\/en#\/schema\/logo\/image\/","url":"https:\/\/gronau-inside.de\/wp-content\/uploads\/2020\/10\/01_gronau-logo_weissaufweiss_Schriftzug-1.png","contentUrl":"https:\/\/gronau-inside.de\/wp-content\/uploads\/2020\/10\/01_gronau-logo_weissaufweiss_Schriftzug-1.png","width":254,"height":246,"caption":"Gronau Inside"},"image":{"@id":"https:\/\/gronau-inside.de\/en#\/schema\/logo\/image\/"}}]}},"ticketed":false,"_links":{"self":[{"href":"https:\/\/gronau-inside.de\/en\/wp-json\/wp\/v2\/pages\/6682","targetHints":{"allow":["GET"]}}],"collection":[{"href":"https:\/\/gronau-inside.de\/en\/wp-json\/wp\/v2\/pages"}],"about":[{"href":"https:\/\/gronau-inside.de\/en\/wp-json\/wp\/v2\/types\/page"}],"author":[{"embeddable":true,"href":"https:\/\/gronau-inside.de\/en\/wp-json\/wp\/v2\/users\/2"}],"replies":[{"embeddable":true,"href":"https:\/\/gronau-inside.de\/en\/wp-json\/wp\/v2\/comments?post=6682"}],"version-history":[{"count":0,"href":"https:\/\/gronau-inside.de\/en\/wp-json\/wp\/v2\/pages\/6682\/revisions"}],"wp:attachment":[{"href":"https:\/\/gronau-inside.de\/en\/wp-json\/wp\/v2\/media?parent=6682"}],"curies":[{"name":"wp","href":"https:\/\/api.w.org\/{rel}","templated":true}]}}