{"id":7168,"date":"2021-05-17T17:16:43","date_gmt":"2021-05-17T15:16:43","guid":{"rendered":"https:\/\/gronau-inside.heska.mp\/events\/civic-hall\/"},"modified":"2021-05-17T17:16:45","modified_gmt":"2021-05-17T15:16:45","slug":"civic-hall","status":"publish","type":"page","link":"https:\/\/gronau-inside.de\/en\/events-en\/civic-hall","title":{"rendered":"Civic Hall"},"content":{"rendered":"\t\t<div data-elementor-type=\"wp-page\" data-elementor-id=\"7168\" class=\"elementor elementor-7168\" data-elementor-post-type=\"page\">\n\t\t\t\t\t\t<section class=\"elementor-section elementor-top-section elementor-element elementor-element-45ecc53 elementor-section-boxed elementor-section-height-default elementor-section-height-default\" data-id=\"45ecc53\" data-element_type=\"section\" data-e-type=\"section\" data-settings=\"{&quot;jet_parallax_layout_list&quot;:[{&quot;jet_parallax_layout_image&quot;:{&quot;url&quot;:&quot;&quot;,&quot;id&quot;:&quot;&quot;,&quot;size&quot;:&quot;&quot;},&quot;_id&quot;:&quot;f41c561&quot;,&quot;jet_parallax_layout_image_tablet&quot;:{&quot;url&quot;:&quot;&quot;,&quot;id&quot;:&quot;&quot;,&quot;size&quot;:&quot;&quot;},&quot;jet_parallax_layout_image_mobile&quot;:{&quot;url&quot;:&quot;&quot;,&quot;id&quot;:&quot;&quot;,&quot;size&quot;:&quot;&quot;},&quot;jet_parallax_layout_speed&quot;:{&quot;unit&quot;:&quot;%&quot;,&quot;size&quot;:50,&quot;sizes&quot;:[]},&quot;jet_parallax_layout_type&quot;:&quot;scroll&quot;,&quot;jet_parallax_layout_direction&quot;:&quot;1&quot;,&quot;jet_parallax_layout_fx_direction&quot;:null,&quot;jet_parallax_layout_z_index&quot;:&quot;&quot;,&quot;jet_parallax_layout_bg_x&quot;:50,&quot;jet_parallax_layout_bg_x_tablet&quot;:&quot;&quot;,&quot;jet_parallax_layout_bg_x_mobile&quot;:&quot;&quot;,&quot;jet_parallax_layout_bg_y&quot;:50,&quot;jet_parallax_layout_bg_y_tablet&quot;:&quot;&quot;,&quot;jet_parallax_layout_bg_y_mobile&quot;:&quot;&quot;,&quot;jet_parallax_layout_bg_size&quot;:&quot;auto&quot;,&quot;jet_parallax_layout_bg_size_tablet&quot;:&quot;&quot;,&quot;jet_parallax_layout_bg_size_mobile&quot;:&quot;&quot;,&quot;jet_parallax_layout_animation_prop&quot;:&quot;transform&quot;,&quot;jet_parallax_layout_on&quot;:[&quot;desktop&quot;,&quot;tablet&quot;]}],&quot;ekit_has_onepagescroll_dot&quot;:&quot;yes&quot;}\">\n\t\t\t\t\t\t<div class=\"elementor-container elementor-column-gap-default\">\n\t\t\t\t\t<div class=\"elementor-column elementor-col-100 elementor-top-column elementor-element elementor-element-80ee408\" data-id=\"80ee408\" data-element_type=\"column\" data-e-type=\"column\" data-settings=\"{&quot;background_background&quot;:&quot;classic&quot;}\">\n\t\t\t<div class=\"elementor-widget-wrap elementor-element-populated\">\n\t\t\t\t\t\t<div class=\"elementor-element elementor-element-977f90a elementor-widget elementor-widget-heading\" data-id=\"977f90a\" data-element_type=\"widget\" data-e-type=\"widget\" data-settings=\"{&quot;ekit_we_effect_on&quot;:&quot;none&quot;}\" data-widget_type=\"heading.default\">\n\t\t\t\t<div class=\"elementor-widget-container\">\n\t\t\t\t\t<h2 class=\"elementor-heading-title elementor-size-default\">Civic Hall<\/h2>\t\t\t\t<\/div>\n\t\t\t\t<\/div>\n\t\t\t\t<div class=\"elementor-element elementor-element-e20d7de elementor-widget-divider--view-line elementor-widget elementor-widget-divider\" data-id=\"e20d7de\" data-element_type=\"widget\" data-e-type=\"widget\" data-settings=\"{&quot;ekit_we_effect_on&quot;:&quot;none&quot;}\" data-widget_type=\"divider.default\">\n\t\t\t\t<div class=\"elementor-widget-container\">\n\t\t\t\t\t\t\t<div class=\"elementor-divider\">\n\t\t\t<span class=\"elementor-divider-separator\">\n\t\t\t\t\t\t<\/span>\n\t\t<\/div>\n\t\t\t\t\t\t<\/div>\n\t\t\t\t<\/div>\n\t\t\t\t<section class=\"elementor-section elementor-inner-section elementor-element elementor-element-43471a6 elementor-section-boxed elementor-section-height-default elementor-section-height-default\" data-id=\"43471a6\" data-element_type=\"section\" data-e-type=\"section\" data-settings=\"{&quot;jet_parallax_layout_list&quot;:[{&quot;jet_parallax_layout_image&quot;:{&quot;url&quot;:&quot;&quot;,&quot;id&quot;:&quot;&quot;,&quot;size&quot;:&quot;&quot;},&quot;_id&quot;:&quot;6119f7a&quot;,&quot;jet_parallax_layout_image_tablet&quot;:{&quot;url&quot;:&quot;&quot;,&quot;id&quot;:&quot;&quot;,&quot;size&quot;:&quot;&quot;},&quot;jet_parallax_layout_image_mobile&quot;:{&quot;url&quot;:&quot;&quot;,&quot;id&quot;:&quot;&quot;,&quot;size&quot;:&quot;&quot;},&quot;jet_parallax_layout_speed&quot;:{&quot;unit&quot;:&quot;%&quot;,&quot;size&quot;:50,&quot;sizes&quot;:[]},&quot;jet_parallax_layout_type&quot;:&quot;scroll&quot;,&quot;jet_parallax_layout_direction&quot;:&quot;1&quot;,&quot;jet_parallax_layout_fx_direction&quot;:null,&quot;jet_parallax_layout_z_index&quot;:&quot;&quot;,&quot;jet_parallax_layout_bg_x&quot;:50,&quot;jet_parallax_layout_bg_x_tablet&quot;:&quot;&quot;,&quot;jet_parallax_layout_bg_x_mobile&quot;:&quot;&quot;,&quot;jet_parallax_layout_bg_y&quot;:50,&quot;jet_parallax_layout_bg_y_tablet&quot;:&quot;&quot;,&quot;jet_parallax_layout_bg_y_mobile&quot;:&quot;&quot;,&quot;jet_parallax_layout_bg_size&quot;:&quot;auto&quot;,&quot;jet_parallax_layout_bg_size_tablet&quot;:&quot;&quot;,&quot;jet_parallax_layout_bg_size_mobile&quot;:&quot;&quot;,&quot;jet_parallax_layout_animation_prop&quot;:&quot;transform&quot;,&quot;jet_parallax_layout_on&quot;:[&quot;desktop&quot;,&quot;tablet&quot;]}],&quot;ekit_has_onepagescroll_dot&quot;:&quot;yes&quot;}\">\n\t\t\t\t\t\t<div class=\"elementor-container elementor-column-gap-default\">\n\t\t\t\t\t<div class=\"elementor-column elementor-col-100 elementor-inner-column elementor-element elementor-element-0b0d735\" data-id=\"0b0d735\" data-element_type=\"column\" data-e-type=\"column\">\n\t\t\t<div class=\"elementor-widget-wrap elementor-element-populated\">\n\t\t\t\t\t\t<div class=\"elementor-element elementor-element-f0b1ad7 elementor-widget elementor-widget-text-editor\" data-id=\"f0b1ad7\" data-element_type=\"widget\" data-e-type=\"widget\" data-settings=\"{&quot;ekit_we_effect_on&quot;:&quot;none&quot;}\" data-widget_type=\"text-editor.default\">\n\t\t\t\t<div class=\"elementor-widget-container\">\n\t\t\t\t\t\t\t\t\t<p>Dear guests and organizers,<\/p>\n<p>the impact of Covid-19 presents us all with new challenges. Currently, no events are allowed to take place in the Civic Hall. Meetings and events are still subject to the respective valid ordinance of the state of NRW.<\/p>\n<p>We would like to offer you also in Corona times the events which are possible according to the valid regulations of the authorities. Taking into account the current state of the ordinance, various concepts and seating options for events with a reduced number of participants are being developed and adapted.<\/p>\n<p>Since your health and the safety of your event are our top priority, we ensure consistent adherence to protective and hygienic measures such as:<\/p>\n<p>&#8211; Wearing a mouth-nose protection<\/p>\n<p>&#8211; increased cleaning and disinfection intervals<\/p>\n<p>&#8211; Observance of distance rules Notices and information signs<\/p>\n<p>&#8211; Visitor guidance through adapted routing and ground markings<\/p>\n<p>&#8211; Avoidance of personal close contacts<\/p>\n<p>&#8211; continuous air exchange<\/p>\n<p>&#8211; adjusted maximum capacities<\/p>\n<p>&#8211; individual seating plans<\/p>\n<p>The basic prerequisite for the implementation of an event is a hygiene concept to be drawn up by the organiser in which it is explained how the ordinance will be implemented at the respective event.<\/p>\n<p>We are aware of the low level of planning certainty in these difficult times. Therefore, we are happy to advise and support you in the conception of your event under these very special conditions.<\/p>\n<p>If we all stick to the rules together, hopefully we can soon welcome you again to events and culture in the B\u00fcrgerhalle Gronau.<\/p>\n<p>We look forward to seeing you. Take good care of yourself and stay healthy!<\/p>\n<p>Your team of the B\u00fcrgerhalle Gronau<\/p>\n<p>info@kulturbuero-gronau.de \/ Tel. 02562 7187-0<\/p>\n\t\t\t\t\t\t\t\t<\/div>\n\t\t\t\t<\/div>\n\t\t\t\t\t<\/div>\n\t\t<\/div>\n\t\t\t\t\t<\/div>\n\t\t<\/section>\n\t\t\t\t\t<\/div>\n\t\t<\/div>\n\t\t\t\t\t<\/div>\n\t\t<\/section>\n\t\t\t\t<section class=\"elementor-section elementor-top-section elementor-element elementor-element-f535d33 elementor-section-boxed elementor-section-height-default elementor-section-height-default\" data-id=\"f535d33\" data-element_type=\"section\" data-e-type=\"section\" data-settings=\"{&quot;jet_parallax_layout_list&quot;:[{&quot;jet_parallax_layout_image&quot;:{&quot;url&quot;:&quot;&quot;,&quot;id&quot;:&quot;&quot;,&quot;size&quot;:&quot;&quot;},&quot;_id&quot;:&quot;119e028&quot;,&quot;jet_parallax_layout_image_tablet&quot;:{&quot;url&quot;:&quot;&quot;,&quot;id&quot;:&quot;&quot;,&quot;size&quot;:&quot;&quot;},&quot;jet_parallax_layout_image_mobile&quot;:{&quot;url&quot;:&quot;&quot;,&quot;id&quot;:&quot;&quot;,&quot;size&quot;:&quot;&quot;},&quot;jet_parallax_layout_speed&quot;:{&quot;unit&quot;:&quot;%&quot;,&quot;size&quot;:50,&quot;sizes&quot;:[]},&quot;jet_parallax_layout_type&quot;:&quot;scroll&quot;,&quot;jet_parallax_layout_direction&quot;:&quot;1&quot;,&quot;jet_parallax_layout_fx_direction&quot;:null,&quot;jet_parallax_layout_z_index&quot;:&quot;&quot;,&quot;jet_parallax_layout_bg_x&quot;:50,&quot;jet_parallax_layout_bg_x_tablet&quot;:&quot;&quot;,&quot;jet_parallax_layout_bg_x_mobile&quot;:&quot;&quot;,&quot;jet_parallax_layout_bg_y&quot;:50,&quot;jet_parallax_layout_bg_y_tablet&quot;:&quot;&quot;,&quot;jet_parallax_layout_bg_y_mobile&quot;:&quot;&quot;,&quot;jet_parallax_layout_bg_size&quot;:&quot;auto&quot;,&quot;jet_parallax_layout_bg_size_tablet&quot;:&quot;&quot;,&quot;jet_parallax_layout_bg_size_mobile&quot;:&quot;&quot;,&quot;jet_parallax_layout_animation_prop&quot;:&quot;transform&quot;,&quot;jet_parallax_layout_on&quot;:[&quot;desktop&quot;,&quot;tablet&quot;]}],&quot;ekit_has_onepagescroll_dot&quot;:&quot;yes&quot;}\">\n\t\t\t\t\t\t<div class=\"elementor-container elementor-column-gap-default\">\n\t\t\t\t\t<div class=\"elementor-column elementor-col-25 elementor-top-column elementor-element elementor-element-7353685\" data-id=\"7353685\" data-element_type=\"column\" data-e-type=\"column\">\n\t\t\t<div class=\"elementor-widget-wrap elementor-element-populated\">\n\t\t\t\t\t\t<div class=\"elementor-element elementor-element-a1f29b2 ekit-equal-height-enable elementor-widget elementor-widget-elementskit-image-box\" data-id=\"a1f29b2\" data-element_type=\"widget\" data-e-type=\"widget\" data-settings=\"{&quot;ekit_we_effect_on&quot;:&quot;none&quot;}\" data-widget_type=\"elementskit-image-box.default\">\n\t\t\t\t<div class=\"elementor-widget-container\">\n\t\t\t\t\t<div class=\"ekit-wid-con\" >\n            <div class=\"elementskit-info-image-box ekit-image-box text-center simple-card\" >\n\n                <a href=\"https:\/\/gronau-inside.de\/buergerhalle\/raumangebot\/\">\n                <div class=\"elementskit-box-header image-box-img-center\">\n\n                    <img fetchpriority=\"high\" decoding=\"async\" width=\"2500\" height=\"1655\" src=\"https:\/\/gronau-inside.de\/wp-content\/uploads\/2021\/03\/Stadtpark-Gronau-c-Sven-Rosowski.jpg\" class=\"attachment-full size-full wp-image-83\" alt=\"Eine friedliche Parkszene mit einem sich windenden Fluss, gr\u00fcnem Gras, bl\u00fchenden gelben Blumen im Vordergrund und hohen B\u00e4umen mit neuen Fr\u00fchlingsbl\u00e4ttern unter einem klaren blauen Himmel.\" srcset=\"https:\/\/gronau-inside.de\/wp-content\/uploads\/2021\/03\/Stadtpark-Gronau-c-Sven-Rosowski.jpg 2500w, https:\/\/gronau-inside.de\/wp-content\/uploads\/2021\/03\/Stadtpark-Gronau-c-Sven-Rosowski-600x397.jpg 600w, https:\/\/gronau-inside.de\/wp-content\/uploads\/2021\/03\/Stadtpark-Gronau-c-Sven-Rosowski-300x199.jpg 300w, https:\/\/gronau-inside.de\/wp-content\/uploads\/2021\/03\/Stadtpark-Gronau-c-Sven-Rosowski-1024x678.jpg 1024w, https:\/\/gronau-inside.de\/wp-content\/uploads\/2021\/03\/Stadtpark-Gronau-c-Sven-Rosowski-768x508.jpg 768w, https:\/\/gronau-inside.de\/wp-content\/uploads\/2021\/03\/Stadtpark-Gronau-c-Sven-Rosowski-1536x1017.jpg 1536w, https:\/\/gronau-inside.de\/wp-content\/uploads\/2021\/03\/Stadtpark-Gronau-c-Sven-Rosowski-2048x1356.jpg 2048w\" sizes=\"(max-width: 2500px) 100vw, 2500px\" \/>\n                <\/div>\n                <\/a>\n                <div class=\"elementskit-box-body ekit-image-box-body\">\n                    <div class=\"elementskit-box-content ekit-image-box-body-inner\">\n                                                <h3 class=\"elementskit-info-box-title\">\n\n                        Space available\n                        \n                    <\/h3>\n                                                        <\/div>\n\n                            <\/div>\n            <\/div>\n    <\/div>\t\t\t\t<\/div>\n\t\t\t\t<\/div>\n\t\t\t\t\t<\/div>\n\t\t<\/div>\n\t\t\t\t<div class=\"elementor-column elementor-col-25 elementor-top-column elementor-element elementor-element-86e535a\" data-id=\"86e535a\" data-element_type=\"column\" data-e-type=\"column\">\n\t\t\t<div class=\"elementor-widget-wrap elementor-element-populated\">\n\t\t\t\t\t\t<div class=\"elementor-element elementor-element-2283602 ekit-equal-height-enable elementor-widget elementor-widget-elementskit-image-box\" data-id=\"2283602\" data-element_type=\"widget\" data-e-type=\"widget\" data-settings=\"{&quot;ekit_we_effect_on&quot;:&quot;none&quot;}\" data-widget_type=\"elementskit-image-box.default\">\n\t\t\t\t<div class=\"elementor-widget-container\">\n\t\t\t\t\t<div class=\"ekit-wid-con\" >\n            <div class=\"elementskit-info-image-box ekit-image-box text-center simple-card\" >\n\n                <a href=\"https:\/\/gronau-inside.de\/buergerhalle\/veranstalter\/\">\n                <div class=\"elementskit-box-header image-box-img-center\">\n\n                    <img fetchpriority=\"high\" decoding=\"async\" width=\"2500\" height=\"1655\" src=\"https:\/\/gronau-inside.de\/wp-content\/uploads\/2021\/03\/Stadtpark-Gronau-c-Sven-Rosowski.jpg\" class=\"attachment-full size-full wp-image-83\" alt=\"Eine friedliche Parkszene mit einem sich windenden Fluss, gr\u00fcnem Gras, bl\u00fchenden gelben Blumen im Vordergrund und hohen B\u00e4umen mit neuen Fr\u00fchlingsbl\u00e4ttern unter einem klaren blauen Himmel.\" srcset=\"https:\/\/gronau-inside.de\/wp-content\/uploads\/2021\/03\/Stadtpark-Gronau-c-Sven-Rosowski.jpg 2500w, https:\/\/gronau-inside.de\/wp-content\/uploads\/2021\/03\/Stadtpark-Gronau-c-Sven-Rosowski-600x397.jpg 600w, https:\/\/gronau-inside.de\/wp-content\/uploads\/2021\/03\/Stadtpark-Gronau-c-Sven-Rosowski-300x199.jpg 300w, https:\/\/gronau-inside.de\/wp-content\/uploads\/2021\/03\/Stadtpark-Gronau-c-Sven-Rosowski-1024x678.jpg 1024w, https:\/\/gronau-inside.de\/wp-content\/uploads\/2021\/03\/Stadtpark-Gronau-c-Sven-Rosowski-768x508.jpg 768w, https:\/\/gronau-inside.de\/wp-content\/uploads\/2021\/03\/Stadtpark-Gronau-c-Sven-Rosowski-1536x1017.jpg 1536w, https:\/\/gronau-inside.de\/wp-content\/uploads\/2021\/03\/Stadtpark-Gronau-c-Sven-Rosowski-2048x1356.jpg 2048w\" sizes=\"(max-width: 2500px) 100vw, 2500px\" \/>\n                <\/div>\n                <\/a>\n                <div class=\"elementskit-box-body ekit-image-box-body\">\n                    <div class=\"elementskit-box-content ekit-image-box-body-inner\">\n                                                <h3 class=\"elementskit-info-box-title\">\n\n                        Organiser\n                        \n                    <\/h3>\n                                                        <\/div>\n\n                            <\/div>\n            <\/div>\n    <\/div>\t\t\t\t<\/div>\n\t\t\t\t<\/div>\n\t\t\t\t\t<\/div>\n\t\t<\/div>\n\t\t\t\t<div class=\"elementor-column elementor-col-25 elementor-top-column elementor-element elementor-element-4f654af\" data-id=\"4f654af\" data-element_type=\"column\" data-e-type=\"column\">\n\t\t\t<div class=\"elementor-widget-wrap elementor-element-populated\">\n\t\t\t\t\t\t<div class=\"elementor-element elementor-element-5825677 ekit-equal-height-enable elementor-widget elementor-widget-elementskit-image-box\" data-id=\"5825677\" data-element_type=\"widget\" data-e-type=\"widget\" data-settings=\"{&quot;ekit_we_effect_on&quot;:&quot;none&quot;}\" data-widget_type=\"elementskit-image-box.default\">\n\t\t\t\t<div class=\"elementor-widget-container\">\n\t\t\t\t\t<div class=\"ekit-wid-con\" >\n            <div class=\"elementskit-info-image-box ekit-image-box text-center simple-card\" >\n\n                <a href=\"https:\/\/gronau-inside.de\/buergerhalle\/besucher\/\">\n                <div class=\"elementskit-box-header image-box-img-center\">\n\n                    <img fetchpriority=\"high\" decoding=\"async\" width=\"2500\" height=\"1655\" src=\"https:\/\/gronau-inside.de\/wp-content\/uploads\/2021\/03\/Stadtpark-Gronau-c-Sven-Rosowski.jpg\" class=\"attachment-full size-full wp-image-83\" alt=\"Eine friedliche Parkszene mit einem sich windenden Fluss, gr\u00fcnem Gras, bl\u00fchenden gelben Blumen im Vordergrund und hohen B\u00e4umen mit neuen Fr\u00fchlingsbl\u00e4ttern unter einem klaren blauen Himmel.\" srcset=\"https:\/\/gronau-inside.de\/wp-content\/uploads\/2021\/03\/Stadtpark-Gronau-c-Sven-Rosowski.jpg 2500w, https:\/\/gronau-inside.de\/wp-content\/uploads\/2021\/03\/Stadtpark-Gronau-c-Sven-Rosowski-600x397.jpg 600w, https:\/\/gronau-inside.de\/wp-content\/uploads\/2021\/03\/Stadtpark-Gronau-c-Sven-Rosowski-300x199.jpg 300w, https:\/\/gronau-inside.de\/wp-content\/uploads\/2021\/03\/Stadtpark-Gronau-c-Sven-Rosowski-1024x678.jpg 1024w, https:\/\/gronau-inside.de\/wp-content\/uploads\/2021\/03\/Stadtpark-Gronau-c-Sven-Rosowski-768x508.jpg 768w, https:\/\/gronau-inside.de\/wp-content\/uploads\/2021\/03\/Stadtpark-Gronau-c-Sven-Rosowski-1536x1017.jpg 1536w, https:\/\/gronau-inside.de\/wp-content\/uploads\/2021\/03\/Stadtpark-Gronau-c-Sven-Rosowski-2048x1356.jpg 2048w\" sizes=\"(max-width: 2500px) 100vw, 2500px\" \/>\n                <\/div>\n                <\/a>\n                <div class=\"elementskit-box-body ekit-image-box-body\">\n                    <div class=\"elementskit-box-content ekit-image-box-body-inner\">\n                                                <h3 class=\"elementskit-info-box-title\">\n\n                        Visitors\n                        \n                    <\/h3>\n                                                        <\/div>\n\n                            <\/div>\n            <\/div>\n    <\/div>\t\t\t\t<\/div>\n\t\t\t\t<\/div>\n\t\t\t\t\t<\/div>\n\t\t<\/div>\n\t\t\t\t<div class=\"elementor-column elementor-col-25 elementor-top-column elementor-element elementor-element-951fd26\" data-id=\"951fd26\" data-element_type=\"column\" data-e-type=\"column\">\n\t\t\t<div class=\"elementor-widget-wrap elementor-element-populated\">\n\t\t\t\t\t\t<div class=\"elementor-element elementor-element-c0d88d0 ekit-equal-height-enable elementor-widget elementor-widget-elementskit-image-box\" data-id=\"c0d88d0\" data-element_type=\"widget\" data-e-type=\"widget\" data-settings=\"{&quot;ekit_we_effect_on&quot;:&quot;none&quot;}\" data-widget_type=\"elementskit-image-box.default\">\n\t\t\t\t<div class=\"elementor-widget-container\">\n\t\t\t\t\t<div class=\"ekit-wid-con\" >\n            <div class=\"elementskit-info-image-box ekit-image-box text-center simple-card\" >\n\n                <a href=\"https:\/\/gronau-inside.de\/buergerhalle\/wir\/\">\n                <div class=\"elementskit-box-header image-box-img-center\">\n\n                    <img fetchpriority=\"high\" decoding=\"async\" width=\"2500\" height=\"1655\" src=\"https:\/\/gronau-inside.de\/wp-content\/uploads\/2021\/03\/Stadtpark-Gronau-c-Sven-Rosowski.jpg\" class=\"attachment-full size-full wp-image-83\" alt=\"Eine friedliche Parkszene mit einem sich windenden Fluss, gr\u00fcnem Gras, bl\u00fchenden gelben Blumen im Vordergrund und hohen B\u00e4umen mit neuen Fr\u00fchlingsbl\u00e4ttern unter einem klaren blauen Himmel.\" srcset=\"https:\/\/gronau-inside.de\/wp-content\/uploads\/2021\/03\/Stadtpark-Gronau-c-Sven-Rosowski.jpg 2500w, https:\/\/gronau-inside.de\/wp-content\/uploads\/2021\/03\/Stadtpark-Gronau-c-Sven-Rosowski-600x397.jpg 600w, https:\/\/gronau-inside.de\/wp-content\/uploads\/2021\/03\/Stadtpark-Gronau-c-Sven-Rosowski-300x199.jpg 300w, https:\/\/gronau-inside.de\/wp-content\/uploads\/2021\/03\/Stadtpark-Gronau-c-Sven-Rosowski-1024x678.jpg 1024w, https:\/\/gronau-inside.de\/wp-content\/uploads\/2021\/03\/Stadtpark-Gronau-c-Sven-Rosowski-768x508.jpg 768w, https:\/\/gronau-inside.de\/wp-content\/uploads\/2021\/03\/Stadtpark-Gronau-c-Sven-Rosowski-1536x1017.jpg 1536w, https:\/\/gronau-inside.de\/wp-content\/uploads\/2021\/03\/Stadtpark-Gronau-c-Sven-Rosowski-2048x1356.jpg 2048w\" sizes=\"(max-width: 2500px) 100vw, 2500px\" \/>\n                <\/div>\n                <\/a>\n                <div class=\"elementskit-box-body ekit-image-box-body\">\n                    <div class=\"elementskit-box-content ekit-image-box-body-inner\">\n                                                <h3 class=\"elementskit-info-box-title\">\n\n                        We\n                        \n                    <\/h3>\n                                                        <\/div>\n\n                            <\/div>\n            <\/div>\n    <\/div>\t\t\t\t<\/div>\n\t\t\t\t<\/div>\n\t\t\t\t\t<\/div>\n\t\t<\/div>\n\t\t\t\t\t<\/div>\n\t\t<\/section>\n\t\t\t\t<\/div>\n\t\t","protected":false},"excerpt":{"rendered":"<p>Civic Hall Dear guests and organizers, the impact of Covid-19 presents us all with new challenges. Currently, no events are allowed to take place in the Civic Hall. Meetings and [&hellip;]<\/p>\n","protected":false},"author":2,"featured_media":0,"parent":7079,"menu_order":19,"comment_status":"closed","ping_status":"closed","template":"","meta":{"_acf_changed":false,"_price":"","_stock":"","_tribe_ticket_header":"","_tribe_default_ticket_provider":"","_tribe_ticket_capacity":"0","_ticket_start_date":"","_ticket_end_date":"","_tribe_ticket_show_description":"","_tribe_ticket_show_not_going":false,"_tribe_ticket_use_global_stock":"","_tribe_ticket_global_stock_level":"","_global_stock_mode":"","_global_stock_cap":"","_tribe_rsvp_for_event":"","_tribe_ticket_going_count":"","_tribe_ticket_not_going_count":"","_tribe_tickets_list":"[]","_tribe_ticket_has_attendee_info_fields":false,"footnotes":"","_tec_slr_enabled":"","_tec_slr_layout":""},"class_list":["post-7168","page","type-page","status-publish","hentry"],"acf":[],"yoast_head":"<!-- This site is optimized with the Yoast SEO plugin v27.5 - https:\/\/yoast.com\/product\/yoast-seo-wordpress\/ -->\n<title>Civic Hall - Gronau Inside<\/title>\n<meta name=\"robots\" content=\"index, follow, max-snippet:-1, max-image-preview:large, max-video-preview:-1\" \/>\n<link rel=\"canonical\" href=\"https:\/\/gronau-inside.de\/en\/events-en\/civic-hall\" \/>\n<meta property=\"og:locale\" content=\"en_US\" \/>\n<meta property=\"og:type\" content=\"article\" \/>\n<meta property=\"og:title\" content=\"Civic Hall - Gronau Inside\" \/>\n<meta property=\"og:description\" content=\"Civic Hall Dear guests and organizers, the impact of Covid-19 presents us all with new challenges. Currently, no events are allowed to take place in the Civic Hall. Meetings and [&hellip;]\" \/>\n<meta property=\"og:url\" content=\"https:\/\/gronau-inside.de\/en\/events-en\/civic-hall\" \/>\n<meta property=\"og:site_name\" content=\"Gronau Inside\" \/>\n<meta property=\"article:modified_time\" content=\"2021-05-17T15:16:45+00:00\" \/>\n<meta property=\"og:image\" content=\"https:\/\/gronau-inside.de\/wp-content\/uploads\/2021\/03\/Stadtpark-Gronau-c-Sven-Rosowski.jpg\" \/>\n<meta name=\"twitter:card\" content=\"summary_large_image\" \/>\n<meta name=\"twitter:label1\" content=\"Est. reading time\" \/>\n\t<meta name=\"twitter:data1\" content=\"1 minute\" \/>\n<script type=\"application\/ld+json\" class=\"yoast-schema-graph\">{\"@context\":\"https:\\\/\\\/schema.org\",\"@graph\":[{\"@type\":\"WebPage\",\"@id\":\"https:\\\/\\\/gronau-inside.de\\\/en\\\/events-en\\\/civic-hall\",\"url\":\"https:\\\/\\\/gronau-inside.de\\\/en\\\/events-en\\\/civic-hall\",\"name\":\"Civic Hall - Gronau Inside\",\"isPartOf\":{\"@id\":\"https:\\\/\\\/gronau-inside.de\\\/en#website\"},\"primaryImageOfPage\":{\"@id\":\"https:\\\/\\\/gronau-inside.de\\\/en\\\/events-en\\\/civic-hall#primaryimage\"},\"image\":{\"@id\":\"https:\\\/\\\/gronau-inside.de\\\/en\\\/events-en\\\/civic-hall#primaryimage\"},\"thumbnailUrl\":\"https:\\\/\\\/gronau-inside.de\\\/wp-content\\\/uploads\\\/2021\\\/03\\\/Stadtpark-Gronau-c-Sven-Rosowski.jpg\",\"datePublished\":\"2021-05-17T15:16:43+00:00\",\"dateModified\":\"2021-05-17T15:16:45+00:00\",\"breadcrumb\":{\"@id\":\"https:\\\/\\\/gronau-inside.de\\\/en\\\/events-en\\\/civic-hall#breadcrumb\"},\"inLanguage\":\"en-US\",\"potentialAction\":[{\"@type\":\"ReadAction\",\"target\":[\"https:\\\/\\\/gronau-inside.de\\\/en\\\/events-en\\\/civic-hall\"]}]},{\"@type\":\"ImageObject\",\"inLanguage\":\"en-US\",\"@id\":\"https:\\\/\\\/gronau-inside.de\\\/en\\\/events-en\\\/civic-hall#primaryimage\",\"url\":\"https:\\\/\\\/gronau-inside.de\\\/wp-content\\\/uploads\\\/2021\\\/03\\\/Stadtpark-Gronau-c-Sven-Rosowski.jpg\",\"contentUrl\":\"https:\\\/\\\/gronau-inside.de\\\/wp-content\\\/uploads\\\/2021\\\/03\\\/Stadtpark-Gronau-c-Sven-Rosowski.jpg\"},{\"@type\":\"BreadcrumbList\",\"@id\":\"https:\\\/\\\/gronau-inside.de\\\/en\\\/events-en\\\/civic-hall#breadcrumb\",\"itemListElement\":[{\"@type\":\"ListItem\",\"position\":1,\"name\":\"Startseite\",\"item\":\"https:\\\/\\\/gronau-inside.de\\\/en\\\/home-page\"},{\"@type\":\"ListItem\",\"position\":2,\"name\":\"Events\",\"item\":\"https:\\\/\\\/gronau-inside.de\\\/en\\\/events-en\"},{\"@type\":\"ListItem\",\"position\":3,\"name\":\"Civic Hall\"}]},{\"@type\":\"WebSite\",\"@id\":\"https:\\\/\\\/gronau-inside.de\\\/en#website\",\"url\":\"https:\\\/\\\/gronau-inside.de\\\/en\",\"name\":\"Gronau Inside\",\"description\":\"Musikstadt im Gr\u00fcnen\",\"publisher\":{\"@id\":\"https:\\\/\\\/gronau-inside.de\\\/en#organization\"},\"potentialAction\":[{\"@type\":\"SearchAction\",\"target\":{\"@type\":\"EntryPoint\",\"urlTemplate\":\"https:\\\/\\\/gronau-inside.de\\\/en?s={search_term_string}\"},\"query-input\":{\"@type\":\"PropertyValueSpecification\",\"valueRequired\":true,\"valueName\":\"search_term_string\"}}],\"inLanguage\":\"en-US\"},{\"@type\":\"Organization\",\"@id\":\"https:\\\/\\\/gronau-inside.de\\\/en#organization\",\"name\":\"Gronau Inside\",\"url\":\"https:\\\/\\\/gronau-inside.de\\\/en\",\"logo\":{\"@type\":\"ImageObject\",\"inLanguage\":\"en-US\",\"@id\":\"https:\\\/\\\/gronau-inside.de\\\/en#\\\/schema\\\/logo\\\/image\\\/\",\"url\":\"https:\\\/\\\/gronau-inside.de\\\/wp-content\\\/uploads\\\/2020\\\/10\\\/01_gronau-logo_weissaufweiss_Schriftzug-1.png\",\"contentUrl\":\"https:\\\/\\\/gronau-inside.de\\\/wp-content\\\/uploads\\\/2020\\\/10\\\/01_gronau-logo_weissaufweiss_Schriftzug-1.png\",\"width\":254,\"height\":246,\"caption\":\"Gronau Inside\"},\"image\":{\"@id\":\"https:\\\/\\\/gronau-inside.de\\\/en#\\\/schema\\\/logo\\\/image\\\/\"}}]}<\/script>\n<!-- \/ Yoast SEO plugin. -->","yoast_head_json":{"title":"Civic Hall - Gronau Inside","robots":{"index":"index","follow":"follow","max-snippet":"max-snippet:-1","max-image-preview":"max-image-preview:large","max-video-preview":"max-video-preview:-1"},"canonical":"https:\/\/gronau-inside.de\/en\/events-en\/civic-hall","og_locale":"en_US","og_type":"article","og_title":"Civic Hall - Gronau Inside","og_description":"Civic Hall Dear guests and organizers, the impact of Covid-19 presents us all with new challenges. Currently, no events are allowed to take place in the Civic Hall. Meetings and [&hellip;]","og_url":"https:\/\/gronau-inside.de\/en\/events-en\/civic-hall","og_site_name":"Gronau Inside","article_modified_time":"2021-05-17T15:16:45+00:00","og_image":[{"url":"https:\/\/gronau-inside.de\/wp-content\/uploads\/2021\/03\/Stadtpark-Gronau-c-Sven-Rosowski.jpg","type":"","width":"","height":""}],"twitter_card":"summary_large_image","twitter_misc":{"Est. reading time":"1 minute"},"schema":{"@context":"https:\/\/schema.org","@graph":[{"@type":"WebPage","@id":"https:\/\/gronau-inside.de\/en\/events-en\/civic-hall","url":"https:\/\/gronau-inside.de\/en\/events-en\/civic-hall","name":"Civic Hall - Gronau Inside","isPartOf":{"@id":"https:\/\/gronau-inside.de\/en#website"},"primaryImageOfPage":{"@id":"https:\/\/gronau-inside.de\/en\/events-en\/civic-hall#primaryimage"},"image":{"@id":"https:\/\/gronau-inside.de\/en\/events-en\/civic-hall#primaryimage"},"thumbnailUrl":"https:\/\/gronau-inside.de\/wp-content\/uploads\/2021\/03\/Stadtpark-Gronau-c-Sven-Rosowski.jpg","datePublished":"2021-05-17T15:16:43+00:00","dateModified":"2021-05-17T15:16:45+00:00","breadcrumb":{"@id":"https:\/\/gronau-inside.de\/en\/events-en\/civic-hall#breadcrumb"},"inLanguage":"en-US","potentialAction":[{"@type":"ReadAction","target":["https:\/\/gronau-inside.de\/en\/events-en\/civic-hall"]}]},{"@type":"ImageObject","inLanguage":"en-US","@id":"https:\/\/gronau-inside.de\/en\/events-en\/civic-hall#primaryimage","url":"https:\/\/gronau-inside.de\/wp-content\/uploads\/2021\/03\/Stadtpark-Gronau-c-Sven-Rosowski.jpg","contentUrl":"https:\/\/gronau-inside.de\/wp-content\/uploads\/2021\/03\/Stadtpark-Gronau-c-Sven-Rosowski.jpg"},{"@type":"BreadcrumbList","@id":"https:\/\/gronau-inside.de\/en\/events-en\/civic-hall#breadcrumb","itemListElement":[{"@type":"ListItem","position":1,"name":"Startseite","item":"https:\/\/gronau-inside.de\/en\/home-page"},{"@type":"ListItem","position":2,"name":"Events","item":"https:\/\/gronau-inside.de\/en\/events-en"},{"@type":"ListItem","position":3,"name":"Civic Hall"}]},{"@type":"WebSite","@id":"https:\/\/gronau-inside.de\/en#website","url":"https:\/\/gronau-inside.de\/en","name":"Gronau Inside","description":"Musikstadt im Gr\u00fcnen","publisher":{"@id":"https:\/\/gronau-inside.de\/en#organization"},"potentialAction":[{"@type":"SearchAction","target":{"@type":"EntryPoint","urlTemplate":"https:\/\/gronau-inside.de\/en?s={search_term_string}"},"query-input":{"@type":"PropertyValueSpecification","valueRequired":true,"valueName":"search_term_string"}}],"inLanguage":"en-US"},{"@type":"Organization","@id":"https:\/\/gronau-inside.de\/en#organization","name":"Gronau Inside","url":"https:\/\/gronau-inside.de\/en","logo":{"@type":"ImageObject","inLanguage":"en-US","@id":"https:\/\/gronau-inside.de\/en#\/schema\/logo\/image\/","url":"https:\/\/gronau-inside.de\/wp-content\/uploads\/2020\/10\/01_gronau-logo_weissaufweiss_Schriftzug-1.png","contentUrl":"https:\/\/gronau-inside.de\/wp-content\/uploads\/2020\/10\/01_gronau-logo_weissaufweiss_Schriftzug-1.png","width":254,"height":246,"caption":"Gronau Inside"},"image":{"@id":"https:\/\/gronau-inside.de\/en#\/schema\/logo\/image\/"}}]}},"ticketed":false,"_links":{"self":[{"href":"https:\/\/gronau-inside.de\/en\/wp-json\/wp\/v2\/pages\/7168","targetHints":{"allow":["GET"]}}],"collection":[{"href":"https:\/\/gronau-inside.de\/en\/wp-json\/wp\/v2\/pages"}],"about":[{"href":"https:\/\/gronau-inside.de\/en\/wp-json\/wp\/v2\/types\/page"}],"author":[{"embeddable":true,"href":"https:\/\/gronau-inside.de\/en\/wp-json\/wp\/v2\/users\/2"}],"replies":[{"embeddable":true,"href":"https:\/\/gronau-inside.de\/en\/wp-json\/wp\/v2\/comments?post=7168"}],"version-history":[{"count":0,"href":"https:\/\/gronau-inside.de\/en\/wp-json\/wp\/v2\/pages\/7168\/revisions"}],"up":[{"embeddable":true,"href":"https:\/\/gronau-inside.de\/en\/wp-json\/wp\/v2\/pages\/7079"}],"wp:attachment":[{"href":"https:\/\/gronau-inside.de\/en\/wp-json\/wp\/v2\/media?parent=7168"}],"curies":[{"name":"wp","href":"https:\/\/api.w.org\/{rel}","templated":true}]}}