{"id":7362,"date":"2021-05-17T17:23:10","date_gmt":"2021-05-17T15:23:10","guid":{"rendered":"https:\/\/gronau-inside.heska.mp\/news\/"},"modified":"2023-07-11T12:48:48","modified_gmt":"2023-07-11T10:48:48","slug":"news","status":"publish","type":"page","link":"https:\/\/gronau-inside.de\/en\/news","title":{"rendered":"News"},"content":{"rendered":"\t\t<div data-elementor-type=\"wp-page\" data-elementor-id=\"7362\" class=\"elementor elementor-7362 elementor-334\" data-elementor-post-type=\"page\">\n\t\t\t\t\t\t<section class=\"elementor-section elementor-top-section elementor-element elementor-element-adda85d elementor-section-boxed elementor-section-height-default elementor-section-height-default\" data-id=\"adda85d\" data-element_type=\"section\" data-e-type=\"section\" data-settings=\"{&quot;jet_parallax_layout_list&quot;:[{&quot;jet_parallax_layout_image&quot;:{&quot;url&quot;:&quot;&quot;,&quot;id&quot;:&quot;&quot;,&quot;size&quot;:&quot;&quot;},&quot;_id&quot;:&quot;15edc51&quot;,&quot;jet_parallax_layout_image_tablet&quot;:{&quot;url&quot;:&quot;&quot;,&quot;id&quot;:&quot;&quot;,&quot;size&quot;:&quot;&quot;},&quot;jet_parallax_layout_image_mobile&quot;:{&quot;url&quot;:&quot;&quot;,&quot;id&quot;:&quot;&quot;,&quot;size&quot;:&quot;&quot;},&quot;jet_parallax_layout_speed&quot;:{&quot;unit&quot;:&quot;%&quot;,&quot;size&quot;:50,&quot;sizes&quot;:[]},&quot;jet_parallax_layout_type&quot;:&quot;scroll&quot;,&quot;jet_parallax_layout_direction&quot;:&quot;1&quot;,&quot;jet_parallax_layout_fx_direction&quot;:null,&quot;jet_parallax_layout_z_index&quot;:&quot;&quot;,&quot;jet_parallax_layout_bg_x&quot;:50,&quot;jet_parallax_layout_bg_x_tablet&quot;:&quot;&quot;,&quot;jet_parallax_layout_bg_x_mobile&quot;:&quot;&quot;,&quot;jet_parallax_layout_bg_y&quot;:50,&quot;jet_parallax_layout_bg_y_tablet&quot;:&quot;&quot;,&quot;jet_parallax_layout_bg_y_mobile&quot;:&quot;&quot;,&quot;jet_parallax_layout_bg_size&quot;:&quot;auto&quot;,&quot;jet_parallax_layout_bg_size_tablet&quot;:&quot;&quot;,&quot;jet_parallax_layout_bg_size_mobile&quot;:&quot;&quot;,&quot;jet_parallax_layout_animation_prop&quot;:&quot;transform&quot;,&quot;jet_parallax_layout_on&quot;:[&quot;desktop&quot;,&quot;tablet&quot;]}],&quot;ekit_has_onepagescroll_dot&quot;:&quot;yes&quot;}\">\n\t\t\t\t\t\t<div class=\"elementor-container elementor-column-gap-default\">\n\t\t\t\t\t<div class=\"elementor-column elementor-col-100 elementor-top-column elementor-element elementor-element-3fd2737\" data-id=\"3fd2737\" data-element_type=\"column\" data-e-type=\"column\">\n\t\t\t<div class=\"elementor-widget-wrap elementor-element-populated\">\n\t\t\t\t\t\t<div class=\"elementor-element elementor-element-23fba76 elementor-widget elementor-widget-heading\" data-id=\"23fba76\" data-element_type=\"widget\" data-e-type=\"widget\" data-settings=\"{&quot;ekit_we_effect_on&quot;:&quot;none&quot;}\" data-widget_type=\"heading.default\">\n\t\t\t\t<div class=\"elementor-widget-container\">\n\t\t\t\t\t<h2 class=\"elementor-heading-title elementor-size-default\">CURRENTS<\/h2>\t\t\t\t<\/div>\n\t\t\t\t<\/div>\n\t\t\t\t<div class=\"elementor-element elementor-element-fc580bc elementor-widget-divider--view-line elementor-widget elementor-widget-divider\" data-id=\"fc580bc\" data-element_type=\"widget\" data-e-type=\"widget\" data-settings=\"{&quot;ekit_we_effect_on&quot;:&quot;none&quot;}\" data-widget_type=\"divider.default\">\n\t\t\t\t<div class=\"elementor-widget-container\">\n\t\t\t\t\t\t\t<div class=\"elementor-divider\">\n\t\t\t<span class=\"elementor-divider-separator\">\n\t\t\t\t\t\t<\/span>\n\t\t<\/div>\n\t\t\t\t\t\t<\/div>\n\t\t\t\t<\/div>\n\t\t\t\t<div class=\"elementor-element elementor-element-d11ed13 elementor-grid-3 elementor-grid-tablet-2 elementor-grid-mobile-1 elementor-posts--thumbnail-top elementor-card-shadow-yes elementor-posts__hover-gradient elementor-widget elementor-widget-posts\" data-id=\"d11ed13\" data-element_type=\"widget\" data-e-type=\"widget\" data-settings=\"{&quot;pagination_type&quot;:&quot;numbers&quot;,&quot;cards_columns&quot;:&quot;3&quot;,&quot;cards_columns_tablet&quot;:&quot;2&quot;,&quot;cards_columns_mobile&quot;:&quot;1&quot;,&quot;cards_row_gap&quot;:{&quot;unit&quot;:&quot;px&quot;,&quot;size&quot;:35,&quot;sizes&quot;:[]},&quot;cards_row_gap_tablet&quot;:{&quot;unit&quot;:&quot;px&quot;,&quot;size&quot;:&quot;&quot;,&quot;sizes&quot;:[]},&quot;cards_row_gap_mobile&quot;:{&quot;unit&quot;:&quot;px&quot;,&quot;size&quot;:&quot;&quot;,&quot;sizes&quot;:[]},&quot;ekit_we_effect_on&quot;:&quot;none&quot;}\" data-widget_type=\"posts.cards\">\n\t\t\t\t<div class=\"elementor-widget-container\">\n\t\t\t\t\t\t\t<div class=\"elementor-posts-container elementor-posts elementor-posts--skin-cards elementor-grid\" role=\"list\">\n\t\t\t\t<article class=\"elementor-post elementor-grid-item post-93797 post type-post status-publish format-standard has-post-thumbnail hentry category-angesagt\" role=\"listitem\">\n\t\t\t<div class=\"elementor-post__card\">\n\t\t\t\t<a class=\"elementor-post__thumbnail__link\" href=\"https:\/\/gronau-inside.de\/en\/also-wenn-jetzt-nicht-der-fruehling-da-ist-dann-wissen-wir-auch-nicht%f0%9f%98%8d%f0%9f%8c%b8es\" tabindex=\"-1\" ><div class=\"elementor-post__thumbnail\"><img fetchpriority=\"high\" decoding=\"async\" width=\"720\" height=\"960\" src=\"https:\/\/gronau-inside.de\/wp-content\/uploads\/2026\/04\/678953152_1539363301527764_6794594859426185419_n.jpg\" class=\"attachment-medium_large size-medium_large wp-image-93796\" alt=\"\" srcset=\"https:\/\/gronau-inside.de\/wp-content\/uploads\/2026\/04\/678953152_1539363301527764_6794594859426185419_n.jpg 720w, https:\/\/gronau-inside.de\/wp-content\/uploads\/2026\/04\/678953152_1539363301527764_6794594859426185419_n-225x300.jpg 225w, https:\/\/gronau-inside.de\/wp-content\/uploads\/2026\/04\/678953152_1539363301527764_6794594859426185419_n-600x800.jpg 600w\" sizes=\"(max-width: 720px) 100vw, 720px\" \/><\/div><\/a>\n\t\t\t\t<div class=\"elementor-post__text\">\n\t\t\t\t<h3 class=\"elementor-post__title\">\n\t\t\t<a href=\"https:\/\/gronau-inside.de\/en\/also-wenn-jetzt-nicht-der-fruehling-da-ist-dann-wissen-wir-auch-nicht%f0%9f%98%8d%f0%9f%8c%b8es\" >\n\t\t\t\tAlso wenn jetzt nicht der Fr\u00fchling da ist, dann wissen wir auch nicht?!\ud83d\ude0d\ud83c\udf38\n\nEs&#8230;\t\t\t<\/a>\n\t\t<\/h3>\n\t\t\t\t<div class=\"elementor-post__excerpt\">\n\t\t\t<p>Also wenn jetzt nicht der Fr\u00fchling da ist, dann wissen wir auch nicht?!\ud83d\ude0d\ud83c\udf38 Es war ein perfekter Tag in Epe &#8211; wir bedanken uns bei allen Ausstellern und ganz besonders<\/p>\n\t\t<\/div>\n\t\t\n\t\t<a class=\"elementor-post__read-more\" href=\"https:\/\/gronau-inside.de\/en\/also-wenn-jetzt-nicht-der-fruehling-da-ist-dann-wissen-wir-auch-nicht%f0%9f%98%8d%f0%9f%8c%b8es\" aria-label=\"Read more about Also wenn jetzt nicht der Fr\u00fchling da ist, dann wissen wir auch nicht?!\ud83d\ude0d\ud83c\udf38\n\nEs&#8230;\" tabindex=\"-1\" >\n\t\t\tRead more \"\t\t<\/a>\n\n\t\t\t\t<\/div>\n\t\t\t\t\t<\/div>\n\t\t<\/article>\n\t\t\t\t<article class=\"elementor-post elementor-grid-item post-93795 post type-post status-publish format-standard has-post-thumbnail hentry category-angesagt\" role=\"listitem\">\n\t\t\t<div class=\"elementor-post__card\">\n\t\t\t\t<a class=\"elementor-post__thumbnail__link\" href=\"https:\/\/gronau-inside.de\/en\/handy-auf-dem-fruehlingsfest-gefunden-meldet-euch-wenn-es-eures-ist-%e2%98%ba%ef%b8%8f\" tabindex=\"-1\" ><div class=\"elementor-post__thumbnail\"><img decoding=\"async\" width=\"720\" height=\"1280\" src=\"https:\/\/gronau-inside.de\/wp-content\/uploads\/2026\/04\/679047218_1539313601532734_5136616401265666692_n.jpg\" class=\"attachment-medium_large size-medium_large wp-image-93794\" alt=\"\" srcset=\"https:\/\/gronau-inside.de\/wp-content\/uploads\/2026\/04\/679047218_1539313601532734_5136616401265666692_n.jpg 720w, https:\/\/gronau-inside.de\/wp-content\/uploads\/2026\/04\/679047218_1539313601532734_5136616401265666692_n-169x300.jpg 169w, https:\/\/gronau-inside.de\/wp-content\/uploads\/2026\/04\/679047218_1539313601532734_5136616401265666692_n-576x1024.jpg 576w, https:\/\/gronau-inside.de\/wp-content\/uploads\/2026\/04\/679047218_1539313601532734_5136616401265666692_n-600x1067.jpg 600w\" sizes=\"(max-width: 720px) 100vw, 720px\" \/><\/div><\/a>\n\t\t\t\t<div class=\"elementor-post__text\">\n\t\t\t\t<h3 class=\"elementor-post__title\">\n\t\t\t<a href=\"https:\/\/gronau-inside.de\/en\/handy-auf-dem-fruehlingsfest-gefunden-meldet-euch-wenn-es-eures-ist-%e2%98%ba%ef%b8%8f\" >\n\t\t\t\tHandy auf dem Fr\u00fchlingsfest gefunden! \nMeldet euch, wenn es eures ist. \u263a\ufe0f\t\t\t<\/a>\n\t\t<\/h3>\n\t\t\t\t<div class=\"elementor-post__excerpt\">\n\t\t\t<p>Handy auf dem Fr\u00fchlingsfest gefunden! Meldet euch, wenn es eures ist. \u263a\ufe0f<\/p>\n\t\t<\/div>\n\t\t\n\t\t<a class=\"elementor-post__read-more\" href=\"https:\/\/gronau-inside.de\/en\/handy-auf-dem-fruehlingsfest-gefunden-meldet-euch-wenn-es-eures-ist-%e2%98%ba%ef%b8%8f\" aria-label=\"Read more about Handy auf dem Fr\u00fchlingsfest gefunden! \nMeldet euch, wenn es eures ist. \u263a\ufe0f\" tabindex=\"-1\" >\n\t\t\tRead more \"\t\t<\/a>\n\n\t\t\t\t<\/div>\n\t\t\t\t\t<\/div>\n\t\t<\/article>\n\t\t\t\t<article class=\"elementor-post elementor-grid-item post-93774 post type-post status-publish format-standard has-post-thumbnail hentry category-angesagt\" role=\"listitem\">\n\t\t\t<div class=\"elementor-post__card\">\n\t\t\t\t<a class=\"elementor-post__thumbnail__link\" href=\"https:\/\/gronau-inside.de\/en\/auftakt-zum-eper-fruehlingsfest-bei-bestem-wetter-traditionelles-maibaum-aufs\" tabindex=\"-1\" ><div class=\"elementor-post__thumbnail\"><img decoding=\"async\" width=\"720\" height=\"960\" src=\"https:\/\/gronau-inside.de\/wp-content\/uploads\/2026\/04\/680255398_1538494884947939_5224036632103462144_n.jpg\" class=\"attachment-medium_large size-medium_large wp-image-93773\" alt=\"\" srcset=\"https:\/\/gronau-inside.de\/wp-content\/uploads\/2026\/04\/680255398_1538494884947939_5224036632103462144_n.jpg 720w, https:\/\/gronau-inside.de\/wp-content\/uploads\/2026\/04\/680255398_1538494884947939_5224036632103462144_n-225x300.jpg 225w, https:\/\/gronau-inside.de\/wp-content\/uploads\/2026\/04\/680255398_1538494884947939_5224036632103462144_n-600x800.jpg 600w\" sizes=\"(max-width: 720px) 100vw, 720px\" \/><\/div><\/a>\n\t\t\t\t<div class=\"elementor-post__text\">\n\t\t\t\t<h3 class=\"elementor-post__title\">\n\t\t\t<a href=\"https:\/\/gronau-inside.de\/en\/auftakt-zum-eper-fruehlingsfest-bei-bestem-wetter-traditionelles-maibaum-aufs\" >\n\t\t\t\tAuftakt zum Eper Fr\u00fchlingsfest bei bestem Wetter: traditionelles Maibaum aufs&#8230;\t\t\t<\/a>\n\t\t<\/h3>\n\t\t\t\t<div class=\"elementor-post__excerpt\">\n\t\t\t<p>Auftakt zum Eper Fr\u00fchlingsfest bei bestem Wetter: traditionelles Maibaum aufstellen. Danke an alle flei\u00dfigen Helfer!\u2600\ufe0f\ud83c\udf33 Jetzt geht\u2019s weiter auf dem Kirchplatz mit DJ Trivish Valo und \u201eThe Funkeys\u201c pr\u00e4sentiert vom<\/p>\n\t\t<\/div>\n\t\t\n\t\t<a class=\"elementor-post__read-more\" href=\"https:\/\/gronau-inside.de\/en\/auftakt-zum-eper-fruehlingsfest-bei-bestem-wetter-traditionelles-maibaum-aufs\" aria-label=\"Read more about Auftakt zum Eper Fr\u00fchlingsfest bei bestem Wetter: traditionelles Maibaum aufs&#8230;\" tabindex=\"-1\" >\n\t\t\tRead more \"\t\t<\/a>\n\n\t\t\t\t<\/div>\n\t\t\t\t\t<\/div>\n\t\t<\/article>\n\t\t\t\t<article class=\"elementor-post elementor-grid-item post-93739 post type-post status-publish format-standard has-post-thumbnail hentry category-angesagt\" role=\"listitem\">\n\t\t\t<div class=\"elementor-post__card\">\n\t\t\t\t<a class=\"elementor-post__thumbnail__link\" href=\"https:\/\/gronau-inside.de\/en\/das-programm-fuer-samstag-sonntag-%f0%9f%8e%b6%f0%9f%8c%b8%f0%9f%92%9a-wen-sehen-wir-auf-dem-fruehlingsfest\" tabindex=\"-1\" ><div class=\"elementor-post__thumbnail\"><img loading=\"lazy\" decoding=\"async\" width=\"720\" height=\"900\" src=\"https:\/\/gronau-inside.de\/wp-content\/uploads\/2026\/04\/671872472_1530352269095534_6189574921726534118_n.jpg\" class=\"attachment-medium_large size-medium_large wp-image-93738\" alt=\"\" srcset=\"https:\/\/gronau-inside.de\/wp-content\/uploads\/2026\/04\/671872472_1530352269095534_6189574921726534118_n.jpg 720w, https:\/\/gronau-inside.de\/wp-content\/uploads\/2026\/04\/671872472_1530352269095534_6189574921726534118_n-240x300.jpg 240w, https:\/\/gronau-inside.de\/wp-content\/uploads\/2026\/04\/671872472_1530352269095534_6189574921726534118_n-600x750.jpg 600w\" sizes=\"(max-width: 720px) 100vw, 720px\" \/><\/div><\/a>\n\t\t\t\t<div class=\"elementor-post__text\">\n\t\t\t\t<h3 class=\"elementor-post__title\">\n\t\t\t<a href=\"https:\/\/gronau-inside.de\/en\/das-programm-fuer-samstag-sonntag-%f0%9f%8e%b6%f0%9f%8c%b8%f0%9f%92%9a-wen-sehen-wir-auf-dem-fruehlingsfest\" >\n\t\t\t\tDas Programm f\u00fcr Samstag &#038; Sonntag! \ud83c\udfb6\ud83c\udf38\ud83d\udc9a Wen sehen wir auf dem Fr\u00fchlingsfest? &#8230;\t\t\t<\/a>\n\t\t<\/h3>\n\t\t\t\t<div class=\"elementor-post__excerpt\">\n\t\t\t<p>Das Programm f\u00fcr Samstag &#038; Sonntag! \ud83c\udfb6\ud83c\udf38\ud83d\udc9a Wen sehen wir auf dem Fr\u00fchlingsfest? \ud83d\udc4b Sparkasse Westm\u00fcnsterland Eper Werbegemeinschaft<\/p>\n\t\t<\/div>\n\t\t\n\t\t<a class=\"elementor-post__read-more\" href=\"https:\/\/gronau-inside.de\/en\/das-programm-fuer-samstag-sonntag-%f0%9f%8e%b6%f0%9f%8c%b8%f0%9f%92%9a-wen-sehen-wir-auf-dem-fruehlingsfest\" aria-label=\"Read more about Das Programm f\u00fcr Samstag &#038; Sonntag! \ud83c\udfb6\ud83c\udf38\ud83d\udc9a Wen sehen wir auf dem Fr\u00fchlingsfest? &#8230;\" tabindex=\"-1\" >\n\t\t\tRead more \"\t\t<\/a>\n\n\t\t\t\t<\/div>\n\t\t\t\t\t<\/div>\n\t\t<\/article>\n\t\t\t\t<article class=\"elementor-post elementor-grid-item post-93734 post type-post status-publish format-standard has-post-thumbnail hentry category-angesagt\" role=\"listitem\">\n\t\t\t<div class=\"elementor-post__card\">\n\t\t\t\t<a class=\"elementor-post__thumbnail__link\" href=\"https:\/\/gronau-inside.de\/en\/ihr-duerft-euch-auch-dieses-mal-wieder-auf-ein-tolles-programm-freuen-%f0%9f%a5%b3%e2%9e%a1%ef%b8%8f-sa\" tabindex=\"-1\" ><div class=\"elementor-post__thumbnail\"><img loading=\"lazy\" decoding=\"async\" width=\"405\" height=\"720\" src=\"https:\/\/gronau-inside.de\/wp-content\/uploads\/2026\/04\/671366254_1476711427584219_1484995432058848275_n.jpg\" class=\"attachment-medium_large size-medium_large wp-image-93733\" alt=\"\" srcset=\"https:\/\/gronau-inside.de\/wp-content\/uploads\/2026\/04\/671366254_1476711427584219_1484995432058848275_n.jpg 405w, https:\/\/gronau-inside.de\/wp-content\/uploads\/2026\/04\/671366254_1476711427584219_1484995432058848275_n-169x300.jpg 169w\" sizes=\"(max-width: 405px) 100vw, 405px\" \/><\/div><\/a>\n\t\t\t\t<div class=\"elementor-post__text\">\n\t\t\t\t<h3 class=\"elementor-post__title\">\n\t\t\t<a href=\"https:\/\/gronau-inside.de\/en\/ihr-duerft-euch-auch-dieses-mal-wieder-auf-ein-tolles-programm-freuen-%f0%9f%a5%b3%e2%9e%a1%ef%b8%8f-sa\" >\n\t\t\t\tIhr d\u00fcrft euch auch dieses Mal wieder auf ein tolles Programm freuen! \ud83e\udd73\n\u27a1\ufe0f Sa&#8230;\t\t\t<\/a>\n\t\t<\/h3>\n\t\t\t\t<div class=\"elementor-post__excerpt\">\n\t\t\t<p>Ihr d\u00fcrft euch auch dieses Mal wieder auf ein tolles Programm freuen! \ud83e\udd73 \u27a1\ufe0f Samstagabend ab 18 Uhr auf dem Eper Kirchplatz mit DJ &#038; Band \u27a1\ufe0f Sonntag ab 12<\/p>\n\t\t<\/div>\n\t\t\n\t\t<a class=\"elementor-post__read-more\" href=\"https:\/\/gronau-inside.de\/en\/ihr-duerft-euch-auch-dieses-mal-wieder-auf-ein-tolles-programm-freuen-%f0%9f%a5%b3%e2%9e%a1%ef%b8%8f-sa\" aria-label=\"Read more about Ihr d\u00fcrft euch auch dieses Mal wieder auf ein tolles Programm freuen! \ud83e\udd73\n\u27a1\ufe0f Sa&#8230;\" tabindex=\"-1\" >\n\t\t\tRead more \"\t\t<\/a>\n\n\t\t\t\t<\/div>\n\t\t\t\t\t<\/div>\n\t\t<\/article>\n\t\t\t\t<article class=\"elementor-post elementor-grid-item post-93732 post type-post status-publish format-standard has-post-thumbnail hentry category-angesagt\" role=\"listitem\">\n\t\t\t<div class=\"elementor-post__card\">\n\t\t\t\t<a class=\"elementor-post__thumbnail__link\" href=\"https:\/\/gronau-inside.de\/en\/am-wochenende-wird-der-fruehling-offiziell-mit-dem-eper-fruehlingsfest-eingelei\" tabindex=\"-1\" ><div class=\"elementor-post__thumbnail\"><img loading=\"lazy\" decoding=\"async\" width=\"720\" height=\"900\" src=\"https:\/\/gronau-inside.de\/wp-content\/uploads\/2026\/04\/677772873_1536323145165113_7206919732367269019_n.jpg\" class=\"attachment-medium_large size-medium_large wp-image-93731\" alt=\"\" srcset=\"https:\/\/gronau-inside.de\/wp-content\/uploads\/2026\/04\/677772873_1536323145165113_7206919732367269019_n.jpg 720w, https:\/\/gronau-inside.de\/wp-content\/uploads\/2026\/04\/677772873_1536323145165113_7206919732367269019_n-240x300.jpg 240w, https:\/\/gronau-inside.de\/wp-content\/uploads\/2026\/04\/677772873_1536323145165113_7206919732367269019_n-600x750.jpg 600w\" sizes=\"(max-width: 720px) 100vw, 720px\" \/><\/div><\/a>\n\t\t\t\t<div class=\"elementor-post__text\">\n\t\t\t\t<h3 class=\"elementor-post__title\">\n\t\t\t<a href=\"https:\/\/gronau-inside.de\/en\/am-wochenende-wird-der-fruehling-offiziell-mit-dem-eper-fruehlingsfest-eingelei\" >\n\t\t\t\tAm Wochenende wird der Fr\u00fchling offiziell mit dem Eper Fr\u00fchlingsfest eingelei&#8230;\t\t\t<\/a>\n\t\t<\/h3>\n\t\t\t\t<div class=\"elementor-post__excerpt\">\n\t\t\t<p>Am Wochenende wird der Fr\u00fchling offiziell mit dem Eper Fr\u00fchlingsfest eingeleitet. \ud83d\ude0d\ud83c\udf38 Aber auch andere Events finden am Wochenende statt, schaut mal rein: www.gronau-inside.de\/veranstaltungen<\/p>\n\t\t<\/div>\n\t\t\n\t\t<a class=\"elementor-post__read-more\" href=\"https:\/\/gronau-inside.de\/en\/am-wochenende-wird-der-fruehling-offiziell-mit-dem-eper-fruehlingsfest-eingelei\" aria-label=\"Read more about Am Wochenende wird der Fr\u00fchling offiziell mit dem Eper Fr\u00fchlingsfest eingelei&#8230;\" tabindex=\"-1\" >\n\t\t\tRead more \"\t\t<\/a>\n\n\t\t\t\t<\/div>\n\t\t\t\t\t<\/div>\n\t\t<\/article>\n\t\t\t\t<article class=\"elementor-post elementor-grid-item post-93722 post type-post status-publish format-standard has-post-thumbnail hentry category-angesagt\" role=\"listitem\">\n\t\t\t<div class=\"elementor-post__card\">\n\t\t\t\t<a class=\"elementor-post__thumbnail__link\" href=\"https:\/\/gronau-inside.de\/en\/zwischen-kassette-und-klick-wenn-radiogeschichte-auf-streaming-generation-tr\" tabindex=\"-1\" ><div class=\"elementor-post__thumbnail\"><img loading=\"lazy\" decoding=\"async\" width=\"405\" height=\"720\" src=\"https:\/\/gronau-inside.de\/wp-content\/uploads\/2026\/04\/678289564_2042913922954886_586178004071830684_n.jpg\" class=\"attachment-medium_large size-medium_large wp-image-93721\" alt=\"\" srcset=\"https:\/\/gronau-inside.de\/wp-content\/uploads\/2026\/04\/678289564_2042913922954886_586178004071830684_n.jpg 405w, https:\/\/gronau-inside.de\/wp-content\/uploads\/2026\/04\/678289564_2042913922954886_586178004071830684_n-169x300.jpg 169w\" sizes=\"(max-width: 405px) 100vw, 405px\" \/><\/div><\/a>\n\t\t\t\t<div class=\"elementor-post__text\">\n\t\t\t\t<h3 class=\"elementor-post__title\">\n\t\t\t<a href=\"https:\/\/gronau-inside.de\/en\/zwischen-kassette-und-klick-wenn-radiogeschichte-auf-streaming-generation-tr\" >\n\t\t\t\tZwischen Kassette und Klick: Wenn Radiogeschichte auf Streaming-Generation tr&#8230;\t\t\t<\/a>\n\t\t<\/h3>\n\t\t\t\t<div class=\"elementor-post__excerpt\">\n\t\t\t<p>Zwischen Kassette und Klick: Wenn Radiogeschichte auf Streaming-Generation trifft. \ud83c\udf99\ufe0f\u2728 Janina Ribeiro &#038; Thomas Steinberg sprechen am Freitag ab 19 Uhr im Musikclub Turbine \u00fcber Musik, Erinnerungen und das, was<\/p>\n\t\t<\/div>\n\t\t\n\t\t<a class=\"elementor-post__read-more\" href=\"https:\/\/gronau-inside.de\/en\/zwischen-kassette-und-klick-wenn-radiogeschichte-auf-streaming-generation-tr\" aria-label=\"Read more about Zwischen Kassette und Klick: Wenn Radiogeschichte auf Streaming-Generation tr&#8230;\" tabindex=\"-1\" >\n\t\t\tRead more \"\t\t<\/a>\n\n\t\t\t\t<\/div>\n\t\t\t\t\t<\/div>\n\t\t<\/article>\n\t\t\t\t<article class=\"elementor-post elementor-grid-item post-93710 post type-post status-publish format-standard has-post-thumbnail hentry category-angesagt\" role=\"listitem\">\n\t\t\t<div class=\"elementor-post__card\">\n\t\t\t\t<a class=\"elementor-post__thumbnail__link\" href=\"https:\/\/gronau-inside.de\/en\/am-wochenende-ist-es-wieder-soweit-fruehlingsfest-in-epe-%f0%9f%98%8d%f0%9f%8c%b8am-samstag-star\" tabindex=\"-1\" ><div class=\"elementor-post__thumbnail\"><img loading=\"lazy\" decoding=\"async\" width=\"768\" height=\"440\" src=\"https:\/\/gronau-inside.de\/wp-content\/uploads\/2026\/04\/670924746_1527802129350548_7859201711260723977_n-768x440.jpg\" class=\"attachment-medium_large size-medium_large wp-image-93709\" alt=\"\" srcset=\"https:\/\/gronau-inside.de\/wp-content\/uploads\/2026\/04\/670924746_1527802129350548_7859201711260723977_n-768x440.jpg 768w, https:\/\/gronau-inside.de\/wp-content\/uploads\/2026\/04\/670924746_1527802129350548_7859201711260723977_n-300x172.jpg 300w, https:\/\/gronau-inside.de\/wp-content\/uploads\/2026\/04\/670924746_1527802129350548_7859201711260723977_n-1024x587.jpg 1024w, https:\/\/gronau-inside.de\/wp-content\/uploads\/2026\/04\/670924746_1527802129350548_7859201711260723977_n-600x344.jpg 600w, https:\/\/gronau-inside.de\/wp-content\/uploads\/2026\/04\/670924746_1527802129350548_7859201711260723977_n.jpg 1256w\" sizes=\"(max-width: 768px) 100vw, 768px\" \/><\/div><\/a>\n\t\t\t\t<div class=\"elementor-post__text\">\n\t\t\t\t<h3 class=\"elementor-post__title\">\n\t\t\t<a href=\"https:\/\/gronau-inside.de\/en\/am-wochenende-ist-es-wieder-soweit-fruehlingsfest-in-epe-%f0%9f%98%8d%f0%9f%8c%b8am-samstag-star\" >\n\t\t\t\tAm Wochenende ist es wieder soweit: Fr\u00fchlingsfest in Epe! \ud83d\ude0d\ud83c\udf38\n\nAm Samstag star&#8230;\t\t\t<\/a>\n\t\t<\/h3>\n\t\t\t\t<div class=\"elementor-post__excerpt\">\n\t\t\t<p>Am Wochenende ist es wieder soweit: Fr\u00fchlingsfest in Epe! \ud83d\ude0d\ud83c\udf38 Am Samstag starten wir um 17 Uhr mit dem Maibaum aufstellen in der Merschstra\u00dfe. Um 18 Uhr gehts los auf<\/p>\n\t\t<\/div>\n\t\t\n\t\t<a class=\"elementor-post__read-more\" href=\"https:\/\/gronau-inside.de\/en\/am-wochenende-ist-es-wieder-soweit-fruehlingsfest-in-epe-%f0%9f%98%8d%f0%9f%8c%b8am-samstag-star\" aria-label=\"Read more about Am Wochenende ist es wieder soweit: Fr\u00fchlingsfest in Epe! \ud83d\ude0d\ud83c\udf38\n\nAm Samstag star&#8230;\" tabindex=\"-1\" >\n\t\t\tRead more \"\t\t<\/a>\n\n\t\t\t\t<\/div>\n\t\t\t\t\t<\/div>\n\t\t<\/article>\n\t\t\t\t<article class=\"elementor-post elementor-grid-item post-93704 post type-post status-publish format-standard has-post-thumbnail hentry category-angesagt\" role=\"listitem\">\n\t\t\t<div class=\"elementor-post__card\">\n\t\t\t\t<a class=\"elementor-post__thumbnail__link\" href=\"https:\/\/gronau-inside.de\/en\/kinder-stark-machen-das-ist-das-ziel-der-super-helden-fabrik-doch-wie-lern\" tabindex=\"-1\" ><div class=\"elementor-post__thumbnail\"><img loading=\"lazy\" decoding=\"async\" width=\"768\" height=\"596\" src=\"https:\/\/gronau-inside.de\/wp-content\/uploads\/2026\/04\/673947861_1533804062083688_3409714074975959025_n-768x596.jpg\" class=\"attachment-medium_large size-medium_large wp-image-93703\" alt=\"\" srcset=\"https:\/\/gronau-inside.de\/wp-content\/uploads\/2026\/04\/673947861_1533804062083688_3409714074975959025_n-768x596.jpg 768w, https:\/\/gronau-inside.de\/wp-content\/uploads\/2026\/04\/673947861_1533804062083688_3409714074975959025_n-300x233.jpg 300w, https:\/\/gronau-inside.de\/wp-content\/uploads\/2026\/04\/673947861_1533804062083688_3409714074975959025_n-600x466.jpg 600w, https:\/\/gronau-inside.de\/wp-content\/uploads\/2026\/04\/673947861_1533804062083688_3409714074975959025_n.jpg 787w\" sizes=\"(max-width: 768px) 100vw, 768px\" \/><\/div><\/a>\n\t\t\t\t<div class=\"elementor-post__text\">\n\t\t\t\t<h3 class=\"elementor-post__title\">\n\t\t\t<a href=\"https:\/\/gronau-inside.de\/en\/kinder-stark-machen-das-ist-das-ziel-der-super-helden-fabrik-doch-wie-lern\" >\n\t\t\t\tKinder stark machen \u2013 das ist das Ziel der Super-Helden-Fabrik. Doch wie lern&#8230;\t\t\t<\/a>\n\t\t<\/h3>\n\t\t\t\t<div class=\"elementor-post__excerpt\">\n\t\t\t<p>Kinder stark machen \u2013 das ist das Ziel der Super-Helden-Fabrik. Doch wie lernen Kinder, ruhig zu bleiben, klar zu reagieren und selbstbewusst aufzutreten? Beim Infoabend am 27. April gibt Bernd<\/p>\n\t\t<\/div>\n\t\t\n\t\t<a class=\"elementor-post__read-more\" href=\"https:\/\/gronau-inside.de\/en\/kinder-stark-machen-das-ist-das-ziel-der-super-helden-fabrik-doch-wie-lern\" aria-label=\"Read more about Kinder stark machen \u2013 das ist das Ziel der Super-Helden-Fabrik. Doch wie lern&#8230;\" tabindex=\"-1\" >\n\t\t\tRead more \"\t\t<\/a>\n\n\t\t\t\t<\/div>\n\t\t\t\t\t<\/div>\n\t\t<\/article>\n\t\t\t\t<article class=\"elementor-post elementor-grid-item post-93702 post type-post status-publish format-standard has-post-thumbnail hentry category-angesagt\" role=\"listitem\">\n\t\t\t<div class=\"elementor-post__card\">\n\t\t\t\t<a class=\"elementor-post__thumbnail__link\" href=\"https:\/\/gronau-inside.de\/en\/die-freibad-saison-geht-wieder-los-%f0%9f%98%8d%f0%9f%8f%8a%e2%99%80%ef%b8%8fam-1-mai-gibts-ab-15-uhr-live-mus\" tabindex=\"-1\" ><div class=\"elementor-post__thumbnail\"><img loading=\"lazy\" decoding=\"async\" width=\"720\" height=\"900\" src=\"https:\/\/gronau-inside.de\/wp-content\/uploads\/2026\/04\/676195839_1381159590699155_8375911033289825207_n.jpg\" class=\"attachment-medium_large size-medium_large wp-image-93701\" alt=\"\" srcset=\"https:\/\/gronau-inside.de\/wp-content\/uploads\/2026\/04\/676195839_1381159590699155_8375911033289825207_n.jpg 720w, https:\/\/gronau-inside.de\/wp-content\/uploads\/2026\/04\/676195839_1381159590699155_8375911033289825207_n-240x300.jpg 240w, https:\/\/gronau-inside.de\/wp-content\/uploads\/2026\/04\/676195839_1381159590699155_8375911033289825207_n-600x750.jpg 600w\" sizes=\"(max-width: 720px) 100vw, 720px\" \/><\/div><\/a>\n\t\t\t\t<div class=\"elementor-post__text\">\n\t\t\t\t<h3 class=\"elementor-post__title\">\n\t\t\t<a href=\"https:\/\/gronau-inside.de\/en\/die-freibad-saison-geht-wieder-los-%f0%9f%98%8d%f0%9f%8f%8a%e2%99%80%ef%b8%8fam-1-mai-gibts-ab-15-uhr-live-mus\" >\n\t\t\t\tDie Freibad-Saison geht wieder los! \ud83d\ude0d\ud83c\udfca\u200d\u2640\ufe0f\nAm 1. Mai gibt&#8217;s ab 15 Uhr Live-Mus&#8230;\t\t\t<\/a>\n\t\t<\/h3>\n\t\t\t\t<div class=\"elementor-post__excerpt\">\n\t\t\t<p>Die Freibad-Saison geht wieder los! \ud83d\ude0d\ud83c\udfca\u200d\u2640\ufe0f Am 1. Mai gibt&#8217;s ab 15 Uhr Live-Musik auf die Ohren. \u263a\ufe0f\ud83c\udfb6<\/p>\n\t\t<\/div>\n\t\t\n\t\t<a class=\"elementor-post__read-more\" href=\"https:\/\/gronau-inside.de\/en\/die-freibad-saison-geht-wieder-los-%f0%9f%98%8d%f0%9f%8f%8a%e2%99%80%ef%b8%8fam-1-mai-gibts-ab-15-uhr-live-mus\" aria-label=\"Read more about Die Freibad-Saison geht wieder los! \ud83d\ude0d\ud83c\udfca\u200d\u2640\ufe0f\nAm 1. Mai gibt&#8217;s ab 15 Uhr Live-Mus&#8230;\" tabindex=\"-1\" >\n\t\t\tRead more \"\t\t<\/a>\n\n\t\t\t\t<\/div>\n\t\t\t\t\t<\/div>\n\t\t<\/article>\n\t\t\t\t<article class=\"elementor-post elementor-grid-item post-93699 post type-post status-publish format-standard has-post-thumbnail hentry category-angesagt\" role=\"listitem\">\n\t\t\t<div class=\"elementor-post__card\">\n\t\t\t\t<a class=\"elementor-post__thumbnail__link\" href=\"https:\/\/gronau-inside.de\/en\/ueber-epe-lacht-die-sonne-oder-%f0%9f%98%8d%e2%98%80%ef%b8%8fwir-freuen-uns-am-sonntag-um-15-uhr-auf-d\" tabindex=\"-1\" ><div class=\"elementor-post__thumbnail\"><img loading=\"lazy\" decoding=\"async\" width=\"405\" height=\"720\" src=\"https:\/\/gronau-inside.de\/wp-content\/uploads\/2026\/04\/671596953_1644469279924386_1744574010875241614_n.jpg\" class=\"attachment-medium_large size-medium_large wp-image-93698\" alt=\"\" srcset=\"https:\/\/gronau-inside.de\/wp-content\/uploads\/2026\/04\/671596953_1644469279924386_1744574010875241614_n.jpg 405w, https:\/\/gronau-inside.de\/wp-content\/uploads\/2026\/04\/671596953_1644469279924386_1744574010875241614_n-169x300.jpg 169w\" sizes=\"(max-width: 405px) 100vw, 405px\" \/><\/div><\/a>\n\t\t\t\t<div class=\"elementor-post__text\">\n\t\t\t\t<h3 class=\"elementor-post__title\">\n\t\t\t<a href=\"https:\/\/gronau-inside.de\/en\/ueber-epe-lacht-die-sonne-oder-%f0%9f%98%8d%e2%98%80%ef%b8%8fwir-freuen-uns-am-sonntag-um-15-uhr-auf-d\" >\n\t\t\t\t\u00dcber Epe lacht die Sonne, oder? \ud83d\ude0d\u2600\ufe0f\nWir freuen uns am Sonntag um 15 Uhr auf d&#8230;\t\t\t<\/a>\n\t\t<\/h3>\n\t\t\t\t<div class=\"elementor-post__excerpt\">\n\t\t\t<p>\u00dcber Epe lacht die Sonne, oder? \ud83d\ude0d\u2600\ufe0f Wir freuen uns am Sonntag um 15 Uhr auf dem Eper Fr\u00fchlingsfest auf die Kinders\u00e4ngerin SENTAMUSIC.\ud83d\ude4c Sparkasse Westm\u00fcnsterland #epe #gronau #fr\u00fchlingsfest #fr\u00fchlingsfestepe #sentamusic<\/p>\n\t\t<\/div>\n\t\t\n\t\t<a class=\"elementor-post__read-more\" href=\"https:\/\/gronau-inside.de\/en\/ueber-epe-lacht-die-sonne-oder-%f0%9f%98%8d%e2%98%80%ef%b8%8fwir-freuen-uns-am-sonntag-um-15-uhr-auf-d\" aria-label=\"Read more about \u00dcber Epe lacht die Sonne, oder? \ud83d\ude0d\u2600\ufe0f\nWir freuen uns am Sonntag um 15 Uhr auf d&#8230;\" tabindex=\"-1\" >\n\t\t\tRead more \"\t\t<\/a>\n\n\t\t\t\t<\/div>\n\t\t\t\t\t<\/div>\n\t\t<\/article>\n\t\t\t\t<article class=\"elementor-post elementor-grid-item post-93683 post type-post status-publish format-standard has-post-thumbnail hentry category-angesagt\" role=\"listitem\">\n\t\t\t<div class=\"elementor-post__card\">\n\t\t\t\t<a class=\"elementor-post__thumbnail__link\" href=\"https:\/\/gronau-inside.de\/en\/der-fruehling-erwacht-und-im-wald-gibt-es-jetzt-jede-menge-zu-entdecken-%f0%9f%8c%bc%f0%9f%90%a6\" tabindex=\"-1\" ><div class=\"elementor-post__thumbnail\"><img loading=\"lazy\" decoding=\"async\" width=\"768\" height=\"510\" src=\"https:\/\/gronau-inside.de\/wp-content\/uploads\/2026\/04\/674363836_1533798278750933_3995639745014407133_n-768x510.jpg\" class=\"attachment-medium_large size-medium_large wp-image-93682\" alt=\"\" srcset=\"https:\/\/gronau-inside.de\/wp-content\/uploads\/2026\/04\/674363836_1533798278750933_3995639745014407133_n-768x510.jpg 768w, https:\/\/gronau-inside.de\/wp-content\/uploads\/2026\/04\/674363836_1533798278750933_3995639745014407133_n-300x199.jpg 300w, https:\/\/gronau-inside.de\/wp-content\/uploads\/2026\/04\/674363836_1533798278750933_3995639745014407133_n-600x398.jpg 600w, https:\/\/gronau-inside.de\/wp-content\/uploads\/2026\/04\/674363836_1533798278750933_3995639745014407133_n.jpg 1000w\" sizes=\"(max-width: 768px) 100vw, 768px\" \/><\/div><\/a>\n\t\t\t\t<div class=\"elementor-post__text\">\n\t\t\t\t<h3 class=\"elementor-post__title\">\n\t\t\t<a href=\"https:\/\/gronau-inside.de\/en\/der-fruehling-erwacht-und-im-wald-gibt-es-jetzt-jede-menge-zu-entdecken-%f0%9f%8c%bc%f0%9f%90%a6\" >\n\t\t\t\tDer Fr\u00fchling erwacht \u2013 und im Wald gibt es jetzt jede Menge zu entdecken! \ud83c\udf3c\ud83d\udc26\n&#8230;\t\t\t<\/a>\n\t\t<\/h3>\n\t\t\t\t<div class=\"elementor-post__excerpt\">\n\t\t\t<p>Der Fr\u00fchling erwacht \u2013 und im Wald gibt es jetzt jede Menge zu entdecken! \ud83c\udf3c\ud83d\udc26 Beim Entdeckertag am Freitag (24.04.) \u201eRaus in den Fr\u00fchling\u201c sind Kinder im Grundschulalter gemeinsam mit<\/p>\n\t\t<\/div>\n\t\t\n\t\t<a class=\"elementor-post__read-more\" href=\"https:\/\/gronau-inside.de\/en\/der-fruehling-erwacht-und-im-wald-gibt-es-jetzt-jede-menge-zu-entdecken-%f0%9f%8c%bc%f0%9f%90%a6\" aria-label=\"Read more about Der Fr\u00fchling erwacht \u2013 und im Wald gibt es jetzt jede Menge zu entdecken! \ud83c\udf3c\ud83d\udc26\n&#8230;\" tabindex=\"-1\" >\n\t\t\tRead more \"\t\t<\/a>\n\n\t\t\t\t<\/div>\n\t\t\t\t\t<\/div>\n\t\t<\/article>\n\t\t\t\t<article class=\"elementor-post elementor-grid-item post-93681 post type-post status-publish format-standard has-post-thumbnail hentry category-angesagt\" role=\"listitem\">\n\t\t\t<div class=\"elementor-post__card\">\n\t\t\t\t<a class=\"elementor-post__thumbnail__link\" href=\"https:\/\/gronau-inside.de\/en\/am-25-april-um-17-uhr-erst-zum-maibaum-aufstellen-anschliessend-ab-auf-den\" tabindex=\"-1\" ><div class=\"elementor-post__thumbnail\"><img loading=\"lazy\" decoding=\"async\" width=\"710\" height=\"1000\" src=\"https:\/\/gronau-inside.de\/wp-content\/uploads\/2026\/04\/669579124_1527788999351861_2962225134210912369_n.jpg\" class=\"attachment-medium_large size-medium_large wp-image-93680\" alt=\"\" srcset=\"https:\/\/gronau-inside.de\/wp-content\/uploads\/2026\/04\/669579124_1527788999351861_2962225134210912369_n.jpg 710w, https:\/\/gronau-inside.de\/wp-content\/uploads\/2026\/04\/669579124_1527788999351861_2962225134210912369_n-213x300.jpg 213w, https:\/\/gronau-inside.de\/wp-content\/uploads\/2026\/04\/669579124_1527788999351861_2962225134210912369_n-600x845.jpg 600w\" sizes=\"(max-width: 710px) 100vw, 710px\" \/><\/div><\/a>\n\t\t\t\t<div class=\"elementor-post__text\">\n\t\t\t\t<h3 class=\"elementor-post__title\">\n\t\t\t<a href=\"https:\/\/gronau-inside.de\/en\/am-25-april-um-17-uhr-erst-zum-maibaum-aufstellen-anschliessend-ab-auf-den\" >\n\t\t\t\tAm 25. April um 17 Uhr erst zum Maibaum aufstellen &#038; anschlie\u00dfend ab auf den &#8230;\t\t\t<\/a>\n\t\t<\/h3>\n\t\t\t\t<div class=\"elementor-post__excerpt\">\n\t\t\t<p>Am 25. April um 17 Uhr erst zum Maibaum aufstellen &#038; anschlie\u00dfend ab auf den Eper Kirchplatz Jazzfest meets Fr\u00fchlingsfest mit der Band &#8220;The Funkeys&#8221; &#038; DJ. \ud83d\ude0e Gemeinsam mit<\/p>\n\t\t<\/div>\n\t\t\n\t\t<a class=\"elementor-post__read-more\" href=\"https:\/\/gronau-inside.de\/en\/am-25-april-um-17-uhr-erst-zum-maibaum-aufstellen-anschliessend-ab-auf-den\" aria-label=\"Read more about Am 25. April um 17 Uhr erst zum Maibaum aufstellen &#038; anschlie\u00dfend ab auf den &#8230;\" tabindex=\"-1\" >\n\t\t\tRead more \"\t\t<\/a>\n\n\t\t\t\t<\/div>\n\t\t\t\t\t<\/div>\n\t\t<\/article>\n\t\t\t\t<article class=\"elementor-post elementor-grid-item post-93670 post type-post status-publish format-standard has-post-thumbnail hentry category-angesagt\" role=\"listitem\">\n\t\t\t<div class=\"elementor-post__card\">\n\t\t\t\t<a class=\"elementor-post__thumbnail__link\" href=\"https:\/\/gronau-inside.de\/en\/diesen-freitag-koennt-ihr-in-der-stadtbuecherei-gronau-wieder-die-spannende-wel\" tabindex=\"-1\" ><div class=\"elementor-post__thumbnail\"><img loading=\"lazy\" decoding=\"async\" width=\"512\" height=\"800\" src=\"https:\/\/gronau-inside.de\/wp-content\/uploads\/2026\/04\/662591401_1522492053214889_2714567825221072152_n.jpg\" class=\"attachment-medium_large size-medium_large wp-image-93669\" alt=\"\" srcset=\"https:\/\/gronau-inside.de\/wp-content\/uploads\/2026\/04\/662591401_1522492053214889_2714567825221072152_n.jpg 512w, https:\/\/gronau-inside.de\/wp-content\/uploads\/2026\/04\/662591401_1522492053214889_2714567825221072152_n-192x300.jpg 192w\" sizes=\"(max-width: 512px) 100vw, 512px\" \/><\/div><\/a>\n\t\t\t\t<div class=\"elementor-post__text\">\n\t\t\t\t<h3 class=\"elementor-post__title\">\n\t\t\t<a href=\"https:\/\/gronau-inside.de\/en\/diesen-freitag-koennt-ihr-in-der-stadtbuecherei-gronau-wieder-die-spannende-wel\" >\n\t\t\t\tDiesen Freitag k\u00f6nnt ihr in der Stadtb\u00fccherei Gronau wieder die spannende Wel&#8230;\t\t\t<\/a>\n\t\t<\/h3>\n\t\t\t\t<div class=\"elementor-post__excerpt\">\n\t\t\t<p>Diesen Freitag k\u00f6nnt ihr in der Stadtb\u00fccherei Gronau wieder die spannende Welt der H\u00f6rspiele entdecken.\ud83d\ude0a Wer liebt es nicht, wenn fesselnde H\u00f6rspiele die Phantasie befl\u00fcgeln? Beim Kopfkino-Nachmittag erlebt ihr ein<\/p>\n\t\t<\/div>\n\t\t\n\t\t<a class=\"elementor-post__read-more\" href=\"https:\/\/gronau-inside.de\/en\/diesen-freitag-koennt-ihr-in-der-stadtbuecherei-gronau-wieder-die-spannende-wel\" aria-label=\"Read more about Diesen Freitag k\u00f6nnt ihr in der Stadtb\u00fccherei Gronau wieder die spannende Wel&#8230;\" tabindex=\"-1\" >\n\t\t\tRead more \"\t\t<\/a>\n\n\t\t\t\t<\/div>\n\t\t\t\t\t<\/div>\n\t\t<\/article>\n\t\t\t\t<article class=\"elementor-post elementor-grid-item post-93637 post type-post status-publish format-standard has-post-thumbnail hentry category-angesagt\" role=\"listitem\">\n\t\t\t<div class=\"elementor-post__card\">\n\t\t\t\t<a class=\"elementor-post__thumbnail__link\" href=\"https:\/\/gronau-inside.de\/en\/fruehlingsfest-epe-the-place-to-be-%f0%9f%a5%b3zusaetzlich-zum-sonntag-feiern-wir-bere\" tabindex=\"-1\" ><div class=\"elementor-post__thumbnail\"><img loading=\"lazy\" decoding=\"async\" width=\"405\" height=\"720\" src=\"https:\/\/gronau-inside.de\/wp-content\/uploads\/2026\/04\/673133333_943608465040751_7719120311295801656_n.jpg\" class=\"attachment-medium_large size-medium_large wp-image-93636\" alt=\"\" srcset=\"https:\/\/gronau-inside.de\/wp-content\/uploads\/2026\/04\/673133333_943608465040751_7719120311295801656_n.jpg 405w, https:\/\/gronau-inside.de\/wp-content\/uploads\/2026\/04\/673133333_943608465040751_7719120311295801656_n-169x300.jpg 169w\" sizes=\"(max-width: 405px) 100vw, 405px\" \/><\/div><\/a>\n\t\t\t\t<div class=\"elementor-post__text\">\n\t\t\t\t<h3 class=\"elementor-post__title\">\n\t\t\t<a href=\"https:\/\/gronau-inside.de\/en\/fruehlingsfest-epe-the-place-to-be-%f0%9f%a5%b3zusaetzlich-zum-sonntag-feiern-wir-bere\" >\n\t\t\t\tFr\u00fchlingsfest Epe &#8211; the place to be! \ud83e\udd73\nZus\u00e4tzlich zum Sonntag feiern wir bere&#8230;\t\t\t<\/a>\n\t\t<\/h3>\n\t\t\t\t<div class=\"elementor-post__excerpt\">\n\t\t\t<p>Fr\u00fchlingsfest Epe &#8211; the place to be! \ud83e\udd73 Zus\u00e4tzlich zum Sonntag feiern wir bereits am Samstag, den 25. April mit euch: DJ, Band, Drinks &#038; leckeres Essen, was will man<\/p>\n\t\t<\/div>\n\t\t\n\t\t<a class=\"elementor-post__read-more\" href=\"https:\/\/gronau-inside.de\/en\/fruehlingsfest-epe-the-place-to-be-%f0%9f%a5%b3zusaetzlich-zum-sonntag-feiern-wir-bere\" aria-label=\"Read more about Fr\u00fchlingsfest Epe &#8211; the place to be! \ud83e\udd73\nZus\u00e4tzlich zum Sonntag feiern wir bere&#8230;\" tabindex=\"-1\" >\n\t\t\tRead more \"\t\t<\/a>\n\n\t\t\t\t<\/div>\n\t\t\t\t\t<\/div>\n\t\t<\/article>\n\t\t\t\t<article class=\"elementor-post elementor-grid-item post-93618 post type-post status-publish format-standard has-post-thumbnail hentry category-angesagt\" role=\"listitem\">\n\t\t\t<div class=\"elementor-post__card\">\n\t\t\t\t<a class=\"elementor-post__thumbnail__link\" href=\"https:\/\/gronau-inside.de\/en\/am-23-april-2026-ist-es-wieder-soweit-zum-unesco-welttag-des-buches-feiern\" tabindex=\"-1\" ><div class=\"elementor-post__thumbnail\"><img loading=\"lazy\" decoding=\"async\" width=\"512\" height=\"800\" src=\"https:\/\/gronau-inside.de\/wp-content\/uploads\/2026\/04\/667300334_1522491063214988_2324619247261949672_n.jpg\" class=\"attachment-medium_large size-medium_large wp-image-93617\" alt=\"\" srcset=\"https:\/\/gronau-inside.de\/wp-content\/uploads\/2026\/04\/667300334_1522491063214988_2324619247261949672_n.jpg 512w, https:\/\/gronau-inside.de\/wp-content\/uploads\/2026\/04\/667300334_1522491063214988_2324619247261949672_n-192x300.jpg 192w\" sizes=\"(max-width: 512px) 100vw, 512px\" \/><\/div><\/a>\n\t\t\t\t<div class=\"elementor-post__text\">\n\t\t\t\t<h3 class=\"elementor-post__title\">\n\t\t\t<a href=\"https:\/\/gronau-inside.de\/en\/am-23-april-2026-ist-es-wieder-soweit-zum-unesco-welttag-des-buches-feiern\" >\n\t\t\t\tAm 23. April 2026 ist es wieder soweit: Zum UNESCO-Welttag des Buches feiern &#8230;\t\t\t<\/a>\n\t\t<\/h3>\n\t\t\t\t<div class=\"elementor-post__excerpt\">\n\t\t\t<p>Am 23. April 2026 ist es wieder soweit: Zum UNESCO-Welttag des Buches feiern Buchhandlungen, Verlage, Bibliotheken, Schulen wie auch Lesebegeisterte in ganz Deutschland und weltweit ein gro\u00dfes Lesefest. Was einst<\/p>\n\t\t<\/div>\n\t\t\n\t\t<a class=\"elementor-post__read-more\" href=\"https:\/\/gronau-inside.de\/en\/am-23-april-2026-ist-es-wieder-soweit-zum-unesco-welttag-des-buches-feiern\" aria-label=\"Read more about Am 23. April 2026 ist es wieder soweit: Zum UNESCO-Welttag des Buches feiern &#8230;\" tabindex=\"-1\" >\n\t\t\tRead more \"\t\t<\/a>\n\n\t\t\t\t<\/div>\n\t\t\t\t\t<\/div>\n\t\t<\/article>\n\t\t\t\t<article class=\"elementor-post elementor-grid-item post-93610 post type-post status-publish format-standard has-post-thumbnail hentry category-angesagt\" role=\"listitem\">\n\t\t\t<div class=\"elementor-post__card\">\n\t\t\t\t<a class=\"elementor-post__thumbnail__link\" href=\"https:\/\/gronau-inside.de\/en\/ab-sofort-am-dreilaendersee-eine-adac-radservice-station-%f0%9f%98%8d%f0%9f%91%8f\" tabindex=\"-1\" ><div class=\"elementor-post__thumbnail\"><img loading=\"lazy\" decoding=\"async\" width=\"720\" height=\"900\" src=\"https:\/\/gronau-inside.de\/wp-content\/uploads\/2026\/04\/672666215_122227793324315151_8267581347414921373_n.jpg\" class=\"attachment-medium_large size-medium_large wp-image-93609\" alt=\"\" srcset=\"https:\/\/gronau-inside.de\/wp-content\/uploads\/2026\/04\/672666215_122227793324315151_8267581347414921373_n.jpg 720w, https:\/\/gronau-inside.de\/wp-content\/uploads\/2026\/04\/672666215_122227793324315151_8267581347414921373_n-240x300.jpg 240w, https:\/\/gronau-inside.de\/wp-content\/uploads\/2026\/04\/672666215_122227793324315151_8267581347414921373_n-600x750.jpg 600w\" sizes=\"(max-width: 720px) 100vw, 720px\" \/><\/div><\/a>\n\t\t\t\t<div class=\"elementor-post__text\">\n\t\t\t\t<h3 class=\"elementor-post__title\">\n\t\t\t<a href=\"https:\/\/gronau-inside.de\/en\/ab-sofort-am-dreilaendersee-eine-adac-radservice-station-%f0%9f%98%8d%f0%9f%91%8f\" >\n\t\t\t\tAb sofort am Dreil\u00e4ndersee: Eine ADAC Radservice-Station! \ud83d\ude0d\ud83d\udc4f\t\t\t<\/a>\n\t\t<\/h3>\n\t\t\t\t<div class=\"elementor-post__excerpt\">\n\t\t\t<p>Ab sofort am Dreil\u00e4ndersee: Eine ADAC Radservice-Station! \ud83d\ude0d\ud83d\udc4f<\/p>\n\t\t<\/div>\n\t\t\n\t\t<a class=\"elementor-post__read-more\" href=\"https:\/\/gronau-inside.de\/en\/ab-sofort-am-dreilaendersee-eine-adac-radservice-station-%f0%9f%98%8d%f0%9f%91%8f\" aria-label=\"Read more about Ab sofort am Dreil\u00e4ndersee: Eine ADAC Radservice-Station! \ud83d\ude0d\ud83d\udc4f\" tabindex=\"-1\" >\n\t\t\tRead more \"\t\t<\/a>\n\n\t\t\t\t<\/div>\n\t\t\t\t\t<\/div>\n\t\t<\/article>\n\t\t\t\t<article class=\"elementor-post elementor-grid-item post-93608 post type-post status-publish format-standard has-post-thumbnail hentry category-angesagt\" role=\"listitem\">\n\t\t\t<div class=\"elementor-post__card\">\n\t\t\t\t<a class=\"elementor-post__thumbnail__link\" href=\"https:\/\/gronau-inside.de\/en\/die-termine-themen-fuer-den-grenzgenuss-bauernmarkt-auf-dem-kurti-stehen-fes\" tabindex=\"-1\" ><div class=\"elementor-post__thumbnail\"><img loading=\"lazy\" decoding=\"async\" width=\"720\" height=\"1274\" src=\"https:\/\/gronau-inside.de\/wp-content\/uploads\/2026\/04\/671594171_1527583556039072_2999277964013063414_n.jpg\" class=\"attachment-medium_large size-medium_large wp-image-93607\" alt=\"\" srcset=\"https:\/\/gronau-inside.de\/wp-content\/uploads\/2026\/04\/671594171_1527583556039072_2999277964013063414_n.jpg 720w, https:\/\/gronau-inside.de\/wp-content\/uploads\/2026\/04\/671594171_1527583556039072_2999277964013063414_n-170x300.jpg 170w, https:\/\/gronau-inside.de\/wp-content\/uploads\/2026\/04\/671594171_1527583556039072_2999277964013063414_n-579x1024.jpg 579w, https:\/\/gronau-inside.de\/wp-content\/uploads\/2026\/04\/671594171_1527583556039072_2999277964013063414_n-600x1062.jpg 600w\" sizes=\"(max-width: 720px) 100vw, 720px\" \/><\/div><\/a>\n\t\t\t\t<div class=\"elementor-post__text\">\n\t\t\t\t<h3 class=\"elementor-post__title\">\n\t\t\t<a href=\"https:\/\/gronau-inside.de\/en\/die-termine-themen-fuer-den-grenzgenuss-bauernmarkt-auf-dem-kurti-stehen-fes\" >\n\t\t\t\tDie Termine &#038; Themen f\u00fcr den GrenzGenuss Bauernmarkt auf dem Kurti stehen fes&#8230;\t\t\t<\/a>\n\t\t<\/h3>\n\t\t\t\t<div class=\"elementor-post__excerpt\">\n\t\t\t<p>Die Termine &#038; Themen f\u00fcr den GrenzGenuss Bauernmarkt auf dem Kurti stehen fest &#8211; tragt sie euch in den Kalender ein und kommt vorbei! \u263a\ufe0f\ud83d\udecd\ufe0f Kurti Events<\/p>\n\t\t<\/div>\n\t\t\n\t\t<a class=\"elementor-post__read-more\" href=\"https:\/\/gronau-inside.de\/en\/die-termine-themen-fuer-den-grenzgenuss-bauernmarkt-auf-dem-kurti-stehen-fes\" aria-label=\"Read more about Die Termine &#038; Themen f\u00fcr den GrenzGenuss Bauernmarkt auf dem Kurti stehen fes&#8230;\" tabindex=\"-1\" >\n\t\t\tRead more \"\t\t<\/a>\n\n\t\t\t\t<\/div>\n\t\t\t\t\t<\/div>\n\t\t<\/article>\n\t\t\t\t<article class=\"elementor-post elementor-grid-item post-93584 post type-post status-publish format-standard has-post-thumbnail hentry category-angesagt\" role=\"listitem\">\n\t\t\t<div class=\"elementor-post__card\">\n\t\t\t\t<a class=\"elementor-post__thumbnail__link\" href=\"https:\/\/gronau-inside.de\/en\/pietro-lombardi-kommt-am-25-mai-nach-gronau-in-die-buergerhalle-%f0%9f%a5%b3seid-dabei\" tabindex=\"-1\" ><div class=\"elementor-post__thumbnail\"><img loading=\"lazy\" decoding=\"async\" width=\"405\" height=\"720\" src=\"https:\/\/gronau-inside.de\/wp-content\/uploads\/2026\/04\/672248958_1447846156792191_2593155390893268570_n.jpg\" class=\"attachment-medium_large size-medium_large wp-image-93583\" alt=\"\" srcset=\"https:\/\/gronau-inside.de\/wp-content\/uploads\/2026\/04\/672248958_1447846156792191_2593155390893268570_n.jpg 405w, https:\/\/gronau-inside.de\/wp-content\/uploads\/2026\/04\/672248958_1447846156792191_2593155390893268570_n-169x300.jpg 169w\" sizes=\"(max-width: 405px) 100vw, 405px\" \/><\/div><\/a>\n\t\t\t\t<div class=\"elementor-post__text\">\n\t\t\t\t<h3 class=\"elementor-post__title\">\n\t\t\t<a href=\"https:\/\/gronau-inside.de\/en\/pietro-lombardi-kommt-am-25-mai-nach-gronau-in-die-buergerhalle-%f0%9f%a5%b3seid-dabei\" >\n\t\t\t\tPietro Lombardi kommt am 25. Mai nach Gronau in die B\u00fcrgerhalle! \ud83e\udd73\nSeid dabei&#8230;\t\t\t<\/a>\n\t\t<\/h3>\n\t\t\t\t<div class=\"elementor-post__excerpt\">\n\t\t\t<p>Pietro Lombardi kommt am 25. Mai nach Gronau in die B\u00fcrgerhalle! \ud83e\udd73 Seid dabei, wenn er Hits wie \u201eSe\u00f1orita&#8221; oder \u201ePh\u00e4nomenal\u201c pr\u00e4sentiert. \ud83d\udc83 Tickets bekommt ihr in der Touristinfo Gronau<\/p>\n\t\t<\/div>\n\t\t\n\t\t<a class=\"elementor-post__read-more\" href=\"https:\/\/gronau-inside.de\/en\/pietro-lombardi-kommt-am-25-mai-nach-gronau-in-die-buergerhalle-%f0%9f%a5%b3seid-dabei\" aria-label=\"Read more about Pietro Lombardi kommt am 25. Mai nach Gronau in die B\u00fcrgerhalle! \ud83e\udd73\nSeid dabei&#8230;\" tabindex=\"-1\" >\n\t\t\tRead more \"\t\t<\/a>\n\n\t\t\t\t<\/div>\n\t\t\t\t\t<\/div>\n\t\t<\/article>\n\t\t\t\t<article class=\"elementor-post elementor-grid-item post-93582 post type-post status-publish format-standard has-post-thumbnail hentry category-angesagt\" role=\"listitem\">\n\t\t\t<div class=\"elementor-post__card\">\n\t\t\t\t<a class=\"elementor-post__thumbnail__link\" href=\"https:\/\/gronau-inside.de\/en\/wow-am-wochenende-ist-einiges-los-in-gronau-%f0%9f%98%8dschaut-mal-in-unsere-tipps\" tabindex=\"-1\" ><div class=\"elementor-post__thumbnail\"><img loading=\"lazy\" decoding=\"async\" width=\"720\" height=\"900\" src=\"https:\/\/gronau-inside.de\/wp-content\/uploads\/2026\/04\/673674138_1530237889106972_3308204845542710447_n.jpg\" class=\"attachment-medium_large size-medium_large wp-image-93581\" alt=\"\" srcset=\"https:\/\/gronau-inside.de\/wp-content\/uploads\/2026\/04\/673674138_1530237889106972_3308204845542710447_n.jpg 720w, https:\/\/gronau-inside.de\/wp-content\/uploads\/2026\/04\/673674138_1530237889106972_3308204845542710447_n-240x300.jpg 240w, https:\/\/gronau-inside.de\/wp-content\/uploads\/2026\/04\/673674138_1530237889106972_3308204845542710447_n-600x750.jpg 600w\" sizes=\"(max-width: 720px) 100vw, 720px\" \/><\/div><\/a>\n\t\t\t\t<div class=\"elementor-post__text\">\n\t\t\t\t<h3 class=\"elementor-post__title\">\n\t\t\t<a href=\"https:\/\/gronau-inside.de\/en\/wow-am-wochenende-ist-einiges-los-in-gronau-%f0%9f%98%8dschaut-mal-in-unsere-tipps\" >\n\t\t\t\tWow, am Wochenende ist einiges los in Gronau! \ud83d\ude0d\nSchaut mal in unsere Tipps &#038; &#8230;\t\t\t<\/a>\n\t\t<\/h3>\n\t\t\t\t<div class=\"elementor-post__excerpt\">\n\t\t\t<p>Wow, am Wochenende ist einiges los in Gronau! \ud83d\ude0d Schaut mal in unsere Tipps &#038; sucht euch was sch\u00f6nes raus. Alle Infos findet ihr unter www.gronau-inside.de\/veranstaltungen Wir w\u00fcnschen ein sch\u00f6nes<\/p>\n\t\t<\/div>\n\t\t\n\t\t<a class=\"elementor-post__read-more\" href=\"https:\/\/gronau-inside.de\/en\/wow-am-wochenende-ist-einiges-los-in-gronau-%f0%9f%98%8dschaut-mal-in-unsere-tipps\" aria-label=\"Read more about Wow, am Wochenende ist einiges los in Gronau! \ud83d\ude0d\nSchaut mal in unsere Tipps &#038; &#8230;\" tabindex=\"-1\" >\n\t\t\tRead more \"\t\t<\/a>\n\n\t\t\t\t<\/div>\n\t\t\t\t\t<\/div>\n\t\t<\/article>\n\t\t\t\t<\/div>\n\t\t\n\t\t\t\t<div class=\"e-load-more-anchor\" data-page=\"1\" data-max-page=\"136\" data-next-page=\"https:\/\/gronau-inside.de\/en\/wp-json\/wp\/v2\/pages\/7362\/page\/2\"><\/div>\n\t\t\t\t<nav class=\"elementor-pagination\" aria-label=\"Pagination\">\n\t\t\t<span aria-current=\"page\" class=\"page-numbers current\"><span class=\"elementor-screen-only\">Page<\/span>1<\/span>\n<a class=\"page-numbers\" href=\"https:\/\/gronau-inside.de\/en\/wp-json\/wp\/v2\/pages\/7362\/page\/2\"><span class=\"elementor-screen-only\">Page<\/span>2<\/a>\n<a class=\"page-numbers\" href=\"https:\/\/gronau-inside.de\/en\/wp-json\/wp\/v2\/pages\/7362\/page\/3\"><span class=\"elementor-screen-only\">Page<\/span>3<\/a>\n<span class=\"page-numbers dots\">&hellip;<\/span>\n<a class=\"page-numbers\" href=\"https:\/\/gronau-inside.de\/en\/wp-json\/wp\/v2\/pages\/7362\/page\/136\"><span class=\"elementor-screen-only\">Page<\/span>136<\/a>\t\t<\/nav>\n\t\t\t\t\t\t<\/div>\n\t\t\t\t<\/div>\n\t\t\t\t\t<\/div>\n\t\t<\/div>\n\t\t\t\t\t<\/div>\n\t\t<\/section>\n\t\t\t\t<\/div>\n\t\t","protected":false},"excerpt":{"rendered":"<p>CURRENTS<\/p>\n","protected":false},"author":2,"featured_media":0,"parent":0,"menu_order":4,"comment_status":"closed","ping_status":"closed","template":"","meta":{"_acf_changed":false,"_price":"","_stock":"","_tribe_ticket_header":"","_tribe_default_ticket_provider":"","_tribe_ticket_capacity":"0","_ticket_start_date":"","_ticket_end_date":"","_tribe_ticket_show_description":"","_tribe_ticket_show_not_going":false,"_tribe_ticket_use_global_stock":"","_tribe_ticket_global_stock_level":"","_global_stock_mode":"","_global_stock_cap":"","_tribe_rsvp_for_event":"","_tribe_ticket_going_count":"","_tribe_ticket_not_going_count":"","_tribe_tickets_list":"[]","_tribe_ticket_has_attendee_info_fields":false,"footnotes":"","_tec_slr_enabled":"","_tec_slr_layout":""},"class_list":["post-7362","page","type-page","status-publish","hentry"],"acf":[],"yoast_head":"<!-- This site is optimized with the Yoast SEO plugin v27.4 - https:\/\/yoast.com\/product\/yoast-seo-wordpress\/ -->\n<title>News - Gronau Inside<\/title>\n<meta name=\"robots\" content=\"index, follow, max-snippet:-1, max-image-preview:large, max-video-preview:-1\" \/>\n<link rel=\"canonical\" href=\"https:\/\/gronau-inside.de\/en\/news\" \/>\n<meta property=\"og:locale\" content=\"en_US\" \/>\n<meta property=\"og:type\" content=\"article\" \/>\n<meta property=\"og:title\" content=\"News - Gronau Inside\" \/>\n<meta property=\"og:description\" content=\"CURRENTS\" \/>\n<meta property=\"og:url\" content=\"https:\/\/gronau-inside.de\/en\/news\" \/>\n<meta property=\"og:site_name\" content=\"Gronau Inside\" \/>\n<meta property=\"article:modified_time\" content=\"2023-07-11T10:48:48+00:00\" \/>\n<meta name=\"twitter:card\" content=\"summary_large_image\" \/>\n<script type=\"application\/ld+json\" class=\"yoast-schema-graph\">{\"@context\":\"https:\\\/\\\/schema.org\",\"@graph\":[{\"@type\":\"WebPage\",\"@id\":\"https:\\\/\\\/gronau-inside.de\\\/en\\\/news\",\"url\":\"https:\\\/\\\/gronau-inside.de\\\/en\\\/news\",\"name\":\"News - Gronau Inside\",\"isPartOf\":{\"@id\":\"https:\\\/\\\/gronau-inside.de\\\/en#website\"},\"datePublished\":\"2021-05-17T15:23:10+00:00\",\"dateModified\":\"2023-07-11T10:48:48+00:00\",\"breadcrumb\":{\"@id\":\"https:\\\/\\\/gronau-inside.de\\\/en\\\/news#breadcrumb\"},\"inLanguage\":\"en-US\",\"potentialAction\":[{\"@type\":\"ReadAction\",\"target\":[\"https:\\\/\\\/gronau-inside.de\\\/en\\\/news\"]}]},{\"@type\":\"BreadcrumbList\",\"@id\":\"https:\\\/\\\/gronau-inside.de\\\/en\\\/news#breadcrumb\",\"itemListElement\":[{\"@type\":\"ListItem\",\"position\":1,\"name\":\"Startseite\",\"item\":\"https:\\\/\\\/gronau-inside.de\\\/en\\\/home-page\"},{\"@type\":\"ListItem\",\"position\":2,\"name\":\"News\"}]},{\"@type\":\"WebSite\",\"@id\":\"https:\\\/\\\/gronau-inside.de\\\/en#website\",\"url\":\"https:\\\/\\\/gronau-inside.de\\\/en\",\"name\":\"Gronau Inside\",\"description\":\"Musikstadt im Gr\u00fcnen\",\"publisher\":{\"@id\":\"https:\\\/\\\/gronau-inside.de\\\/en#organization\"},\"potentialAction\":[{\"@type\":\"SearchAction\",\"target\":{\"@type\":\"EntryPoint\",\"urlTemplate\":\"https:\\\/\\\/gronau-inside.de\\\/en?s={search_term_string}\"},\"query-input\":{\"@type\":\"PropertyValueSpecification\",\"valueRequired\":true,\"valueName\":\"search_term_string\"}}],\"inLanguage\":\"en-US\"},{\"@type\":\"Organization\",\"@id\":\"https:\\\/\\\/gronau-inside.de\\\/en#organization\",\"name\":\"Gronau Inside\",\"url\":\"https:\\\/\\\/gronau-inside.de\\\/en\",\"logo\":{\"@type\":\"ImageObject\",\"inLanguage\":\"en-US\",\"@id\":\"https:\\\/\\\/gronau-inside.de\\\/en#\\\/schema\\\/logo\\\/image\\\/\",\"url\":\"https:\\\/\\\/gronau-inside.de\\\/wp-content\\\/uploads\\\/2020\\\/10\\\/01_gronau-logo_weissaufweiss_Schriftzug-1.png\",\"contentUrl\":\"https:\\\/\\\/gronau-inside.de\\\/wp-content\\\/uploads\\\/2020\\\/10\\\/01_gronau-logo_weissaufweiss_Schriftzug-1.png\",\"width\":254,\"height\":246,\"caption\":\"Gronau Inside\"},\"image\":{\"@id\":\"https:\\\/\\\/gronau-inside.de\\\/en#\\\/schema\\\/logo\\\/image\\\/\"}}]}<\/script>\n<!-- \/ Yoast SEO plugin. -->","yoast_head_json":{"title":"News - Gronau Inside","robots":{"index":"index","follow":"follow","max-snippet":"max-snippet:-1","max-image-preview":"max-image-preview:large","max-video-preview":"max-video-preview:-1"},"canonical":"https:\/\/gronau-inside.de\/en\/news","og_locale":"en_US","og_type":"article","og_title":"News - Gronau Inside","og_description":"CURRENTS","og_url":"https:\/\/gronau-inside.de\/en\/news","og_site_name":"Gronau Inside","article_modified_time":"2023-07-11T10:48:48+00:00","twitter_card":"summary_large_image","schema":{"@context":"https:\/\/schema.org","@graph":[{"@type":"WebPage","@id":"https:\/\/gronau-inside.de\/en\/news","url":"https:\/\/gronau-inside.de\/en\/news","name":"News - Gronau Inside","isPartOf":{"@id":"https:\/\/gronau-inside.de\/en#website"},"datePublished":"2021-05-17T15:23:10+00:00","dateModified":"2023-07-11T10:48:48+00:00","breadcrumb":{"@id":"https:\/\/gronau-inside.de\/en\/news#breadcrumb"},"inLanguage":"en-US","potentialAction":[{"@type":"ReadAction","target":["https:\/\/gronau-inside.de\/en\/news"]}]},{"@type":"BreadcrumbList","@id":"https:\/\/gronau-inside.de\/en\/news#breadcrumb","itemListElement":[{"@type":"ListItem","position":1,"name":"Startseite","item":"https:\/\/gronau-inside.de\/en\/home-page"},{"@type":"ListItem","position":2,"name":"News"}]},{"@type":"WebSite","@id":"https:\/\/gronau-inside.de\/en#website","url":"https:\/\/gronau-inside.de\/en","name":"Gronau Inside","description":"Musikstadt im Gr\u00fcnen","publisher":{"@id":"https:\/\/gronau-inside.de\/en#organization"},"potentialAction":[{"@type":"SearchAction","target":{"@type":"EntryPoint","urlTemplate":"https:\/\/gronau-inside.de\/en?s={search_term_string}"},"query-input":{"@type":"PropertyValueSpecification","valueRequired":true,"valueName":"search_term_string"}}],"inLanguage":"en-US"},{"@type":"Organization","@id":"https:\/\/gronau-inside.de\/en#organization","name":"Gronau Inside","url":"https:\/\/gronau-inside.de\/en","logo":{"@type":"ImageObject","inLanguage":"en-US","@id":"https:\/\/gronau-inside.de\/en#\/schema\/logo\/image\/","url":"https:\/\/gronau-inside.de\/wp-content\/uploads\/2020\/10\/01_gronau-logo_weissaufweiss_Schriftzug-1.png","contentUrl":"https:\/\/gronau-inside.de\/wp-content\/uploads\/2020\/10\/01_gronau-logo_weissaufweiss_Schriftzug-1.png","width":254,"height":246,"caption":"Gronau Inside"},"image":{"@id":"https:\/\/gronau-inside.de\/en#\/schema\/logo\/image\/"}}]}},"ticketed":false,"_links":{"self":[{"href":"https:\/\/gronau-inside.de\/en\/wp-json\/wp\/v2\/pages\/7362","targetHints":{"allow":["GET"]}}],"collection":[{"href":"https:\/\/gronau-inside.de\/en\/wp-json\/wp\/v2\/pages"}],"about":[{"href":"https:\/\/gronau-inside.de\/en\/wp-json\/wp\/v2\/types\/page"}],"author":[{"embeddable":true,"href":"https:\/\/gronau-inside.de\/en\/wp-json\/wp\/v2\/users\/2"}],"replies":[{"embeddable":true,"href":"https:\/\/gronau-inside.de\/en\/wp-json\/wp\/v2\/comments?post=7362"}],"version-history":[{"count":0,"href":"https:\/\/gronau-inside.de\/en\/wp-json\/wp\/v2\/pages\/7362\/revisions"}],"wp:attachment":[{"href":"https:\/\/gronau-inside.de\/en\/wp-json\/wp\/v2\/media?parent=7362"}],"curies":[{"name":"wp","href":"https:\/\/api.w.org\/{rel}","templated":true}]}}