{"id":7362,"date":"2021-05-17T17:23:10","date_gmt":"2021-05-17T15:23:10","guid":{"rendered":"https:\/\/gronau-inside.heska.mp\/news\/"},"modified":"2023-07-11T12:48:48","modified_gmt":"2023-07-11T10:48:48","slug":"news","status":"publish","type":"page","link":"https:\/\/gronau-inside.de\/en\/news","title":{"rendered":"News"},"content":{"rendered":"\t\t<div data-elementor-type=\"wp-page\" data-elementor-id=\"7362\" class=\"elementor elementor-7362 elementor-334\" data-elementor-post-type=\"page\">\n\t\t\t\t\t\t<section class=\"elementor-section elementor-top-section elementor-element elementor-element-adda85d elementor-section-boxed elementor-section-height-default elementor-section-height-default\" data-id=\"adda85d\" data-element_type=\"section\" data-e-type=\"section\" data-settings=\"{&quot;jet_parallax_layout_list&quot;:[{&quot;jet_parallax_layout_image&quot;:{&quot;url&quot;:&quot;&quot;,&quot;id&quot;:&quot;&quot;,&quot;size&quot;:&quot;&quot;},&quot;_id&quot;:&quot;15edc51&quot;,&quot;jet_parallax_layout_image_tablet&quot;:{&quot;url&quot;:&quot;&quot;,&quot;id&quot;:&quot;&quot;,&quot;size&quot;:&quot;&quot;},&quot;jet_parallax_layout_image_mobile&quot;:{&quot;url&quot;:&quot;&quot;,&quot;id&quot;:&quot;&quot;,&quot;size&quot;:&quot;&quot;},&quot;jet_parallax_layout_speed&quot;:{&quot;unit&quot;:&quot;%&quot;,&quot;size&quot;:50,&quot;sizes&quot;:[]},&quot;jet_parallax_layout_type&quot;:&quot;scroll&quot;,&quot;jet_parallax_layout_direction&quot;:&quot;1&quot;,&quot;jet_parallax_layout_fx_direction&quot;:null,&quot;jet_parallax_layout_z_index&quot;:&quot;&quot;,&quot;jet_parallax_layout_bg_x&quot;:50,&quot;jet_parallax_layout_bg_x_tablet&quot;:&quot;&quot;,&quot;jet_parallax_layout_bg_x_mobile&quot;:&quot;&quot;,&quot;jet_parallax_layout_bg_y&quot;:50,&quot;jet_parallax_layout_bg_y_tablet&quot;:&quot;&quot;,&quot;jet_parallax_layout_bg_y_mobile&quot;:&quot;&quot;,&quot;jet_parallax_layout_bg_size&quot;:&quot;auto&quot;,&quot;jet_parallax_layout_bg_size_tablet&quot;:&quot;&quot;,&quot;jet_parallax_layout_bg_size_mobile&quot;:&quot;&quot;,&quot;jet_parallax_layout_animation_prop&quot;:&quot;transform&quot;,&quot;jet_parallax_layout_on&quot;:[&quot;desktop&quot;,&quot;tablet&quot;]}],&quot;ekit_has_onepagescroll_dot&quot;:&quot;yes&quot;}\">\n\t\t\t\t\t\t<div class=\"elementor-container elementor-column-gap-default\">\n\t\t\t\t\t<div class=\"elementor-column elementor-col-100 elementor-top-column elementor-element elementor-element-3fd2737\" data-id=\"3fd2737\" data-element_type=\"column\" data-e-type=\"column\">\n\t\t\t<div class=\"elementor-widget-wrap elementor-element-populated\">\n\t\t\t\t\t\t<div class=\"elementor-element elementor-element-23fba76 elementor-widget elementor-widget-heading\" data-id=\"23fba76\" data-element_type=\"widget\" data-e-type=\"widget\" data-settings=\"{&quot;ekit_we_effect_on&quot;:&quot;none&quot;}\" data-widget_type=\"heading.default\">\n\t\t\t\t<div class=\"elementor-widget-container\">\n\t\t\t\t\t<h2 class=\"elementor-heading-title elementor-size-default\">CURRENTS<\/h2>\t\t\t\t<\/div>\n\t\t\t\t<\/div>\n\t\t\t\t<div class=\"elementor-element elementor-element-fc580bc elementor-widget-divider--view-line elementor-widget elementor-widget-divider\" data-id=\"fc580bc\" data-element_type=\"widget\" data-e-type=\"widget\" data-settings=\"{&quot;ekit_we_effect_on&quot;:&quot;none&quot;}\" data-widget_type=\"divider.default\">\n\t\t\t\t<div class=\"elementor-widget-container\">\n\t\t\t\t\t\t\t<div class=\"elementor-divider\">\n\t\t\t<span class=\"elementor-divider-separator\">\n\t\t\t\t\t\t<\/span>\n\t\t<\/div>\n\t\t\t\t\t\t<\/div>\n\t\t\t\t<\/div>\n\t\t\t\t<div class=\"elementor-element elementor-element-d11ed13 elementor-grid-3 elementor-grid-tablet-2 elementor-grid-mobile-1 elementor-posts--thumbnail-top elementor-card-shadow-yes elementor-posts__hover-gradient elementor-widget elementor-widget-posts\" data-id=\"d11ed13\" data-element_type=\"widget\" data-e-type=\"widget\" data-settings=\"{&quot;pagination_type&quot;:&quot;numbers&quot;,&quot;cards_columns&quot;:&quot;3&quot;,&quot;cards_columns_tablet&quot;:&quot;2&quot;,&quot;cards_columns_mobile&quot;:&quot;1&quot;,&quot;cards_row_gap&quot;:{&quot;unit&quot;:&quot;px&quot;,&quot;size&quot;:35,&quot;sizes&quot;:[]},&quot;cards_row_gap_tablet&quot;:{&quot;unit&quot;:&quot;px&quot;,&quot;size&quot;:&quot;&quot;,&quot;sizes&quot;:[]},&quot;cards_row_gap_mobile&quot;:{&quot;unit&quot;:&quot;px&quot;,&quot;size&quot;:&quot;&quot;,&quot;sizes&quot;:[]},&quot;ekit_we_effect_on&quot;:&quot;none&quot;}\" data-widget_type=\"posts.cards\">\n\t\t\t\t<div class=\"elementor-widget-container\">\n\t\t\t\t\t\t\t<div class=\"elementor-posts-container elementor-posts elementor-posts--skin-cards elementor-grid\" role=\"list\">\n\t\t\t\t<article class=\"elementor-post elementor-grid-item post-93885 post type-post status-publish format-standard has-post-thumbnail hentry category-angesagt\" role=\"listitem\">\n\t\t\t<div class=\"elementor-post__card\">\n\t\t\t\t<a class=\"elementor-post__thumbnail__link\" href=\"https:\/\/gronau-inside.de\/en\/ihr-sucht-mit-euren-kids-heute-noch-ein-ausflugsziel-dann-kommt-zur-kk-musi\" tabindex=\"-1\" ><div class=\"elementor-post__thumbnail\"><img fetchpriority=\"high\" decoding=\"async\" width=\"720\" height=\"900\" src=\"https:\/\/gronau-inside.de\/wp-content\/uploads\/2026\/05\/678839388_1537472641716830_7675595013965101380_n.jpg\" class=\"attachment-medium_large size-medium_large wp-image-93884\" alt=\"\" srcset=\"https:\/\/gronau-inside.de\/wp-content\/uploads\/2026\/05\/678839388_1537472641716830_7675595013965101380_n.jpg 720w, https:\/\/gronau-inside.de\/wp-content\/uploads\/2026\/05\/678839388_1537472641716830_7675595013965101380_n-240x300.jpg 240w, https:\/\/gronau-inside.de\/wp-content\/uploads\/2026\/05\/678839388_1537472641716830_7675595013965101380_n-600x750.jpg 600w\" sizes=\"(max-width: 720px) 100vw, 720px\" \/><\/div><\/a>\n\t\t\t\t<div class=\"elementor-post__text\">\n\t\t\t\t<h3 class=\"elementor-post__title\">\n\t\t\t<a href=\"https:\/\/gronau-inside.de\/en\/ihr-sucht-mit-euren-kids-heute-noch-ein-ausflugsziel-dann-kommt-zur-kk-musi\" >\n\t\t\t\tIhr sucht mit euren Kids heute noch ein Ausflugsziel? Dann kommt zur K+K Musi&#8230;\t\t\t<\/a>\n\t\t<\/h3>\n\t\t\t\t<div class=\"elementor-post__excerpt\">\n\t\t\t<p>Ihr sucht mit euren Kids heute noch ein Ausflugsziel? Dann kommt zur K+K Musiknacht! \ud83d\ude4c\ud83d\ude0d Ab 16:30 Uhr wird auf der H\u00fcpfburg rumgetobt, gebastelt und getanzt. Die Kinderband Pelemele l\u00e4sst<\/p>\n\t\t<\/div>\n\t\t\n\t\t<a class=\"elementor-post__read-more\" href=\"https:\/\/gronau-inside.de\/en\/ihr-sucht-mit-euren-kids-heute-noch-ein-ausflugsziel-dann-kommt-zur-kk-musi\" aria-label=\"Read more about Ihr sucht mit euren Kids heute noch ein Ausflugsziel? Dann kommt zur K+K Musi&#8230;\" tabindex=\"-1\" >\n\t\t\tRead more \"\t\t<\/a>\n\n\t\t\t\t<\/div>\n\t\t\t\t\t<\/div>\n\t\t<\/article>\n\t\t\t\t<article class=\"elementor-post elementor-grid-item post-93868 post type-post status-publish format-standard has-post-thumbnail hentry category-angesagt\" role=\"listitem\">\n\t\t\t<div class=\"elementor-post__card\">\n\t\t\t\t<a class=\"elementor-post__thumbnail__link\" href=\"https:\/\/gronau-inside.de\/en\/wer-heute-noch-spontan-lust-hat-kommt-rum-%f0%9f%98%8d\" tabindex=\"-1\" ><div class=\"elementor-post__thumbnail\"><img decoding=\"async\" width=\"720\" height=\"900\" src=\"https:\/\/gronau-inside.de\/wp-content\/uploads\/2026\/05\/679513339_1555934513206603_3247406010688217379_n.jpg\" class=\"attachment-medium_large size-medium_large wp-image-93867\" alt=\"\" srcset=\"https:\/\/gronau-inside.de\/wp-content\/uploads\/2026\/05\/679513339_1555934513206603_3247406010688217379_n.jpg 720w, https:\/\/gronau-inside.de\/wp-content\/uploads\/2026\/05\/679513339_1555934513206603_3247406010688217379_n-240x300.jpg 240w, https:\/\/gronau-inside.de\/wp-content\/uploads\/2026\/05\/679513339_1555934513206603_3247406010688217379_n-600x750.jpg 600w\" sizes=\"(max-width: 720px) 100vw, 720px\" \/><\/div><\/a>\n\t\t\t\t<div class=\"elementor-post__text\">\n\t\t\t\t<h3 class=\"elementor-post__title\">\n\t\t\t<a href=\"https:\/\/gronau-inside.de\/en\/wer-heute-noch-spontan-lust-hat-kommt-rum-%f0%9f%98%8d\" >\n\t\t\t\tWer heute noch spontan Lust hat, kommt rum! \ud83d\ude0d\t\t\t<\/a>\n\t\t<\/h3>\n\t\t\t\t<div class=\"elementor-post__excerpt\">\n\t\t\t<p>Wer heute noch spontan Lust hat, kommt rum! \ud83d\ude0d<\/p>\n\t\t<\/div>\n\t\t\n\t\t<a class=\"elementor-post__read-more\" href=\"https:\/\/gronau-inside.de\/en\/wer-heute-noch-spontan-lust-hat-kommt-rum-%f0%9f%98%8d\" aria-label=\"Read more about Wer heute noch spontan Lust hat, kommt rum! \ud83d\ude0d\" tabindex=\"-1\" >\n\t\t\tRead more \"\t\t<\/a>\n\n\t\t\t\t<\/div>\n\t\t\t\t\t<\/div>\n\t\t<\/article>\n\t\t\t\t<article class=\"elementor-post elementor-grid-item post-93866 post type-post status-publish format-standard has-post-thumbnail hentry category-angesagt\" role=\"listitem\">\n\t\t\t<div class=\"elementor-post__card\">\n\t\t\t\t<a class=\"elementor-post__thumbnail__link\" href=\"https:\/\/gronau-inside.de\/en\/lust-jonathan-und-seine-freunde-kennenzulernen-dann-kommt-mit-auf-eine-alpak\" tabindex=\"-1\" ><div class=\"elementor-post__thumbnail\"><img decoding=\"async\" width=\"405\" height=\"720\" src=\"https:\/\/gronau-inside.de\/wp-content\/uploads\/2026\/05\/684318652_1490114436165663_9144586761302440233_n.jpg\" class=\"attachment-medium_large size-medium_large wp-image-93865\" alt=\"\" srcset=\"https:\/\/gronau-inside.de\/wp-content\/uploads\/2026\/05\/684318652_1490114436165663_9144586761302440233_n.jpg 405w, https:\/\/gronau-inside.de\/wp-content\/uploads\/2026\/05\/684318652_1490114436165663_9144586761302440233_n-169x300.jpg 169w\" sizes=\"(max-width: 405px) 100vw, 405px\" \/><\/div><\/a>\n\t\t\t\t<div class=\"elementor-post__text\">\n\t\t\t\t<h3 class=\"elementor-post__title\">\n\t\t\t<a href=\"https:\/\/gronau-inside.de\/en\/lust-jonathan-und-seine-freunde-kennenzulernen-dann-kommt-mit-auf-eine-alpak\" >\n\t\t\t\tLust Jonathan und seine Freunde kennenzulernen? Dann kommt mit auf eine Alpak&#8230;\t\t\t<\/a>\n\t\t<\/h3>\n\t\t\t\t<div class=\"elementor-post__excerpt\">\n\t\t\t<p>Lust Jonathan und seine Freunde kennenzulernen? Dann kommt mit auf eine Alpaka-Wanderung. \u263a\ufe0f\ud83e\udd99 Alle Infos findet ihr unter https:\/\/gronau-inside.de\/produkt\/alpakawanderung-durch-gronau-epe-mit-picknick<\/p>\n\t\t<\/div>\n\t\t\n\t\t<a class=\"elementor-post__read-more\" href=\"https:\/\/gronau-inside.de\/en\/lust-jonathan-und-seine-freunde-kennenzulernen-dann-kommt-mit-auf-eine-alpak\" aria-label=\"Read more about Lust Jonathan und seine Freunde kennenzulernen? Dann kommt mit auf eine Alpak&#8230;\" tabindex=\"-1\" >\n\t\t\tRead more \"\t\t<\/a>\n\n\t\t\t\t<\/div>\n\t\t\t\t\t<\/div>\n\t\t<\/article>\n\t\t\t\t<article class=\"elementor-post elementor-grid-item post-93855 post type-post status-publish format-standard has-post-thumbnail hentry category-angesagt\" role=\"listitem\">\n\t\t\t<div class=\"elementor-post__card\">\n\t\t\t\t<a class=\"elementor-post__thumbnail__link\" href=\"https:\/\/gronau-inside.de\/en\/aufgrund-von-organisatorischen-rahmenbedingungen-die-eine-durchfuehrung-des-e\" tabindex=\"-1\" ><div class=\"elementor-post__thumbnail\"><img loading=\"lazy\" decoding=\"async\" width=\"720\" height=\"962\" src=\"https:\/\/gronau-inside.de\/wp-content\/uploads\/2026\/04\/681345149_1542961604501267_810788474725411300_n.jpg\" class=\"attachment-medium_large size-medium_large wp-image-93854\" alt=\"\" srcset=\"https:\/\/gronau-inside.de\/wp-content\/uploads\/2026\/04\/681345149_1542961604501267_810788474725411300_n.jpg 720w, https:\/\/gronau-inside.de\/wp-content\/uploads\/2026\/04\/681345149_1542961604501267_810788474725411300_n-225x300.jpg 225w, https:\/\/gronau-inside.de\/wp-content\/uploads\/2026\/04\/681345149_1542961604501267_810788474725411300_n-600x802.jpg 600w\" sizes=\"(max-width: 720px) 100vw, 720px\" \/><\/div><\/a>\n\t\t\t\t<div class=\"elementor-post__text\">\n\t\t\t\t<h3 class=\"elementor-post__title\">\n\t\t\t<a href=\"https:\/\/gronau-inside.de\/en\/aufgrund-von-organisatorischen-rahmenbedingungen-die-eine-durchfuehrung-des-e\" >\n\t\t\t\tAufgrund von organisatorischen Rahmenbedingungen, die eine Durchf\u00fchrung des E&#8230;\t\t\t<\/a>\n\t\t<\/h3>\n\t\t\t\t<div class=\"elementor-post__excerpt\">\n\t\t\t<p>Aufgrund von organisatorischen Rahmenbedingungen, die eine Durchf\u00fchrung des Events nicht realisierbar machen, hat der Veranstalter Music and Art Production aus Ochtrup das Konzert mit Pietro Lombardi am 25.05. in der<\/p>\n\t\t<\/div>\n\t\t\n\t\t<a class=\"elementor-post__read-more\" href=\"https:\/\/gronau-inside.de\/en\/aufgrund-von-organisatorischen-rahmenbedingungen-die-eine-durchfuehrung-des-e\" aria-label=\"Read more about Aufgrund von organisatorischen Rahmenbedingungen, die eine Durchf\u00fchrung des E&#8230;\" tabindex=\"-1\" >\n\t\t\tRead more \"\t\t<\/a>\n\n\t\t\t\t<\/div>\n\t\t\t\t\t<\/div>\n\t\t<\/article>\n\t\t\t\t<article class=\"elementor-post elementor-grid-item post-93839 post type-post status-publish format-standard has-post-thumbnail hentry category-angesagt\" role=\"listitem\">\n\t\t\t<div class=\"elementor-post__card\">\n\t\t\t\t<a class=\"elementor-post__thumbnail__link\" href=\"https:\/\/gronau-inside.de\/en\/laaaaanges-wochenende-das-steht-ganz-im-zeichen-des-jazzfest-gronau-%f0%9f%8e%b7%f0%9f%8e%b6-wi-2\" tabindex=\"-1\" ><div class=\"elementor-post__thumbnail\"><img loading=\"lazy\" decoding=\"async\" width=\"720\" height=\"900\" src=\"https:\/\/gronau-inside.de\/wp-content\/uploads\/2026\/04\/686100472_1542814201182674_8471466853569490767_n.jpg\" class=\"attachment-medium_large size-medium_large wp-image-93838\" alt=\"\" srcset=\"https:\/\/gronau-inside.de\/wp-content\/uploads\/2026\/04\/686100472_1542814201182674_8471466853569490767_n.jpg 720w, https:\/\/gronau-inside.de\/wp-content\/uploads\/2026\/04\/686100472_1542814201182674_8471466853569490767_n-240x300.jpg 240w, https:\/\/gronau-inside.de\/wp-content\/uploads\/2026\/04\/686100472_1542814201182674_8471466853569490767_n-600x750.jpg 600w\" sizes=\"(max-width: 720px) 100vw, 720px\" \/><\/div><\/a>\n\t\t\t\t<div class=\"elementor-post__text\">\n\t\t\t\t<h3 class=\"elementor-post__title\">\n\t\t\t<a href=\"https:\/\/gronau-inside.de\/en\/laaaaanges-wochenende-das-steht-ganz-im-zeichen-des-jazzfest-gronau-%f0%9f%8e%b7%f0%9f%8e%b6-wi-2\" >\n\t\t\t\tLaaaaanges Wochenende &#038; das steht ganz im Zeichen des Jazzfest Gronau! \ud83c\udfb7\ud83c\udfb6 \nWi&#8230;\t\t\t<\/a>\n\t\t<\/h3>\n\t\t\t\t<div class=\"elementor-post__excerpt\">\n\t\t\t<p>Laaaaanges Wochenende &#038; das steht ganz im Zeichen des Jazzfest Gronau! \ud83c\udfb7\ud83c\udfb6 Wir freuen uns auf viele tolle Konzerte in unserer Stadt. \u263a\ufe0f Alle Infos findet ihr auf unserer Webseite<\/p>\n\t\t<\/div>\n\t\t\n\t\t<a class=\"elementor-post__read-more\" href=\"https:\/\/gronau-inside.de\/en\/laaaaanges-wochenende-das-steht-ganz-im-zeichen-des-jazzfest-gronau-%f0%9f%8e%b7%f0%9f%8e%b6-wi-2\" aria-label=\"Read more about Laaaaanges Wochenende &#038; das steht ganz im Zeichen des Jazzfest Gronau! \ud83c\udfb7\ud83c\udfb6 \nWi&#8230;\" tabindex=\"-1\" >\n\t\t\tRead more \"\t\t<\/a>\n\n\t\t\t\t<\/div>\n\t\t\t\t\t<\/div>\n\t\t<\/article>\n\t\t\t\t<article class=\"elementor-post elementor-grid-item post-93837 post type-post status-publish format-standard has-post-thumbnail hentry category-angesagt\" role=\"listitem\">\n\t\t\t<div class=\"elementor-post__card\">\n\t\t\t\t<a class=\"elementor-post__thumbnail__link\" href=\"https:\/\/gronau-inside.de\/en\/laaaaanges-wochenende-das-steht-ganz-im-zeichen-des-jazzfest-gronau-%f0%9f%8e%b7%f0%9f%8e%b6-wi\" tabindex=\"-1\" ><div class=\"elementor-post__thumbnail\"><img loading=\"lazy\" decoding=\"async\" width=\"720\" height=\"900\" src=\"https:\/\/gronau-inside.de\/wp-content\/uploads\/2026\/04\/684267969_1542768481187246_5870870761513781582_n.jpg\" class=\"attachment-medium_large size-medium_large wp-image-93836\" alt=\"\" srcset=\"https:\/\/gronau-inside.de\/wp-content\/uploads\/2026\/04\/684267969_1542768481187246_5870870761513781582_n.jpg 720w, https:\/\/gronau-inside.de\/wp-content\/uploads\/2026\/04\/684267969_1542768481187246_5870870761513781582_n-240x300.jpg 240w, https:\/\/gronau-inside.de\/wp-content\/uploads\/2026\/04\/684267969_1542768481187246_5870870761513781582_n-600x750.jpg 600w\" sizes=\"(max-width: 720px) 100vw, 720px\" \/><\/div><\/a>\n\t\t\t\t<div class=\"elementor-post__text\">\n\t\t\t\t<h3 class=\"elementor-post__title\">\n\t\t\t<a href=\"https:\/\/gronau-inside.de\/en\/laaaaanges-wochenende-das-steht-ganz-im-zeichen-des-jazzfest-gronau-%f0%9f%8e%b7%f0%9f%8e%b6-wi\" >\n\t\t\t\tLaaaaanges Wochenende &#038; das steht ganz im Zeichen des Jazzfest Gronau! \ud83c\udfb7\ud83c\udfb6 \nWi&#8230;\t\t\t<\/a>\n\t\t<\/h3>\n\t\t\t\t<div class=\"elementor-post__excerpt\">\n\t\t\t<p>Laaaaanges Wochenende &#038; das steht ganz im Zeichen des Jazzfest Gronau! \ud83c\udfb7\ud83c\udfb6 Wir freuen uns auf viele tolle Konzerte in unserer Stadt. \u263a\ufe0f Alle Infos findet ihr auf unserer Webseite<\/p>\n\t\t<\/div>\n\t\t\n\t\t<a class=\"elementor-post__read-more\" href=\"https:\/\/gronau-inside.de\/en\/laaaaanges-wochenende-das-steht-ganz-im-zeichen-des-jazzfest-gronau-%f0%9f%8e%b7%f0%9f%8e%b6-wi\" aria-label=\"Read more about Laaaaanges Wochenende &#038; das steht ganz im Zeichen des Jazzfest Gronau! \ud83c\udfb7\ud83c\udfb6 \nWi&#8230;\" tabindex=\"-1\" >\n\t\t\tRead more \"\t\t<\/a>\n\n\t\t\t\t<\/div>\n\t\t\t\t\t<\/div>\n\t\t<\/article>\n\t\t\t\t<article class=\"elementor-post elementor-grid-item post-93831 post type-post status-publish format-standard has-post-thumbnail hentry category-angesagt\" role=\"listitem\">\n\t\t\t<div class=\"elementor-post__card\">\n\t\t\t\t<a class=\"elementor-post__thumbnail__link\" href=\"https:\/\/gronau-inside.de\/en\/diesen-samstag-wird-das-gelaende-rund-um-die-buergerhalle-in-gronau-wieder-zur\" tabindex=\"-1\" ><div class=\"elementor-post__thumbnail\"><img loading=\"lazy\" decoding=\"async\" width=\"720\" height=\"900\" src=\"https:\/\/gronau-inside.de\/wp-content\/uploads\/2026\/04\/678258706_1534741088656652_1369264169474648636_n.jpg\" class=\"attachment-medium_large size-medium_large wp-image-93830\" alt=\"\" srcset=\"https:\/\/gronau-inside.de\/wp-content\/uploads\/2026\/04\/678258706_1534741088656652_1369264169474648636_n.jpg 720w, https:\/\/gronau-inside.de\/wp-content\/uploads\/2026\/04\/678258706_1534741088656652_1369264169474648636_n-240x300.jpg 240w, https:\/\/gronau-inside.de\/wp-content\/uploads\/2026\/04\/678258706_1534741088656652_1369264169474648636_n-600x750.jpg 600w\" sizes=\"(max-width: 720px) 100vw, 720px\" \/><\/div><\/a>\n\t\t\t\t<div class=\"elementor-post__text\">\n\t\t\t\t<h3 class=\"elementor-post__title\">\n\t\t\t<a href=\"https:\/\/gronau-inside.de\/en\/diesen-samstag-wird-das-gelaende-rund-um-die-buergerhalle-in-gronau-wieder-zur\" >\n\t\t\t\tDiesen Samstag wird das Gel\u00e4nde rund um die B\u00fcrgerhalle in Gronau wieder zur &#8230;\t\t\t<\/a>\n\t\t<\/h3>\n\t\t\t\t<div class=\"elementor-post__excerpt\">\n\t\t\t<p>Diesen Samstag wird das Gel\u00e4nde rund um die B\u00fcrgerhalle in Gronau wieder zur B\u00fchne f\u00fcr die K+K Musiknacht \ud83d\ude0a Gestartet wird um 16:30 Uhr mit einem bunten Kinderprogramm: Basteln, Tanzen<\/p>\n\t\t<\/div>\n\t\t\n\t\t<a class=\"elementor-post__read-more\" href=\"https:\/\/gronau-inside.de\/en\/diesen-samstag-wird-das-gelaende-rund-um-die-buergerhalle-in-gronau-wieder-zur\" aria-label=\"Read more about Diesen Samstag wird das Gel\u00e4nde rund um die B\u00fcrgerhalle in Gronau wieder zur &#8230;\" tabindex=\"-1\" >\n\t\t\tRead more \"\t\t<\/a>\n\n\t\t\t\t<\/div>\n\t\t\t\t\t<\/div>\n\t\t<\/article>\n\t\t\t\t<article class=\"elementor-post elementor-grid-item post-93829 post type-post status-publish format-standard has-post-thumbnail hentry category-angesagt\" role=\"listitem\">\n\t\t\t<div class=\"elementor-post__card\">\n\t\t\t\t<a class=\"elementor-post__thumbnail__link\" href=\"https:\/\/gronau-inside.de\/en\/radtouren-tipp-fuer-den-1-mai-gesucht-%e2%98%ba%ef%b8%8f%f0%9f%9a%b2dann-schnappt-euch-unsere-neue-of\" tabindex=\"-1\" ><div class=\"elementor-post__thumbnail\"><img loading=\"lazy\" decoding=\"async\" width=\"768\" height=\"597\" src=\"https:\/\/gronau-inside.de\/wp-content\/uploads\/2026\/04\/674022572_1529362815861146_660761488596523774_n-768x597.jpg\" class=\"attachment-medium_large size-medium_large wp-image-93828\" alt=\"\" srcset=\"https:\/\/gronau-inside.de\/wp-content\/uploads\/2026\/04\/674022572_1529362815861146_660761488596523774_n-768x597.jpg 768w, https:\/\/gronau-inside.de\/wp-content\/uploads\/2026\/04\/674022572_1529362815861146_660761488596523774_n-300x233.jpg 300w, https:\/\/gronau-inside.de\/wp-content\/uploads\/2026\/04\/674022572_1529362815861146_660761488596523774_n-600x467.jpg 600w, https:\/\/gronau-inside.de\/wp-content\/uploads\/2026\/04\/674022572_1529362815861146_660761488596523774_n.jpg 926w\" sizes=\"(max-width: 768px) 100vw, 768px\" \/><\/div><\/a>\n\t\t\t\t<div class=\"elementor-post__text\">\n\t\t\t\t<h3 class=\"elementor-post__title\">\n\t\t\t<a href=\"https:\/\/gronau-inside.de\/en\/radtouren-tipp-fuer-den-1-mai-gesucht-%e2%98%ba%ef%b8%8f%f0%9f%9a%b2dann-schnappt-euch-unsere-neue-of\" >\n\t\t\t\tRadtouren-Tipp f\u00fcr den 1. Mai gesucht? \u263a\ufe0f\ud83d\udeb2\n\nDann schnappt euch unsere neue Of&#8230;\t\t\t<\/a>\n\t\t<\/h3>\n\t\t\t\t<div class=\"elementor-post__excerpt\">\n\t\t\t<p>Radtouren-Tipp f\u00fcr den 1. Mai gesucht? \u263a\ufe0f\ud83d\udeb2 Dann schnappt euch unsere neue Offlumer-See Route. Auf 65 km fahrt ihr \u00fcber Ochtrup und Wettringen nach Neuenkirchen. Dort k\u00f6nnt ihr am Offlumer<\/p>\n\t\t<\/div>\n\t\t\n\t\t<a class=\"elementor-post__read-more\" href=\"https:\/\/gronau-inside.de\/en\/radtouren-tipp-fuer-den-1-mai-gesucht-%e2%98%ba%ef%b8%8f%f0%9f%9a%b2dann-schnappt-euch-unsere-neue-of\" aria-label=\"Read more about Radtouren-Tipp f\u00fcr den 1. Mai gesucht? \u263a\ufe0f\ud83d\udeb2\n\nDann schnappt euch unsere neue Of&#8230;\" tabindex=\"-1\" >\n\t\t\tRead more \"\t\t<\/a>\n\n\t\t\t\t<\/div>\n\t\t\t\t\t<\/div>\n\t\t<\/article>\n\t\t\t\t<article class=\"elementor-post elementor-grid-item post-93797 post type-post status-publish format-standard has-post-thumbnail hentry category-angesagt\" role=\"listitem\">\n\t\t\t<div class=\"elementor-post__card\">\n\t\t\t\t<a class=\"elementor-post__thumbnail__link\" href=\"https:\/\/gronau-inside.de\/en\/also-wenn-jetzt-nicht-der-fruehling-da-ist-dann-wissen-wir-auch-nicht%f0%9f%98%8d%f0%9f%8c%b8es\" tabindex=\"-1\" ><div class=\"elementor-post__thumbnail\"><img loading=\"lazy\" decoding=\"async\" width=\"720\" height=\"960\" src=\"https:\/\/gronau-inside.de\/wp-content\/uploads\/2026\/04\/678953152_1539363301527764_6794594859426185419_n.jpg\" class=\"attachment-medium_large size-medium_large wp-image-93796\" alt=\"\" srcset=\"https:\/\/gronau-inside.de\/wp-content\/uploads\/2026\/04\/678953152_1539363301527764_6794594859426185419_n.jpg 720w, https:\/\/gronau-inside.de\/wp-content\/uploads\/2026\/04\/678953152_1539363301527764_6794594859426185419_n-225x300.jpg 225w, https:\/\/gronau-inside.de\/wp-content\/uploads\/2026\/04\/678953152_1539363301527764_6794594859426185419_n-600x800.jpg 600w\" sizes=\"(max-width: 720px) 100vw, 720px\" \/><\/div><\/a>\n\t\t\t\t<div class=\"elementor-post__text\">\n\t\t\t\t<h3 class=\"elementor-post__title\">\n\t\t\t<a href=\"https:\/\/gronau-inside.de\/en\/also-wenn-jetzt-nicht-der-fruehling-da-ist-dann-wissen-wir-auch-nicht%f0%9f%98%8d%f0%9f%8c%b8es\" >\n\t\t\t\tAlso wenn jetzt nicht der Fr\u00fchling da ist, dann wissen wir auch nicht?!\ud83d\ude0d\ud83c\udf38\n\nEs&#8230;\t\t\t<\/a>\n\t\t<\/h3>\n\t\t\t\t<div class=\"elementor-post__excerpt\">\n\t\t\t<p>Also wenn jetzt nicht der Fr\u00fchling da ist, dann wissen wir auch nicht?!\ud83d\ude0d\ud83c\udf38 Es war ein perfekter Tag in Epe &#8211; wir bedanken uns bei allen Ausstellern und ganz besonders<\/p>\n\t\t<\/div>\n\t\t\n\t\t<a class=\"elementor-post__read-more\" href=\"https:\/\/gronau-inside.de\/en\/also-wenn-jetzt-nicht-der-fruehling-da-ist-dann-wissen-wir-auch-nicht%f0%9f%98%8d%f0%9f%8c%b8es\" aria-label=\"Read more about Also wenn jetzt nicht der Fr\u00fchling da ist, dann wissen wir auch nicht?!\ud83d\ude0d\ud83c\udf38\n\nEs&#8230;\" tabindex=\"-1\" >\n\t\t\tRead more \"\t\t<\/a>\n\n\t\t\t\t<\/div>\n\t\t\t\t\t<\/div>\n\t\t<\/article>\n\t\t\t\t<article class=\"elementor-post elementor-grid-item post-93795 post type-post status-publish format-standard has-post-thumbnail hentry category-angesagt\" role=\"listitem\">\n\t\t\t<div class=\"elementor-post__card\">\n\t\t\t\t<a class=\"elementor-post__thumbnail__link\" href=\"https:\/\/gronau-inside.de\/en\/handy-auf-dem-fruehlingsfest-gefunden-meldet-euch-wenn-es-eures-ist-%e2%98%ba%ef%b8%8f\" tabindex=\"-1\" ><div class=\"elementor-post__thumbnail\"><img loading=\"lazy\" decoding=\"async\" width=\"720\" height=\"1280\" src=\"https:\/\/gronau-inside.de\/wp-content\/uploads\/2026\/04\/679047218_1539313601532734_5136616401265666692_n.jpg\" class=\"attachment-medium_large size-medium_large wp-image-93794\" alt=\"\" srcset=\"https:\/\/gronau-inside.de\/wp-content\/uploads\/2026\/04\/679047218_1539313601532734_5136616401265666692_n.jpg 720w, https:\/\/gronau-inside.de\/wp-content\/uploads\/2026\/04\/679047218_1539313601532734_5136616401265666692_n-169x300.jpg 169w, https:\/\/gronau-inside.de\/wp-content\/uploads\/2026\/04\/679047218_1539313601532734_5136616401265666692_n-576x1024.jpg 576w, https:\/\/gronau-inside.de\/wp-content\/uploads\/2026\/04\/679047218_1539313601532734_5136616401265666692_n-600x1067.jpg 600w\" sizes=\"(max-width: 720px) 100vw, 720px\" \/><\/div><\/a>\n\t\t\t\t<div class=\"elementor-post__text\">\n\t\t\t\t<h3 class=\"elementor-post__title\">\n\t\t\t<a href=\"https:\/\/gronau-inside.de\/en\/handy-auf-dem-fruehlingsfest-gefunden-meldet-euch-wenn-es-eures-ist-%e2%98%ba%ef%b8%8f\" >\n\t\t\t\tHandy auf dem Fr\u00fchlingsfest gefunden! \nMeldet euch, wenn es eures ist. \u263a\ufe0f\t\t\t<\/a>\n\t\t<\/h3>\n\t\t\t\t<div class=\"elementor-post__excerpt\">\n\t\t\t<p>Handy auf dem Fr\u00fchlingsfest gefunden! Meldet euch, wenn es eures ist. \u263a\ufe0f<\/p>\n\t\t<\/div>\n\t\t\n\t\t<a class=\"elementor-post__read-more\" href=\"https:\/\/gronau-inside.de\/en\/handy-auf-dem-fruehlingsfest-gefunden-meldet-euch-wenn-es-eures-ist-%e2%98%ba%ef%b8%8f\" aria-label=\"Read more about Handy auf dem Fr\u00fchlingsfest gefunden! \nMeldet euch, wenn es eures ist. \u263a\ufe0f\" tabindex=\"-1\" >\n\t\t\tRead more \"\t\t<\/a>\n\n\t\t\t\t<\/div>\n\t\t\t\t\t<\/div>\n\t\t<\/article>\n\t\t\t\t<article class=\"elementor-post elementor-grid-item post-93774 post type-post status-publish format-standard has-post-thumbnail hentry category-angesagt\" role=\"listitem\">\n\t\t\t<div class=\"elementor-post__card\">\n\t\t\t\t<a class=\"elementor-post__thumbnail__link\" href=\"https:\/\/gronau-inside.de\/en\/auftakt-zum-eper-fruehlingsfest-bei-bestem-wetter-traditionelles-maibaum-aufs\" tabindex=\"-1\" ><div class=\"elementor-post__thumbnail\"><img loading=\"lazy\" decoding=\"async\" width=\"720\" height=\"960\" src=\"https:\/\/gronau-inside.de\/wp-content\/uploads\/2026\/04\/680255398_1538494884947939_5224036632103462144_n.jpg\" class=\"attachment-medium_large size-medium_large wp-image-93773\" alt=\"\" srcset=\"https:\/\/gronau-inside.de\/wp-content\/uploads\/2026\/04\/680255398_1538494884947939_5224036632103462144_n.jpg 720w, https:\/\/gronau-inside.de\/wp-content\/uploads\/2026\/04\/680255398_1538494884947939_5224036632103462144_n-225x300.jpg 225w, https:\/\/gronau-inside.de\/wp-content\/uploads\/2026\/04\/680255398_1538494884947939_5224036632103462144_n-600x800.jpg 600w\" sizes=\"(max-width: 720px) 100vw, 720px\" \/><\/div><\/a>\n\t\t\t\t<div class=\"elementor-post__text\">\n\t\t\t\t<h3 class=\"elementor-post__title\">\n\t\t\t<a href=\"https:\/\/gronau-inside.de\/en\/auftakt-zum-eper-fruehlingsfest-bei-bestem-wetter-traditionelles-maibaum-aufs\" >\n\t\t\t\tAuftakt zum Eper Fr\u00fchlingsfest bei bestem Wetter: traditionelles Maibaum aufs&#8230;\t\t\t<\/a>\n\t\t<\/h3>\n\t\t\t\t<div class=\"elementor-post__excerpt\">\n\t\t\t<p>Auftakt zum Eper Fr\u00fchlingsfest bei bestem Wetter: traditionelles Maibaum aufstellen. Danke an alle flei\u00dfigen Helfer!\u2600\ufe0f\ud83c\udf33 Jetzt geht\u2019s weiter auf dem Kirchplatz mit DJ Trivish Valo und \u201eThe Funkeys\u201c pr\u00e4sentiert vom<\/p>\n\t\t<\/div>\n\t\t\n\t\t<a class=\"elementor-post__read-more\" href=\"https:\/\/gronau-inside.de\/en\/auftakt-zum-eper-fruehlingsfest-bei-bestem-wetter-traditionelles-maibaum-aufs\" aria-label=\"Read more about Auftakt zum Eper Fr\u00fchlingsfest bei bestem Wetter: traditionelles Maibaum aufs&#8230;\" tabindex=\"-1\" >\n\t\t\tRead more \"\t\t<\/a>\n\n\t\t\t\t<\/div>\n\t\t\t\t\t<\/div>\n\t\t<\/article>\n\t\t\t\t<article class=\"elementor-post elementor-grid-item post-93739 post type-post status-publish format-standard has-post-thumbnail hentry category-angesagt\" role=\"listitem\">\n\t\t\t<div class=\"elementor-post__card\">\n\t\t\t\t<a class=\"elementor-post__thumbnail__link\" href=\"https:\/\/gronau-inside.de\/en\/das-programm-fuer-samstag-sonntag-%f0%9f%8e%b6%f0%9f%8c%b8%f0%9f%92%9a-wen-sehen-wir-auf-dem-fruehlingsfest\" tabindex=\"-1\" ><div class=\"elementor-post__thumbnail\"><img loading=\"lazy\" decoding=\"async\" width=\"720\" height=\"900\" src=\"https:\/\/gronau-inside.de\/wp-content\/uploads\/2026\/04\/671872472_1530352269095534_6189574921726534118_n.jpg\" class=\"attachment-medium_large size-medium_large wp-image-93738\" alt=\"\" srcset=\"https:\/\/gronau-inside.de\/wp-content\/uploads\/2026\/04\/671872472_1530352269095534_6189574921726534118_n.jpg 720w, https:\/\/gronau-inside.de\/wp-content\/uploads\/2026\/04\/671872472_1530352269095534_6189574921726534118_n-240x300.jpg 240w, https:\/\/gronau-inside.de\/wp-content\/uploads\/2026\/04\/671872472_1530352269095534_6189574921726534118_n-600x750.jpg 600w\" sizes=\"(max-width: 720px) 100vw, 720px\" \/><\/div><\/a>\n\t\t\t\t<div class=\"elementor-post__text\">\n\t\t\t\t<h3 class=\"elementor-post__title\">\n\t\t\t<a href=\"https:\/\/gronau-inside.de\/en\/das-programm-fuer-samstag-sonntag-%f0%9f%8e%b6%f0%9f%8c%b8%f0%9f%92%9a-wen-sehen-wir-auf-dem-fruehlingsfest\" >\n\t\t\t\tDas Programm f\u00fcr Samstag &#038; Sonntag! \ud83c\udfb6\ud83c\udf38\ud83d\udc9a Wen sehen wir auf dem Fr\u00fchlingsfest? &#8230;\t\t\t<\/a>\n\t\t<\/h3>\n\t\t\t\t<div class=\"elementor-post__excerpt\">\n\t\t\t<p>Das Programm f\u00fcr Samstag &#038; Sonntag! \ud83c\udfb6\ud83c\udf38\ud83d\udc9a Wen sehen wir auf dem Fr\u00fchlingsfest? \ud83d\udc4b Sparkasse Westm\u00fcnsterland Eper Werbegemeinschaft<\/p>\n\t\t<\/div>\n\t\t\n\t\t<a class=\"elementor-post__read-more\" href=\"https:\/\/gronau-inside.de\/en\/das-programm-fuer-samstag-sonntag-%f0%9f%8e%b6%f0%9f%8c%b8%f0%9f%92%9a-wen-sehen-wir-auf-dem-fruehlingsfest\" aria-label=\"Read more about Das Programm f\u00fcr Samstag &#038; Sonntag! \ud83c\udfb6\ud83c\udf38\ud83d\udc9a Wen sehen wir auf dem Fr\u00fchlingsfest? &#8230;\" tabindex=\"-1\" >\n\t\t\tRead more \"\t\t<\/a>\n\n\t\t\t\t<\/div>\n\t\t\t\t\t<\/div>\n\t\t<\/article>\n\t\t\t\t<article class=\"elementor-post elementor-grid-item post-93734 post type-post status-publish format-standard has-post-thumbnail hentry category-angesagt\" role=\"listitem\">\n\t\t\t<div class=\"elementor-post__card\">\n\t\t\t\t<a class=\"elementor-post__thumbnail__link\" href=\"https:\/\/gronau-inside.de\/en\/ihr-duerft-euch-auch-dieses-mal-wieder-auf-ein-tolles-programm-freuen-%f0%9f%a5%b3%e2%9e%a1%ef%b8%8f-sa\" tabindex=\"-1\" ><div class=\"elementor-post__thumbnail\"><img loading=\"lazy\" decoding=\"async\" width=\"405\" height=\"720\" src=\"https:\/\/gronau-inside.de\/wp-content\/uploads\/2026\/04\/671366254_1476711427584219_1484995432058848275_n.jpg\" class=\"attachment-medium_large size-medium_large wp-image-93733\" alt=\"\" srcset=\"https:\/\/gronau-inside.de\/wp-content\/uploads\/2026\/04\/671366254_1476711427584219_1484995432058848275_n.jpg 405w, https:\/\/gronau-inside.de\/wp-content\/uploads\/2026\/04\/671366254_1476711427584219_1484995432058848275_n-169x300.jpg 169w\" sizes=\"(max-width: 405px) 100vw, 405px\" \/><\/div><\/a>\n\t\t\t\t<div class=\"elementor-post__text\">\n\t\t\t\t<h3 class=\"elementor-post__title\">\n\t\t\t<a href=\"https:\/\/gronau-inside.de\/en\/ihr-duerft-euch-auch-dieses-mal-wieder-auf-ein-tolles-programm-freuen-%f0%9f%a5%b3%e2%9e%a1%ef%b8%8f-sa\" >\n\t\t\t\tIhr d\u00fcrft euch auch dieses Mal wieder auf ein tolles Programm freuen! \ud83e\udd73\n\u27a1\ufe0f Sa&#8230;\t\t\t<\/a>\n\t\t<\/h3>\n\t\t\t\t<div class=\"elementor-post__excerpt\">\n\t\t\t<p>Ihr d\u00fcrft euch auch dieses Mal wieder auf ein tolles Programm freuen! \ud83e\udd73 \u27a1\ufe0f Samstagabend ab 18 Uhr auf dem Eper Kirchplatz mit DJ &#038; Band \u27a1\ufe0f Sonntag ab 12<\/p>\n\t\t<\/div>\n\t\t\n\t\t<a class=\"elementor-post__read-more\" href=\"https:\/\/gronau-inside.de\/en\/ihr-duerft-euch-auch-dieses-mal-wieder-auf-ein-tolles-programm-freuen-%f0%9f%a5%b3%e2%9e%a1%ef%b8%8f-sa\" aria-label=\"Read more about Ihr d\u00fcrft euch auch dieses Mal wieder auf ein tolles Programm freuen! \ud83e\udd73\n\u27a1\ufe0f Sa&#8230;\" tabindex=\"-1\" >\n\t\t\tRead more \"\t\t<\/a>\n\n\t\t\t\t<\/div>\n\t\t\t\t\t<\/div>\n\t\t<\/article>\n\t\t\t\t<article class=\"elementor-post elementor-grid-item post-93732 post type-post status-publish format-standard has-post-thumbnail hentry category-angesagt\" role=\"listitem\">\n\t\t\t<div class=\"elementor-post__card\">\n\t\t\t\t<a class=\"elementor-post__thumbnail__link\" href=\"https:\/\/gronau-inside.de\/en\/am-wochenende-wird-der-fruehling-offiziell-mit-dem-eper-fruehlingsfest-eingelei\" tabindex=\"-1\" ><div class=\"elementor-post__thumbnail\"><img loading=\"lazy\" decoding=\"async\" width=\"720\" height=\"900\" src=\"https:\/\/gronau-inside.de\/wp-content\/uploads\/2026\/04\/677772873_1536323145165113_7206919732367269019_n.jpg\" class=\"attachment-medium_large size-medium_large wp-image-93731\" alt=\"\" srcset=\"https:\/\/gronau-inside.de\/wp-content\/uploads\/2026\/04\/677772873_1536323145165113_7206919732367269019_n.jpg 720w, https:\/\/gronau-inside.de\/wp-content\/uploads\/2026\/04\/677772873_1536323145165113_7206919732367269019_n-240x300.jpg 240w, https:\/\/gronau-inside.de\/wp-content\/uploads\/2026\/04\/677772873_1536323145165113_7206919732367269019_n-600x750.jpg 600w\" sizes=\"(max-width: 720px) 100vw, 720px\" \/><\/div><\/a>\n\t\t\t\t<div class=\"elementor-post__text\">\n\t\t\t\t<h3 class=\"elementor-post__title\">\n\t\t\t<a href=\"https:\/\/gronau-inside.de\/en\/am-wochenende-wird-der-fruehling-offiziell-mit-dem-eper-fruehlingsfest-eingelei\" >\n\t\t\t\tAm Wochenende wird der Fr\u00fchling offiziell mit dem Eper Fr\u00fchlingsfest eingelei&#8230;\t\t\t<\/a>\n\t\t<\/h3>\n\t\t\t\t<div class=\"elementor-post__excerpt\">\n\t\t\t<p>Am Wochenende wird der Fr\u00fchling offiziell mit dem Eper Fr\u00fchlingsfest eingeleitet. \ud83d\ude0d\ud83c\udf38 Aber auch andere Events finden am Wochenende statt, schaut mal rein: www.gronau-inside.de\/veranstaltungen<\/p>\n\t\t<\/div>\n\t\t\n\t\t<a class=\"elementor-post__read-more\" href=\"https:\/\/gronau-inside.de\/en\/am-wochenende-wird-der-fruehling-offiziell-mit-dem-eper-fruehlingsfest-eingelei\" aria-label=\"Read more about Am Wochenende wird der Fr\u00fchling offiziell mit dem Eper Fr\u00fchlingsfest eingelei&#8230;\" tabindex=\"-1\" >\n\t\t\tRead more \"\t\t<\/a>\n\n\t\t\t\t<\/div>\n\t\t\t\t\t<\/div>\n\t\t<\/article>\n\t\t\t\t<article class=\"elementor-post elementor-grid-item post-93722 post type-post status-publish format-standard has-post-thumbnail hentry category-angesagt\" role=\"listitem\">\n\t\t\t<div class=\"elementor-post__card\">\n\t\t\t\t<a class=\"elementor-post__thumbnail__link\" href=\"https:\/\/gronau-inside.de\/en\/zwischen-kassette-und-klick-wenn-radiogeschichte-auf-streaming-generation-tr\" tabindex=\"-1\" ><div class=\"elementor-post__thumbnail\"><img loading=\"lazy\" decoding=\"async\" width=\"405\" height=\"720\" src=\"https:\/\/gronau-inside.de\/wp-content\/uploads\/2026\/04\/678289564_2042913922954886_586178004071830684_n.jpg\" class=\"attachment-medium_large size-medium_large wp-image-93721\" alt=\"\" srcset=\"https:\/\/gronau-inside.de\/wp-content\/uploads\/2026\/04\/678289564_2042913922954886_586178004071830684_n.jpg 405w, https:\/\/gronau-inside.de\/wp-content\/uploads\/2026\/04\/678289564_2042913922954886_586178004071830684_n-169x300.jpg 169w\" sizes=\"(max-width: 405px) 100vw, 405px\" \/><\/div><\/a>\n\t\t\t\t<div class=\"elementor-post__text\">\n\t\t\t\t<h3 class=\"elementor-post__title\">\n\t\t\t<a href=\"https:\/\/gronau-inside.de\/en\/zwischen-kassette-und-klick-wenn-radiogeschichte-auf-streaming-generation-tr\" >\n\t\t\t\tZwischen Kassette und Klick: Wenn Radiogeschichte auf Streaming-Generation tr&#8230;\t\t\t<\/a>\n\t\t<\/h3>\n\t\t\t\t<div class=\"elementor-post__excerpt\">\n\t\t\t<p>Zwischen Kassette und Klick: Wenn Radiogeschichte auf Streaming-Generation trifft. \ud83c\udf99\ufe0f\u2728 Janina Ribeiro &#038; Thomas Steinberg sprechen am Freitag ab 19 Uhr im Musikclub Turbine \u00fcber Musik, Erinnerungen und das, was<\/p>\n\t\t<\/div>\n\t\t\n\t\t<a class=\"elementor-post__read-more\" href=\"https:\/\/gronau-inside.de\/en\/zwischen-kassette-und-klick-wenn-radiogeschichte-auf-streaming-generation-tr\" aria-label=\"Read more about Zwischen Kassette und Klick: Wenn Radiogeschichte auf Streaming-Generation tr&#8230;\" tabindex=\"-1\" >\n\t\t\tRead more \"\t\t<\/a>\n\n\t\t\t\t<\/div>\n\t\t\t\t\t<\/div>\n\t\t<\/article>\n\t\t\t\t<article class=\"elementor-post elementor-grid-item post-93710 post type-post status-publish format-standard has-post-thumbnail hentry category-angesagt\" role=\"listitem\">\n\t\t\t<div class=\"elementor-post__card\">\n\t\t\t\t<a class=\"elementor-post__thumbnail__link\" href=\"https:\/\/gronau-inside.de\/en\/am-wochenende-ist-es-wieder-soweit-fruehlingsfest-in-epe-%f0%9f%98%8d%f0%9f%8c%b8am-samstag-star\" tabindex=\"-1\" ><div class=\"elementor-post__thumbnail\"><img loading=\"lazy\" decoding=\"async\" width=\"768\" height=\"440\" src=\"https:\/\/gronau-inside.de\/wp-content\/uploads\/2026\/04\/670924746_1527802129350548_7859201711260723977_n-768x440.jpg\" class=\"attachment-medium_large size-medium_large wp-image-93709\" alt=\"\" srcset=\"https:\/\/gronau-inside.de\/wp-content\/uploads\/2026\/04\/670924746_1527802129350548_7859201711260723977_n-768x440.jpg 768w, https:\/\/gronau-inside.de\/wp-content\/uploads\/2026\/04\/670924746_1527802129350548_7859201711260723977_n-300x172.jpg 300w, https:\/\/gronau-inside.de\/wp-content\/uploads\/2026\/04\/670924746_1527802129350548_7859201711260723977_n-1024x587.jpg 1024w, https:\/\/gronau-inside.de\/wp-content\/uploads\/2026\/04\/670924746_1527802129350548_7859201711260723977_n-600x344.jpg 600w, https:\/\/gronau-inside.de\/wp-content\/uploads\/2026\/04\/670924746_1527802129350548_7859201711260723977_n.jpg 1256w\" sizes=\"(max-width: 768px) 100vw, 768px\" \/><\/div><\/a>\n\t\t\t\t<div class=\"elementor-post__text\">\n\t\t\t\t<h3 class=\"elementor-post__title\">\n\t\t\t<a href=\"https:\/\/gronau-inside.de\/en\/am-wochenende-ist-es-wieder-soweit-fruehlingsfest-in-epe-%f0%9f%98%8d%f0%9f%8c%b8am-samstag-star\" >\n\t\t\t\tAm Wochenende ist es wieder soweit: Fr\u00fchlingsfest in Epe! \ud83d\ude0d\ud83c\udf38\n\nAm Samstag star&#8230;\t\t\t<\/a>\n\t\t<\/h3>\n\t\t\t\t<div class=\"elementor-post__excerpt\">\n\t\t\t<p>Am Wochenende ist es wieder soweit: Fr\u00fchlingsfest in Epe! \ud83d\ude0d\ud83c\udf38 Am Samstag starten wir um 17 Uhr mit dem Maibaum aufstellen in der Merschstra\u00dfe. Um 18 Uhr gehts los auf<\/p>\n\t\t<\/div>\n\t\t\n\t\t<a class=\"elementor-post__read-more\" href=\"https:\/\/gronau-inside.de\/en\/am-wochenende-ist-es-wieder-soweit-fruehlingsfest-in-epe-%f0%9f%98%8d%f0%9f%8c%b8am-samstag-star\" aria-label=\"Read more about Am Wochenende ist es wieder soweit: Fr\u00fchlingsfest in Epe! \ud83d\ude0d\ud83c\udf38\n\nAm Samstag star&#8230;\" tabindex=\"-1\" >\n\t\t\tRead more \"\t\t<\/a>\n\n\t\t\t\t<\/div>\n\t\t\t\t\t<\/div>\n\t\t<\/article>\n\t\t\t\t<article class=\"elementor-post elementor-grid-item post-93704 post type-post status-publish format-standard has-post-thumbnail hentry category-angesagt\" role=\"listitem\">\n\t\t\t<div class=\"elementor-post__card\">\n\t\t\t\t<a class=\"elementor-post__thumbnail__link\" href=\"https:\/\/gronau-inside.de\/en\/kinder-stark-machen-das-ist-das-ziel-der-super-helden-fabrik-doch-wie-lern\" tabindex=\"-1\" ><div class=\"elementor-post__thumbnail\"><img loading=\"lazy\" decoding=\"async\" width=\"768\" height=\"596\" src=\"https:\/\/gronau-inside.de\/wp-content\/uploads\/2026\/04\/673947861_1533804062083688_3409714074975959025_n-768x596.jpg\" class=\"attachment-medium_large size-medium_large wp-image-93703\" alt=\"\" srcset=\"https:\/\/gronau-inside.de\/wp-content\/uploads\/2026\/04\/673947861_1533804062083688_3409714074975959025_n-768x596.jpg 768w, https:\/\/gronau-inside.de\/wp-content\/uploads\/2026\/04\/673947861_1533804062083688_3409714074975959025_n-300x233.jpg 300w, https:\/\/gronau-inside.de\/wp-content\/uploads\/2026\/04\/673947861_1533804062083688_3409714074975959025_n-600x466.jpg 600w, https:\/\/gronau-inside.de\/wp-content\/uploads\/2026\/04\/673947861_1533804062083688_3409714074975959025_n.jpg 787w\" sizes=\"(max-width: 768px) 100vw, 768px\" \/><\/div><\/a>\n\t\t\t\t<div class=\"elementor-post__text\">\n\t\t\t\t<h3 class=\"elementor-post__title\">\n\t\t\t<a href=\"https:\/\/gronau-inside.de\/en\/kinder-stark-machen-das-ist-das-ziel-der-super-helden-fabrik-doch-wie-lern\" >\n\t\t\t\tKinder stark machen \u2013 das ist das Ziel der Super-Helden-Fabrik. Doch wie lern&#8230;\t\t\t<\/a>\n\t\t<\/h3>\n\t\t\t\t<div class=\"elementor-post__excerpt\">\n\t\t\t<p>Kinder stark machen \u2013 das ist das Ziel der Super-Helden-Fabrik. Doch wie lernen Kinder, ruhig zu bleiben, klar zu reagieren und selbstbewusst aufzutreten? Beim Infoabend am 27. April gibt Bernd<\/p>\n\t\t<\/div>\n\t\t\n\t\t<a class=\"elementor-post__read-more\" href=\"https:\/\/gronau-inside.de\/en\/kinder-stark-machen-das-ist-das-ziel-der-super-helden-fabrik-doch-wie-lern\" aria-label=\"Read more about Kinder stark machen \u2013 das ist das Ziel der Super-Helden-Fabrik. Doch wie lern&#8230;\" tabindex=\"-1\" >\n\t\t\tRead more \"\t\t<\/a>\n\n\t\t\t\t<\/div>\n\t\t\t\t\t<\/div>\n\t\t<\/article>\n\t\t\t\t<article class=\"elementor-post elementor-grid-item post-93702 post type-post status-publish format-standard has-post-thumbnail hentry category-angesagt\" role=\"listitem\">\n\t\t\t<div class=\"elementor-post__card\">\n\t\t\t\t<a class=\"elementor-post__thumbnail__link\" href=\"https:\/\/gronau-inside.de\/en\/die-freibad-saison-geht-wieder-los-%f0%9f%98%8d%f0%9f%8f%8a%e2%99%80%ef%b8%8fam-1-mai-gibts-ab-15-uhr-live-mus\" tabindex=\"-1\" ><div class=\"elementor-post__thumbnail\"><img loading=\"lazy\" decoding=\"async\" width=\"720\" height=\"900\" src=\"https:\/\/gronau-inside.de\/wp-content\/uploads\/2026\/04\/676195839_1381159590699155_8375911033289825207_n.jpg\" class=\"attachment-medium_large size-medium_large wp-image-93701\" alt=\"\" srcset=\"https:\/\/gronau-inside.de\/wp-content\/uploads\/2026\/04\/676195839_1381159590699155_8375911033289825207_n.jpg 720w, https:\/\/gronau-inside.de\/wp-content\/uploads\/2026\/04\/676195839_1381159590699155_8375911033289825207_n-240x300.jpg 240w, https:\/\/gronau-inside.de\/wp-content\/uploads\/2026\/04\/676195839_1381159590699155_8375911033289825207_n-600x750.jpg 600w\" sizes=\"(max-width: 720px) 100vw, 720px\" \/><\/div><\/a>\n\t\t\t\t<div class=\"elementor-post__text\">\n\t\t\t\t<h3 class=\"elementor-post__title\">\n\t\t\t<a href=\"https:\/\/gronau-inside.de\/en\/die-freibad-saison-geht-wieder-los-%f0%9f%98%8d%f0%9f%8f%8a%e2%99%80%ef%b8%8fam-1-mai-gibts-ab-15-uhr-live-mus\" >\n\t\t\t\tDie Freibad-Saison geht wieder los! \ud83d\ude0d\ud83c\udfca\u200d\u2640\ufe0f\nAm 1. Mai gibt&#8217;s ab 15 Uhr Live-Mus&#8230;\t\t\t<\/a>\n\t\t<\/h3>\n\t\t\t\t<div class=\"elementor-post__excerpt\">\n\t\t\t<p>Die Freibad-Saison geht wieder los! \ud83d\ude0d\ud83c\udfca\u200d\u2640\ufe0f Am 1. Mai gibt&#8217;s ab 15 Uhr Live-Musik auf die Ohren. \u263a\ufe0f\ud83c\udfb6<\/p>\n\t\t<\/div>\n\t\t\n\t\t<a class=\"elementor-post__read-more\" href=\"https:\/\/gronau-inside.de\/en\/die-freibad-saison-geht-wieder-los-%f0%9f%98%8d%f0%9f%8f%8a%e2%99%80%ef%b8%8fam-1-mai-gibts-ab-15-uhr-live-mus\" aria-label=\"Read more about Die Freibad-Saison geht wieder los! \ud83d\ude0d\ud83c\udfca\u200d\u2640\ufe0f\nAm 1. Mai gibt&#8217;s ab 15 Uhr Live-Mus&#8230;\" tabindex=\"-1\" >\n\t\t\tRead more \"\t\t<\/a>\n\n\t\t\t\t<\/div>\n\t\t\t\t\t<\/div>\n\t\t<\/article>\n\t\t\t\t<article class=\"elementor-post elementor-grid-item post-93699 post type-post status-publish format-standard has-post-thumbnail hentry category-angesagt\" role=\"listitem\">\n\t\t\t<div class=\"elementor-post__card\">\n\t\t\t\t<a class=\"elementor-post__thumbnail__link\" href=\"https:\/\/gronau-inside.de\/en\/ueber-epe-lacht-die-sonne-oder-%f0%9f%98%8d%e2%98%80%ef%b8%8fwir-freuen-uns-am-sonntag-um-15-uhr-auf-d\" tabindex=\"-1\" ><div class=\"elementor-post__thumbnail\"><img loading=\"lazy\" decoding=\"async\" width=\"405\" height=\"720\" src=\"https:\/\/gronau-inside.de\/wp-content\/uploads\/2026\/04\/671596953_1644469279924386_1744574010875241614_n.jpg\" class=\"attachment-medium_large size-medium_large wp-image-93698\" alt=\"\" srcset=\"https:\/\/gronau-inside.de\/wp-content\/uploads\/2026\/04\/671596953_1644469279924386_1744574010875241614_n.jpg 405w, https:\/\/gronau-inside.de\/wp-content\/uploads\/2026\/04\/671596953_1644469279924386_1744574010875241614_n-169x300.jpg 169w\" sizes=\"(max-width: 405px) 100vw, 405px\" \/><\/div><\/a>\n\t\t\t\t<div class=\"elementor-post__text\">\n\t\t\t\t<h3 class=\"elementor-post__title\">\n\t\t\t<a href=\"https:\/\/gronau-inside.de\/en\/ueber-epe-lacht-die-sonne-oder-%f0%9f%98%8d%e2%98%80%ef%b8%8fwir-freuen-uns-am-sonntag-um-15-uhr-auf-d\" >\n\t\t\t\t\u00dcber Epe lacht die Sonne, oder? \ud83d\ude0d\u2600\ufe0f\nWir freuen uns am Sonntag um 15 Uhr auf d&#8230;\t\t\t<\/a>\n\t\t<\/h3>\n\t\t\t\t<div class=\"elementor-post__excerpt\">\n\t\t\t<p>\u00dcber Epe lacht die Sonne, oder? \ud83d\ude0d\u2600\ufe0f Wir freuen uns am Sonntag um 15 Uhr auf dem Eper Fr\u00fchlingsfest auf die Kinders\u00e4ngerin SENTAMUSIC.\ud83d\ude4c Sparkasse Westm\u00fcnsterland #epe #gronau #fr\u00fchlingsfest #fr\u00fchlingsfestepe #sentamusic<\/p>\n\t\t<\/div>\n\t\t\n\t\t<a class=\"elementor-post__read-more\" href=\"https:\/\/gronau-inside.de\/en\/ueber-epe-lacht-die-sonne-oder-%f0%9f%98%8d%e2%98%80%ef%b8%8fwir-freuen-uns-am-sonntag-um-15-uhr-auf-d\" aria-label=\"Read more about \u00dcber Epe lacht die Sonne, oder? \ud83d\ude0d\u2600\ufe0f\nWir freuen uns am Sonntag um 15 Uhr auf d&#8230;\" tabindex=\"-1\" >\n\t\t\tRead more \"\t\t<\/a>\n\n\t\t\t\t<\/div>\n\t\t\t\t\t<\/div>\n\t\t<\/article>\n\t\t\t\t<article class=\"elementor-post elementor-grid-item post-93683 post type-post status-publish format-standard has-post-thumbnail hentry category-angesagt\" role=\"listitem\">\n\t\t\t<div class=\"elementor-post__card\">\n\t\t\t\t<a class=\"elementor-post__thumbnail__link\" href=\"https:\/\/gronau-inside.de\/en\/der-fruehling-erwacht-und-im-wald-gibt-es-jetzt-jede-menge-zu-entdecken-%f0%9f%8c%bc%f0%9f%90%a6\" tabindex=\"-1\" ><div class=\"elementor-post__thumbnail\"><img loading=\"lazy\" decoding=\"async\" width=\"768\" height=\"510\" src=\"https:\/\/gronau-inside.de\/wp-content\/uploads\/2026\/04\/674363836_1533798278750933_3995639745014407133_n-768x510.jpg\" class=\"attachment-medium_large size-medium_large wp-image-93682\" alt=\"\" srcset=\"https:\/\/gronau-inside.de\/wp-content\/uploads\/2026\/04\/674363836_1533798278750933_3995639745014407133_n-768x510.jpg 768w, https:\/\/gronau-inside.de\/wp-content\/uploads\/2026\/04\/674363836_1533798278750933_3995639745014407133_n-300x199.jpg 300w, https:\/\/gronau-inside.de\/wp-content\/uploads\/2026\/04\/674363836_1533798278750933_3995639745014407133_n-600x398.jpg 600w, https:\/\/gronau-inside.de\/wp-content\/uploads\/2026\/04\/674363836_1533798278750933_3995639745014407133_n.jpg 1000w\" sizes=\"(max-width: 768px) 100vw, 768px\" \/><\/div><\/a>\n\t\t\t\t<div class=\"elementor-post__text\">\n\t\t\t\t<h3 class=\"elementor-post__title\">\n\t\t\t<a href=\"https:\/\/gronau-inside.de\/en\/der-fruehling-erwacht-und-im-wald-gibt-es-jetzt-jede-menge-zu-entdecken-%f0%9f%8c%bc%f0%9f%90%a6\" >\n\t\t\t\tDer Fr\u00fchling erwacht \u2013 und im Wald gibt es jetzt jede Menge zu entdecken! \ud83c\udf3c\ud83d\udc26\n&#8230;\t\t\t<\/a>\n\t\t<\/h3>\n\t\t\t\t<div class=\"elementor-post__excerpt\">\n\t\t\t<p>Der Fr\u00fchling erwacht \u2013 und im Wald gibt es jetzt jede Menge zu entdecken! \ud83c\udf3c\ud83d\udc26 Beim Entdeckertag am Freitag (24.04.) \u201eRaus in den Fr\u00fchling\u201c sind Kinder im Grundschulalter gemeinsam mit<\/p>\n\t\t<\/div>\n\t\t\n\t\t<a class=\"elementor-post__read-more\" href=\"https:\/\/gronau-inside.de\/en\/der-fruehling-erwacht-und-im-wald-gibt-es-jetzt-jede-menge-zu-entdecken-%f0%9f%8c%bc%f0%9f%90%a6\" aria-label=\"Read more about Der Fr\u00fchling erwacht \u2013 und im Wald gibt es jetzt jede Menge zu entdecken! \ud83c\udf3c\ud83d\udc26\n&#8230;\" tabindex=\"-1\" >\n\t\t\tRead more \"\t\t<\/a>\n\n\t\t\t\t<\/div>\n\t\t\t\t\t<\/div>\n\t\t<\/article>\n\t\t\t\t<\/div>\n\t\t\n\t\t\t\t<div class=\"e-load-more-anchor\" data-page=\"1\" data-max-page=\"137\" data-next-page=\"https:\/\/gronau-inside.de\/en\/wp-json\/wp\/v2\/pages\/7362\/page\/2\"><\/div>\n\t\t\t\t<nav class=\"elementor-pagination\" aria-label=\"Pagination\">\n\t\t\t<span aria-current=\"page\" class=\"page-numbers current\"><span class=\"elementor-screen-only\">Page<\/span>1<\/span>\n<a class=\"page-numbers\" href=\"https:\/\/gronau-inside.de\/en\/wp-json\/wp\/v2\/pages\/7362\/page\/2\"><span class=\"elementor-screen-only\">Page<\/span>2<\/a>\n<a class=\"page-numbers\" href=\"https:\/\/gronau-inside.de\/en\/wp-json\/wp\/v2\/pages\/7362\/page\/3\"><span class=\"elementor-screen-only\">Page<\/span>3<\/a>\n<span class=\"page-numbers dots\">&hellip;<\/span>\n<a class=\"page-numbers\" href=\"https:\/\/gronau-inside.de\/en\/wp-json\/wp\/v2\/pages\/7362\/page\/137\"><span class=\"elementor-screen-only\">Page<\/span>137<\/a>\t\t<\/nav>\n\t\t\t\t\t\t<\/div>\n\t\t\t\t<\/div>\n\t\t\t\t\t<\/div>\n\t\t<\/div>\n\t\t\t\t\t<\/div>\n\t\t<\/section>\n\t\t\t\t<\/div>\n\t\t","protected":false},"excerpt":{"rendered":"<p>CURRENTS<\/p>\n","protected":false},"author":2,"featured_media":0,"parent":0,"menu_order":4,"comment_status":"closed","ping_status":"closed","template":"","meta":{"_acf_changed":false,"_price":"","_stock":"","_tribe_ticket_header":"","_tribe_default_ticket_provider":"","_tribe_ticket_capacity":"0","_ticket_start_date":"","_ticket_end_date":"","_tribe_ticket_show_description":"","_tribe_ticket_show_not_going":false,"_tribe_ticket_use_global_stock":"","_tribe_ticket_global_stock_level":"","_global_stock_mode":"","_global_stock_cap":"","_tribe_rsvp_for_event":"","_tribe_ticket_going_count":"","_tribe_ticket_not_going_count":"","_tribe_tickets_list":"[]","_tribe_ticket_has_attendee_info_fields":false,"footnotes":"","_tec_slr_enabled":"","_tec_slr_layout":""},"class_list":["post-7362","page","type-page","status-publish","hentry"],"acf":[],"yoast_head":"<!-- This site is optimized with the Yoast SEO plugin v27.5 - https:\/\/yoast.com\/product\/yoast-seo-wordpress\/ -->\n<title>News - Gronau Inside<\/title>\n<meta name=\"robots\" content=\"index, follow, max-snippet:-1, max-image-preview:large, max-video-preview:-1\" \/>\n<link rel=\"canonical\" href=\"https:\/\/gronau-inside.de\/en\/news\" \/>\n<meta property=\"og:locale\" content=\"en_US\" \/>\n<meta property=\"og:type\" content=\"article\" \/>\n<meta property=\"og:title\" content=\"News - Gronau Inside\" \/>\n<meta property=\"og:description\" content=\"CURRENTS\" \/>\n<meta property=\"og:url\" content=\"https:\/\/gronau-inside.de\/en\/news\" \/>\n<meta property=\"og:site_name\" content=\"Gronau Inside\" \/>\n<meta property=\"article:modified_time\" content=\"2023-07-11T10:48:48+00:00\" \/>\n<meta name=\"twitter:card\" content=\"summary_large_image\" \/>\n<script type=\"application\/ld+json\" class=\"yoast-schema-graph\">{\"@context\":\"https:\\\/\\\/schema.org\",\"@graph\":[{\"@type\":\"WebPage\",\"@id\":\"https:\\\/\\\/gronau-inside.de\\\/en\\\/news\",\"url\":\"https:\\\/\\\/gronau-inside.de\\\/en\\\/news\",\"name\":\"News - Gronau Inside\",\"isPartOf\":{\"@id\":\"https:\\\/\\\/gronau-inside.de\\\/en#website\"},\"datePublished\":\"2021-05-17T15:23:10+00:00\",\"dateModified\":\"2023-07-11T10:48:48+00:00\",\"breadcrumb\":{\"@id\":\"https:\\\/\\\/gronau-inside.de\\\/en\\\/news#breadcrumb\"},\"inLanguage\":\"en-US\",\"potentialAction\":[{\"@type\":\"ReadAction\",\"target\":[\"https:\\\/\\\/gronau-inside.de\\\/en\\\/news\"]}]},{\"@type\":\"BreadcrumbList\",\"@id\":\"https:\\\/\\\/gronau-inside.de\\\/en\\\/news#breadcrumb\",\"itemListElement\":[{\"@type\":\"ListItem\",\"position\":1,\"name\":\"Startseite\",\"item\":\"https:\\\/\\\/gronau-inside.de\\\/en\\\/home-page\"},{\"@type\":\"ListItem\",\"position\":2,\"name\":\"News\"}]},{\"@type\":\"WebSite\",\"@id\":\"https:\\\/\\\/gronau-inside.de\\\/en#website\",\"url\":\"https:\\\/\\\/gronau-inside.de\\\/en\",\"name\":\"Gronau Inside\",\"description\":\"Musikstadt im Gr\u00fcnen\",\"publisher\":{\"@id\":\"https:\\\/\\\/gronau-inside.de\\\/en#organization\"},\"potentialAction\":[{\"@type\":\"SearchAction\",\"target\":{\"@type\":\"EntryPoint\",\"urlTemplate\":\"https:\\\/\\\/gronau-inside.de\\\/en?s={search_term_string}\"},\"query-input\":{\"@type\":\"PropertyValueSpecification\",\"valueRequired\":true,\"valueName\":\"search_term_string\"}}],\"inLanguage\":\"en-US\"},{\"@type\":\"Organization\",\"@id\":\"https:\\\/\\\/gronau-inside.de\\\/en#organization\",\"name\":\"Gronau Inside\",\"url\":\"https:\\\/\\\/gronau-inside.de\\\/en\",\"logo\":{\"@type\":\"ImageObject\",\"inLanguage\":\"en-US\",\"@id\":\"https:\\\/\\\/gronau-inside.de\\\/en#\\\/schema\\\/logo\\\/image\\\/\",\"url\":\"https:\\\/\\\/gronau-inside.de\\\/wp-content\\\/uploads\\\/2020\\\/10\\\/01_gronau-logo_weissaufweiss_Schriftzug-1.png\",\"contentUrl\":\"https:\\\/\\\/gronau-inside.de\\\/wp-content\\\/uploads\\\/2020\\\/10\\\/01_gronau-logo_weissaufweiss_Schriftzug-1.png\",\"width\":254,\"height\":246,\"caption\":\"Gronau Inside\"},\"image\":{\"@id\":\"https:\\\/\\\/gronau-inside.de\\\/en#\\\/schema\\\/logo\\\/image\\\/\"}}]}<\/script>\n<!-- \/ Yoast SEO plugin. -->","yoast_head_json":{"title":"News - Gronau Inside","robots":{"index":"index","follow":"follow","max-snippet":"max-snippet:-1","max-image-preview":"max-image-preview:large","max-video-preview":"max-video-preview:-1"},"canonical":"https:\/\/gronau-inside.de\/en\/news","og_locale":"en_US","og_type":"article","og_title":"News - Gronau Inside","og_description":"CURRENTS","og_url":"https:\/\/gronau-inside.de\/en\/news","og_site_name":"Gronau Inside","article_modified_time":"2023-07-11T10:48:48+00:00","twitter_card":"summary_large_image","schema":{"@context":"https:\/\/schema.org","@graph":[{"@type":"WebPage","@id":"https:\/\/gronau-inside.de\/en\/news","url":"https:\/\/gronau-inside.de\/en\/news","name":"News - Gronau Inside","isPartOf":{"@id":"https:\/\/gronau-inside.de\/en#website"},"datePublished":"2021-05-17T15:23:10+00:00","dateModified":"2023-07-11T10:48:48+00:00","breadcrumb":{"@id":"https:\/\/gronau-inside.de\/en\/news#breadcrumb"},"inLanguage":"en-US","potentialAction":[{"@type":"ReadAction","target":["https:\/\/gronau-inside.de\/en\/news"]}]},{"@type":"BreadcrumbList","@id":"https:\/\/gronau-inside.de\/en\/news#breadcrumb","itemListElement":[{"@type":"ListItem","position":1,"name":"Startseite","item":"https:\/\/gronau-inside.de\/en\/home-page"},{"@type":"ListItem","position":2,"name":"News"}]},{"@type":"WebSite","@id":"https:\/\/gronau-inside.de\/en#website","url":"https:\/\/gronau-inside.de\/en","name":"Gronau Inside","description":"Musikstadt im Gr\u00fcnen","publisher":{"@id":"https:\/\/gronau-inside.de\/en#organization"},"potentialAction":[{"@type":"SearchAction","target":{"@type":"EntryPoint","urlTemplate":"https:\/\/gronau-inside.de\/en?s={search_term_string}"},"query-input":{"@type":"PropertyValueSpecification","valueRequired":true,"valueName":"search_term_string"}}],"inLanguage":"en-US"},{"@type":"Organization","@id":"https:\/\/gronau-inside.de\/en#organization","name":"Gronau Inside","url":"https:\/\/gronau-inside.de\/en","logo":{"@type":"ImageObject","inLanguage":"en-US","@id":"https:\/\/gronau-inside.de\/en#\/schema\/logo\/image\/","url":"https:\/\/gronau-inside.de\/wp-content\/uploads\/2020\/10\/01_gronau-logo_weissaufweiss_Schriftzug-1.png","contentUrl":"https:\/\/gronau-inside.de\/wp-content\/uploads\/2020\/10\/01_gronau-logo_weissaufweiss_Schriftzug-1.png","width":254,"height":246,"caption":"Gronau Inside"},"image":{"@id":"https:\/\/gronau-inside.de\/en#\/schema\/logo\/image\/"}}]}},"ticketed":false,"_links":{"self":[{"href":"https:\/\/gronau-inside.de\/en\/wp-json\/wp\/v2\/pages\/7362","targetHints":{"allow":["GET"]}}],"collection":[{"href":"https:\/\/gronau-inside.de\/en\/wp-json\/wp\/v2\/pages"}],"about":[{"href":"https:\/\/gronau-inside.de\/en\/wp-json\/wp\/v2\/types\/page"}],"author":[{"embeddable":true,"href":"https:\/\/gronau-inside.de\/en\/wp-json\/wp\/v2\/users\/2"}],"replies":[{"embeddable":true,"href":"https:\/\/gronau-inside.de\/en\/wp-json\/wp\/v2\/comments?post=7362"}],"version-history":[{"count":0,"href":"https:\/\/gronau-inside.de\/en\/wp-json\/wp\/v2\/pages\/7362\/revisions"}],"wp:attachment":[{"href":"https:\/\/gronau-inside.de\/en\/wp-json\/wp\/v2\/media?parent=7362"}],"curies":[{"name":"wp","href":"https:\/\/api.w.org\/{rel}","templated":true}]}}