{"id":104913,"date":"2026-08-31T09:28:52","date_gmt":"2026-08-31T07:28:52","guid":{"rendered":"https:\/\/gronau-inside.de\/veranstaltung\/jazz-festival-goetz-alsmann-les-bruenettes"},"modified":"2026-08-31T09:28:52","modified_gmt":"2026-08-31T07:28:52","slug":"jazz-festival-goetz-alsmann-les-bruenettes","status":"publish","type":"tribe_events","link":"https:\/\/gronau-inside.de\/en\/veranstaltung\/jazz-festival-goetz-alsmann-les-bruenettes","title":{"rendered":"Jazz Festival: G\u00f6tz Alsmann \/ Les Br\u00fcnettes"},"content":{"rendered":"<p><strong>First Acts Announced: G\u00f6tz Alsmann and Les Br\u00fcnettes Bring Jazz Hits and Girl Power to Gronau The Jazzfest is already generating excitement: From April 27 to May 2, 2027, Gronau will once again become the epicenter for jazz and music enthusiasts. For what is now the 39th Gronau Jazz Festival, the Gronau Cultural Office can already announce the first two high-profile confirmations for the lineup. <\/strong><\/p>\n<p>The charming entertainer, multi-instrumentalist, and M\u00fcnster native G\u00f6tz Alsmann returns to the festival stage on Wednesday, April 28, with his brand-new program \u201cKompliment&#8230;\u201d The distinct jazz approach with which G\u00f6tz Alsmann tackles the lyrical, philosophical, melancholic, rustic, and humorous messages of the songs, Schlager, and chansons has made him and his musicians leading interpreters of their unique art form, \u201cJazzschlager.\u201d The audience can look forward to an evening full of virtuoso swing, wordplay, and elegant musical expressions as G\u00f6tz Alsmann and his outstanding band thoughtfully bestow musical compliments in their new program\u2014all while occasionally letting their music run a bit wild.<br \/>\nThe four-member a cappella group Les Br\u00fcnettes will kick off the evening\u2019s musical program. Over the past 16 years, these vocal artists have established themselves as a fixture and leading force on the European vocal scene. They have released five albums, sung into the Beatles\u2019 microphones at Abbey Road Studios, performed at the Elbphilharmonie in Hamburg, collaborated with the HR and WDR Big Bands, and were featured on the \u201cheute journal.\u201d With their clever blend of jazz, pop, and soul, as well as their own arrangements, they break down traditional stereotypes and guarantee a musical experience full of energy and a unique sound.     <\/p>\n<p>This marks the official announcement of the lineup. Tickets for the double concert on April 28, 2027, are now available at the Gronau Tourist Information Office (info@stadtmarketing-gronau.de, Tel. 02562-99006), at all Eventim ticket outlets, or online at www.eventim.de. Early birds can look forward to an attractive 20% discount through September 30, 2026.<br \/>\n\u201cBoth G\u00f6tz Alsmann and Les Br\u00fcnettes embody exactly what the Jazzfest stands for: musical quality, stylistic diversity, and top-notch entertainment. We\u2019re very pleased to be able to announce them this early in the planning process,\u201d said Sabine Th\u00fcnenk\u00f6tter from the Cultural Office.  <\/p>\n<p>In 2027, the Gronau Jazz Festival will once again feature its tried-and-true mix of international artists, up-and-coming talents, and exciting regional bands. Since 1989, the festival has been known for its<br \/>\nboundless musical range, offering not only jazz, blues, swing, and funk but also pop and electronic music. <\/p>\n<p>The complete program for the 39th Gronau Jazz Festival will be available online shortly at www.jazzfest.de. The festival is presented by its general sponsor, K+K, as well as numerous other supporters. <\/p>\n<p>&nbsp;<\/p>\n<p>Photo: Goetz-Alsmann-2-\u00a9-Jens-Koch<\/p>\n","protected":false},"excerpt":{"rendered":"<p>First Acts Announced: G\u00f6tz Alsmann and Les Br\u00fcnettes Bring Jazz Hits and Girl Power to Gronau The Jazzfest is already generating excitement: From April 27 to May 2, 2027, Gronau [&hellip;]<\/p>\n","protected":false},"author":7,"featured_media":104914,"template":"","meta":{"_acf_changed":false,"_price":"","_stock":"","_tribe_ticket_header":"","_tribe_default_ticket_provider":"","_tribe_ticket_capacity":"0","_ticket_start_date":"","_ticket_end_date":"","_tribe_ticket_show_description":"","_tribe_ticket_show_not_going":false,"_tribe_ticket_use_global_stock":"","_tribe_ticket_global_stock_level":"","_global_stock_mode":"","_global_stock_cap":"","_tribe_rsvp_for_event":"","_tribe_ticket_going_count":"","_tribe_ticket_not_going_count":"","_tribe_tickets_list":"[]","_tribe_ticket_has_attendee_info_fields":false,"_tribe_events_status":"","_tribe_events_status_reason":"","_tribe_events_is_hybrid":"","_tribe_events_is_virtual":"","_tribe_events_virtual_video_source":"","_tribe_events_virtual_embed_video":"","_tribe_events_virtual_linked_button_text":"","_tribe_events_virtual_linked_button":"","_tribe_events_virtual_show_embed_at":"","_tribe_events_virtual_show_embed_to":[],"_tribe_events_virtual_show_on_event":"","_tribe_events_virtual_show_on_views":"","_tribe_events_virtual_url":"","footnotes":"","_tec_slr_enabled":"","_tec_slr_layout":""},"tags":[],"tribe_events_cat":[325,439,321],"class_list":["post-104913","tribe_events","type-tribe_events","status-publish","has-post-thumbnail","hentry","tribe_events_cat-civic-hall","tribe_events_cat-highlight-en","tribe_events_cat-music","cat_civic-hall","cat_highlight-en","cat_music"],"acf":[],"yoast_head":"<!-- This site is optimized with the Yoast SEO plugin v28.4 - https:\/\/yoast.com\/product\/yoast-seo-wordpress\/ -->\n<title>Jazz Festival: G\u00f6tz Alsmann \/ Les Br\u00fcnettes - Gronau Inside<\/title>\n<meta name=\"robots\" content=\"index, follow, max-snippet:-1, max-image-preview:large, max-video-preview:-1\" \/>\n<link rel=\"canonical\" href=\"https:\/\/gronau-inside.de\/en\/veranstaltung\/jazz-festival-goetz-alsmann-les-bruenettes\" \/>\n<meta property=\"og:locale\" content=\"en_US\" \/>\n<meta property=\"og:type\" content=\"article\" \/>\n<meta property=\"og:title\" content=\"Jazz Festival: G\u00f6tz Alsmann \/ Les Br\u00fcnettes - Gronau Inside\" \/>\n<meta property=\"og:description\" content=\"First Acts Announced: G\u00f6tz Alsmann and Les Br\u00fcnettes Bring Jazz Hits and Girl Power to Gronau The Jazzfest is already generating excitement: From April 27 to May 2, 2027, Gronau [&hellip;]\" \/>\n<meta property=\"og:url\" content=\"https:\/\/gronau-inside.de\/en\/veranstaltung\/jazz-festival-goetz-alsmann-les-bruenettes\" \/>\n<meta property=\"og:site_name\" content=\"Gronau Inside\" \/>\n<meta property=\"og:image\" content=\"https:\/\/gronau-inside.de\/wp-content\/uploads\/2026\/08\/Goetz-Alsmann-2-\u00a9-Jens-Koch.jpg\" \/>\n\t<meta property=\"og:image:width\" content=\"1667\" \/>\n\t<meta property=\"og:image:height\" content=\"2500\" \/>\n\t<meta property=\"og:image:type\" content=\"image\/jpeg\" \/>\n<meta name=\"twitter:card\" content=\"summary_large_image\" \/>\n<meta name=\"twitter:label1\" content=\"Est. reading time\" \/>\n\t<meta name=\"twitter:data1\" content=\"2 minutes\" \/>\n<script type=\"application\/ld+json\" class=\"yoast-schema-graph\">{\"@context\":\"https:\\\/\\\/schema.org\",\"@graph\":[{\"@type\":\"WebPage\",\"@id\":\"https:\\\/\\\/gronau-inside.de\\\/en\\\/veranstaltung\\\/jazz-festival-goetz-alsmann-les-bruenettes\",\"url\":\"https:\\\/\\\/gronau-inside.de\\\/en\\\/veranstaltung\\\/jazz-festival-goetz-alsmann-les-bruenettes\",\"name\":\"Jazz Festival: G\u00f6tz Alsmann \\\/ Les Br\u00fcnettes - Gronau Inside\",\"isPartOf\":{\"@id\":\"https:\\\/\\\/gronau-inside.de\\\/en#website\"},\"primaryImageOfPage\":{\"@id\":\"https:\\\/\\\/gronau-inside.de\\\/en\\\/veranstaltung\\\/jazz-festival-goetz-alsmann-les-bruenettes#primaryimage\"},\"image\":{\"@id\":\"https:\\\/\\\/gronau-inside.de\\\/en\\\/veranstaltung\\\/jazz-festival-goetz-alsmann-les-bruenettes#primaryimage\"},\"thumbnailUrl\":\"https:\\\/\\\/gronau-inside.de\\\/wp-content\\\/uploads\\\/2026\\\/08\\\/Goetz-Alsmann-2-\u00a9-Jens-Koch.jpg\",\"datePublished\":\"2026-08-31T07:28:52+00:00\",\"breadcrumb\":{\"@id\":\"https:\\\/\\\/gronau-inside.de\\\/en\\\/veranstaltung\\\/jazz-festival-goetz-alsmann-les-bruenettes#breadcrumb\"},\"inLanguage\":\"en-US\",\"potentialAction\":[{\"@type\":\"ReadAction\",\"target\":[\"https:\\\/\\\/gronau-inside.de\\\/en\\\/veranstaltung\\\/jazz-festival-goetz-alsmann-les-bruenettes\"]}]},{\"@type\":\"ImageObject\",\"inLanguage\":\"en-US\",\"@id\":\"https:\\\/\\\/gronau-inside.de\\\/en\\\/veranstaltung\\\/jazz-festival-goetz-alsmann-les-bruenettes#primaryimage\",\"url\":\"https:\\\/\\\/gronau-inside.de\\\/wp-content\\\/uploads\\\/2026\\\/08\\\/Goetz-Alsmann-2-\u00a9-Jens-Koch.jpg\",\"contentUrl\":\"https:\\\/\\\/gronau-inside.de\\\/wp-content\\\/uploads\\\/2026\\\/08\\\/Goetz-Alsmann-2-\u00a9-Jens-Koch.jpg\",\"width\":1667,\"height\":2500,\"creditText\":\"Heskamp Medien GmbH\",\"copyrightNotice\":\"\u00a9 2026 Heskamp Medien GmbH\",\"copyrightYear\":2026,\"creator\":{\"@type\":\"Organization\",\"name\":\"Heskamp Medien GmbH\",\"url\":\"https:\\\/\\\/gronau-inside.de\\\/en\"},\"license\":\"https:\\\/\\\/gronau-inside.de\\\/\",\"acquireLicensePage\":\"https:\\\/\\\/gronau-inside.de\\\/\"},{\"@type\":\"BreadcrumbList\",\"@id\":\"https:\\\/\\\/gronau-inside.de\\\/en\\\/veranstaltung\\\/jazz-festival-goetz-alsmann-les-bruenettes#breadcrumb\",\"itemListElement\":[{\"@type\":\"ListItem\",\"position\":1,\"name\":\"Startseite\",\"item\":\"https:\\\/\\\/gronau-inside.de\\\/en\"},{\"@type\":\"ListItem\",\"position\":2,\"name\":\"Events\",\"item\":\"https:\\\/\\\/gronau-inside.de\\\/en\\\/veranstaltungen\\\/\"},{\"@type\":\"ListItem\",\"position\":3,\"name\":\"Jazz Festival: G\u00f6tz Alsmann \\\/ Les Br\u00fcnettes\"}]},{\"@type\":\"WebSite\",\"@id\":\"https:\\\/\\\/gronau-inside.de\\\/en#website\",\"url\":\"https:\\\/\\\/gronau-inside.de\\\/en\",\"name\":\"Gronau Inside\",\"description\":\"Musikstadt im Gr\u00fcnen\",\"publisher\":{\"@id\":\"https:\\\/\\\/gronau-inside.de\\\/en#organization\"},\"potentialAction\":[{\"@type\":\"SearchAction\",\"target\":{\"@type\":\"EntryPoint\",\"urlTemplate\":\"https:\\\/\\\/gronau-inside.de\\\/en?s={search_term_string}\"},\"query-input\":{\"@type\":\"PropertyValueSpecification\",\"valueRequired\":true,\"valueName\":\"search_term_string\"}}],\"inLanguage\":\"en-US\"},{\"@type\":\"Organization\",\"@id\":\"https:\\\/\\\/gronau-inside.de\\\/en#organization\",\"name\":\"Gronau Inside\",\"url\":\"https:\\\/\\\/gronau-inside.de\\\/en\",\"logo\":{\"@type\":\"ImageObject\",\"inLanguage\":\"en-US\",\"@id\":\"https:\\\/\\\/gronau-inside.de\\\/en#\\\/schema\\\/logo\\\/image\\\/\",\"url\":\"https:\\\/\\\/gronau-inside.de\\\/wp-content\\\/uploads\\\/2020\\\/10\\\/01_gronau-logo_weissaufweiss_Schriftzug-1.png\",\"contentUrl\":\"https:\\\/\\\/gronau-inside.de\\\/wp-content\\\/uploads\\\/2020\\\/10\\\/01_gronau-logo_weissaufweiss_Schriftzug-1.png\",\"width\":254,\"height\":246,\"caption\":\"Gronau Inside\"},\"image\":{\"@id\":\"https:\\\/\\\/gronau-inside.de\\\/en#\\\/schema\\\/logo\\\/image\\\/\"}}]}<\/script>\n<!-- \/ Yoast SEO plugin. -->","yoast_head_json":{"title":"Jazz Festival: G\u00f6tz Alsmann \/ Les Br\u00fcnettes - Gronau Inside","robots":{"index":"index","follow":"follow","max-snippet":"max-snippet:-1","max-image-preview":"max-image-preview:large","max-video-preview":"max-video-preview:-1"},"canonical":"https:\/\/gronau-inside.de\/en\/veranstaltung\/jazz-festival-goetz-alsmann-les-bruenettes","og_locale":"en_US","og_type":"article","og_title":"Jazz Festival: G\u00f6tz Alsmann \/ Les Br\u00fcnettes - Gronau Inside","og_description":"First Acts Announced: G\u00f6tz Alsmann and Les Br\u00fcnettes Bring Jazz Hits and Girl Power to Gronau The Jazzfest is already generating excitement: From April 27 to May 2, 2027, Gronau [&hellip;]","og_url":"https:\/\/gronau-inside.de\/en\/veranstaltung\/jazz-festival-goetz-alsmann-les-bruenettes","og_site_name":"Gronau Inside","og_image":[{"width":1667,"height":2500,"url":"https:\/\/gronau-inside.de\/wp-content\/uploads\/2026\/08\/Goetz-Alsmann-2-\u00a9-Jens-Koch.jpg","type":"image\/jpeg"}],"twitter_card":"summary_large_image","twitter_misc":{"Est. reading time":"2 minutes"},"schema":{"@context":"https:\/\/schema.org","@graph":[{"@type":"WebPage","@id":"https:\/\/gronau-inside.de\/en\/veranstaltung\/jazz-festival-goetz-alsmann-les-bruenettes","url":"https:\/\/gronau-inside.de\/en\/veranstaltung\/jazz-festival-goetz-alsmann-les-bruenettes","name":"Jazz Festival: G\u00f6tz Alsmann \/ Les Br\u00fcnettes - Gronau Inside","isPartOf":{"@id":"https:\/\/gronau-inside.de\/en#website"},"primaryImageOfPage":{"@id":"https:\/\/gronau-inside.de\/en\/veranstaltung\/jazz-festival-goetz-alsmann-les-bruenettes#primaryimage"},"image":{"@id":"https:\/\/gronau-inside.de\/en\/veranstaltung\/jazz-festival-goetz-alsmann-les-bruenettes#primaryimage"},"thumbnailUrl":"https:\/\/gronau-inside.de\/wp-content\/uploads\/2026\/08\/Goetz-Alsmann-2-\u00a9-Jens-Koch.jpg","datePublished":"2026-08-31T07:28:52+00:00","breadcrumb":{"@id":"https:\/\/gronau-inside.de\/en\/veranstaltung\/jazz-festival-goetz-alsmann-les-bruenettes#breadcrumb"},"inLanguage":"en-US","potentialAction":[{"@type":"ReadAction","target":["https:\/\/gronau-inside.de\/en\/veranstaltung\/jazz-festival-goetz-alsmann-les-bruenettes"]}]},{"@type":"ImageObject","inLanguage":"en-US","@id":"https:\/\/gronau-inside.de\/en\/veranstaltung\/jazz-festival-goetz-alsmann-les-bruenettes#primaryimage","url":"https:\/\/gronau-inside.de\/wp-content\/uploads\/2026\/08\/Goetz-Alsmann-2-\u00a9-Jens-Koch.jpg","contentUrl":"https:\/\/gronau-inside.de\/wp-content\/uploads\/2026\/08\/Goetz-Alsmann-2-\u00a9-Jens-Koch.jpg","width":1667,"height":2500,"creditText":"Heskamp Medien GmbH","copyrightNotice":"\u00a9 2026 Heskamp Medien GmbH","copyrightYear":2026,"creator":{"@type":"Organization","name":"Heskamp Medien GmbH","url":"https:\/\/gronau-inside.de\/en"},"license":"https:\/\/gronau-inside.de\/","acquireLicensePage":"https:\/\/gronau-inside.de\/"},{"@type":"BreadcrumbList","@id":"https:\/\/gronau-inside.de\/en\/veranstaltung\/jazz-festival-goetz-alsmann-les-bruenettes#breadcrumb","itemListElement":[{"@type":"ListItem","position":1,"name":"Startseite","item":"https:\/\/gronau-inside.de\/en"},{"@type":"ListItem","position":2,"name":"Events","item":"https:\/\/gronau-inside.de\/en\/veranstaltungen\/"},{"@type":"ListItem","position":3,"name":"Jazz Festival: G\u00f6tz Alsmann \/ Les Br\u00fcnettes"}]},{"@type":"WebSite","@id":"https:\/\/gronau-inside.de\/en#website","url":"https:\/\/gronau-inside.de\/en","name":"Gronau Inside","description":"Musikstadt im Gr\u00fcnen","publisher":{"@id":"https:\/\/gronau-inside.de\/en#organization"},"potentialAction":[{"@type":"SearchAction","target":{"@type":"EntryPoint","urlTemplate":"https:\/\/gronau-inside.de\/en?s={search_term_string}"},"query-input":{"@type":"PropertyValueSpecification","valueRequired":true,"valueName":"search_term_string"}}],"inLanguage":"en-US"},{"@type":"Organization","@id":"https:\/\/gronau-inside.de\/en#organization","name":"Gronau Inside","url":"https:\/\/gronau-inside.de\/en","logo":{"@type":"ImageObject","inLanguage":"en-US","@id":"https:\/\/gronau-inside.de\/en#\/schema\/logo\/image\/","url":"https:\/\/gronau-inside.de\/wp-content\/uploads\/2020\/10\/01_gronau-logo_weissaufweiss_Schriftzug-1.png","contentUrl":"https:\/\/gronau-inside.de\/wp-content\/uploads\/2020\/10\/01_gronau-logo_weissaufweiss_Schriftzug-1.png","width":254,"height":246,"caption":"Gronau Inside"},"image":{"@id":"https:\/\/gronau-inside.de\/en#\/schema\/logo\/image\/"}}]}},"ticketed":false,"_links":{"self":[{"href":"https:\/\/gronau-inside.de\/en\/wp-json\/wp\/v2\/tribe_events\/104913","targetHints":{"allow":["GET"]}}],"collection":[{"href":"https:\/\/gronau-inside.de\/en\/wp-json\/wp\/v2\/tribe_events"}],"about":[{"href":"https:\/\/gronau-inside.de\/en\/wp-json\/wp\/v2\/types\/tribe_events"}],"author":[{"embeddable":true,"href":"https:\/\/gronau-inside.de\/en\/wp-json\/wp\/v2\/users\/7"}],"version-history":[{"count":0,"href":"https:\/\/gronau-inside.de\/en\/wp-json\/wp\/v2\/tribe_events\/104913\/revisions"}],"wp:featuredmedia":[{"embeddable":true,"href":"https:\/\/gronau-inside.de\/en\/wp-json\/wp\/v2\/media\/104914"}],"wp:attachment":[{"href":"https:\/\/gronau-inside.de\/en\/wp-json\/wp\/v2\/media?parent=104913"}],"wp:term":[{"taxonomy":"post_tag","embeddable":true,"href":"https:\/\/gronau-inside.de\/en\/wp-json\/wp\/v2\/tags?post=104913"},{"taxonomy":"tribe_events_cat","embeddable":true,"href":"https:\/\/gronau-inside.de\/en\/wp-json\/wp\/v2\/tribe_events_cat?post=104913"}],"curies":[{"name":"wp","href":"https:\/\/api.w.org\/{rel}","templated":true}]}}