{"id":89033,"date":"2025-11-28T11:41:42","date_gmt":"2025-11-28T10:41:42","guid":{"rendered":"https:\/\/gronau-inside.de\/veranstaltung\/summerfeelings-open-air-howard-carpendale-maite-kelly-nik-p"},"modified":"2025-11-28T11:41:42","modified_gmt":"2025-11-28T10:41:42","slug":"summerfeelings-open-air-howard-carpendale-maite-kelly-nik-p","status":"publish","type":"tribe_events","link":"https:\/\/gronau-inside.de\/en\/veranstaltung\/summerfeelings-open-air-howard-carpendale-maite-kelly-nik-p","title":{"rendered":"SummerFeelings-Open-Air: Howard Carpendale, Maite Kelly, Nik P."},"content":{"rendered":"<p>Great anticipation in Gronau, the city of music in the countryside: On  <strong>August 14 and 15, 2026 <\/strong>  the popular festival <strong>&#8220;SummerFeelings-DAS Gronau-Open-Air&#8221;<\/strong> will take place again next year. The Euregio border town will open its doors for two days and offer visitors two absolutely top programs in the music arena on the large open space at the B\u00fcrgerhalle. The local event agency Westfalen Events is cooperating for the first time with Mewes Entertainment Group GmbH, which belongs to DEAG. Tickets will be available from 28.11.2025 at myticket, CTS Eventim, SummerFeelings-Gronau.de and all other advance booking offices.   <\/p>\n<p><strong>MARK FORSTER<\/strong> will be the festival highlight at the <strong>&#8220;NIGHT OF POP&#8221;<\/strong> on Friday, <strong>August 14, 2026 <\/strong>. The high-flyers from <g id=\"gid_3\">CLOCKCLOCK<\/g> and singer <g id=\"gid_4\">PHILIPP DITTBERNER<\/g> will also be performing in Gronau. On <g id=\"gid_5\">Saturday, August 15<\/g> <g id=\"gid_6\">, 2026 <\/g>, &#8220;Schlager-Kult&#8221; at its finest will be the order of the day. None other than <g id=\"gid_7\">HOWARD CARPENDALE<\/g>, &#8220;Ein Stern-Macher&#8221; <g id=\"gid_8\">NIK P<\/g>. and the exceptional artist <strong>MAITE KELLY<\/strong> will then set off real fireworks <strong>live with their bands<\/strong> and ensure a grandiose &#8216;mega party&#8217;.    <\/p>\n<p><strong>MARK FORSTER, <\/strong>for many years one of the best and most successful artists in the &#8220;German pop&#8221; genre, completely thrilled well over 8,000 visitors in the festival arena in Gronau four years ago. The exceptional artist is very much looking forward to a reunion in the &#8220;Music City in the Country&#8221; and also to rocking the arena again at the <strong>&#8220;NIGHT OF POP&#8221;<\/strong> with a new program and, of course, with his great hits in his luggage. <\/p>\n<p>The pop band <strong>CLOCKCLOCK<\/strong> has been more than present in the international airplay and radio charts for years with many NR.1 hits (Brooklyn, Someone else, Love u again, Sorry etc&#8230;). Their participation in the TV format &#8220;Sing meinen Song-2025&#8221; also attracted a great deal of media attention this year. At their live shows, the band always give their all, with their performance and songs that go straight to the blood, body and heart.  <\/p>\n<p><strong>PHILIPP DITTBERNER<\/strong> is known for his authentic and emotional German-language pop songs. He celebrated his breakthrough in 2015 with the hit &#8220;Wolke 4&#8221;, which went viral on the internet and became an integral part of the German pop music scene. This was followed by hits such as &#8220;Das ist dein Leben&#8221; and &#8220;Gib mir einen Grund&#8221;. The songwriter and singer-songwriter is currently celebrating his 10th anniversary on stage and completes the &#8220;NIGHT OF POP&#8221; in Gronau.  <\/p>\n<p>After the sold-out festivals with Roland Kaiser (2023) and Andreas Gabalier (2024), the organizers are now particularly looking forward to <strong>HOWARD CARPENDALE &amp; Band<\/strong> on Saturday, 15 August 2026. Well over 65 million records sold, countless sold-out live tours and dozens of No. 1 hits adorn the success story of the South African-born singer, who became a pop superstar in Germany. His cross-generational evergreens such as &#8220;Hello Again&#8221;, &#8220;Ti Amo&#8221;, &#8220;Nachts, wenn alles schl\u00e4ft&#8221;, &#8220;Wegen dir&#8221;, &#8220;T\u00fcr an T\u00fcr mit Alice&#8221; and &#8220;Du f\u00e4ngst den Wind niemals ein&#8221; are absolute pop cult hits.<\/p>\n<p>With <strong>MAITE KELLY<\/strong> <strong>&amp; Band<\/strong>, another highlight entertainer will rock the stage on this day. Under the motto &#8220;Schlager Heart &amp; Flower Power!&#8221;, the exceptional artist will party loudly with the audience, dance barefoot, dream under the stars and share the anthems of our lives. As a hippie Kelly child who has traveled all over the world by bus, she considers &#8220;outside&#8221; to be her second living room. Her shows are 100% Schlagerpunk, 100% flower power, 100% heart! Real, authentic, straightforward. No chi-chi, no fake &#8211; just Maite and her best band. With new hits and legendary songs from Kaiser to Haddaway, Maite Kelly has everything in her picnic basket for the Schlager Night in Gronau.      <\/p>\n<p><strong>NIK P<\/strong>., a thoroughbred musician and one of Austria&#8217;s best-known and best live artists for a long time, became famous in this country at the end of the 90s with his self-written song &#8220;Ein Stern, der deinen Namen tr\u00e4gt&#8221;. Almost ten years after its first release, the new edition in a duet with DJ \u00d6tzi became an absolute mega smash hit. NIK P. and his band will be performing his other hits such as &#8220;Geboren um dich zu lieben&#8221; and &#8220;Gloria&#8221; in Gronau, creating a &#8220;cult atmosphere&#8221;.  <\/p>\n<p>At the beginning of the Schlagerkult-Party, which will last almost seven hours, Germany&#8217;s most listened-to pop station, <strong>RADIO SCHLAGERPARADIES<\/strong>, will present <strong>&#8220;Schlager-Youngstars&#8221;<\/strong> in a separate show block on the show stage on Saturday afternoon from 16:00, a more than atmospheric &#8220;festival warm-up&#8221; and certainly the perfect way to get in the mood for the <strong>Schlager-Kult-Party<\/strong> in Gronau.<\/p>\n<p>&nbsp;<\/p>\n<p>Advance ticket sales for both events start on <strong>Friday, November 28 at 4 pm.<\/strong><\/p>\n<p><strong>Tickets are available at <a href=\"http:\/\/www.eventim.de\">www.eventim.de,<\/a> <a href=\"http:\/\/myticket.de\">myticket.de<\/a>, <a href=\"https:\/\/www.summerfeelings-gronau.com\/\">summerfeelings-gronau.com<\/a> and at all known sales outlets.  <\/strong><\/p>\n<p><strong> <\/strong><\/p>\n<p>Further information is also <strong>available at <a href=\"https:\/\/www.summerfeelings-gronau.com\/\">summerfeelings-gronau.com<\/a><\/strong>, especially for VIP tickets and company contingents.<\/p>\n","protected":false},"excerpt":{"rendered":"<p>Great anticipation in Gronau, the city of music in the countryside: On August 14 and 15, 2026 the popular festival &#8220;SummerFeelings-DAS Gronau-Open-Air&#8221; will take place again next year. The Euregio [&hellip;]<\/p>\n","protected":false},"author":7,"featured_media":89029,"template":"","meta":{"_acf_changed":false,"_price":"","_stock":"","_tribe_ticket_header":"","_tribe_default_ticket_provider":"","_tribe_ticket_capacity":"0","_ticket_start_date":"","_ticket_end_date":"","_tribe_ticket_show_description":"","_tribe_ticket_show_not_going":false,"_tribe_ticket_use_global_stock":"","_tribe_ticket_global_stock_level":"","_global_stock_mode":"","_global_stock_cap":"","_tribe_rsvp_for_event":"","_tribe_ticket_going_count":"","_tribe_ticket_not_going_count":"","_tribe_tickets_list":"[]","_tribe_ticket_has_attendee_info_fields":false,"_tribe_events_status":"","_tribe_events_status_reason":"","_tribe_events_is_hybrid":"","_tribe_events_is_virtual":"","_tribe_events_virtual_video_source":"","_tribe_events_virtual_embed_video":"","_tribe_events_virtual_linked_button_text":"","_tribe_events_virtual_linked_button":"","_tribe_events_virtual_show_embed_at":"","_tribe_events_virtual_show_embed_to":[],"_tribe_events_virtual_show_on_event":"","_tribe_events_virtual_show_on_views":"","_tribe_events_virtual_url":"","footnotes":"","_tec_slr_enabled":"","_tec_slr_layout":""},"tags":[],"tribe_events_cat":[325,439,321],"class_list":["post-89033","tribe_events","type-tribe_events","status-publish","has-post-thumbnail","hentry","tribe_events_cat-civic-hall","tribe_events_cat-highlight-en","tribe_events_cat-music","cat_civic-hall","cat_highlight-en","cat_music"],"acf":[],"yoast_head":"<!-- This site is optimized with the Yoast SEO plugin v27.5 - https:\/\/yoast.com\/product\/yoast-seo-wordpress\/ -->\n<title>SummerFeelings-Open-Air: Howard Carpendale, Maite Kelly, Nik P. - Gronau Inside<\/title>\n<meta name=\"robots\" content=\"index, follow, max-snippet:-1, max-image-preview:large, max-video-preview:-1\" \/>\n<link rel=\"canonical\" href=\"https:\/\/gronau-inside.de\/en\/veranstaltung\/summerfeelings-open-air-howard-carpendale-maite-kelly-nik-p\" \/>\n<meta property=\"og:locale\" content=\"en_US\" \/>\n<meta property=\"og:type\" content=\"article\" \/>\n<meta property=\"og:title\" content=\"SummerFeelings-Open-Air: Howard Carpendale, Maite Kelly, Nik P. - Gronau Inside\" \/>\n<meta property=\"og:description\" content=\"Great anticipation in Gronau, the city of music in the countryside: On August 14 and 15, 2026 the popular festival &#8220;SummerFeelings-DAS Gronau-Open-Air&#8221; will take place again next year. The Euregio [&hellip;]\" \/>\n<meta property=\"og:url\" content=\"https:\/\/gronau-inside.de\/en\/veranstaltung\/summerfeelings-open-air-howard-carpendale-maite-kelly-nik-p\" \/>\n<meta property=\"og:site_name\" content=\"Gronau Inside\" \/>\n<meta property=\"og:image\" content=\"https:\/\/gronau-inside.de\/wp-content\/uploads\/2025\/11\/skp-poster_A1-screenshot.jpg\" \/>\n\t<meta property=\"og:image:width\" content=\"615\" \/>\n\t<meta property=\"og:image:height\" content=\"941\" \/>\n\t<meta property=\"og:image:type\" content=\"image\/jpeg\" \/>\n<meta name=\"twitter:card\" content=\"summary_large_image\" \/>\n<meta name=\"twitter:label1\" content=\"Est. reading time\" \/>\n\t<meta name=\"twitter:data1\" content=\"4 minutes\" \/>\n<script type=\"application\/ld+json\" class=\"yoast-schema-graph\">{\"@context\":\"https:\\\/\\\/schema.org\",\"@graph\":[{\"@type\":\"WebPage\",\"@id\":\"https:\\\/\\\/gronau-inside.de\\\/en\\\/veranstaltung\\\/summerfeelings-open-air-howard-carpendale-maite-kelly-nik-p\",\"url\":\"https:\\\/\\\/gronau-inside.de\\\/en\\\/veranstaltung\\\/summerfeelings-open-air-howard-carpendale-maite-kelly-nik-p\",\"name\":\"SummerFeelings-Open-Air: Howard Carpendale, Maite Kelly, Nik P. - Gronau Inside\",\"isPartOf\":{\"@id\":\"https:\\\/\\\/gronau-inside.de\\\/en#website\"},\"primaryImageOfPage\":{\"@id\":\"https:\\\/\\\/gronau-inside.de\\\/en\\\/veranstaltung\\\/summerfeelings-open-air-howard-carpendale-maite-kelly-nik-p#primaryimage\"},\"image\":{\"@id\":\"https:\\\/\\\/gronau-inside.de\\\/en\\\/veranstaltung\\\/summerfeelings-open-air-howard-carpendale-maite-kelly-nik-p#primaryimage\"},\"thumbnailUrl\":\"https:\\\/\\\/gronau-inside.de\\\/wp-content\\\/uploads\\\/2025\\\/11\\\/skp-poster_A1-screenshot.jpg\",\"datePublished\":\"2025-11-28T10:41:42+00:00\",\"breadcrumb\":{\"@id\":\"https:\\\/\\\/gronau-inside.de\\\/en\\\/veranstaltung\\\/summerfeelings-open-air-howard-carpendale-maite-kelly-nik-p#breadcrumb\"},\"inLanguage\":\"en-US\",\"potentialAction\":[{\"@type\":\"ReadAction\",\"target\":[\"https:\\\/\\\/gronau-inside.de\\\/en\\\/veranstaltung\\\/summerfeelings-open-air-howard-carpendale-maite-kelly-nik-p\"]}]},{\"@type\":\"ImageObject\",\"inLanguage\":\"en-US\",\"@id\":\"https:\\\/\\\/gronau-inside.de\\\/en\\\/veranstaltung\\\/summerfeelings-open-air-howard-carpendale-maite-kelly-nik-p#primaryimage\",\"url\":\"https:\\\/\\\/gronau-inside.de\\\/wp-content\\\/uploads\\\/2025\\\/11\\\/skp-poster_A1-screenshot.jpg\",\"contentUrl\":\"https:\\\/\\\/gronau-inside.de\\\/wp-content\\\/uploads\\\/2025\\\/11\\\/skp-poster_A1-screenshot.jpg\",\"width\":615,\"height\":941},{\"@type\":\"BreadcrumbList\",\"@id\":\"https:\\\/\\\/gronau-inside.de\\\/en\\\/veranstaltung\\\/summerfeelings-open-air-howard-carpendale-maite-kelly-nik-p#breadcrumb\",\"itemListElement\":[{\"@type\":\"ListItem\",\"position\":1,\"name\":\"Startseite\",\"item\":\"https:\\\/\\\/gronau-inside.de\\\/en\\\/home-page\"},{\"@type\":\"ListItem\",\"position\":2,\"name\":\"Events\",\"item\":\"https:\\\/\\\/gronau-inside.de\\\/en\\\/veranstaltungen\\\/\"},{\"@type\":\"ListItem\",\"position\":3,\"name\":\"SummerFeelings-Open-Air: Howard Carpendale, Maite Kelly, Nik P.\"}]},{\"@type\":\"WebSite\",\"@id\":\"https:\\\/\\\/gronau-inside.de\\\/en#website\",\"url\":\"https:\\\/\\\/gronau-inside.de\\\/en\",\"name\":\"Gronau Inside\",\"description\":\"Musikstadt im Gr\u00fcnen\",\"publisher\":{\"@id\":\"https:\\\/\\\/gronau-inside.de\\\/en#organization\"},\"potentialAction\":[{\"@type\":\"SearchAction\",\"target\":{\"@type\":\"EntryPoint\",\"urlTemplate\":\"https:\\\/\\\/gronau-inside.de\\\/en?s={search_term_string}\"},\"query-input\":{\"@type\":\"PropertyValueSpecification\",\"valueRequired\":true,\"valueName\":\"search_term_string\"}}],\"inLanguage\":\"en-US\"},{\"@type\":\"Organization\",\"@id\":\"https:\\\/\\\/gronau-inside.de\\\/en#organization\",\"name\":\"Gronau Inside\",\"url\":\"https:\\\/\\\/gronau-inside.de\\\/en\",\"logo\":{\"@type\":\"ImageObject\",\"inLanguage\":\"en-US\",\"@id\":\"https:\\\/\\\/gronau-inside.de\\\/en#\\\/schema\\\/logo\\\/image\\\/\",\"url\":\"https:\\\/\\\/gronau-inside.de\\\/wp-content\\\/uploads\\\/2020\\\/10\\\/01_gronau-logo_weissaufweiss_Schriftzug-1.png\",\"contentUrl\":\"https:\\\/\\\/gronau-inside.de\\\/wp-content\\\/uploads\\\/2020\\\/10\\\/01_gronau-logo_weissaufweiss_Schriftzug-1.png\",\"width\":254,\"height\":246,\"caption\":\"Gronau Inside\"},\"image\":{\"@id\":\"https:\\\/\\\/gronau-inside.de\\\/en#\\\/schema\\\/logo\\\/image\\\/\"}}]}<\/script>\n<!-- \/ Yoast SEO plugin. -->","yoast_head_json":{"title":"SummerFeelings-Open-Air: Howard Carpendale, Maite Kelly, Nik P. - Gronau Inside","robots":{"index":"index","follow":"follow","max-snippet":"max-snippet:-1","max-image-preview":"max-image-preview:large","max-video-preview":"max-video-preview:-1"},"canonical":"https:\/\/gronau-inside.de\/en\/veranstaltung\/summerfeelings-open-air-howard-carpendale-maite-kelly-nik-p","og_locale":"en_US","og_type":"article","og_title":"SummerFeelings-Open-Air: Howard Carpendale, Maite Kelly, Nik P. - Gronau Inside","og_description":"Great anticipation in Gronau, the city of music in the countryside: On August 14 and 15, 2026 the popular festival &#8220;SummerFeelings-DAS Gronau-Open-Air&#8221; will take place again next year. The Euregio [&hellip;]","og_url":"https:\/\/gronau-inside.de\/en\/veranstaltung\/summerfeelings-open-air-howard-carpendale-maite-kelly-nik-p","og_site_name":"Gronau Inside","og_image":[{"width":615,"height":941,"url":"https:\/\/gronau-inside.de\/wp-content\/uploads\/2025\/11\/skp-poster_A1-screenshot.jpg","type":"image\/jpeg"}],"twitter_card":"summary_large_image","twitter_misc":{"Est. reading time":"4 minutes"},"schema":{"@context":"https:\/\/schema.org","@graph":[{"@type":"WebPage","@id":"https:\/\/gronau-inside.de\/en\/veranstaltung\/summerfeelings-open-air-howard-carpendale-maite-kelly-nik-p","url":"https:\/\/gronau-inside.de\/en\/veranstaltung\/summerfeelings-open-air-howard-carpendale-maite-kelly-nik-p","name":"SummerFeelings-Open-Air: Howard Carpendale, Maite Kelly, Nik P. - Gronau Inside","isPartOf":{"@id":"https:\/\/gronau-inside.de\/en#website"},"primaryImageOfPage":{"@id":"https:\/\/gronau-inside.de\/en\/veranstaltung\/summerfeelings-open-air-howard-carpendale-maite-kelly-nik-p#primaryimage"},"image":{"@id":"https:\/\/gronau-inside.de\/en\/veranstaltung\/summerfeelings-open-air-howard-carpendale-maite-kelly-nik-p#primaryimage"},"thumbnailUrl":"https:\/\/gronau-inside.de\/wp-content\/uploads\/2025\/11\/skp-poster_A1-screenshot.jpg","datePublished":"2025-11-28T10:41:42+00:00","breadcrumb":{"@id":"https:\/\/gronau-inside.de\/en\/veranstaltung\/summerfeelings-open-air-howard-carpendale-maite-kelly-nik-p#breadcrumb"},"inLanguage":"en-US","potentialAction":[{"@type":"ReadAction","target":["https:\/\/gronau-inside.de\/en\/veranstaltung\/summerfeelings-open-air-howard-carpendale-maite-kelly-nik-p"]}]},{"@type":"ImageObject","inLanguage":"en-US","@id":"https:\/\/gronau-inside.de\/en\/veranstaltung\/summerfeelings-open-air-howard-carpendale-maite-kelly-nik-p#primaryimage","url":"https:\/\/gronau-inside.de\/wp-content\/uploads\/2025\/11\/skp-poster_A1-screenshot.jpg","contentUrl":"https:\/\/gronau-inside.de\/wp-content\/uploads\/2025\/11\/skp-poster_A1-screenshot.jpg","width":615,"height":941},{"@type":"BreadcrumbList","@id":"https:\/\/gronau-inside.de\/en\/veranstaltung\/summerfeelings-open-air-howard-carpendale-maite-kelly-nik-p#breadcrumb","itemListElement":[{"@type":"ListItem","position":1,"name":"Startseite","item":"https:\/\/gronau-inside.de\/en\/home-page"},{"@type":"ListItem","position":2,"name":"Events","item":"https:\/\/gronau-inside.de\/en\/veranstaltungen\/"},{"@type":"ListItem","position":3,"name":"SummerFeelings-Open-Air: Howard Carpendale, Maite Kelly, Nik P."}]},{"@type":"WebSite","@id":"https:\/\/gronau-inside.de\/en#website","url":"https:\/\/gronau-inside.de\/en","name":"Gronau Inside","description":"Musikstadt im Gr\u00fcnen","publisher":{"@id":"https:\/\/gronau-inside.de\/en#organization"},"potentialAction":[{"@type":"SearchAction","target":{"@type":"EntryPoint","urlTemplate":"https:\/\/gronau-inside.de\/en?s={search_term_string}"},"query-input":{"@type":"PropertyValueSpecification","valueRequired":true,"valueName":"search_term_string"}}],"inLanguage":"en-US"},{"@type":"Organization","@id":"https:\/\/gronau-inside.de\/en#organization","name":"Gronau Inside","url":"https:\/\/gronau-inside.de\/en","logo":{"@type":"ImageObject","inLanguage":"en-US","@id":"https:\/\/gronau-inside.de\/en#\/schema\/logo\/image\/","url":"https:\/\/gronau-inside.de\/wp-content\/uploads\/2020\/10\/01_gronau-logo_weissaufweiss_Schriftzug-1.png","contentUrl":"https:\/\/gronau-inside.de\/wp-content\/uploads\/2020\/10\/01_gronau-logo_weissaufweiss_Schriftzug-1.png","width":254,"height":246,"caption":"Gronau Inside"},"image":{"@id":"https:\/\/gronau-inside.de\/en#\/schema\/logo\/image\/"}}]}},"ticketed":false,"_links":{"self":[{"href":"https:\/\/gronau-inside.de\/en\/wp-json\/wp\/v2\/tribe_events\/89033","targetHints":{"allow":["GET"]}}],"collection":[{"href":"https:\/\/gronau-inside.de\/en\/wp-json\/wp\/v2\/tribe_events"}],"about":[{"href":"https:\/\/gronau-inside.de\/en\/wp-json\/wp\/v2\/types\/tribe_events"}],"author":[{"embeddable":true,"href":"https:\/\/gronau-inside.de\/en\/wp-json\/wp\/v2\/users\/7"}],"version-history":[{"count":0,"href":"https:\/\/gronau-inside.de\/en\/wp-json\/wp\/v2\/tribe_events\/89033\/revisions"}],"wp:featuredmedia":[{"embeddable":true,"href":"https:\/\/gronau-inside.de\/en\/wp-json\/wp\/v2\/media\/89029"}],"wp:attachment":[{"href":"https:\/\/gronau-inside.de\/en\/wp-json\/wp\/v2\/media?parent=89033"}],"wp:term":[{"taxonomy":"post_tag","embeddable":true,"href":"https:\/\/gronau-inside.de\/en\/wp-json\/wp\/v2\/tags?post=89033"},{"taxonomy":"tribe_events_cat","embeddable":true,"href":"https:\/\/gronau-inside.de\/en\/wp-json\/wp\/v2\/tribe_events_cat?post=89033"}],"curies":[{"name":"wp","href":"https:\/\/api.w.org\/{rel}","templated":true}]}}