{"id":66256,"date":"2024-07-23T12:11:07","date_gmt":"2024-07-23T10:11:07","guid":{"rendered":"https:\/\/gronau-inside.de\/epe-synagoge"},"modified":"2026-02-04T09:29:48","modified_gmt":"2026-02-04T08:29:48","slug":"epe-synagoge","status":"publish","type":"page","link":"https:\/\/gronau-inside.de\/nl\/epe-synagoge","title":{"rendered":"Huis Lebenstein"},"content":{"rendered":"\t\t<div data-elementor-type=\"wp-page\" data-elementor-id=\"66256\" class=\"elementor elementor-66256 elementor-65830\" data-elementor-post-type=\"page\">\n\t\t\t\t\t\t<section class=\"elementor-section elementor-top-section elementor-element elementor-element-fb7a306 elementor-section-boxed elementor-section-height-default elementor-section-height-default\" data-id=\"fb7a306\" data-element_type=\"section\" data-e-type=\"section\" data-settings=\"{&quot;jet_parallax_layout_list&quot;:[{&quot;jet_parallax_layout_image&quot;:{&quot;url&quot;:&quot;&quot;,&quot;id&quot;:&quot;&quot;,&quot;size&quot;:&quot;&quot;},&quot;_id&quot;:&quot;f41c561&quot;,&quot;jet_parallax_layout_image_tablet&quot;:{&quot;url&quot;:&quot;&quot;,&quot;id&quot;:&quot;&quot;,&quot;size&quot;:&quot;&quot;},&quot;jet_parallax_layout_image_mobile&quot;:{&quot;url&quot;:&quot;&quot;,&quot;id&quot;:&quot;&quot;,&quot;size&quot;:&quot;&quot;},&quot;jet_parallax_layout_speed&quot;:{&quot;unit&quot;:&quot;%&quot;,&quot;size&quot;:50,&quot;sizes&quot;:[]},&quot;jet_parallax_layout_type&quot;:&quot;scroll&quot;,&quot;jet_parallax_layout_direction&quot;:&quot;1&quot;,&quot;jet_parallax_layout_fx_direction&quot;:null,&quot;jet_parallax_layout_z_index&quot;:&quot;&quot;,&quot;jet_parallax_layout_bg_x&quot;:50,&quot;jet_parallax_layout_bg_x_tablet&quot;:&quot;&quot;,&quot;jet_parallax_layout_bg_x_mobile&quot;:&quot;&quot;,&quot;jet_parallax_layout_bg_y&quot;:50,&quot;jet_parallax_layout_bg_y_tablet&quot;:&quot;&quot;,&quot;jet_parallax_layout_bg_y_mobile&quot;:&quot;&quot;,&quot;jet_parallax_layout_bg_size&quot;:&quot;auto&quot;,&quot;jet_parallax_layout_bg_size_tablet&quot;:&quot;&quot;,&quot;jet_parallax_layout_bg_size_mobile&quot;:&quot;&quot;,&quot;jet_parallax_layout_animation_prop&quot;:&quot;transform&quot;,&quot;jet_parallax_layout_on&quot;:[&quot;desktop&quot;,&quot;tablet&quot;]}],&quot;ekit_has_onepagescroll_dot&quot;:&quot;yes&quot;}\">\n\t\t\t\t\t\t<div class=\"elementor-container elementor-column-gap-default\">\n\t\t\t\t\t<div class=\"elementor-column elementor-col-100 elementor-top-column elementor-element elementor-element-3eaea65\" data-id=\"3eaea65\" data-element_type=\"column\" data-e-type=\"column\" data-settings=\"{&quot;background_background&quot;:&quot;classic&quot;}\">\n\t\t\t<div class=\"elementor-widget-wrap elementor-element-populated\">\n\t\t\t\t\t\t<section class=\"elementor-section elementor-inner-section elementor-element elementor-element-2ce0897 elementor-reverse-tablet elementor-reverse-mobile elementor-section-boxed elementor-section-height-default elementor-section-height-default\" data-id=\"2ce0897\" data-element_type=\"section\" data-e-type=\"section\" data-settings=\"{&quot;jet_parallax_layout_list&quot;:[{&quot;jet_parallax_layout_image&quot;:{&quot;url&quot;:&quot;&quot;,&quot;id&quot;:&quot;&quot;,&quot;size&quot;:&quot;&quot;},&quot;_id&quot;:&quot;d6773bb&quot;,&quot;jet_parallax_layout_image_tablet&quot;:{&quot;url&quot;:&quot;&quot;,&quot;id&quot;:&quot;&quot;,&quot;size&quot;:&quot;&quot;},&quot;jet_parallax_layout_image_mobile&quot;:{&quot;url&quot;:&quot;&quot;,&quot;id&quot;:&quot;&quot;,&quot;size&quot;:&quot;&quot;},&quot;jet_parallax_layout_speed&quot;:{&quot;unit&quot;:&quot;%&quot;,&quot;size&quot;:50,&quot;sizes&quot;:[]},&quot;jet_parallax_layout_type&quot;:&quot;scroll&quot;,&quot;jet_parallax_layout_direction&quot;:&quot;1&quot;,&quot;jet_parallax_layout_fx_direction&quot;:null,&quot;jet_parallax_layout_z_index&quot;:&quot;&quot;,&quot;jet_parallax_layout_bg_x&quot;:50,&quot;jet_parallax_layout_bg_x_tablet&quot;:&quot;&quot;,&quot;jet_parallax_layout_bg_x_mobile&quot;:&quot;&quot;,&quot;jet_parallax_layout_bg_y&quot;:50,&quot;jet_parallax_layout_bg_y_tablet&quot;:&quot;&quot;,&quot;jet_parallax_layout_bg_y_mobile&quot;:&quot;&quot;,&quot;jet_parallax_layout_bg_size&quot;:&quot;auto&quot;,&quot;jet_parallax_layout_bg_size_tablet&quot;:&quot;&quot;,&quot;jet_parallax_layout_bg_size_mobile&quot;:&quot;&quot;,&quot;jet_parallax_layout_animation_prop&quot;:&quot;transform&quot;,&quot;jet_parallax_layout_on&quot;:[&quot;desktop&quot;,&quot;tablet&quot;]}],&quot;ekit_has_onepagescroll_dot&quot;:&quot;yes&quot;}\">\n\t\t\t\t\t\t<div class=\"elementor-container elementor-column-gap-default\">\n\t\t\t\t\t<div class=\"elementor-column elementor-col-100 elementor-inner-column elementor-element elementor-element-a77751d\" data-id=\"a77751d\" data-element_type=\"column\" data-e-type=\"column\">\n\t\t\t<div class=\"elementor-widget-wrap elementor-element-populated\">\n\t\t\t\t\t\t<div class=\"elementor-element elementor-element-d7314f1 elementor-widget elementor-widget-heading\" data-id=\"d7314f1\" data-element_type=\"widget\" data-e-type=\"widget\" data-settings=\"{&quot;ekit_we_effect_on&quot;:&quot;none&quot;}\" data-widget_type=\"heading.default\">\n\t\t\t\t<div class=\"elementor-widget-container\">\n\t\t\t\t\t<h2 class=\"elementor-heading-title elementor-size-default\">Huis Lebenstein<\/h2>\t\t\t\t<\/div>\n\t\t\t\t<\/div>\n\t\t\t\t<div class=\"elementor-element elementor-element-3d31b32 elementor-widget-divider--view-line elementor-widget elementor-widget-divider\" data-id=\"3d31b32\" data-element_type=\"widget\" data-e-type=\"widget\" data-settings=\"{&quot;ekit_we_effect_on&quot;:&quot;none&quot;}\" data-widget_type=\"divider.default\">\n\t\t\t\t<div class=\"elementor-widget-container\">\n\t\t\t\t\t\t\t<div class=\"elementor-divider\">\n\t\t\t<span class=\"elementor-divider-separator\">\n\t\t\t\t\t\t<\/span>\n\t\t<\/div>\n\t\t\t\t\t\t<\/div>\n\t\t\t\t<\/div>\n\t\t\t\t\t<\/div>\n\t\t<\/div>\n\t\t\t\t\t<\/div>\n\t\t<\/section>\n\t\t\t\t\t<\/div>\n\t\t<\/div>\n\t\t\t\t\t<\/div>\n\t\t<\/section>\n\t\t<div class=\"elementor-element elementor-element-9db5559 e-flex e-con-boxed e-con e-parent\" data-id=\"9db5559\" data-element_type=\"container\" data-e-type=\"container\" data-settings=\"{&quot;jet_parallax_layout_list&quot;:[],&quot;ekit_has_onepagescroll_dot&quot;:&quot;yes&quot;}\">\n\t\t\t\t\t<div class=\"e-con-inner\">\n\t\t<div class=\"elementor-element elementor-element-865152d e-con-full e-flex e-con e-child\" data-id=\"865152d\" data-element_type=\"container\" data-e-type=\"container\" data-settings=\"{&quot;jet_parallax_layout_list&quot;:[],&quot;ekit_has_onepagescroll_dot&quot;:&quot;yes&quot;}\">\n\t\t\t\t<div class=\"elementor-element elementor-element-e206211 elementor-widget elementor-widget-text-editor\" data-id=\"e206211\" data-element_type=\"widget\" data-e-type=\"widget\" data-settings=\"{&quot;ekit_we_effect_on&quot;:&quot;none&quot;}\" data-widget_type=\"text-editor.default\">\n\t\t\t\t<div class=\"elementor-widget-container\">\n\t\t\t\t\t\t\t\t\t<p>Historisch gebouw wordt een moderne ontmoetingsplaats<\/p><p><strong>Haus Lebenstein: de derde plaats in Epe<\/strong><\/p><p>De synagoge in Epe, een belangrijk historisch gebouw, staat op het punt een spannende transformatie te ondergaan om een levendige ontmoetingsplaats voor ontmoeting en culturele diversiteit te worden. Dankzij de succesvolle aanvraag voor het subsidieprogramma &#8220;Dritte Orte &#8211; H\u00e4user f\u00fcr Kultur und Begegnung im l\u00e4ndlichen Raum&#8221; (Derde plaatsen &#8211; Huizen voor cultuur en ontmoeting op het platteland) kunnen het cultuurbureau en de deelnemende verenigingen en instellingen de burgers van de stad actief bij het project betrekken. Samen en in het openbaar wordt een multifunctionele ruimte gecre\u00eberd die in de eerste plaats zal dienen als een plaats voor dialoog en uitwisseling die voor iedereen toegankelijk is.  <\/p><p>Sinds 3 december 2024 heeft deze derde plek een nieuwe naam: Haus Lebenstein.<\/p><p>Ter nagedachtenis aan de familie Lebenstein uit Epe, die ooit de grond en het gebouw van de voormalige synagoge schonk aan de Joodse gemeenschap van Epe, kreeg de nieuwe ontmoetingsplek de naam &#8220;Haus Lebenstein&#8221; &#8211; met als motto: &#8220;Waar ontmoetingen tot leven komen&#8221;.<\/p><p>De opname van de originele handtekening van Salomon Lebenstein in een aantrekkelijk logo benadrukt de wens van alle betrokkenen om in Haus Lebenstein een plek te cre\u00ebren die leven belooft en daarmee alle pogingen om de herinnering aan het Joodse leven in Epe uit te wissen trotseert.<\/p>\t\t\t\t\t\t\t\t<\/div>\n\t\t\t\t<\/div>\n\t\t\t\t<\/div>\n\t\t<div class=\"elementor-element elementor-element-3f763c4 e-con-full e-flex e-con e-child\" data-id=\"3f763c4\" data-element_type=\"container\" data-e-type=\"container\" data-settings=\"{&quot;jet_parallax_layout_list&quot;:[],&quot;ekit_has_onepagescroll_dot&quot;:&quot;yes&quot;}\">\n\t\t\t\t<div class=\"elementor-element elementor-element-cfb012e elementor-widget elementor-widget-spacer\" data-id=\"cfb012e\" data-element_type=\"widget\" data-e-type=\"widget\" data-settings=\"{&quot;ekit_we_effect_on&quot;:&quot;none&quot;}\" data-widget_type=\"spacer.default\">\n\t\t\t\t<div class=\"elementor-widget-container\">\n\t\t\t\t\t\t\t<div class=\"elementor-spacer\">\n\t\t\t<div class=\"elementor-spacer-inner\"><\/div>\n\t\t<\/div>\n\t\t\t\t\t\t<\/div>\n\t\t\t\t<\/div>\n\t\t\t\t<div class=\"elementor-element elementor-element-bd4a454 elementor-arrows-position-inside elementor-pagination-position-outside elementor-widget elementor-widget-image-carousel\" data-id=\"bd4a454\" data-element_type=\"widget\" data-e-type=\"widget\" data-settings=\"{&quot;slides_to_show&quot;:&quot;1&quot;,&quot;navigation&quot;:&quot;both&quot;,&quot;autoplay&quot;:&quot;yes&quot;,&quot;pause_on_hover&quot;:&quot;yes&quot;,&quot;pause_on_interaction&quot;:&quot;yes&quot;,&quot;autoplay_speed&quot;:5000,&quot;infinite&quot;:&quot;yes&quot;,&quot;effect&quot;:&quot;slide&quot;,&quot;speed&quot;:500,&quot;ekit_we_effect_on&quot;:&quot;none&quot;}\" data-widget_type=\"image-carousel.default\">\n\t\t\t\t<div class=\"elementor-widget-container\">\n\t\t\t\t\t\t\t<div class=\"elementor-image-carousel-wrapper swiper\" role=\"region\" aria-roledescription=\"carousel\" aria-label=\"Bild Karussell\" dir=\"ltr\">\n\t\t\t<div class=\"elementor-image-carousel swiper-wrapper\" aria-live=\"off\">\n\t\t\t\t\t\t\t\t<div class=\"swiper-slide\" role=\"group\" aria-roledescription=\"slide\" aria-label=\"1 van 6\"><figure class=\"swiper-slide-inner\"><img decoding=\"async\" class=\"swiper-slide-image\" src=\"https:\/\/gronau-inside.de\/wp-content\/uploads\/2025\/08\/Banner_9.1.2025_v.l.-Luana-Doerken-Cordula-Sandmann-Britta-Drewitz-Rudolf-Nacke-Ulla-Koennemann-Krabbe-Heinz-Krabbe-Erich-Schwartze_Copyright-Kulturbuero-Gronau.jpeg\" alt=\"Banier 09.01.2025, van links Luana D\u00f6rrken, Cordula Sandmann, Britta Drewitz, Rudolf Nacke, Ulla K\u00f6nneman-Krabbe, Heinz Krabbe\" \/><figcaption class=\"elementor-image-carousel-caption\">Banier 09.01.2025, van links Luana D\u00f6rrken, Cordula Sandmann, Britta Drewitz, Rudolf Nacke, Ulla K\u00f6nneman-Krabbe, Heinz Krabbe<\/figcaption><\/figure><\/div><div class=\"swiper-slide\" role=\"group\" aria-roledescription=\"slide\" aria-label=\"2 van 6\"><figure class=\"swiper-slide-inner\"><img decoding=\"async\" class=\"swiper-slide-image\" src=\"https:\/\/gronau-inside.de\/wp-content\/uploads\/2024\/12\/Brandes_Gottfriedsen_Drewitz_Auftaktveranstaltung3.Orte_Schwerte_29.5.2024-e1733828603447.jpg\" alt=\"Kick-off evenement voor de 3e locaties\" \/><figcaption class=\"elementor-image-carousel-caption\">Kick-off evenement voor de 3e locaties<\/figcaption><\/figure><\/div><div class=\"swiper-slide\" role=\"group\" aria-roledescription=\"slide\" aria-label=\"3 van 6\"><figure class=\"swiper-slide-inner\"><img decoding=\"async\" class=\"swiper-slide-image\" src=\"https:\/\/gronau-inside.de\/wp-content\/uploads\/2024\/12\/Image-10-scaled.jpg\" alt=\"Overhandiging van het financieringsbesluit door minister Scharrenbach\" \/><figcaption class=\"elementor-image-carousel-caption\">Overhandiging van het financieringsbesluit door minister Scharrenbach<\/figcaption><\/figure><\/div><div class=\"swiper-slide\" role=\"group\" aria-roledescription=\"slide\" aria-label=\"4 van 6\"><figure class=\"swiper-slide-inner\"><img decoding=\"async\" class=\"swiper-slide-image\" src=\"https:\/\/gronau-inside.de\/wp-content\/uploads\/2024\/12\/image00013-scaled.jpeg\" alt=\"Brainstormen over projecten\" \/><figcaption class=\"elementor-image-carousel-caption\">Brainstormen over projecten<\/figcaption><\/figure><\/div><div class=\"swiper-slide\" role=\"group\" aria-roledescription=\"slide\" aria-label=\"5 van 6\"><figure class=\"swiper-slide-inner\"><img decoding=\"async\" class=\"swiper-slide-image\" src=\"https:\/\/gronau-inside.de\/wp-content\/uploads\/2024\/12\/Pressertemin-LOI_-Kulturbuero-Gronau-3-scaled.jpeg\" alt=\"Ondertekening van de intentieverklaring\" \/><figcaption class=\"elementor-image-carousel-caption\">Ondertekening van de intentieverklaring<\/figcaption><\/figure><\/div><div class=\"swiper-slide\" role=\"group\" aria-roledescription=\"slide\" aria-label=\"6 van 6\"><figure class=\"swiper-slide-inner\"><img decoding=\"async\" class=\"swiper-slide-image\" src=\"https:\/\/gronau-inside.de\/wp-content\/uploads\/2024\/12\/Strassenfassade_VAR-Ausschnitt-scaled.jpg\" alt=\"Ontwerp van de synagoge door Rasche Architekten\" \/><figcaption class=\"elementor-image-carousel-caption\">Ontwerp van de synagoge door Rasche Architekten<\/figcaption><\/figure><\/div>\t\t\t<\/div>\n\t\t\t\t\t\t\t\t\t\t\t\t<div class=\"elementor-swiper-button elementor-swiper-button-prev\" role=\"button\" tabindex=\"0\">\n\t\t\t\t\t\t<i aria-hidden=\"true\" class=\"eicon-chevron-left\"><\/i>\t\t\t\t\t<\/div>\n\t\t\t\t\t<div class=\"elementor-swiper-button elementor-swiper-button-next\" role=\"button\" tabindex=\"0\">\n\t\t\t\t\t\t<i aria-hidden=\"true\" class=\"eicon-chevron-right\"><\/i>\t\t\t\t\t<\/div>\n\t\t\t\t\n\t\t\t\t\t\t\t\t\t<div class=\"swiper-pagination\"><\/div>\n\t\t\t\t\t\t\t\t\t<\/div>\n\t\t\t\t\t\t<\/div>\n\t\t\t\t<\/div>\n\t\t\t\t<\/div>\n\t\t\t\t\t<\/div>\n\t\t\t\t<\/div>\n\t\t<div class=\"elementor-element elementor-element-e7bfdb5 e-flex e-con-boxed e-con e-parent\" data-id=\"e7bfdb5\" data-element_type=\"container\" data-e-type=\"container\" data-settings=\"{&quot;jet_parallax_layout_list&quot;:[],&quot;ekit_has_onepagescroll_dot&quot;:&quot;yes&quot;}\">\n\t\t\t\t\t<div class=\"e-con-inner\">\n\t\t<div class=\"elementor-element elementor-element-18e79df e-con-full e-flex e-con e-child\" data-id=\"18e79df\" data-element_type=\"container\" data-e-type=\"container\" data-settings=\"{&quot;jet_parallax_layout_list&quot;:[],&quot;ekit_has_onepagescroll_dot&quot;:&quot;yes&quot;}\">\n\t\t\t\t<div class=\"elementor-element elementor-element-dadfc86 elementor-widget__width-initial elementor-widget elementor-widget-text-editor\" data-id=\"dadfc86\" data-element_type=\"widget\" data-e-type=\"widget\" data-settings=\"{&quot;ekit_we_effect_on&quot;:&quot;none&quot;}\" data-widget_type=\"text-editor.default\">\n\t\t\t\t<div class=\"elementor-widget-container\">\n\t\t\t\t\t\t\t\t\t<p><em> <\/em><strong>Neem contact met ons op<\/strong><\/p><ul><li>Cultureel Bureau Gronau GmbH<\/li><li>Britta Drewitz, projectmanager Haus Lebenstein<ul><li>Telefoon: <a href=\"tel:+492562814821\">02562 &#8211; 814821<\/a><\/li><li>E-mail: <a href=\"mailto:info@hauslebenstein.de\">info@hauslebenstein.de<\/a><\/li><\/ul><\/li><\/ul>\t\t\t\t\t\t\t\t<\/div>\n\t\t\t\t<\/div>\n\t\t\t\t<\/div>\n\t\t<div class=\"elementor-element elementor-element-94b622d e-con-full e-flex e-con e-child\" data-id=\"94b622d\" data-element_type=\"container\" data-e-type=\"container\" data-settings=\"{&quot;jet_parallax_layout_list&quot;:[],&quot;ekit_has_onepagescroll_dot&quot;:&quot;yes&quot;}\">\n\t\t<div class=\"elementor-element elementor-element-7e3b41e e-con-full e-flex e-con e-child\" data-id=\"7e3b41e\" data-element_type=\"container\" data-e-type=\"container\" data-settings=\"{&quot;jet_parallax_layout_list&quot;:[],&quot;ekit_has_onepagescroll_dot&quot;:&quot;yes&quot;}\">\n\t\t\t\t<div class=\"elementor-element elementor-element-03de818 elementor-widget elementor-widget-image\" data-id=\"03de818\" data-element_type=\"widget\" data-e-type=\"widget\" data-settings=\"{&quot;ekit_we_effect_on&quot;:&quot;none&quot;}\" data-widget_type=\"image.default\">\n\t\t\t\t<div class=\"elementor-widget-container\">\n\t\t\t\t\t\t\t\t\t\t\t\t\t\t\t<img fetchpriority=\"high\" decoding=\"async\" width=\"800\" height=\"295\" src=\"https:\/\/gronau-inside.de\/wp-content\/uploads\/2024\/12\/HausLebenstein_Logo_lang_mS-1024x378.jpg\" class=\"attachment-large size-large wp-image-72502\" alt=\"\" srcset=\"https:\/\/gronau-inside.de\/wp-content\/uploads\/2024\/12\/HausLebenstein_Logo_lang_mS-1024x378.jpg 1024w, https:\/\/gronau-inside.de\/wp-content\/uploads\/2024\/12\/HausLebenstein_Logo_lang_mS-300x111.jpg 300w, https:\/\/gronau-inside.de\/wp-content\/uploads\/2024\/12\/HausLebenstein_Logo_lang_mS-768x284.jpg 768w, https:\/\/gronau-inside.de\/wp-content\/uploads\/2024\/12\/HausLebenstein_Logo_lang_mS-600x222.jpg 600w, https:\/\/gronau-inside.de\/wp-content\/uploads\/2024\/12\/HausLebenstein_Logo_lang_mS.jpg 1153w\" sizes=\"(max-width: 800px) 100vw, 800px\" \/>\t\t\t\t\t\t\t\t\t\t\t\t\t\t\t<\/div>\n\t\t\t\t<\/div>\n\t\t\t\t<\/div>\n\t\t\t\t<\/div>\n\t\t\t\t\t<\/div>\n\t\t\t\t<\/div>\n\t\t<div class=\"elementor-element elementor-element-ba2a359 e-flex e-con-boxed e-con e-parent\" data-id=\"ba2a359\" data-element_type=\"container\" data-e-type=\"container\" data-settings=\"{&quot;jet_parallax_layout_list&quot;:[],&quot;ekit_has_onepagescroll_dot&quot;:&quot;yes&quot;}\">\n\t\t\t\t\t<div class=\"e-con-inner\">\n\t\t\t\t<div class=\"elementor-element elementor-element-5a2d894 elementor-widget elementor-widget-spacer\" data-id=\"5a2d894\" data-element_type=\"widget\" data-e-type=\"widget\" data-settings=\"{&quot;ekit_we_effect_on&quot;:&quot;none&quot;}\" data-widget_type=\"spacer.default\">\n\t\t\t\t<div class=\"elementor-widget-container\">\n\t\t\t\t\t\t\t<div class=\"elementor-spacer\">\n\t\t\t<div class=\"elementor-spacer-inner\"><\/div>\n\t\t<\/div>\n\t\t\t\t\t\t<\/div>\n\t\t\t\t<\/div>\n\t\t\t\t<div class=\"elementor-element elementor-element-1d3bc49 elementor-widget elementor-widget-heading\" data-id=\"1d3bc49\" data-element_type=\"widget\" data-e-type=\"widget\" data-settings=\"{&quot;ekit_we_effect_on&quot;:&quot;none&quot;}\" data-widget_type=\"heading.default\">\n\t\t\t\t<div class=\"elementor-widget-container\">\n\t\t\t\t\t<h1 class=\"elementor-heading-title elementor-size-default\">Laatste nieuws  <\/h1>\t\t\t\t<\/div>\n\t\t\t\t<\/div>\n\t\t\t\t<div class=\"elementor-element elementor-element-5d69a31 elementor-widget-divider--view-line elementor-widget elementor-widget-divider\" data-id=\"5d69a31\" data-element_type=\"widget\" data-e-type=\"widget\" data-settings=\"{&quot;ekit_we_effect_on&quot;:&quot;none&quot;}\" data-widget_type=\"divider.default\">\n\t\t\t\t<div class=\"elementor-widget-container\">\n\t\t\t\t\t\t\t<div class=\"elementor-divider\">\n\t\t\t<span class=\"elementor-divider-separator\">\n\t\t\t\t\t\t<\/span>\n\t\t<\/div>\n\t\t\t\t\t\t<\/div>\n\t\t\t\t<\/div>\n\t\t\t\t\t<\/div>\n\t\t\t\t<\/div>\n\t\t<div class=\"elementor-element elementor-element-86b0a57 e-flex e-con-boxed e-con e-parent\" data-id=\"86b0a57\" data-element_type=\"container\" data-e-type=\"container\" data-settings=\"{&quot;jet_parallax_layout_list&quot;:[],&quot;ekit_has_onepagescroll_dot&quot;:&quot;yes&quot;}\">\n\t\t\t\t\t<div class=\"e-con-inner\">\n\t\t<div class=\"elementor-element elementor-element-7d3a7a7 e-con-full e-flex e-con e-child\" data-id=\"7d3a7a7\" data-element_type=\"container\" data-e-type=\"container\" data-settings=\"{&quot;jet_parallax_layout_list&quot;:[],&quot;ekit_has_onepagescroll_dot&quot;:&quot;yes&quot;}\">\n\t\t\t\t<div class=\"elementor-element elementor-element-226faba elementor-arrows-position-inside elementor-pagination-position-outside elementor-widget elementor-widget-image-carousel\" data-id=\"226faba\" data-element_type=\"widget\" data-e-type=\"widget\" data-settings=\"{&quot;slides_to_show&quot;:&quot;1&quot;,&quot;navigation&quot;:&quot;both&quot;,&quot;autoplay&quot;:&quot;yes&quot;,&quot;pause_on_hover&quot;:&quot;yes&quot;,&quot;pause_on_interaction&quot;:&quot;yes&quot;,&quot;autoplay_speed&quot;:5000,&quot;infinite&quot;:&quot;yes&quot;,&quot;effect&quot;:&quot;slide&quot;,&quot;speed&quot;:500,&quot;ekit_we_effect_on&quot;:&quot;none&quot;}\" data-widget_type=\"image-carousel.default\">\n\t\t\t\t<div class=\"elementor-widget-container\">\n\t\t\t\t\t\t\t<div class=\"elementor-image-carousel-wrapper swiper\" role=\"region\" aria-roledescription=\"carousel\" aria-label=\"Bild Karussell\" dir=\"ltr\">\n\t\t\t<div class=\"elementor-image-carousel swiper-wrapper\" aria-live=\"off\">\n\t\t\t\t\t\t\t\t<div class=\"swiper-slide\" role=\"group\" aria-roledescription=\"slide\" aria-label=\"1 van 7\"><figure class=\"swiper-slide-inner\"><img decoding=\"async\" class=\"swiper-slide-image\" src=\"https:\/\/gronau-inside.de\/wp-content\/uploads\/2025\/09\/d9c8a364-6403-45fe-ba9f-00260837f03e.jpg\" alt=\"Bouwplaats 16\/09\/2025\" \/><\/figure><\/div><div class=\"swiper-slide\" role=\"group\" aria-roledescription=\"slide\" aria-label=\"2 van 7\"><figure class=\"swiper-slide-inner\"><img decoding=\"async\" class=\"swiper-slide-image\" src=\"https:\/\/gronau-inside.de\/wp-content\/uploads\/2025\/09\/Haus-Lebenstein-4.-September-2025.jpg\" alt=\"Bouwplaats 04.09.2025\" \/><\/figure><\/div><div class=\"swiper-slide\" role=\"group\" aria-roledescription=\"slide\" aria-label=\"3 van 7\"><figure class=\"swiper-slide-inner\"><img decoding=\"async\" class=\"swiper-slide-image\" src=\"https:\/\/gronau-inside.de\/wp-content\/uploads\/2025\/08\/Baustelle-06.08.25-1.jpg\" alt=\"Bouwplaats 06.08.2025\" \/><\/figure><\/div><div class=\"swiper-slide\" role=\"group\" aria-roledescription=\"slide\" aria-label=\"4 van 7\"><figure class=\"swiper-slide-inner\"><img decoding=\"async\" class=\"swiper-slide-image\" src=\"https:\/\/gronau-inside.de\/wp-content\/uploads\/2025\/08\/IMG_8458-1-scaled.jpg\" alt=\"Bouwterrein 15.08.2025\" \/><\/figure><\/div><div class=\"swiper-slide\" role=\"group\" aria-roledescription=\"slide\" aria-label=\"5 van 7\"><figure class=\"swiper-slide-inner\"><img decoding=\"async\" class=\"swiper-slide-image\" src=\"https:\/\/gronau-inside.de\/wp-content\/uploads\/2025\/08\/IMG_8461-1.jpg\" alt=\"Bouwterrein 15.08.2025\" \/><\/figure><\/div><div class=\"swiper-slide\" role=\"group\" aria-roledescription=\"slide\" aria-label=\"6 van 7\"><figure class=\"swiper-slide-inner\"><img decoding=\"async\" class=\"swiper-slide-image\" src=\"https:\/\/gronau-inside.de\/wp-content\/uploads\/2025\/08\/IMG_8474-1.jpg\" alt=\"Bouwterrein 15.08.2025\" \/><\/figure><\/div><div class=\"swiper-slide\" role=\"group\" aria-roledescription=\"slide\" aria-label=\"7 van 7\"><figure class=\"swiper-slide-inner\"><img decoding=\"async\" class=\"swiper-slide-image\" src=\"https:\/\/gronau-inside.de\/wp-content\/uploads\/2025\/11\/IMG_8895.jpg\" alt=\"De foto toont een oude, stoffige kelderruimte van rood metselwerk. Een steile, lichtgekleurde houten trap leidt naar boven. Op de voorgrond is de vloer gedeeltelijk opengebroken, met blootliggend metselwerk en aarde. Er ligt een bezem op de vloer en een schop op de muur ernaast. De verlichting is warm en schemerig, waardoor de kamer er oud en enigszins verlaten uitziet.\" \/><\/figure><\/div>\t\t\t<\/div>\n\t\t\t\t\t\t\t\t\t\t\t\t<div class=\"elementor-swiper-button elementor-swiper-button-prev\" role=\"button\" tabindex=\"0\">\n\t\t\t\t\t\t<i aria-hidden=\"true\" class=\"eicon-chevron-left\"><\/i>\t\t\t\t\t<\/div>\n\t\t\t\t\t<div class=\"elementor-swiper-button elementor-swiper-button-next\" role=\"button\" tabindex=\"0\">\n\t\t\t\t\t\t<i aria-hidden=\"true\" class=\"eicon-chevron-right\"><\/i>\t\t\t\t\t<\/div>\n\t\t\t\t\n\t\t\t\t\t\t\t\t\t<div class=\"swiper-pagination\"><\/div>\n\t\t\t\t\t\t\t\t\t<\/div>\n\t\t\t\t\t\t<\/div>\n\t\t\t\t<\/div>\n\t\t\t\t<\/div>\n\t\t<div class=\"elementor-element elementor-element-d251b2b e-con-full e-flex e-con e-child\" data-id=\"d251b2b\" data-element_type=\"container\" data-e-type=\"container\" data-settings=\"{&quot;jet_parallax_layout_list&quot;:[],&quot;ekit_has_onepagescroll_dot&quot;:&quot;yes&quot;}\">\n\t\t\t\t<div class=\"elementor-element elementor-element-d4c9b45 elementor-widget elementor-widget-image\" data-id=\"d4c9b45\" data-element_type=\"widget\" data-e-type=\"widget\" data-settings=\"{&quot;ekit_we_effect_on&quot;:&quot;none&quot;}\" data-widget_type=\"image.default\">\n\t\t\t\t<div class=\"elementor-widget-container\">\n\t\t\t\t\t\t\t\t\t\t\t\t\t\t\t<img decoding=\"async\" src=\"https:\/\/gronau-inside.de\/wp-content\/uploads\/elementor\/thumbs\/20251010_RoyMordechay_ersterBesuch-in-Epe-rfy5q4yh6qpnopaqyt55nnj5lfp2z4mxilcm8xf5f4.jpg\" title=\"20251010_RoyMordechay_first_visit_to_Epe\" alt=\"20251010_RoyMordechay_first_visit_to_Epe\" loading=\"lazy\" \/>\t\t\t\t\t\t\t\t\t\t\t\t\t\t\t<\/div>\n\t\t\t\t<\/div>\n\t\t\t\t<div class=\"elementor-element elementor-element-5b513d4 elementor-widget elementor-widget-text-editor\" data-id=\"5b513d4\" data-element_type=\"widget\" data-e-type=\"widget\" data-settings=\"{&quot;ekit_we_effect_on&quot;:&quot;none&quot;}\" data-widget_type=\"text-editor.default\">\n\t\t\t\t<div class=\"elementor-widget-container\">\n\t\t\t\t\t\t\t\t\t<p data-start=\"183\" data-end=\"647\">Haus Lebenstein stelt zich open voor de buitenwereld. Samen met leerlingen uit Epe ontwerpt kunstenaar <strong data-start=\"133\" data-end=\"150\">Roy Mordechay<\/strong> een nieuw tuingedeelte dat kunst, herinnering en gemeenschap combineert. Een project dat de geest van het huis in de openbare ruimte brengt &#8211; en uitnodigend naar de toekomst wijst.  <\/p><p data-start=\"1374\" data-end=\"1573\" data-is-last-node=\"\" data-is-only-node=\"\"> <\/p>\t\t\t\t\t\t\t\t<\/div>\n\t\t\t\t<\/div>\n\t\t\t\t<div class=\"elementor-element elementor-element-089f0c9 elementor-widget elementor-widget-spacer\" data-id=\"089f0c9\" data-element_type=\"widget\" data-e-type=\"widget\" data-settings=\"{&quot;ekit_we_effect_on&quot;:&quot;none&quot;}\" data-widget_type=\"spacer.default\">\n\t\t\t\t<div class=\"elementor-widget-container\">\n\t\t\t\t\t\t\t<div class=\"elementor-spacer\">\n\t\t\t<div class=\"elementor-spacer-inner\"><\/div>\n\t\t<\/div>\n\t\t\t\t\t\t<\/div>\n\t\t\t\t<\/div>\n\t\t\t\t<div class=\"elementor-element elementor-element-80ddc3d elementor-align-center elementor-widget elementor-widget-button\" data-id=\"80ddc3d\" data-element_type=\"widget\" data-e-type=\"widget\" data-settings=\"{&quot;ekit_we_effect_on&quot;:&quot;none&quot;}\" data-widget_type=\"button.default\">\n\t\t\t\t<div class=\"elementor-widget-container\">\n\t\t\t\t\t\t\t\t\t<div class=\"elementor-button-wrapper\">\n\t\t\t\t\t<a class=\"elementor-button elementor-button-link elementor-size-sm\" href=\"https:\/\/gronau-inside.de\/wp-content\/uploads\/2025\/12\/Haus-Lebenstein-Gestaltung-des-Aussenbereichs_allg.Infos_.pdf\">\n\t\t\t\t\t\t<span class=\"elementor-button-content-wrapper\">\n\t\t\t\t\t\t\t\t\t<span class=\"elementor-button-text\">Meer info  <\/span>\n\t\t\t\t\t<\/span>\n\t\t\t\t\t<\/a>\n\t\t\t\t<\/div>\n\t\t\t\t\t\t\t\t<\/div>\n\t\t\t\t<\/div>\n\t\t\t\t<\/div>\n\t\t<div class=\"elementor-element elementor-element-69fee8c e-con-full e-flex e-con e-child\" data-id=\"69fee8c\" data-element_type=\"container\" data-e-type=\"container\" data-settings=\"{&quot;jet_parallax_layout_list&quot;:[],&quot;ekit_has_onepagescroll_dot&quot;:&quot;yes&quot;}\">\n\t\t<div class=\"elementor-element elementor-element-f2405dc e-con-full e-flex e-con e-child\" data-id=\"f2405dc\" data-element_type=\"container\" data-e-type=\"container\" data-settings=\"{&quot;jet_parallax_layout_list&quot;:[],&quot;ekit_has_onepagescroll_dot&quot;:&quot;yes&quot;}\">\n\t\t\t\t<div class=\"elementor-element elementor-element-608313f elementor-widget elementor-widget-image\" data-id=\"608313f\" data-element_type=\"widget\" data-e-type=\"widget\" data-settings=\"{&quot;ekit_we_effect_on&quot;:&quot;none&quot;}\" data-widget_type=\"image.default\">\n\t\t\t\t<div class=\"elementor-widget-container\">\n\t\t\t\t\t\t\t\t\t\t\t\t<figure class=\"wp-caption\">\n\t\t\t\t\t\t\t\t\t\t<img decoding=\"async\" src=\"https:\/\/gronau-inside.de\/wp-content\/uploads\/elementor\/thumbs\/r.stadlober_sw4_credit_lars_dreiucker-Kopie-2-rinfqojmw8irkbw6uuyzk6pg6y69g4wbvr0p9yeib4.jpg\" title=\"r.stadlober_sw4_credit_lars_dreiucker Copy 2\" alt=\"Lars Dreiucker\" loading=\"lazy\" \/>\t\t\t\t\t\t\t\t\t\t\t<figcaption class=\"widget-image-caption wp-caption-text\">Lars Dreiucker<\/figcaption>\n\t\t\t\t\t\t\t\t\t\t<\/figure>\n\t\t\t\t\t\t\t\t\t<\/div>\n\t\t\t\t<\/div>\n\t\t\t\t<div class=\"elementor-element elementor-element-658329e elementor-widget elementor-widget-text-editor\" data-id=\"658329e\" data-element_type=\"widget\" data-e-type=\"widget\" data-settings=\"{&quot;ekit_we_effect_on&quot;:&quot;none&quot;}\" data-widget_type=\"text-editor.default\">\n\t\t\t\t<div class=\"elementor-widget-container\">\n\t\t\t\t\t\t\t\t\t<p>Acteur en musicus <strong>Robert Stadlober<\/strong> is op <strong>donderdag 19 februari<\/strong> om <strong>20.00 uur<\/strong> te gast in de <strong>Turbine van het rock&#8217;n&#8217;popmuseum Gronau<\/strong>. In zijn huidige podiumprogramma <strong>Stadlober&amp;Tucholsky <\/strong>combineert hij muziek en literatuur en presenteert hij teksten op muziek van de Duitse schrijver <strong>Kurt Tucholsky<\/strong> &#8211; puntig, maatschappijkritisch en verrassend eigentijds. <\/p><p>Het evenement maakt deel uit van de serie <strong>&#8220;Haus Lebenstein on Tour&#8221;<\/strong> en wordt georganiseerd in samenwerking met het <strong>rock&#8217;n&#8217;popmuseum<\/strong>. Het wordt gesponsord door het district Borken. Kaarten zijn in de voorverkoop verkrijgbaar voor 18 euro, online of bij het rock&#8217;n&#8217;popmuseum.  <\/p>\t\t\t\t\t\t\t\t<\/div>\n\t\t\t\t<\/div>\n\t\t\t\t<\/div>\n\t\t\t\t<div class=\"elementor-element elementor-element-6fd9ca2 elementor-align-center elementor-widget elementor-widget-button\" data-id=\"6fd9ca2\" data-element_type=\"widget\" data-e-type=\"widget\" data-settings=\"{&quot;ekit_we_effect_on&quot;:&quot;none&quot;}\" data-widget_type=\"button.default\">\n\t\t\t\t<div class=\"elementor-widget-container\">\n\t\t\t\t\t\t\t\t\t<div class=\"elementor-button-wrapper\">\n\t\t\t\t\t<a class=\"elementor-button elementor-button-link elementor-size-sm\" href=\"https:\/\/rock-popmuseum.ticketfritz.de\/Event\/Kalender\/27028\/52999?typ=Vorlage\">\n\t\t\t\t\t\t<span class=\"elementor-button-content-wrapper\">\n\t\t\t\t\t\t\t\t\t<span class=\"elementor-button-text\">Verzeker je nu van tickets<\/span>\n\t\t\t\t\t<\/span>\n\t\t\t\t\t<\/a>\n\t\t\t\t<\/div>\n\t\t\t\t\t\t\t\t<\/div>\n\t\t\t\t<\/div>\n\t\t\t\t<\/div>\n\t\t\t\t\t<\/div>\n\t\t\t\t<\/div>\n\t\t<div class=\"elementor-element elementor-element-17baaea e-flex e-con-boxed e-con e-parent\" data-id=\"17baaea\" data-element_type=\"container\" data-e-type=\"container\" data-settings=\"{&quot;jet_parallax_layout_list&quot;:[],&quot;ekit_has_onepagescroll_dot&quot;:&quot;yes&quot;}\">\n\t\t\t\t\t<div class=\"e-con-inner\">\n\t\t<div class=\"elementor-element elementor-element-21713a8 e-con-full e-flex e-con e-child\" data-id=\"21713a8\" data-element_type=\"container\" data-e-type=\"container\" data-settings=\"{&quot;jet_parallax_layout_list&quot;:[],&quot;ekit_has_onepagescroll_dot&quot;:&quot;yes&quot;}\">\n\t\t\t\t<div class=\"elementor-element elementor-element-4c1ad59 elementor-widget elementor-widget-image\" data-id=\"4c1ad59\" data-element_type=\"widget\" data-e-type=\"widget\" data-settings=\"{&quot;ekit_we_effect_on&quot;:&quot;none&quot;}\" data-widget_type=\"image.default\">\n\t\t\t\t<div class=\"elementor-widget-container\">\n\t\t\t\t\t\t\t\t\t\t\t\t\t\t\t\t<a href=\"https:\/\/gronau-inside.de\/wp-content\/uploads\/2025\/08\/Wir-suchen-dich-16-x9-scaled.png\">\n\t\t\t\t\t\t\t<img decoding=\"async\" width=\"800\" height=\"450\" src=\"https:\/\/gronau-inside.de\/wp-content\/uploads\/2025\/08\/Wir-suchen-dich-16-x9-1024x576.png\" class=\"attachment-large size-large wp-image-83989\" alt=\"\" srcset=\"https:\/\/gronau-inside.de\/wp-content\/uploads\/2025\/08\/Wir-suchen-dich-16-x9-1024x576.png 1024w, https:\/\/gronau-inside.de\/wp-content\/uploads\/2025\/08\/Wir-suchen-dich-16-x9-300x169.png 300w, https:\/\/gronau-inside.de\/wp-content\/uploads\/2025\/08\/Wir-suchen-dich-16-x9-768x432.png 768w, https:\/\/gronau-inside.de\/wp-content\/uploads\/2025\/08\/Wir-suchen-dich-16-x9-1536x864.png 1536w, https:\/\/gronau-inside.de\/wp-content\/uploads\/2025\/08\/Wir-suchen-dich-16-x9-2048x1152.png 2048w, https:\/\/gronau-inside.de\/wp-content\/uploads\/2025\/08\/Wir-suchen-dich-16-x9-600x337.png 600w\" sizes=\"(max-width: 800px) 100vw, 800px\" \/>\t\t\t\t\t\t\t\t<\/a>\n\t\t\t\t\t\t\t\t\t\t\t\t\t\t\t<\/div>\n\t\t\t\t<\/div>\n\t\t\t\t<div class=\"elementor-element elementor-element-d79bff7 elementor-widget elementor-widget-text-editor\" data-id=\"d79bff7\" data-element_type=\"widget\" data-e-type=\"widget\" data-settings=\"{&quot;ekit_we_effect_on&quot;:&quot;none&quot;}\" data-widget_type=\"text-editor.default\">\n\t\t\t\t<div class=\"elementor-widget-container\">\n\t\t\t\t\t\t\t\t\t<p>Word lid van Haus Lebenstein!  <\/p><p>Wil je vrijwilliger worden, je creatieve idee\u00ebn delen of ons ondersteunen bij projecten? <br> Of het nu op regelmatige basis is of alleen voor individuele activiteiten &#8211; elke helpende hand is welkom! \ud83d\udca1\ud83d\udcaa <\/p><p>Vul gewoon ons formulier in en we nemen zo snel mogelijk contact met je op.<\/p>\t\t\t\t\t\t\t\t<\/div>\n\t\t\t\t<\/div>\n\t\t\t\t<div class=\"elementor-element elementor-element-f2ba88d elementor-align-center elementor-widget elementor-widget-button\" data-id=\"f2ba88d\" data-element_type=\"widget\" data-e-type=\"widget\" data-settings=\"{&quot;ekit_we_effect_on&quot;:&quot;none&quot;}\" data-widget_type=\"button.default\">\n\t\t\t\t<div class=\"elementor-widget-container\">\n\t\t\t\t\t\t\t\t\t<div class=\"elementor-button-wrapper\">\n\t\t\t\t\t<a class=\"elementor-button elementor-button-link elementor-size-sm\" href=\"https:\/\/forms.office.com\/e\/VVQqeSVA4c?origin=lprLink\">\n\t\t\t\t\t\t<span class=\"elementor-button-content-wrapper\">\n\t\t\t\t\t\t\t\t\t<span class=\"elementor-button-text\">Meer info  <\/span>\n\t\t\t\t\t<\/span>\n\t\t\t\t\t<\/a>\n\t\t\t\t<\/div>\n\t\t\t\t\t\t\t\t<\/div>\n\t\t\t\t<\/div>\n\t\t\t\t<\/div>\n\t\t<div class=\"elementor-element elementor-element-7081a11 e-con-full e-flex e-con e-child\" data-id=\"7081a11\" data-element_type=\"container\" data-e-type=\"container\" data-settings=\"{&quot;jet_parallax_layout_list&quot;:[],&quot;ekit_has_onepagescroll_dot&quot;:&quot;yes&quot;}\">\n\t\t\t\t<\/div>\n\t\t<div class=\"elementor-element elementor-element-371e809 e-con-full e-flex e-con e-child\" data-id=\"371e809\" data-element_type=\"container\" data-e-type=\"container\" data-settings=\"{&quot;jet_parallax_layout_list&quot;:[],&quot;ekit_has_onepagescroll_dot&quot;:&quot;yes&quot;}\">\n\t\t<div class=\"elementor-element elementor-element-4c2b965 e-con-full e-flex e-con e-child\" data-id=\"4c2b965\" data-element_type=\"container\" data-e-type=\"container\" data-settings=\"{&quot;jet_parallax_layout_list&quot;:[],&quot;ekit_has_onepagescroll_dot&quot;:&quot;yes&quot;}\">\n\t\t\t\t<\/div>\n\t\t\t\t<\/div>\n\t\t\t\t\t<\/div>\n\t\t\t\t<\/div>\n\t\t<div class=\"elementor-element elementor-element-1500eb2 e-flex e-con-boxed e-con e-parent\" data-id=\"1500eb2\" data-element_type=\"container\" data-e-type=\"container\" data-settings=\"{&quot;jet_parallax_layout_list&quot;:[],&quot;ekit_has_onepagescroll_dot&quot;:&quot;yes&quot;}\">\n\t\t\t\t\t<div class=\"e-con-inner\">\n\t\t\t\t<div class=\"elementor-element elementor-element-268c78e elementor-widget elementor-widget-spacer\" data-id=\"268c78e\" data-element_type=\"widget\" data-e-type=\"widget\" data-settings=\"{&quot;ekit_we_effect_on&quot;:&quot;none&quot;}\" data-widget_type=\"spacer.default\">\n\t\t\t\t<div class=\"elementor-widget-container\">\n\t\t\t\t\t\t\t<div class=\"elementor-spacer\">\n\t\t\t<div class=\"elementor-spacer-inner\"><\/div>\n\t\t<\/div>\n\t\t\t\t\t\t<\/div>\n\t\t\t\t<\/div>\n\t\t\t\t<div class=\"elementor-element elementor-element-69ca7ab elementor-widget elementor-widget-heading\" data-id=\"69ca7ab\" data-element_type=\"widget\" data-e-type=\"widget\" data-settings=\"{&quot;ekit_we_effect_on&quot;:&quot;none&quot;}\" data-widget_type=\"heading.default\">\n\t\t\t\t<div class=\"elementor-widget-container\">\n\t\t\t\t\t<h1 class=\"elementor-heading-title elementor-size-default\">Over de deelnemers  <\/h1>\t\t\t\t<\/div>\n\t\t\t\t<\/div>\n\t\t\t\t<div class=\"elementor-element elementor-element-65a9545 elementor-widget-divider--view-line elementor-widget elementor-widget-divider\" data-id=\"65a9545\" data-element_type=\"widget\" data-e-type=\"widget\" data-settings=\"{&quot;ekit_we_effect_on&quot;:&quot;none&quot;}\" data-widget_type=\"divider.default\">\n\t\t\t\t<div class=\"elementor-widget-container\">\n\t\t\t\t\t\t\t<div class=\"elementor-divider\">\n\t\t\t<span class=\"elementor-divider-separator\">\n\t\t\t\t\t\t<\/span>\n\t\t<\/div>\n\t\t\t\t\t\t<\/div>\n\t\t\t\t<\/div>\n\t\t\t\t\t<\/div>\n\t\t\t\t<\/div>\n\t\t<div class=\"elementor-element elementor-element-3bcbef6 e-flex e-con-boxed e-con e-parent\" data-id=\"3bcbef6\" data-element_type=\"container\" data-e-type=\"container\" data-settings=\"{&quot;jet_parallax_layout_list&quot;:[],&quot;ekit_has_onepagescroll_dot&quot;:&quot;yes&quot;}\">\n\t\t\t\t\t<div class=\"e-con-inner\">\n\t\t<div class=\"elementor-element elementor-element-0707feb e-con-full e-flex e-con e-child\" data-id=\"0707feb\" data-element_type=\"container\" data-e-type=\"container\" data-settings=\"{&quot;jet_parallax_layout_list&quot;:[],&quot;ekit_has_onepagescroll_dot&quot;:&quot;yes&quot;}\">\n\t\t\t\t<div class=\"elementor-element elementor-element-25a8c36 elementor-widget elementor-widget-spacer\" data-id=\"25a8c36\" data-element_type=\"widget\" data-e-type=\"widget\" data-settings=\"{&quot;ekit_we_effect_on&quot;:&quot;none&quot;}\" data-widget_type=\"spacer.default\">\n\t\t\t\t<div class=\"elementor-widget-container\">\n\t\t\t\t\t\t\t<div class=\"elementor-spacer\">\n\t\t\t<div class=\"elementor-spacer-inner\"><\/div>\n\t\t<\/div>\n\t\t\t\t\t\t<\/div>\n\t\t\t\t<\/div>\n\t\t\t\t<div class=\"elementor-element elementor-element-203276e elementor-widget elementor-widget-heading\" data-id=\"203276e\" data-element_type=\"widget\" data-e-type=\"widget\" data-settings=\"{&quot;ekit_we_effect_on&quot;:&quot;none&quot;}\" data-widget_type=\"heading.default\">\n\t\t\t\t<div class=\"elementor-widget-container\">\n\t\t\t\t\t<h1 class=\"elementor-heading-title elementor-size-default\">F\u00f6rderkreis Alte Synagoge e.V.:<\/h1>\t\t\t\t<\/div>\n\t\t\t\t<\/div>\n\t\t\t\t<div class=\"elementor-element elementor-element-071f5fe elementor-widget elementor-widget-text-editor\" data-id=\"071f5fe\" data-element_type=\"widget\" data-e-type=\"widget\" data-settings=\"{&quot;ekit_we_effect_on&quot;:&quot;none&quot;}\" data-widget_type=\"text-editor.default\">\n\t\t\t\t<div class=\"elementor-widget-container\">\n\t\t\t\t\t\t\t\t\t<p>De F\u00f6rderkreis Alte-Synagoge-Epe e.V. speelt een centrale rol als initiatiefnemer en drijvende kracht achter de oprichting van de derde locatie &#8220;Synagoge Epe&#8221;. De steungroep, die voortkomt uit de lokale geschiedenisvereniging van Epe, zet zich in voor het behoud van de voormalige synagoge en het gebruik ervan voor culturele doeleinden om het Joodse leven te herdenken en intercultureel begrip te bevorderen. Naast het behoud van het gebouw is het educatieve en bewustmakingswerk, met name het onderzoek naar en de communicatie over de Joodse geschiedenis en de organisatie van herdenkingsevenementen, een van de belangrijkste taken van de F\u00f6rderkreis.  <\/p>\t\t\t\t\t\t\t\t<\/div>\n\t\t\t\t<\/div>\n\t\t\t\t<div class=\"elementor-element elementor-element-7152674 elementor-widget elementor-widget-image\" data-id=\"7152674\" data-element_type=\"widget\" data-e-type=\"widget\" data-settings=\"{&quot;ekit_we_effect_on&quot;:&quot;none&quot;}\" data-widget_type=\"image.default\">\n\t\t\t\t<div class=\"elementor-widget-container\">\n\t\t\t\t\t\t\t\t\t\t\t\t\t\t\t<img decoding=\"async\" width=\"800\" height=\"119\" src=\"https:\/\/gronau-inside.de\/wp-content\/uploads\/2024\/07\/Foerderkreis_Alte_Synagoge_Logo_quer-1024x152.png\" class=\"attachment-large size-large wp-image-66300\" alt=\"\" srcset=\"https:\/\/gronau-inside.de\/wp-content\/uploads\/2024\/07\/Foerderkreis_Alte_Synagoge_Logo_quer-1024x152.png 1024w, https:\/\/gronau-inside.de\/wp-content\/uploads\/2024\/07\/Foerderkreis_Alte_Synagoge_Logo_quer-300x45.png 300w, https:\/\/gronau-inside.de\/wp-content\/uploads\/2024\/07\/Foerderkreis_Alte_Synagoge_Logo_quer-768x114.png 768w, https:\/\/gronau-inside.de\/wp-content\/uploads\/2024\/07\/Foerderkreis_Alte_Synagoge_Logo_quer-600x89.png 600w, https:\/\/gronau-inside.de\/wp-content\/uploads\/2024\/07\/Foerderkreis_Alte_Synagoge_Logo_quer.png 1031w\" sizes=\"(max-width: 800px) 100vw, 800px\" \/>\t\t\t\t\t\t\t\t\t\t\t\t\t\t\t<\/div>\n\t\t\t\t<\/div>\n\t\t\t\t<\/div>\n\t\t\t\t<div class=\"elementor-element elementor-element-b07e90c elementor-widget elementor-widget-spacer\" data-id=\"b07e90c\" data-element_type=\"widget\" data-e-type=\"widget\" data-settings=\"{&quot;ekit_we_effect_on&quot;:&quot;none&quot;}\" data-widget_type=\"spacer.default\">\n\t\t\t\t<div class=\"elementor-widget-container\">\n\t\t\t\t\t\t\t<div class=\"elementor-spacer\">\n\t\t\t<div class=\"elementor-spacer-inner\"><\/div>\n\t\t<\/div>\n\t\t\t\t\t\t<\/div>\n\t\t\t\t<\/div>\n\t\t<div class=\"elementor-element elementor-element-637a180 e-con-full e-flex e-con e-child\" data-id=\"637a180\" data-element_type=\"container\" data-e-type=\"container\" data-settings=\"{&quot;jet_parallax_layout_list&quot;:[],&quot;ekit_has_onepagescroll_dot&quot;:&quot;yes&quot;}\">\n\t\t\t\t<div class=\"elementor-element elementor-element-6c5aa04 elementor-widget elementor-widget-spacer\" data-id=\"6c5aa04\" data-element_type=\"widget\" data-e-type=\"widget\" data-settings=\"{&quot;ekit_we_effect_on&quot;:&quot;none&quot;}\" data-widget_type=\"spacer.default\">\n\t\t\t\t<div class=\"elementor-widget-container\">\n\t\t\t\t\t\t\t<div class=\"elementor-spacer\">\n\t\t\t<div class=\"elementor-spacer-inner\"><\/div>\n\t\t<\/div>\n\t\t\t\t\t\t<\/div>\n\t\t\t\t<\/div>\n\t\t\t\t<div class=\"elementor-element elementor-element-1914178 elementor-widget elementor-widget-heading\" data-id=\"1914178\" data-element_type=\"widget\" data-e-type=\"widget\" data-settings=\"{&quot;ekit_we_effect_on&quot;:&quot;none&quot;}\" data-widget_type=\"heading.default\">\n\t\t\t\t<div class=\"elementor-widget-container\">\n\t\t\t\t\t<h1 class=\"elementor-heading-title elementor-size-default\">Stichting Gemeenschap Gronau<\/h1>\t\t\t\t<\/div>\n\t\t\t\t<\/div>\n\t\t\t\t<div class=\"elementor-element elementor-element-595d174 elementor-widget elementor-widget-text-editor\" data-id=\"595d174\" data-element_type=\"widget\" data-e-type=\"widget\" data-settings=\"{&quot;ekit_we_effect_on&quot;:&quot;none&quot;}\" data-widget_type=\"text-editor.default\">\n\t\t\t\t<div class=\"elementor-widget-container\">\n\t\t\t\t\t\t\t\t\t<p>De Stichting Gemeenschap Gronau geeft financi\u00eble steun aan projecten op het gebied van onderwijs, cultuur, sociale zaken en sport en ondersteunt lokale initiatieven. Door haar inzet verbetert ze de kwaliteit van leven, vooral voor kinderen en jongeren, door middel van onderwijs- en integratieprojecten. De stichting heeft de Georgs Galerie in Epe geopend, een kunst- en cultuurlocatie die mogelijk nauw zal samenwerken met de synagoge. De nabijheid en de Joodse geschiedenis van Georgs galerie bevorderden een vruchtbare samenwerking.   <\/p>\t\t\t\t\t\t\t\t<\/div>\n\t\t\t\t<\/div>\n\t\t\t\t<div class=\"elementor-element elementor-element-b11fa7d elementor-widget elementor-widget-image\" data-id=\"b11fa7d\" data-element_type=\"widget\" data-e-type=\"widget\" data-settings=\"{&quot;ekit_we_effect_on&quot;:&quot;none&quot;}\" data-widget_type=\"image.default\">\n\t\t\t\t<div class=\"elementor-widget-container\">\n\t\t\t\t\t\t\t\t\t\t\t\t\t\t\t<img loading=\"lazy\" decoding=\"async\" width=\"800\" height=\"287\" src=\"https:\/\/gronau-inside.de\/wp-content\/uploads\/2024\/07\/Georgs_Galerie-quer-1024x367.png\" class=\"attachment-large size-large wp-image-66303\" alt=\"Georg&#039;s galerij\" srcset=\"https:\/\/gronau-inside.de\/wp-content\/uploads\/2024\/07\/Georgs_Galerie-quer-1024x367.png 1024w, https:\/\/gronau-inside.de\/wp-content\/uploads\/2024\/07\/Georgs_Galerie-quer-300x107.png 300w, https:\/\/gronau-inside.de\/wp-content\/uploads\/2024\/07\/Georgs_Galerie-quer-768x275.png 768w, https:\/\/gronau-inside.de\/wp-content\/uploads\/2024\/07\/Georgs_Galerie-quer-1536x550.png 1536w, https:\/\/gronau-inside.de\/wp-content\/uploads\/2024\/07\/Georgs_Galerie-quer-600x215.png 600w, https:\/\/gronau-inside.de\/wp-content\/uploads\/2024\/07\/Georgs_Galerie-quer.png 1773w\" sizes=\"(max-width: 800px) 100vw, 800px\" \/>\t\t\t\t\t\t\t\t\t\t\t\t\t\t\t<\/div>\n\t\t\t\t<\/div>\n\t\t\t\t<\/div>\n\t\t\t\t<div class=\"elementor-element elementor-element-cb880cd elementor-widget elementor-widget-spacer\" data-id=\"cb880cd\" data-element_type=\"widget\" data-e-type=\"widget\" data-settings=\"{&quot;ekit_we_effect_on&quot;:&quot;none&quot;}\" data-widget_type=\"spacer.default\">\n\t\t\t\t<div class=\"elementor-widget-container\">\n\t\t\t\t\t\t\t<div class=\"elementor-spacer\">\n\t\t\t<div class=\"elementor-spacer-inner\"><\/div>\n\t\t<\/div>\n\t\t\t\t\t\t<\/div>\n\t\t\t\t<\/div>\n\t\t<div class=\"elementor-element elementor-element-2f6b583 e-con-full e-flex e-con e-child\" data-id=\"2f6b583\" data-element_type=\"container\" data-e-type=\"container\" data-settings=\"{&quot;jet_parallax_layout_list&quot;:[],&quot;ekit_has_onepagescroll_dot&quot;:&quot;yes&quot;}\">\n\t\t\t\t<div class=\"elementor-element elementor-element-5f06047 elementor-widget elementor-widget-spacer\" data-id=\"5f06047\" data-element_type=\"widget\" data-e-type=\"widget\" data-settings=\"{&quot;ekit_we_effect_on&quot;:&quot;none&quot;}\" data-widget_type=\"spacer.default\">\n\t\t\t\t<div class=\"elementor-widget-container\">\n\t\t\t\t\t\t\t<div class=\"elementor-spacer\">\n\t\t\t<div class=\"elementor-spacer-inner\"><\/div>\n\t\t<\/div>\n\t\t\t\t\t\t<\/div>\n\t\t\t\t<\/div>\n\t\t\t\t<div class=\"elementor-element elementor-element-923613f elementor-widget elementor-widget-heading\" data-id=\"923613f\" data-element_type=\"widget\" data-e-type=\"widget\" data-settings=\"{&quot;ekit_we_effect_on&quot;:&quot;none&quot;}\" data-widget_type=\"heading.default\">\n\t\t\t\t<div class=\"elementor-widget-container\">\n\t\t\t\t\t<h1 class=\"elementor-heading-title elementor-size-default\">Grenzenlos e.V.<\/h1>\t\t\t\t<\/div>\n\t\t\t\t<\/div>\n\t\t\t\t<div class=\"elementor-element elementor-element-3bdaf3b elementor-widget elementor-widget-spacer\" data-id=\"3bdaf3b\" data-element_type=\"widget\" data-e-type=\"widget\" data-settings=\"{&quot;ekit_we_effect_on&quot;:&quot;none&quot;}\" data-widget_type=\"spacer.default\">\n\t\t\t\t<div class=\"elementor-widget-container\">\n\t\t\t\t\t\t\t<div class=\"elementor-spacer\">\n\t\t\t<div class=\"elementor-spacer-inner\"><\/div>\n\t\t<\/div>\n\t\t\t\t\t\t<\/div>\n\t\t\t\t<\/div>\n\t\t\t\t<div class=\"elementor-element elementor-element-69eb4f3 elementor-widget elementor-widget-text-editor\" data-id=\"69eb4f3\" data-element_type=\"widget\" data-e-type=\"widget\" data-settings=\"{&quot;ekit_we_effect_on&quot;:&quot;none&quot;}\" data-widget_type=\"text-editor.default\">\n\t\t\t\t<div class=\"elementor-widget-container\">\n\t\t\t\t\t\t\t\t\t<p>De vereniging Grenzenlos e.V. bevordert met haar sociaal-cultureel centrum, het Caf\u00e9 Grenzenlos in Gronau, integratie en culturele uitwisseling door middel van evenementen en biedt een platform voor met name mensen met een migratieachtergrond. De vereniging plant evenementen die de cultuur van herkomst van de deelnemers introduceren. In het concept van de Third Place vult Grenzenlos e.V. het programma van de synagoge aan met haar integratieve en sociale activiteiten, evenals haar netwerk- en evenementenportfolio, en beveelt zichzelf aan als een uitstekende partner.  <\/p>\t\t\t\t\t\t\t\t<\/div>\n\t\t\t\t<\/div>\n\t\t\t\t<div class=\"elementor-element elementor-element-d633e5b elementor-widget elementor-widget-image\" data-id=\"d633e5b\" data-element_type=\"widget\" data-e-type=\"widget\" data-settings=\"{&quot;ekit_we_effect_on&quot;:&quot;none&quot;}\" data-widget_type=\"image.default\">\n\t\t\t\t<div class=\"elementor-widget-container\">\n\t\t\t\t\t\t\t\t\t\t\t\t\t\t\t<img loading=\"lazy\" decoding=\"async\" width=\"800\" height=\"214\" src=\"https:\/\/gronau-inside.de\/wp-content\/uploads\/2024\/07\/Grenzenlos_Logo-eV-final-1024x274.png\" class=\"attachment-large size-large wp-image-66284\" alt=\"Logo Caf\u00e9 Grenzenlos belettering\" srcset=\"https:\/\/gronau-inside.de\/wp-content\/uploads\/2024\/07\/Grenzenlos_Logo-eV-final-1024x274.png 1024w, https:\/\/gronau-inside.de\/wp-content\/uploads\/2024\/07\/Grenzenlos_Logo-eV-final-300x80.png 300w, https:\/\/gronau-inside.de\/wp-content\/uploads\/2024\/07\/Grenzenlos_Logo-eV-final-768x205.png 768w, https:\/\/gronau-inside.de\/wp-content\/uploads\/2024\/07\/Grenzenlos_Logo-eV-final-1536x411.png 1536w, https:\/\/gronau-inside.de\/wp-content\/uploads\/2024\/07\/Grenzenlos_Logo-eV-final-600x160.png 600w, https:\/\/gronau-inside.de\/wp-content\/uploads\/2024\/07\/Grenzenlos_Logo-eV-final.png 1762w\" sizes=\"(max-width: 800px) 100vw, 800px\" \/>\t\t\t\t\t\t\t\t\t\t\t\t\t\t\t<\/div>\n\t\t\t\t<\/div>\n\t\t\t\t<\/div>\n\t\t\t\t<div class=\"elementor-element elementor-element-c91bef2 elementor-widget elementor-widget-spacer\" data-id=\"c91bef2\" data-element_type=\"widget\" data-e-type=\"widget\" data-settings=\"{&quot;ekit_we_effect_on&quot;:&quot;none&quot;}\" data-widget_type=\"spacer.default\">\n\t\t\t\t<div class=\"elementor-widget-container\">\n\t\t\t\t\t\t\t<div class=\"elementor-spacer\">\n\t\t\t<div class=\"elementor-spacer-inner\"><\/div>\n\t\t<\/div>\n\t\t\t\t\t\t<\/div>\n\t\t\t\t<\/div>\n\t\t<div class=\"elementor-element elementor-element-cd88db5 e-con-full e-flex e-con e-child\" data-id=\"cd88db5\" data-element_type=\"container\" data-e-type=\"container\" data-settings=\"{&quot;jet_parallax_layout_list&quot;:[],&quot;ekit_has_onepagescroll_dot&quot;:&quot;yes&quot;}\">\n\t\t\t\t<div class=\"elementor-element elementor-element-c8a9519 elementor-widget elementor-widget-spacer\" data-id=\"c8a9519\" data-element_type=\"widget\" data-e-type=\"widget\" data-settings=\"{&quot;ekit_we_effect_on&quot;:&quot;none&quot;}\" data-widget_type=\"spacer.default\">\n\t\t\t\t<div class=\"elementor-widget-container\">\n\t\t\t\t\t\t\t<div class=\"elementor-spacer\">\n\t\t\t<div class=\"elementor-spacer-inner\"><\/div>\n\t\t<\/div>\n\t\t\t\t\t\t<\/div>\n\t\t\t\t<\/div>\n\t\t\t\t<div class=\"elementor-element elementor-element-7a47364 elementor-widget elementor-widget-heading\" data-id=\"7a47364\" data-element_type=\"widget\" data-e-type=\"widget\" data-settings=\"{&quot;ekit_we_effect_on&quot;:&quot;none&quot;}\" data-widget_type=\"heading.default\">\n\t\t\t\t<div class=\"elementor-widget-container\">\n\t\t\t\t\t<h1 class=\"elementor-heading-title elementor-size-default\">Cultureel Bureau Gronau GmbH<\/h1>\t\t\t\t<\/div>\n\t\t\t\t<\/div>\n\t\t\t\t<div class=\"elementor-element elementor-element-ceb73cd elementor-widget elementor-widget-text-editor\" data-id=\"ceb73cd\" data-element_type=\"widget\" data-e-type=\"widget\" data-settings=\"{&quot;ekit_we_effect_on&quot;:&quot;none&quot;}\" data-widget_type=\"text-editor.default\">\n\t\t\t\t<div class=\"elementor-widget-container\">\n\t\t\t\t\t\t\t\t\t<p>Kulturb\u00fcro Gronau GmbH is verantwoordelijk voor de projectco\u00f6rdinatie. Hier komen de netwerkactiviteiten samen en worden de participatieprocessen georganiseerd en ge\u00efmplementeerd. De centrale functie van het gemeentelijk cultureel bureau is het ontwikkelen van de Epe Synagoge als centrum voor cultuur en ontmoeting en het ondersteunen van vrijwilligers en burgers bij het vormgeven van hun derde plek. Kulturb\u00fcro Gronau GmbH ondersteunt met haar expertise als cultureel organisator en ontwikkelaar van educatieve en bemiddelingsprojecten in het kader van cultuureducatie.   <\/p>\t\t\t\t\t\t\t\t<\/div>\n\t\t\t\t<\/div>\n\t\t\t\t<div class=\"elementor-element elementor-element-397ad38 elementor-widget elementor-widget-image\" data-id=\"397ad38\" data-element_type=\"widget\" data-e-type=\"widget\" data-settings=\"{&quot;ekit_we_effect_on&quot;:&quot;none&quot;}\" data-widget_type=\"image.default\">\n\t\t\t\t<div class=\"elementor-widget-container\">\n\t\t\t\t\t\t\t\t\t\t\t\t\t\t\t<img loading=\"lazy\" decoding=\"async\" width=\"800\" height=\"166\" src=\"https:\/\/gronau-inside.de\/wp-content\/uploads\/2024\/07\/01_kulturbuero-logo_gruenaufweiss_screen-1024x212.jpg\" class=\"attachment-large size-large wp-image-66288\" alt=\"\" srcset=\"https:\/\/gronau-inside.de\/wp-content\/uploads\/2024\/07\/01_kulturbuero-logo_gruenaufweiss_screen-1024x212.jpg 1024w, https:\/\/gronau-inside.de\/wp-content\/uploads\/2024\/07\/01_kulturbuero-logo_gruenaufweiss_screen-300x62.jpg 300w, https:\/\/gronau-inside.de\/wp-content\/uploads\/2024\/07\/01_kulturbuero-logo_gruenaufweiss_screen-768x159.jpg 768w, https:\/\/gronau-inside.de\/wp-content\/uploads\/2024\/07\/01_kulturbuero-logo_gruenaufweiss_screen-1536x319.jpg 1536w, https:\/\/gronau-inside.de\/wp-content\/uploads\/2024\/07\/01_kulturbuero-logo_gruenaufweiss_screen-2048x425.jpg 2048w, https:\/\/gronau-inside.de\/wp-content\/uploads\/2024\/07\/01_kulturbuero-logo_gruenaufweiss_screen-600x124.jpg 600w\" sizes=\"(max-width: 800px) 100vw, 800px\" \/>\t\t\t\t\t\t\t\t\t\t\t\t\t\t\t<\/div>\n\t\t\t\t<\/div>\n\t\t\t\t<\/div>\n\t\t\t\t\t<\/div>\n\t\t\t\t<\/div>\n\t\t<div class=\"elementor-element elementor-element-66d7bca e-flex e-con-boxed e-con e-parent\" data-id=\"66d7bca\" data-element_type=\"container\" data-e-type=\"container\" data-settings=\"{&quot;jet_parallax_layout_list&quot;:[],&quot;ekit_has_onepagescroll_dot&quot;:&quot;yes&quot;}\">\n\t\t\t\t\t<div class=\"e-con-inner\">\n\t\t\t\t<div class=\"elementor-element elementor-element-a33dc93 elementor-widget elementor-widget-spacer\" data-id=\"a33dc93\" data-element_type=\"widget\" data-e-type=\"widget\" data-settings=\"{&quot;ekit_we_effect_on&quot;:&quot;none&quot;}\" data-widget_type=\"spacer.default\">\n\t\t\t\t<div class=\"elementor-widget-container\">\n\t\t\t\t\t\t\t<div class=\"elementor-spacer\">\n\t\t\t<div class=\"elementor-spacer-inner\"><\/div>\n\t\t<\/div>\n\t\t\t\t\t\t<\/div>\n\t\t\t\t<\/div>\n\t\t\t\t<div class=\"elementor-element elementor-element-94eac52 elementor-widget-divider--view-line elementor-widget elementor-widget-divider\" data-id=\"94eac52\" data-element_type=\"widget\" data-e-type=\"widget\" data-settings=\"{&quot;ekit_we_effect_on&quot;:&quot;none&quot;}\" data-widget_type=\"divider.default\">\n\t\t\t\t<div class=\"elementor-widget-container\">\n\t\t\t\t\t\t\t<div class=\"elementor-divider\">\n\t\t\t<span class=\"elementor-divider-separator\">\n\t\t\t\t\t\t<\/span>\n\t\t<\/div>\n\t\t\t\t\t\t<\/div>\n\t\t\t\t<\/div>\n\t\t\t\t\t<\/div>\n\t\t\t\t<\/div>\n\t\t<div class=\"elementor-element elementor-element-ce61d98 e-flex e-con-boxed e-con e-parent\" data-id=\"ce61d98\" data-element_type=\"container\" data-e-type=\"container\" data-settings=\"{&quot;jet_parallax_layout_list&quot;:[],&quot;ekit_has_onepagescroll_dot&quot;:&quot;yes&quot;}\">\n\t\t\t\t\t<div class=\"e-con-inner\">\n\t\t\t\t<div class=\"elementor-element elementor-element-f15838c elementor-widget elementor-widget-image\" data-id=\"f15838c\" data-element_type=\"widget\" data-e-type=\"widget\" data-settings=\"{&quot;ekit_we_effect_on&quot;:&quot;none&quot;}\" data-widget_type=\"image.default\">\n\t\t\t\t<div class=\"elementor-widget-container\">\n\t\t\t\t\t\t\t\t\t\t\t\t\t\t\t<img loading=\"lazy\" decoding=\"async\" width=\"800\" height=\"164\" src=\"https:\/\/gronau-inside.de\/wp-content\/uploads\/2024\/12\/AK_Kultur_und_Wissenschaft_Farbig_CMYK-1024x210.jpg\" class=\"attachment-large size-large wp-image-72506\" alt=\"\" srcset=\"https:\/\/gronau-inside.de\/wp-content\/uploads\/2024\/12\/AK_Kultur_und_Wissenschaft_Farbig_CMYK-1024x210.jpg 1024w, https:\/\/gronau-inside.de\/wp-content\/uploads\/2024\/12\/AK_Kultur_und_Wissenschaft_Farbig_CMYK-300x61.jpg 300w, https:\/\/gronau-inside.de\/wp-content\/uploads\/2024\/12\/AK_Kultur_und_Wissenschaft_Farbig_CMYK-768x157.jpg 768w, https:\/\/gronau-inside.de\/wp-content\/uploads\/2024\/12\/AK_Kultur_und_Wissenschaft_Farbig_CMYK-1536x315.jpg 1536w, https:\/\/gronau-inside.de\/wp-content\/uploads\/2024\/12\/AK_Kultur_und_Wissenschaft_Farbig_CMYK-2048x420.jpg 2048w, https:\/\/gronau-inside.de\/wp-content\/uploads\/2024\/12\/AK_Kultur_und_Wissenschaft_Farbig_CMYK-600x123.jpg 600w\" sizes=\"(max-width: 800px) 100vw, 800px\" \/>\t\t\t\t\t\t\t\t\t\t\t\t\t\t\t<\/div>\n\t\t\t\t<\/div>\n\t\t\t\t<div class=\"elementor-element elementor-element-2106089 elementor-widget elementor-widget-image\" data-id=\"2106089\" data-element_type=\"widget\" data-e-type=\"widget\" data-settings=\"{&quot;ekit_we_effect_on&quot;:&quot;none&quot;}\" data-widget_type=\"image.default\">\n\t\t\t\t<div class=\"elementor-widget-container\">\n\t\t\t\t\t\t\t\t\t\t\t\t\t\t\t<img loading=\"lazy\" decoding=\"async\" width=\"800\" height=\"403\" src=\"https:\/\/gronau-inside.de\/wp-content\/uploads\/2024\/12\/DritteOrte_Logo_cmyk-1024x516.png\" class=\"attachment-large size-large wp-image-72509\" alt=\"\" srcset=\"https:\/\/gronau-inside.de\/wp-content\/uploads\/2024\/12\/DritteOrte_Logo_cmyk-1024x516.png 1024w, https:\/\/gronau-inside.de\/wp-content\/uploads\/2024\/12\/DritteOrte_Logo_cmyk-300x151.png 300w, https:\/\/gronau-inside.de\/wp-content\/uploads\/2024\/12\/DritteOrte_Logo_cmyk-768x387.png 768w, https:\/\/gronau-inside.de\/wp-content\/uploads\/2024\/12\/DritteOrte_Logo_cmyk-1536x774.png 1536w, https:\/\/gronau-inside.de\/wp-content\/uploads\/2024\/12\/DritteOrte_Logo_cmyk-2048x1033.png 2048w, https:\/\/gronau-inside.de\/wp-content\/uploads\/2024\/12\/DritteOrte_Logo_cmyk-600x303.png 600w\" sizes=\"(max-width: 800px) 100vw, 800px\" \/>\t\t\t\t\t\t\t\t\t\t\t\t\t\t\t<\/div>\n\t\t\t\t<\/div>\n\t\t\t\t\t<\/div>\n\t\t\t\t<\/div>\n\t\t\t\t<\/div>\n\t\t","protected":false},"excerpt":{"rendered":"<p>Huis Lebenstein Historisch gebouw wordt een moderne ontmoetingsplaats Haus Lebenstein: de derde plaats in Epe De synagoge in Epe, een belangrijk historisch gebouw, staat op het punt een spannende transformatie [&hellip;]<\/p>\n","protected":false},"author":15,"featured_media":0,"parent":0,"menu_order":27,"comment_status":"closed","ping_status":"closed","template":"","meta":{"_acf_changed":false,"_price":"","_stock":"","_tribe_ticket_header":"","_tribe_default_ticket_provider":"","_tribe_ticket_capacity":"0","_ticket_start_date":"","_ticket_end_date":"","_tribe_ticket_show_description":"","_tribe_ticket_show_not_going":false,"_tribe_ticket_use_global_stock":"","_tribe_ticket_global_stock_level":"","_global_stock_mode":"","_global_stock_cap":"","_tribe_rsvp_for_event":"","_tribe_ticket_going_count":"","_tribe_ticket_not_going_count":"","_tribe_tickets_list":"[]","_tribe_ticket_has_attendee_info_fields":false,"footnotes":"","_tec_slr_enabled":"","_tec_slr_layout":""},"class_list":["post-66256","page","type-page","status-publish","hentry"],"acf":[],"yoast_head":"<!-- This site is optimized with the Yoast SEO plugin v27.4 - https:\/\/yoast.com\/product\/yoast-seo-wordpress\/ -->\n<title>Huis Lebenstein - Gronau Inside<\/title>\n<meta name=\"robots\" content=\"index, follow, max-snippet:-1, max-image-preview:large, max-video-preview:-1\" \/>\n<link rel=\"canonical\" href=\"https:\/\/gronau-inside.de\/nl\/epe-synagoge\" \/>\n<meta property=\"og:locale\" content=\"nl_NL\" \/>\n<meta property=\"og:type\" content=\"article\" \/>\n<meta property=\"og:title\" content=\"Huis Lebenstein - Gronau Inside\" \/>\n<meta property=\"og:description\" content=\"Huis Lebenstein Historisch gebouw wordt een moderne ontmoetingsplaats Haus Lebenstein: de derde plaats in Epe De synagoge in Epe, een belangrijk historisch gebouw, staat op het punt een spannende transformatie [&hellip;]\" \/>\n<meta property=\"og:url\" content=\"https:\/\/gronau-inside.de\/nl\/epe-synagoge\" \/>\n<meta property=\"og:site_name\" content=\"Gronau Inside\" \/>\n<meta property=\"article:modified_time\" content=\"2026-02-04T08:29:48+00:00\" \/>\n<meta property=\"og:image\" content=\"https:\/\/gronau-inside.de\/wp-content\/uploads\/2025\/08\/Banner_9.1.2025_v.l.-Luana-Doerken-Cordula-Sandmann-Britta-Drewitz-Rudolf-Nacke-Ulla-Koennemann-Krabbe-Heinz-Krabbe-Erich-Schwartze_Copyright-Kulturbuero-Gronau.jpeg\" \/>\n<meta name=\"twitter:card\" content=\"summary_large_image\" \/>\n<meta name=\"twitter:label1\" content=\"Geschatte leestijd\" \/>\n\t<meta name=\"twitter:data1\" content=\"4 minuten\" \/>\n<script type=\"application\/ld+json\" class=\"yoast-schema-graph\">{\"@context\":\"https:\\\/\\\/schema.org\",\"@graph\":[{\"@type\":\"WebPage\",\"@id\":\"https:\\\/\\\/gronau-inside.de\\\/nl\\\/epe-synagoge\",\"url\":\"https:\\\/\\\/gronau-inside.de\\\/nl\\\/epe-synagoge\",\"name\":\"Huis Lebenstein - Gronau Inside\",\"isPartOf\":{\"@id\":\"https:\\\/\\\/gronau-inside.de\\\/nl#website\"},\"primaryImageOfPage\":{\"@id\":\"https:\\\/\\\/gronau-inside.de\\\/nl\\\/epe-synagoge#primaryimage\"},\"image\":{\"@id\":\"https:\\\/\\\/gronau-inside.de\\\/nl\\\/epe-synagoge#primaryimage\"},\"thumbnailUrl\":\"https:\\\/\\\/gronau-inside.de\\\/wp-content\\\/uploads\\\/2025\\\/08\\\/Banner_9.1.2025_v.l.-Luana-Doerken-Cordula-Sandmann-Britta-Drewitz-Rudolf-Nacke-Ulla-Koennemann-Krabbe-Heinz-Krabbe-Erich-Schwartze_Copyright-Kulturbuero-Gronau.jpeg\",\"datePublished\":\"2024-07-23T10:11:07+00:00\",\"dateModified\":\"2026-02-04T08:29:48+00:00\",\"breadcrumb\":{\"@id\":\"https:\\\/\\\/gronau-inside.de\\\/nl\\\/epe-synagoge#breadcrumb\"},\"inLanguage\":\"nl-NL\",\"potentialAction\":[{\"@type\":\"ReadAction\",\"target\":[\"https:\\\/\\\/gronau-inside.de\\\/nl\\\/epe-synagoge\"]}]},{\"@type\":\"ImageObject\",\"inLanguage\":\"nl-NL\",\"@id\":\"https:\\\/\\\/gronau-inside.de\\\/nl\\\/epe-synagoge#primaryimage\",\"url\":\"https:\\\/\\\/gronau-inside.de\\\/wp-content\\\/uploads\\\/2025\\\/08\\\/Banner_9.1.2025_v.l.-Luana-Doerken-Cordula-Sandmann-Britta-Drewitz-Rudolf-Nacke-Ulla-Koennemann-Krabbe-Heinz-Krabbe-Erich-Schwartze_Copyright-Kulturbuero-Gronau.jpeg\",\"contentUrl\":\"https:\\\/\\\/gronau-inside.de\\\/wp-content\\\/uploads\\\/2025\\\/08\\\/Banner_9.1.2025_v.l.-Luana-Doerken-Cordula-Sandmann-Britta-Drewitz-Rudolf-Nacke-Ulla-Koennemann-Krabbe-Heinz-Krabbe-Erich-Schwartze_Copyright-Kulturbuero-Gronau.jpeg\"},{\"@type\":\"BreadcrumbList\",\"@id\":\"https:\\\/\\\/gronau-inside.de\\\/nl\\\/epe-synagoge#breadcrumb\",\"itemListElement\":[{\"@type\":\"ListItem\",\"position\":1,\"name\":\"Startseite\",\"item\":\"https:\\\/\\\/gronau-inside.de\\\/nl\\\/startseite\"},{\"@type\":\"ListItem\",\"position\":2,\"name\":\"Huis Lebenstein\"}]},{\"@type\":\"WebSite\",\"@id\":\"https:\\\/\\\/gronau-inside.de\\\/nl#website\",\"url\":\"https:\\\/\\\/gronau-inside.de\\\/nl\",\"name\":\"Gronau Inside\",\"description\":\"Musikstadt im Gr\u00fcnen\",\"publisher\":{\"@id\":\"https:\\\/\\\/gronau-inside.de\\\/nl#organization\"},\"potentialAction\":[{\"@type\":\"SearchAction\",\"target\":{\"@type\":\"EntryPoint\",\"urlTemplate\":\"https:\\\/\\\/gronau-inside.de\\\/nl?s={search_term_string}\"},\"query-input\":{\"@type\":\"PropertyValueSpecification\",\"valueRequired\":true,\"valueName\":\"search_term_string\"}}],\"inLanguage\":\"nl-NL\"},{\"@type\":\"Organization\",\"@id\":\"https:\\\/\\\/gronau-inside.de\\\/nl#organization\",\"name\":\"Gronau Inside\",\"url\":\"https:\\\/\\\/gronau-inside.de\\\/nl\",\"logo\":{\"@type\":\"ImageObject\",\"inLanguage\":\"nl-NL\",\"@id\":\"https:\\\/\\\/gronau-inside.de\\\/nl#\\\/schema\\\/logo\\\/image\\\/\",\"url\":\"https:\\\/\\\/gronau-inside.de\\\/wp-content\\\/uploads\\\/2020\\\/10\\\/01_gronau-logo_weissaufweiss_Schriftzug-1.png\",\"contentUrl\":\"https:\\\/\\\/gronau-inside.de\\\/wp-content\\\/uploads\\\/2020\\\/10\\\/01_gronau-logo_weissaufweiss_Schriftzug-1.png\",\"width\":254,\"height\":246,\"caption\":\"Gronau Inside\"},\"image\":{\"@id\":\"https:\\\/\\\/gronau-inside.de\\\/nl#\\\/schema\\\/logo\\\/image\\\/\"}}]}<\/script>\n<!-- \/ Yoast SEO plugin. -->","yoast_head_json":{"title":"Huis Lebenstein - Gronau Inside","robots":{"index":"index","follow":"follow","max-snippet":"max-snippet:-1","max-image-preview":"max-image-preview:large","max-video-preview":"max-video-preview:-1"},"canonical":"https:\/\/gronau-inside.de\/nl\/epe-synagoge","og_locale":"nl_NL","og_type":"article","og_title":"Huis Lebenstein - Gronau Inside","og_description":"Huis Lebenstein Historisch gebouw wordt een moderne ontmoetingsplaats Haus Lebenstein: de derde plaats in Epe De synagoge in Epe, een belangrijk historisch gebouw, staat op het punt een spannende transformatie [&hellip;]","og_url":"https:\/\/gronau-inside.de\/nl\/epe-synagoge","og_site_name":"Gronau Inside","article_modified_time":"2026-02-04T08:29:48+00:00","og_image":[{"url":"https:\/\/gronau-inside.de\/wp-content\/uploads\/2025\/08\/Banner_9.1.2025_v.l.-Luana-Doerken-Cordula-Sandmann-Britta-Drewitz-Rudolf-Nacke-Ulla-Koennemann-Krabbe-Heinz-Krabbe-Erich-Schwartze_Copyright-Kulturbuero-Gronau.jpeg","type":"","width":"","height":""}],"twitter_card":"summary_large_image","twitter_misc":{"Geschatte leestijd":"4 minuten"},"schema":{"@context":"https:\/\/schema.org","@graph":[{"@type":"WebPage","@id":"https:\/\/gronau-inside.de\/nl\/epe-synagoge","url":"https:\/\/gronau-inside.de\/nl\/epe-synagoge","name":"Huis Lebenstein - Gronau Inside","isPartOf":{"@id":"https:\/\/gronau-inside.de\/nl#website"},"primaryImageOfPage":{"@id":"https:\/\/gronau-inside.de\/nl\/epe-synagoge#primaryimage"},"image":{"@id":"https:\/\/gronau-inside.de\/nl\/epe-synagoge#primaryimage"},"thumbnailUrl":"https:\/\/gronau-inside.de\/wp-content\/uploads\/2025\/08\/Banner_9.1.2025_v.l.-Luana-Doerken-Cordula-Sandmann-Britta-Drewitz-Rudolf-Nacke-Ulla-Koennemann-Krabbe-Heinz-Krabbe-Erich-Schwartze_Copyright-Kulturbuero-Gronau.jpeg","datePublished":"2024-07-23T10:11:07+00:00","dateModified":"2026-02-04T08:29:48+00:00","breadcrumb":{"@id":"https:\/\/gronau-inside.de\/nl\/epe-synagoge#breadcrumb"},"inLanguage":"nl-NL","potentialAction":[{"@type":"ReadAction","target":["https:\/\/gronau-inside.de\/nl\/epe-synagoge"]}]},{"@type":"ImageObject","inLanguage":"nl-NL","@id":"https:\/\/gronau-inside.de\/nl\/epe-synagoge#primaryimage","url":"https:\/\/gronau-inside.de\/wp-content\/uploads\/2025\/08\/Banner_9.1.2025_v.l.-Luana-Doerken-Cordula-Sandmann-Britta-Drewitz-Rudolf-Nacke-Ulla-Koennemann-Krabbe-Heinz-Krabbe-Erich-Schwartze_Copyright-Kulturbuero-Gronau.jpeg","contentUrl":"https:\/\/gronau-inside.de\/wp-content\/uploads\/2025\/08\/Banner_9.1.2025_v.l.-Luana-Doerken-Cordula-Sandmann-Britta-Drewitz-Rudolf-Nacke-Ulla-Koennemann-Krabbe-Heinz-Krabbe-Erich-Schwartze_Copyright-Kulturbuero-Gronau.jpeg"},{"@type":"BreadcrumbList","@id":"https:\/\/gronau-inside.de\/nl\/epe-synagoge#breadcrumb","itemListElement":[{"@type":"ListItem","position":1,"name":"Startseite","item":"https:\/\/gronau-inside.de\/nl\/startseite"},{"@type":"ListItem","position":2,"name":"Huis Lebenstein"}]},{"@type":"WebSite","@id":"https:\/\/gronau-inside.de\/nl#website","url":"https:\/\/gronau-inside.de\/nl","name":"Gronau Inside","description":"Musikstadt im Gr\u00fcnen","publisher":{"@id":"https:\/\/gronau-inside.de\/nl#organization"},"potentialAction":[{"@type":"SearchAction","target":{"@type":"EntryPoint","urlTemplate":"https:\/\/gronau-inside.de\/nl?s={search_term_string}"},"query-input":{"@type":"PropertyValueSpecification","valueRequired":true,"valueName":"search_term_string"}}],"inLanguage":"nl-NL"},{"@type":"Organization","@id":"https:\/\/gronau-inside.de\/nl#organization","name":"Gronau Inside","url":"https:\/\/gronau-inside.de\/nl","logo":{"@type":"ImageObject","inLanguage":"nl-NL","@id":"https:\/\/gronau-inside.de\/nl#\/schema\/logo\/image\/","url":"https:\/\/gronau-inside.de\/wp-content\/uploads\/2020\/10\/01_gronau-logo_weissaufweiss_Schriftzug-1.png","contentUrl":"https:\/\/gronau-inside.de\/wp-content\/uploads\/2020\/10\/01_gronau-logo_weissaufweiss_Schriftzug-1.png","width":254,"height":246,"caption":"Gronau Inside"},"image":{"@id":"https:\/\/gronau-inside.de\/nl#\/schema\/logo\/image\/"}}]}},"ticketed":false,"_links":{"self":[{"href":"https:\/\/gronau-inside.de\/nl\/wp-json\/wp\/v2\/pages\/66256","targetHints":{"allow":["GET"]}}],"collection":[{"href":"https:\/\/gronau-inside.de\/nl\/wp-json\/wp\/v2\/pages"}],"about":[{"href":"https:\/\/gronau-inside.de\/nl\/wp-json\/wp\/v2\/types\/page"}],"author":[{"embeddable":true,"href":"https:\/\/gronau-inside.de\/nl\/wp-json\/wp\/v2\/users\/15"}],"replies":[{"embeddable":true,"href":"https:\/\/gronau-inside.de\/nl\/wp-json\/wp\/v2\/comments?post=66256"}],"version-history":[{"count":0,"href":"https:\/\/gronau-inside.de\/nl\/wp-json\/wp\/v2\/pages\/66256\/revisions"}],"wp:attachment":[{"href":"https:\/\/gronau-inside.de\/nl\/wp-json\/wp\/v2\/media?parent=66256"}],"curies":[{"name":"wp","href":"https:\/\/api.w.org\/{rel}","templated":true}]}}