{"id":104911,"date":"2026-08-31T09:28:48","date_gmt":"2026-08-31T07:28:48","guid":{"rendered":"https:\/\/gronau-inside.de\/veranstaltung\/jazzfestival-goetz-alsmann-les-bruenettes"},"modified":"2026-08-31T09:28:48","modified_gmt":"2026-08-31T07:28:48","slug":"jazzfestival-goetz-alsmann-les-bruenettes","status":"publish","type":"tribe_events","link":"https:\/\/gronau-inside.de\/nl\/veranstaltung\/jazzfestival-goetz-alsmann-les-bruenettes","title":{"rendered":"Jazzfestival: G\u00f6tz Alsmann \/ Les Br\u00fcnettes"},"content":{"rendered":"<p><strong>De eerste acts zijn bekend: G\u00f6tz Alsmann en Les Br\u00fcnettes brengen jazzhits en vrouwenkracht naar Gronau. Het Jazzfest werpt alvast zijn schaduw vooruit: van 27 april tot en met 2 mei 2027 verandert Gronau weer in het epicentrum voor jazz- en muziekliefhebbers. Voor het inmiddels 39e Jazzfest Gronau kan het Cultuurbureau Gronau nu al de eerste twee topnamen voor de line-up bekendmaken. <\/strong><\/p>\n<p>De charmante entertainer, multi-instrumentalist en inwoner van M\u00fcnster, G\u00f6tz Alsmann, keert op woensdag 28 april terug op het festivalpodium met zijn gloednieuwe programma \u201eKompliment&#8230;\u201c. De uitgesproken jazzbenadering waarmee G\u00f6tz Alsmann de lyrische, filosofische, melancholische, rustieke en humoristische boodschappen van de liedjes, schlager en chansons benadert, heeft hem en zijn muzikanten tot de toonaangevende vertolkers van hun eigenzinnige kunstvorm \u201eJazzschlager\u201c gemaakt. Het publiek kan zich verheugen op een avond vol virtuoze swing, woordgrappen en elegante muzikale bekentenissen, wanneer G\u00f6tz Alsmann en zijn uitmuntende band in hun nieuwe programma keurig muzikale complimenten uitdelen en daarbij af en toe op een nogal ondeugende manier muziek maken.<br \/>\nDe vierkoppige a-capella-formatie Les Br\u00fcnettes zorgt voor de muzikale opening van de avond. De zangeressen hebben zich de afgelopen 16 jaar gevestigd als een vaste, toonaangevende grootheid in de Europese vocale scene. Ze brachten vijf albums uit, zongen in de Abbey Road Studios door de microfoons van de Beatles, in de Elbphilharmonie in Hamburg, met de HR- en WDR-Bigband en waren te zien in het \u2018heute journal\u2019. Met hun slimme mix van jazz, pop en soul en eigen arrangementen doorbreken ze traditionele rolpatronen en staan ze garant voor een muzikale beleving vol energie en een uniek geluid.     <\/p>\n<p>Hiermee is het startschot voor de line-up gegeven. Kaarten voor het dubbelconcert op 28 april 2027 zijn vanaf nu verkrijgbaar bij het VVV-kantoor in Gronau (info@stadtmarketing-gronau.de, tel. 02562-99006), bij alle Eventim-verkooppunten of via www.eventim.de. Vroegboekers kunnen tot en met 30 september 2026 profiteren van een aantrekkelijke korting van 20%.<br \/>\n\u201eZowel G\u00f6tz Alsmann als Les Br\u00fcnettes belichamen precies waar het Jazzfest voor staat: muzikale kwaliteit, stilistische diversiteit en het beste entertainment. We zijn erg blij dat we ze al zo vroeg in de planning kunnen presenteren\u201c, aldus Sabine Th\u00fcnenk\u00f6tter van het Kulturb\u00fcro.  <\/p>\n<p>Het Jazzfest Gronau kiest ook in 2027 weer voor de beproefde mix van internationale artiesten, aanstormend talent en spannende regionale bands. Sinds 1989 staat het festival voor een<br \/>\ngrenzeloos muzikaal spectrum en biedt het naast jazz, blues, swing en funk ook pop- en elektronische klanken. <\/p>\n<p>Het volledige programma van het 39e Jazzfestival Gronau is binnenkort online te raadplegen op www.jazzfest.de. Het festival wordt gepresenteerd door hoofdsponsor K+K en talrijke andere ondersteuners. <\/p>\n<p>&nbsp;<\/p>\n<p>Foto: Goetz-Alsmann-2-\u00a9-Jens-Koch<\/p>\n","protected":false},"excerpt":{"rendered":"<p>De eerste acts zijn bekend: G\u00f6tz Alsmann en Les Br\u00fcnettes brengen jazzhits en vrouwenkracht naar Gronau. Het Jazzfest werpt alvast zijn schaduw vooruit: van 27 april tot en met 2 [&hellip;]<\/p>\n","protected":false},"author":7,"featured_media":104912,"template":"","meta":{"_acf_changed":false,"_price":"","_stock":"","_tribe_ticket_header":"","_tribe_default_ticket_provider":"","_tribe_ticket_capacity":"0","_ticket_start_date":"","_ticket_end_date":"","_tribe_ticket_show_description":"","_tribe_ticket_show_not_going":false,"_tribe_ticket_use_global_stock":"","_tribe_ticket_global_stock_level":"","_global_stock_mode":"","_global_stock_cap":"","_tribe_rsvp_for_event":"","_tribe_ticket_going_count":"","_tribe_ticket_not_going_count":"","_tribe_tickets_list":"[]","_tribe_ticket_has_attendee_info_fields":false,"_tribe_events_status":"","_tribe_events_status_reason":"","_tribe_events_is_hybrid":"","_tribe_events_is_virtual":"","_tribe_events_virtual_video_source":"","_tribe_events_virtual_embed_video":"","_tribe_events_virtual_linked_button_text":"","_tribe_events_virtual_linked_button":"","_tribe_events_virtual_show_embed_at":"","_tribe_events_virtual_show_embed_to":[],"_tribe_events_virtual_show_on_event":"","_tribe_events_virtual_show_on_views":"","_tribe_events_virtual_url":"","footnotes":"","_tec_slr_enabled":"","_tec_slr_layout":""},"tags":[],"tribe_events_cat":[326,442,323],"class_list":["post-104911","tribe_events","type-tribe_events","status-publish","has-post-thumbnail","hentry","tribe_events_cat-burgerzaal","tribe_events_cat-markeer","tribe_events_cat-muziek","cat_burgerzaal","cat_markeer","cat_muziek"],"acf":[],"yoast_head":"<!-- This site is optimized with the Yoast SEO plugin v28.4 - https:\/\/yoast.com\/product\/yoast-seo-wordpress\/ -->\n<title>Jazzfestival: G\u00f6tz Alsmann \/ Les Br\u00fcnettes - Gronau Inside<\/title>\n<meta name=\"robots\" content=\"index, follow, max-snippet:-1, max-image-preview:large, max-video-preview:-1\" \/>\n<link rel=\"canonical\" href=\"https:\/\/gronau-inside.de\/nl\/veranstaltung\/jazzfestival-goetz-alsmann-les-bruenettes\" \/>\n<meta property=\"og:locale\" content=\"nl_NL\" \/>\n<meta property=\"og:type\" content=\"article\" \/>\n<meta property=\"og:title\" content=\"Jazzfestival: G\u00f6tz Alsmann \/ Les Br\u00fcnettes - Gronau Inside\" \/>\n<meta property=\"og:description\" content=\"De eerste acts zijn bekend: G\u00f6tz Alsmann en Les Br\u00fcnettes brengen jazzhits en vrouwenkracht naar Gronau. Het Jazzfest werpt alvast zijn schaduw vooruit: van 27 april tot en met 2 [&hellip;]\" \/>\n<meta property=\"og:url\" content=\"https:\/\/gronau-inside.de\/nl\/veranstaltung\/jazzfestival-goetz-alsmann-les-bruenettes\" \/>\n<meta property=\"og:site_name\" content=\"Gronau Inside\" \/>\n<meta property=\"og:image\" content=\"https:\/\/gronau-inside.de\/wp-content\/uploads\/2026\/08\/Goetz-Alsmann-2-\u00a9-Jens-Koch.jpg\" \/>\n\t<meta property=\"og:image:width\" content=\"1667\" \/>\n\t<meta property=\"og:image:height\" content=\"2500\" \/>\n\t<meta property=\"og:image:type\" content=\"image\/jpeg\" \/>\n<meta name=\"twitter:card\" content=\"summary_large_image\" \/>\n<meta name=\"twitter:label1\" content=\"Geschatte leestijd\" \/>\n\t<meta name=\"twitter:data1\" content=\"2 minuten\" \/>\n<script type=\"application\/ld+json\" class=\"yoast-schema-graph\">{\"@context\":\"https:\\\/\\\/schema.org\",\"@graph\":[{\"@type\":\"WebPage\",\"@id\":\"https:\\\/\\\/gronau-inside.de\\\/nl\\\/veranstaltung\\\/jazzfestival-goetz-alsmann-les-bruenettes\",\"url\":\"https:\\\/\\\/gronau-inside.de\\\/nl\\\/veranstaltung\\\/jazzfestival-goetz-alsmann-les-bruenettes\",\"name\":\"Jazzfestival: G\u00f6tz Alsmann \\\/ Les Br\u00fcnettes - Gronau Inside\",\"isPartOf\":{\"@id\":\"https:\\\/\\\/gronau-inside.de\\\/nl#website\"},\"primaryImageOfPage\":{\"@id\":\"https:\\\/\\\/gronau-inside.de\\\/nl\\\/veranstaltung\\\/jazzfestival-goetz-alsmann-les-bruenettes#primaryimage\"},\"image\":{\"@id\":\"https:\\\/\\\/gronau-inside.de\\\/nl\\\/veranstaltung\\\/jazzfestival-goetz-alsmann-les-bruenettes#primaryimage\"},\"thumbnailUrl\":\"https:\\\/\\\/gronau-inside.de\\\/wp-content\\\/uploads\\\/2026\\\/08\\\/Goetz-Alsmann-2-\u00a9-Jens-Koch.jpg\",\"datePublished\":\"2026-08-31T07:28:48+00:00\",\"breadcrumb\":{\"@id\":\"https:\\\/\\\/gronau-inside.de\\\/nl\\\/veranstaltung\\\/jazzfestival-goetz-alsmann-les-bruenettes#breadcrumb\"},\"inLanguage\":\"nl-NL\",\"potentialAction\":[{\"@type\":\"ReadAction\",\"target\":[\"https:\\\/\\\/gronau-inside.de\\\/nl\\\/veranstaltung\\\/jazzfestival-goetz-alsmann-les-bruenettes\"]}]},{\"@type\":\"ImageObject\",\"inLanguage\":\"nl-NL\",\"@id\":\"https:\\\/\\\/gronau-inside.de\\\/nl\\\/veranstaltung\\\/jazzfestival-goetz-alsmann-les-bruenettes#primaryimage\",\"url\":\"https:\\\/\\\/gronau-inside.de\\\/wp-content\\\/uploads\\\/2026\\\/08\\\/Goetz-Alsmann-2-\u00a9-Jens-Koch.jpg\",\"contentUrl\":\"https:\\\/\\\/gronau-inside.de\\\/wp-content\\\/uploads\\\/2026\\\/08\\\/Goetz-Alsmann-2-\u00a9-Jens-Koch.jpg\",\"width\":1667,\"height\":2500,\"creditText\":\"Heskamp Medien GmbH\",\"copyrightNotice\":\"\u00a9 2026 Heskamp Medien GmbH\",\"copyrightYear\":2026,\"creator\":{\"@type\":\"Organization\",\"name\":\"Heskamp Medien GmbH\",\"url\":\"https:\\\/\\\/gronau-inside.de\\\/nl\"},\"license\":\"https:\\\/\\\/gronau-inside.de\\\/\",\"acquireLicensePage\":\"https:\\\/\\\/gronau-inside.de\\\/\"},{\"@type\":\"BreadcrumbList\",\"@id\":\"https:\\\/\\\/gronau-inside.de\\\/nl\\\/veranstaltung\\\/jazzfestival-goetz-alsmann-les-bruenettes#breadcrumb\",\"itemListElement\":[{\"@type\":\"ListItem\",\"position\":1,\"name\":\"Startseite\",\"item\":\"https:\\\/\\\/gronau-inside.de\\\/nl\"},{\"@type\":\"ListItem\",\"position\":2,\"name\":\"Evenementen\",\"item\":\"https:\\\/\\\/gronau-inside.de\\\/nl\\\/veranstaltungen\\\/\"},{\"@type\":\"ListItem\",\"position\":3,\"name\":\"Jazzfestival: G\u00f6tz Alsmann \\\/ Les Br\u00fcnettes\"}]},{\"@type\":\"WebSite\",\"@id\":\"https:\\\/\\\/gronau-inside.de\\\/nl#website\",\"url\":\"https:\\\/\\\/gronau-inside.de\\\/nl\",\"name\":\"Gronau Inside\",\"description\":\"Musikstadt im Gr\u00fcnen\",\"publisher\":{\"@id\":\"https:\\\/\\\/gronau-inside.de\\\/nl#organization\"},\"potentialAction\":[{\"@type\":\"SearchAction\",\"target\":{\"@type\":\"EntryPoint\",\"urlTemplate\":\"https:\\\/\\\/gronau-inside.de\\\/nl?s={search_term_string}\"},\"query-input\":{\"@type\":\"PropertyValueSpecification\",\"valueRequired\":true,\"valueName\":\"search_term_string\"}}],\"inLanguage\":\"nl-NL\"},{\"@type\":\"Organization\",\"@id\":\"https:\\\/\\\/gronau-inside.de\\\/nl#organization\",\"name\":\"Gronau Inside\",\"url\":\"https:\\\/\\\/gronau-inside.de\\\/nl\",\"logo\":{\"@type\":\"ImageObject\",\"inLanguage\":\"nl-NL\",\"@id\":\"https:\\\/\\\/gronau-inside.de\\\/nl#\\\/schema\\\/logo\\\/image\\\/\",\"url\":\"https:\\\/\\\/gronau-inside.de\\\/wp-content\\\/uploads\\\/2020\\\/10\\\/01_gronau-logo_weissaufweiss_Schriftzug-1.png\",\"contentUrl\":\"https:\\\/\\\/gronau-inside.de\\\/wp-content\\\/uploads\\\/2020\\\/10\\\/01_gronau-logo_weissaufweiss_Schriftzug-1.png\",\"width\":254,\"height\":246,\"caption\":\"Gronau Inside\"},\"image\":{\"@id\":\"https:\\\/\\\/gronau-inside.de\\\/nl#\\\/schema\\\/logo\\\/image\\\/\"}}]}<\/script>\n<!-- \/ Yoast SEO plugin. -->","yoast_head_json":{"title":"Jazzfestival: G\u00f6tz Alsmann \/ Les Br\u00fcnettes - Gronau Inside","robots":{"index":"index","follow":"follow","max-snippet":"max-snippet:-1","max-image-preview":"max-image-preview:large","max-video-preview":"max-video-preview:-1"},"canonical":"https:\/\/gronau-inside.de\/nl\/veranstaltung\/jazzfestival-goetz-alsmann-les-bruenettes","og_locale":"nl_NL","og_type":"article","og_title":"Jazzfestival: G\u00f6tz Alsmann \/ Les Br\u00fcnettes - Gronau Inside","og_description":"De eerste acts zijn bekend: G\u00f6tz Alsmann en Les Br\u00fcnettes brengen jazzhits en vrouwenkracht naar Gronau. Het Jazzfest werpt alvast zijn schaduw vooruit: van 27 april tot en met 2 [&hellip;]","og_url":"https:\/\/gronau-inside.de\/nl\/veranstaltung\/jazzfestival-goetz-alsmann-les-bruenettes","og_site_name":"Gronau Inside","og_image":[{"width":1667,"height":2500,"url":"https:\/\/gronau-inside.de\/wp-content\/uploads\/2026\/08\/Goetz-Alsmann-2-\u00a9-Jens-Koch.jpg","type":"image\/jpeg"}],"twitter_card":"summary_large_image","twitter_misc":{"Geschatte leestijd":"2 minuten"},"schema":{"@context":"https:\/\/schema.org","@graph":[{"@type":"WebPage","@id":"https:\/\/gronau-inside.de\/nl\/veranstaltung\/jazzfestival-goetz-alsmann-les-bruenettes","url":"https:\/\/gronau-inside.de\/nl\/veranstaltung\/jazzfestival-goetz-alsmann-les-bruenettes","name":"Jazzfestival: G\u00f6tz Alsmann \/ Les Br\u00fcnettes - Gronau Inside","isPartOf":{"@id":"https:\/\/gronau-inside.de\/nl#website"},"primaryImageOfPage":{"@id":"https:\/\/gronau-inside.de\/nl\/veranstaltung\/jazzfestival-goetz-alsmann-les-bruenettes#primaryimage"},"image":{"@id":"https:\/\/gronau-inside.de\/nl\/veranstaltung\/jazzfestival-goetz-alsmann-les-bruenettes#primaryimage"},"thumbnailUrl":"https:\/\/gronau-inside.de\/wp-content\/uploads\/2026\/08\/Goetz-Alsmann-2-\u00a9-Jens-Koch.jpg","datePublished":"2026-08-31T07:28:48+00:00","breadcrumb":{"@id":"https:\/\/gronau-inside.de\/nl\/veranstaltung\/jazzfestival-goetz-alsmann-les-bruenettes#breadcrumb"},"inLanguage":"nl-NL","potentialAction":[{"@type":"ReadAction","target":["https:\/\/gronau-inside.de\/nl\/veranstaltung\/jazzfestival-goetz-alsmann-les-bruenettes"]}]},{"@type":"ImageObject","inLanguage":"nl-NL","@id":"https:\/\/gronau-inside.de\/nl\/veranstaltung\/jazzfestival-goetz-alsmann-les-bruenettes#primaryimage","url":"https:\/\/gronau-inside.de\/wp-content\/uploads\/2026\/08\/Goetz-Alsmann-2-\u00a9-Jens-Koch.jpg","contentUrl":"https:\/\/gronau-inside.de\/wp-content\/uploads\/2026\/08\/Goetz-Alsmann-2-\u00a9-Jens-Koch.jpg","width":1667,"height":2500,"creditText":"Heskamp Medien GmbH","copyrightNotice":"\u00a9 2026 Heskamp Medien GmbH","copyrightYear":2026,"creator":{"@type":"Organization","name":"Heskamp Medien GmbH","url":"https:\/\/gronau-inside.de\/nl"},"license":"https:\/\/gronau-inside.de\/","acquireLicensePage":"https:\/\/gronau-inside.de\/"},{"@type":"BreadcrumbList","@id":"https:\/\/gronau-inside.de\/nl\/veranstaltung\/jazzfestival-goetz-alsmann-les-bruenettes#breadcrumb","itemListElement":[{"@type":"ListItem","position":1,"name":"Startseite","item":"https:\/\/gronau-inside.de\/nl"},{"@type":"ListItem","position":2,"name":"Evenementen","item":"https:\/\/gronau-inside.de\/nl\/veranstaltungen\/"},{"@type":"ListItem","position":3,"name":"Jazzfestival: G\u00f6tz Alsmann \/ Les Br\u00fcnettes"}]},{"@type":"WebSite","@id":"https:\/\/gronau-inside.de\/nl#website","url":"https:\/\/gronau-inside.de\/nl","name":"Gronau Inside","description":"Musikstadt im Gr\u00fcnen","publisher":{"@id":"https:\/\/gronau-inside.de\/nl#organization"},"potentialAction":[{"@type":"SearchAction","target":{"@type":"EntryPoint","urlTemplate":"https:\/\/gronau-inside.de\/nl?s={search_term_string}"},"query-input":{"@type":"PropertyValueSpecification","valueRequired":true,"valueName":"search_term_string"}}],"inLanguage":"nl-NL"},{"@type":"Organization","@id":"https:\/\/gronau-inside.de\/nl#organization","name":"Gronau Inside","url":"https:\/\/gronau-inside.de\/nl","logo":{"@type":"ImageObject","inLanguage":"nl-NL","@id":"https:\/\/gronau-inside.de\/nl#\/schema\/logo\/image\/","url":"https:\/\/gronau-inside.de\/wp-content\/uploads\/2020\/10\/01_gronau-logo_weissaufweiss_Schriftzug-1.png","contentUrl":"https:\/\/gronau-inside.de\/wp-content\/uploads\/2020\/10\/01_gronau-logo_weissaufweiss_Schriftzug-1.png","width":254,"height":246,"caption":"Gronau Inside"},"image":{"@id":"https:\/\/gronau-inside.de\/nl#\/schema\/logo\/image\/"}}]}},"ticketed":false,"_links":{"self":[{"href":"https:\/\/gronau-inside.de\/nl\/wp-json\/wp\/v2\/tribe_events\/104911","targetHints":{"allow":["GET"]}}],"collection":[{"href":"https:\/\/gronau-inside.de\/nl\/wp-json\/wp\/v2\/tribe_events"}],"about":[{"href":"https:\/\/gronau-inside.de\/nl\/wp-json\/wp\/v2\/types\/tribe_events"}],"author":[{"embeddable":true,"href":"https:\/\/gronau-inside.de\/nl\/wp-json\/wp\/v2\/users\/7"}],"version-history":[{"count":0,"href":"https:\/\/gronau-inside.de\/nl\/wp-json\/wp\/v2\/tribe_events\/104911\/revisions"}],"wp:featuredmedia":[{"embeddable":true,"href":"https:\/\/gronau-inside.de\/nl\/wp-json\/wp\/v2\/media\/104912"}],"wp:attachment":[{"href":"https:\/\/gronau-inside.de\/nl\/wp-json\/wp\/v2\/media?parent=104911"}],"wp:term":[{"taxonomy":"post_tag","embeddable":true,"href":"https:\/\/gronau-inside.de\/nl\/wp-json\/wp\/v2\/tags?post=104911"},{"taxonomy":"tribe_events_cat","embeddable":true,"href":"https:\/\/gronau-inside.de\/nl\/wp-json\/wp\/v2\/tribe_events_cat?post=104911"}],"curies":[{"name":"wp","href":"https:\/\/api.w.org\/{rel}","templated":true}]}}