{"id":84040,"date":"2025-08-20T08:52:01","date_gmt":"2025-08-20T06:52:01","guid":{"rendered":"https:\/\/gronau-inside.de\/veranstaltung\/literatuurclub-op-maandag-40e-sterfdag-van-heinrich-boell"},"modified":"2025-08-20T08:52:01","modified_gmt":"2025-08-20T06:52:01","slug":"literatuurclub-op-maandag-40e-sterfdag-van-heinrich-boell","status":"publish","type":"tribe_events","link":"https:\/\/gronau-inside.de\/nl\/veranstaltung\/literatuurclub-op-maandag-40e-sterfdag-van-heinrich-boell","title":{"rendered":"Literatuurclub op maandag &#8211; 40e sterfdag van Heinrich B\u00f6ll"},"content":{"rendered":"<p><strong>Literatuurclub op maandag &#8211; 40e sterfdag van Heinrich B\u00f6ll &#8211; Een kritische geest voor vrede en mensenrechten 01.09.25<\/strong><\/p>\n<p>Heinrich Theodor B\u00f6ll (december 1917 tot juli 1985) was een controversi\u00eble, soms ongemakkelijke intellectueel die de beginjaren van de Bondsrepubliek Duitsland kritisch begeleidde.<\/p>\n<p>Telkens weer nam hij stelling in de kwesties van die tijd, zowel in zijn schrijven als in zijn journalistiek.<\/p>\n<p>Of het nu ging om terrorismebestrijding in de tijd van de RAF, studentenprotesten van de APO of de vredesbeweging:<\/p>\n<p>Heinrich B\u00f6ll was aanwezig, was luidruchtig, had een eigen mening.<\/p>\n<p>Zijn toespraak in de Hofgarten van Bonn in oktober 1981 voor tienduizenden demonstranten tegen de herbewapening van de NAVO is net zo onvergetelijk als zijn deelname aan een sit-in blokkade voor een Amerikaanse raketbasis in Mutlangen in 1983.<\/p>\n<p>Met de Nobelprijs voor Literatuur in 1972 werd B\u00f6ll de stem van de Duitse linkse intellectuelen.<\/p>\n<p>Bekende werken zoals Gruppenbild mit Dame (1971) en Die verlorene Ehre der Katharina Blum (1974) waren canon van de school en werden verfilmd door regisseur Rainer Maria Fassbinder.<\/p>\n<p>De 40e sterfdag van B\u00f6ll zou een gelegenheid moeten zijn om het leven van deze controversi\u00eble schrijver vanuit het perspectief van vandaag te bekijken.<\/p>\n","protected":false},"excerpt":{"rendered":"<p>Literatuurclub op maandag &#8211; 40e sterfdag van Heinrich B\u00f6ll &#8211; Een kritische geest voor vrede en mensenrechten 01.09.25 Heinrich Theodor B\u00f6ll (december 1917 tot juli 1985) was een controversi\u00eble, soms [&hellip;]<\/p>\n","protected":false},"author":7,"featured_media":84037,"template":"","meta":{"_acf_changed":false,"_price":"","_stock":"","_tribe_ticket_header":"","_tribe_default_ticket_provider":"","_tribe_ticket_capacity":"0","_ticket_start_date":"","_ticket_end_date":"","_tribe_ticket_show_description":"","_tribe_ticket_show_not_going":false,"_tribe_ticket_use_global_stock":"","_tribe_ticket_global_stock_level":"","_global_stock_mode":"","_global_stock_cap":"","_tribe_rsvp_for_event":"","_tribe_ticket_going_count":"","_tribe_ticket_not_going_count":"","_tribe_tickets_list":"[]","_tribe_ticket_has_attendee_info_fields":false,"_tribe_events_status":"","_tribe_events_status_reason":"","_tribe_events_is_hybrid":"","_tribe_events_is_virtual":"","_tribe_events_virtual_video_source":"","_tribe_events_virtual_embed_video":"","_tribe_events_virtual_linked_button_text":"","_tribe_events_virtual_linked_button":"","_tribe_events_virtual_show_embed_at":"","_tribe_events_virtual_show_embed_to":[],"_tribe_events_virtual_show_on_event":"","_tribe_events_virtual_show_on_views":"","_tribe_events_virtual_url":"","footnotes":"","_tec_slr_enabled":"","_tec_slr_layout":""},"tags":[],"tribe_events_cat":[471],"class_list":["post-84040","tribe_events","type-tribe_events","status-publish","has-post-thumbnail","hentry","tribe_events_cat-lezen","cat_lezen"],"acf":[],"yoast_head":"<!-- This site is optimized with the Yoast SEO plugin v27.5 - https:\/\/yoast.com\/product\/yoast-seo-wordpress\/ -->\n<title>Literatuurclub op maandag - 40e sterfdag van Heinrich B\u00f6ll - Gronau Inside<\/title>\n<meta name=\"robots\" content=\"index, follow, max-snippet:-1, max-image-preview:large, max-video-preview:-1\" \/>\n<link rel=\"canonical\" href=\"https:\/\/gronau-inside.de\/nl\/veranstaltung\/literatuurclub-op-maandag-40e-sterfdag-van-heinrich-boell\" \/>\n<meta property=\"og:locale\" content=\"nl_NL\" \/>\n<meta property=\"og:type\" content=\"article\" \/>\n<meta property=\"og:title\" content=\"Literatuurclub op maandag - 40e sterfdag van Heinrich B\u00f6ll - Gronau Inside\" \/>\n<meta property=\"og:description\" content=\"Literatuurclub op maandag &#8211; 40e sterfdag van Heinrich B\u00f6ll &#8211; Een kritische geest voor vrede en mensenrechten 01.09.25 Heinrich Theodor B\u00f6ll (december 1917 tot juli 1985) was een controversi\u00eble, soms [&hellip;]\" \/>\n<meta property=\"og:url\" content=\"https:\/\/gronau-inside.de\/nl\/veranstaltung\/literatuurclub-op-maandag-40e-sterfdag-van-heinrich-boell\" \/>\n<meta property=\"og:site_name\" content=\"Gronau Inside\" \/>\n<meta name=\"twitter:card\" content=\"summary_large_image\" \/>\n<meta name=\"twitter:label1\" content=\"Geschatte leestijd\" \/>\n\t<meta name=\"twitter:data1\" content=\"1 minuut\" \/>\n<script type=\"application\/ld+json\" class=\"yoast-schema-graph\">{\"@context\":\"https:\\\/\\\/schema.org\",\"@graph\":[{\"@type\":\"WebPage\",\"@id\":\"https:\\\/\\\/gronau-inside.de\\\/nl\\\/veranstaltung\\\/literatuurclub-op-maandag-40e-sterfdag-van-heinrich-boell\",\"url\":\"https:\\\/\\\/gronau-inside.de\\\/nl\\\/veranstaltung\\\/literatuurclub-op-maandag-40e-sterfdag-van-heinrich-boell\",\"name\":\"Literatuurclub op maandag - 40e sterfdag van Heinrich B\u00f6ll - Gronau Inside\",\"isPartOf\":{\"@id\":\"https:\\\/\\\/gronau-inside.de\\\/nl#website\"},\"primaryImageOfPage\":{\"@id\":\"https:\\\/\\\/gronau-inside.de\\\/nl\\\/veranstaltung\\\/literatuurclub-op-maandag-40e-sterfdag-van-heinrich-boell#primaryimage\"},\"image\":{\"@id\":\"https:\\\/\\\/gronau-inside.de\\\/nl\\\/veranstaltung\\\/literatuurclub-op-maandag-40e-sterfdag-van-heinrich-boell#primaryimage\"},\"thumbnailUrl\":\"https:\\\/\\\/gronau-inside.de\\\/wp-content\\\/uploads\\\/2025\\\/08\\\/2025_09_01_Heinrich-Boell_Plakat-September.jpg\",\"datePublished\":\"2025-08-20T06:52:01+00:00\",\"breadcrumb\":{\"@id\":\"https:\\\/\\\/gronau-inside.de\\\/nl\\\/veranstaltung\\\/literatuurclub-op-maandag-40e-sterfdag-van-heinrich-boell#breadcrumb\"},\"inLanguage\":\"nl-NL\",\"potentialAction\":[{\"@type\":\"ReadAction\",\"target\":[\"https:\\\/\\\/gronau-inside.de\\\/nl\\\/veranstaltung\\\/literatuurclub-op-maandag-40e-sterfdag-van-heinrich-boell\"]}]},{\"@type\":\"ImageObject\",\"inLanguage\":\"nl-NL\",\"@id\":\"https:\\\/\\\/gronau-inside.de\\\/nl\\\/veranstaltung\\\/literatuurclub-op-maandag-40e-sterfdag-van-heinrich-boell#primaryimage\",\"url\":\"https:\\\/\\\/gronau-inside.de\\\/wp-content\\\/uploads\\\/2025\\\/08\\\/2025_09_01_Heinrich-Boell_Plakat-September.jpg\",\"contentUrl\":\"https:\\\/\\\/gronau-inside.de\\\/wp-content\\\/uploads\\\/2025\\\/08\\\/2025_09_01_Heinrich-Boell_Plakat-September.jpg\",\"width\":1240,\"height\":1754},{\"@type\":\"BreadcrumbList\",\"@id\":\"https:\\\/\\\/gronau-inside.de\\\/nl\\\/veranstaltung\\\/literatuurclub-op-maandag-40e-sterfdag-van-heinrich-boell#breadcrumb\",\"itemListElement\":[{\"@type\":\"ListItem\",\"position\":1,\"name\":\"Startseite\",\"item\":\"https:\\\/\\\/gronau-inside.de\\\/nl\\\/startseite\"},{\"@type\":\"ListItem\",\"position\":2,\"name\":\"Evenementen\",\"item\":\"https:\\\/\\\/gronau-inside.de\\\/nl\\\/veranstaltungen\\\/\"},{\"@type\":\"ListItem\",\"position\":3,\"name\":\"Literatuurclub op maandag &#8211; 40e sterfdag van Heinrich B\u00f6ll\"}]},{\"@type\":\"WebSite\",\"@id\":\"https:\\\/\\\/gronau-inside.de\\\/nl#website\",\"url\":\"https:\\\/\\\/gronau-inside.de\\\/nl\",\"name\":\"Gronau Inside\",\"description\":\"Musikstadt im Gr\u00fcnen\",\"publisher\":{\"@id\":\"https:\\\/\\\/gronau-inside.de\\\/nl#organization\"},\"potentialAction\":[{\"@type\":\"SearchAction\",\"target\":{\"@type\":\"EntryPoint\",\"urlTemplate\":\"https:\\\/\\\/gronau-inside.de\\\/nl?s={search_term_string}\"},\"query-input\":{\"@type\":\"PropertyValueSpecification\",\"valueRequired\":true,\"valueName\":\"search_term_string\"}}],\"inLanguage\":\"nl-NL\"},{\"@type\":\"Organization\",\"@id\":\"https:\\\/\\\/gronau-inside.de\\\/nl#organization\",\"name\":\"Gronau Inside\",\"url\":\"https:\\\/\\\/gronau-inside.de\\\/nl\",\"logo\":{\"@type\":\"ImageObject\",\"inLanguage\":\"nl-NL\",\"@id\":\"https:\\\/\\\/gronau-inside.de\\\/nl#\\\/schema\\\/logo\\\/image\\\/\",\"url\":\"https:\\\/\\\/gronau-inside.de\\\/wp-content\\\/uploads\\\/2020\\\/10\\\/01_gronau-logo_weissaufweiss_Schriftzug-1.png\",\"contentUrl\":\"https:\\\/\\\/gronau-inside.de\\\/wp-content\\\/uploads\\\/2020\\\/10\\\/01_gronau-logo_weissaufweiss_Schriftzug-1.png\",\"width\":254,\"height\":246,\"caption\":\"Gronau Inside\"},\"image\":{\"@id\":\"https:\\\/\\\/gronau-inside.de\\\/nl#\\\/schema\\\/logo\\\/image\\\/\"}}]}<\/script>\n<!-- \/ Yoast SEO plugin. -->","yoast_head_json":{"title":"Literatuurclub op maandag - 40e sterfdag van Heinrich B\u00f6ll - Gronau Inside","robots":{"index":"index","follow":"follow","max-snippet":"max-snippet:-1","max-image-preview":"max-image-preview:large","max-video-preview":"max-video-preview:-1"},"canonical":"https:\/\/gronau-inside.de\/nl\/veranstaltung\/literatuurclub-op-maandag-40e-sterfdag-van-heinrich-boell","og_locale":"nl_NL","og_type":"article","og_title":"Literatuurclub op maandag - 40e sterfdag van Heinrich B\u00f6ll - Gronau Inside","og_description":"Literatuurclub op maandag &#8211; 40e sterfdag van Heinrich B\u00f6ll &#8211; Een kritische geest voor vrede en mensenrechten 01.09.25 Heinrich Theodor B\u00f6ll (december 1917 tot juli 1985) was een controversi\u00eble, soms [&hellip;]","og_url":"https:\/\/gronau-inside.de\/nl\/veranstaltung\/literatuurclub-op-maandag-40e-sterfdag-van-heinrich-boell","og_site_name":"Gronau Inside","twitter_card":"summary_large_image","twitter_misc":{"Geschatte leestijd":"1 minuut"},"schema":{"@context":"https:\/\/schema.org","@graph":[{"@type":"WebPage","@id":"https:\/\/gronau-inside.de\/nl\/veranstaltung\/literatuurclub-op-maandag-40e-sterfdag-van-heinrich-boell","url":"https:\/\/gronau-inside.de\/nl\/veranstaltung\/literatuurclub-op-maandag-40e-sterfdag-van-heinrich-boell","name":"Literatuurclub op maandag - 40e sterfdag van Heinrich B\u00f6ll - Gronau Inside","isPartOf":{"@id":"https:\/\/gronau-inside.de\/nl#website"},"primaryImageOfPage":{"@id":"https:\/\/gronau-inside.de\/nl\/veranstaltung\/literatuurclub-op-maandag-40e-sterfdag-van-heinrich-boell#primaryimage"},"image":{"@id":"https:\/\/gronau-inside.de\/nl\/veranstaltung\/literatuurclub-op-maandag-40e-sterfdag-van-heinrich-boell#primaryimage"},"thumbnailUrl":"https:\/\/gronau-inside.de\/wp-content\/uploads\/2025\/08\/2025_09_01_Heinrich-Boell_Plakat-September.jpg","datePublished":"2025-08-20T06:52:01+00:00","breadcrumb":{"@id":"https:\/\/gronau-inside.de\/nl\/veranstaltung\/literatuurclub-op-maandag-40e-sterfdag-van-heinrich-boell#breadcrumb"},"inLanguage":"nl-NL","potentialAction":[{"@type":"ReadAction","target":["https:\/\/gronau-inside.de\/nl\/veranstaltung\/literatuurclub-op-maandag-40e-sterfdag-van-heinrich-boell"]}]},{"@type":"ImageObject","inLanguage":"nl-NL","@id":"https:\/\/gronau-inside.de\/nl\/veranstaltung\/literatuurclub-op-maandag-40e-sterfdag-van-heinrich-boell#primaryimage","url":"https:\/\/gronau-inside.de\/wp-content\/uploads\/2025\/08\/2025_09_01_Heinrich-Boell_Plakat-September.jpg","contentUrl":"https:\/\/gronau-inside.de\/wp-content\/uploads\/2025\/08\/2025_09_01_Heinrich-Boell_Plakat-September.jpg","width":1240,"height":1754},{"@type":"BreadcrumbList","@id":"https:\/\/gronau-inside.de\/nl\/veranstaltung\/literatuurclub-op-maandag-40e-sterfdag-van-heinrich-boell#breadcrumb","itemListElement":[{"@type":"ListItem","position":1,"name":"Startseite","item":"https:\/\/gronau-inside.de\/nl\/startseite"},{"@type":"ListItem","position":2,"name":"Evenementen","item":"https:\/\/gronau-inside.de\/nl\/veranstaltungen\/"},{"@type":"ListItem","position":3,"name":"Literatuurclub op maandag &#8211; 40e sterfdag van Heinrich B\u00f6ll"}]},{"@type":"WebSite","@id":"https:\/\/gronau-inside.de\/nl#website","url":"https:\/\/gronau-inside.de\/nl","name":"Gronau Inside","description":"Musikstadt im Gr\u00fcnen","publisher":{"@id":"https:\/\/gronau-inside.de\/nl#organization"},"potentialAction":[{"@type":"SearchAction","target":{"@type":"EntryPoint","urlTemplate":"https:\/\/gronau-inside.de\/nl?s={search_term_string}"},"query-input":{"@type":"PropertyValueSpecification","valueRequired":true,"valueName":"search_term_string"}}],"inLanguage":"nl-NL"},{"@type":"Organization","@id":"https:\/\/gronau-inside.de\/nl#organization","name":"Gronau Inside","url":"https:\/\/gronau-inside.de\/nl","logo":{"@type":"ImageObject","inLanguage":"nl-NL","@id":"https:\/\/gronau-inside.de\/nl#\/schema\/logo\/image\/","url":"https:\/\/gronau-inside.de\/wp-content\/uploads\/2020\/10\/01_gronau-logo_weissaufweiss_Schriftzug-1.png","contentUrl":"https:\/\/gronau-inside.de\/wp-content\/uploads\/2020\/10\/01_gronau-logo_weissaufweiss_Schriftzug-1.png","width":254,"height":246,"caption":"Gronau Inside"},"image":{"@id":"https:\/\/gronau-inside.de\/nl#\/schema\/logo\/image\/"}}]}},"ticketed":false,"_links":{"self":[{"href":"https:\/\/gronau-inside.de\/nl\/wp-json\/wp\/v2\/tribe_events\/84040","targetHints":{"allow":["GET"]}}],"collection":[{"href":"https:\/\/gronau-inside.de\/nl\/wp-json\/wp\/v2\/tribe_events"}],"about":[{"href":"https:\/\/gronau-inside.de\/nl\/wp-json\/wp\/v2\/types\/tribe_events"}],"author":[{"embeddable":true,"href":"https:\/\/gronau-inside.de\/nl\/wp-json\/wp\/v2\/users\/7"}],"version-history":[{"count":0,"href":"https:\/\/gronau-inside.de\/nl\/wp-json\/wp\/v2\/tribe_events\/84040\/revisions"}],"wp:featuredmedia":[{"embeddable":true,"href":"https:\/\/gronau-inside.de\/nl\/wp-json\/wp\/v2\/media\/84037"}],"wp:attachment":[{"href":"https:\/\/gronau-inside.de\/nl\/wp-json\/wp\/v2\/media?parent=84040"}],"wp:term":[{"taxonomy":"post_tag","embeddable":true,"href":"https:\/\/gronau-inside.de\/nl\/wp-json\/wp\/v2\/tags?post=84040"},{"taxonomy":"tribe_events_cat","embeddable":true,"href":"https:\/\/gronau-inside.de\/nl\/wp-json\/wp\/v2\/tribe_events_cat?post=84040"}],"curies":[{"name":"wp","href":"https:\/\/api.w.org\/{rel}","templated":true}]}}