{"id":92697,"date":"2026-03-10T12:17:09","date_gmt":"2026-03-10T11:17:09","guid":{"rendered":"https:\/\/gronau-inside.de\/?post_type=tribe_events&#038;p=92697"},"modified":"2026-03-23T11:33:59","modified_gmt":"2026-03-23T10:33:59","slug":"europa-und-musikfest-auf-dem-kurti","status":"publish","type":"tribe_events","link":"https:\/\/gronau-inside.de\/nl\/veranstaltung\/europa-und-musikfest-auf-dem-kurti","title":{"rendered":"Europa- und Musikfest auf dem Kurti"},"content":{"rendered":"<p>BUNTE REPUBLIK DEUTSCHLAND ROCKT EUROPA<br \/>\nDer Verein Grenzenlos e.V. l\u00e4dt mit vielen Kooperationspartnern zum gro\u00dfen Europa- und Musikfest auf dem Kurti \u2013 am Sonntag, den 17. Mai 2026 ab 14:00 Uhr ein.<\/p>\n<p>Unter dem Motto \u201eBunte Republik Deutschland rockt Europa\u201c wird an diesem besonderen Tag nicht nur die kulturelle Vielfalt Europas gefeiert \u2013 das Fest ist zugleich eine leidenschaftliche Hommage an Udo Lindenberg, den wohl buntesten und lautesten Panikpr\u00e4sidenten der Republik, der am 17.Mai seinen 80. Geburtstag feiert.<\/p>\n<p>Ab 14:00 Uhr erwartet die Besucher ein buntes B\u00fchnenprogramm, bei dem die teilnehmenden K\u00fcnstler in ihren Repertoires auch Lieder von Udo Lindenberg pr\u00e4sentieren. Dar\u00fcber hinaus gibt es viele Aktions- und Infost\u00e4nde, Aktivit\u00e4ten f\u00fcr Kinder, kulinarische Angebote und einige \u00dcberraschungen. Es werden auch einige Unikate versteigert. Ein Fest f\u00fcr die ganze Familie erwartet die Besucher.<\/p>\n<p>Das vollst\u00e4ndige Aktions- und B\u00fchnenprogramm wird Anfang Mai ver\u00f6ffentlicht, aber das Ger\u00fcst steht bereits.<\/p>\n<p>F\u00fcr das Bunte Republik rockt Europa &#8211; 80 Jahre keine Panik &#8211; Udo meet\u00b4s Europafest haben bereits folgende Aktuere zugesagt:<\/p>\n<p>Gru\u00dfworte wird es von B\u00fcrgermeister J\u00f6rg von Borczyskowski und der EU Gemeinder\u00e4tin Susanne Reinhoffer geben. Die Driland Big Band, der Chor Klangvoll, das Hitparadentrio, die ukrainische Frauengesangsgruppe, das DRK-Familienzentrum \u201eZum Regenbogenland\u201c und das DRK-Familienzentrum \u201eDie Kleine Strolche\u201c haben f\u00fcr B\u00fchnenakts zugesagt und ihre Lindenbergtitel bereits genannt. Ein Highlight auf der B\u00fchne folgt abschlie\u00dfend um 17:00 Uhr, dann steht Mr. Panik auf der B\u00fchne und pr\u00e4sentiert zum Abschluss mit einer dem Original verbl\u00fcffend \u00e4hnlichen Stimme die bekanntesten Songs von Udo Lindenberg.<\/p>\n<p>&nbsp;<\/p>\n<p>Hanspeter Dickel wir seinen B\u00fcchermarkt anbieten, Marcel in der Au, bringt seinen Honecker Trabi und Udoauto f\u00fcr einen Autofotopoint mit. Verschiedenste Institutionen haben sich bereits mit Info- und Aktionsst\u00e4nde angemeldet.<\/p>\n<p>Weitere Akteure d\u00fcrfen sich bei den Organisatoren melden und Anfang Mai wird das komplettierte Festprogramm ver\u00f6ffentlicht.<\/p>\n<p>Weiterhin wird zu einem Flohmarkt auf dem Kurti eingeladen, hier k\u00f6nnen sich Interessierte unter <a href=\"mailto:info@drk-kita-gronau.de\">info@drk-kita-gronau.de<\/a> anmelden.<\/p>\n<p>Zu einem Kreativwettbewerb zum Thema und Person \u201eUdo Lindenberg\u201c sind Kitas, -Schulen und interessierte Kinder und Jugendliche eingeladen. Beitr\u00e4ge k\u00f6nnen bis Ende April im Cafe Grenzenlos mit Kontaktdaten und Alter der Teilnehmer abgegeben werden.<\/p>\n<p>&nbsp;<\/p>\n<p>Foto: Erich Schwartze, Reinhard und Manuela van Loh und Birgit H\u00fcsing-Hackfort befinden sich in den Vorbereitungen f\u00fcr das geplante Europafest.<\/p>\n","protected":false},"excerpt":{"rendered":"<p>BUNTE REPUBLIK DEUTSCHLAND ROCKT EUROPA Der Verein Grenzenlos e.V. l\u00e4dt mit vielen Kooperationspartnern zum gro\u00dfen Europa- und Musikfest auf dem Kurti \u2013 am Sonntag, den 17. Mai 2026 ab 14:00 [&hellip;]<\/p>\n","protected":false},"author":7,"featured_media":93059,"template":"","meta":{"_acf_changed":false,"_price":"","_stock":"","_tribe_ticket_header":"","_tribe_default_ticket_provider":"","_tribe_ticket_capacity":"0","_ticket_start_date":"","_ticket_end_date":"","_tribe_ticket_show_description":"","_tribe_ticket_show_not_going":false,"_tribe_ticket_use_global_stock":"","_tribe_ticket_global_stock_level":"","_global_stock_mode":"","_global_stock_cap":"","_tribe_rsvp_for_event":"","_tribe_ticket_going_count":"","_tribe_ticket_not_going_count":"","_tribe_tickets_list":"[]","_tribe_ticket_has_attendee_info_fields":false,"_tribe_events_status":"","_tribe_events_status_reason":"","_tribe_events_is_hybrid":"","_tribe_events_is_virtual":"","_tribe_events_virtual_video_source":"","_tribe_events_virtual_embed_video":"","_tribe_events_virtual_linked_button_text":"","_tribe_events_virtual_linked_button":"","_tribe_events_virtual_show_embed_at":"","_tribe_events_virtual_show_embed_to":[],"_tribe_events_virtual_show_on_event":"","_tribe_events_virtual_show_on_views":"","_tribe_events_virtual_url":"","footnotes":"","_tec_slr_enabled":"","_tec_slr_layout":""},"tags":[],"tribe_events_cat":[380,308,306,349,305,310],"class_list":["post-92697","tribe_events","type-tribe_events","status-publish","has-post-thumbnail","hentry","tribe_events_cat-essen-trinken","tribe_events_cat-familien-kinder","tribe_events_cat-festlichkeiten-party","tribe_events_cat-kubig-kulturelle-bildung-gronau","tribe_events_cat-musik","tribe_events_cat-senioren","cat_essen-trinken","cat_familien-kinder","cat_festlichkeiten-party","cat_kubig-kulturelle-bildung-gronau","cat_musik","cat_senioren"],"acf":[],"yoast_head":"<!-- This site is optimized with the Yoast SEO plugin v27.4 - https:\/\/yoast.com\/product\/yoast-seo-wordpress\/ -->\n<title>Europa- und Musikfest auf dem Kurti - Gronau Inside<\/title>\n<meta name=\"robots\" content=\"index, follow, max-snippet:-1, max-image-preview:large, max-video-preview:-1\" \/>\n<link rel=\"canonical\" href=\"https:\/\/gronau-inside.de\/nl\/veranstaltung\/europa-und-musikfest-auf-dem-kurti\" \/>\n<meta property=\"og:locale\" content=\"nl_NL\" \/>\n<meta property=\"og:type\" content=\"article\" \/>\n<meta property=\"og:title\" content=\"Europa- und Musikfest auf dem Kurti - Gronau Inside\" \/>\n<meta property=\"og:description\" content=\"BUNTE REPUBLIK DEUTSCHLAND ROCKT EUROPA Der Verein Grenzenlos e.V. l\u00e4dt mit vielen Kooperationspartnern zum gro\u00dfen Europa- und Musikfest auf dem Kurti \u2013 am Sonntag, den 17. Mai 2026 ab 14:00 [&hellip;]\" \/>\n<meta property=\"og:url\" content=\"https:\/\/gronau-inside.de\/nl\/veranstaltung\/europa-und-musikfest-auf-dem-kurti\" \/>\n<meta property=\"og:site_name\" content=\"Gronau Inside\" \/>\n<meta property=\"article:modified_time\" content=\"2026-03-23T10:33:59+00:00\" \/>\n<meta property=\"og:image\" content=\"https:\/\/gronau-inside.de\/wp-content\/uploads\/2026\/03\/Europafest-meets-Udo.jpg\" \/>\n\t<meta property=\"og:image:width\" content=\"966\" \/>\n\t<meta property=\"og:image:height\" content=\"1362\" \/>\n\t<meta property=\"og:image:type\" content=\"image\/jpeg\" \/>\n<meta name=\"twitter:card\" content=\"summary_large_image\" \/>\n<meta name=\"twitter:label1\" content=\"Geschatte leestijd\" \/>\n\t<meta name=\"twitter:data1\" content=\"2 minuten\" \/>\n<script type=\"application\/ld+json\" class=\"yoast-schema-graph\">{\"@context\":\"https:\\\/\\\/schema.org\",\"@graph\":[{\"@type\":\"WebPage\",\"@id\":\"https:\\\/\\\/gronau-inside.de\\\/nl\\\/veranstaltung\\\/europa-und-musikfest-auf-dem-kurti\",\"url\":\"https:\\\/\\\/gronau-inside.de\\\/nl\\\/veranstaltung\\\/europa-und-musikfest-auf-dem-kurti\",\"name\":\"Europa- und Musikfest auf dem Kurti - Gronau Inside\",\"isPartOf\":{\"@id\":\"https:\\\/\\\/gronau-inside.de\\\/nl#website\"},\"primaryImageOfPage\":{\"@id\":\"https:\\\/\\\/gronau-inside.de\\\/nl\\\/veranstaltung\\\/europa-und-musikfest-auf-dem-kurti#primaryimage\"},\"image\":{\"@id\":\"https:\\\/\\\/gronau-inside.de\\\/nl\\\/veranstaltung\\\/europa-und-musikfest-auf-dem-kurti#primaryimage\"},\"thumbnailUrl\":\"https:\\\/\\\/gronau-inside.de\\\/wp-content\\\/uploads\\\/2026\\\/03\\\/Europafest-meets-Udo.jpg\",\"datePublished\":\"2026-03-10T11:17:09+00:00\",\"dateModified\":\"2026-03-23T10:33:59+00:00\",\"breadcrumb\":{\"@id\":\"https:\\\/\\\/gronau-inside.de\\\/nl\\\/veranstaltung\\\/europa-und-musikfest-auf-dem-kurti#breadcrumb\"},\"inLanguage\":\"nl-NL\",\"potentialAction\":[{\"@type\":\"ReadAction\",\"target\":[\"https:\\\/\\\/gronau-inside.de\\\/nl\\\/veranstaltung\\\/europa-und-musikfest-auf-dem-kurti\"]}]},{\"@type\":\"ImageObject\",\"inLanguage\":\"nl-NL\",\"@id\":\"https:\\\/\\\/gronau-inside.de\\\/nl\\\/veranstaltung\\\/europa-und-musikfest-auf-dem-kurti#primaryimage\",\"url\":\"https:\\\/\\\/gronau-inside.de\\\/wp-content\\\/uploads\\\/2026\\\/03\\\/Europafest-meets-Udo.jpg\",\"contentUrl\":\"https:\\\/\\\/gronau-inside.de\\\/wp-content\\\/uploads\\\/2026\\\/03\\\/Europafest-meets-Udo.jpg\",\"width\":966,\"height\":1362},{\"@type\":\"BreadcrumbList\",\"@id\":\"https:\\\/\\\/gronau-inside.de\\\/nl\\\/veranstaltung\\\/europa-und-musikfest-auf-dem-kurti#breadcrumb\",\"itemListElement\":[{\"@type\":\"ListItem\",\"position\":1,\"name\":\"Startseite\",\"item\":\"https:\\\/\\\/gronau-inside.de\\\/nl\\\/startseite\"},{\"@type\":\"ListItem\",\"position\":2,\"name\":\"Evenementen\",\"item\":\"https:\\\/\\\/gronau-inside.de\\\/nl\\\/veranstaltungen\\\/\"},{\"@type\":\"ListItem\",\"position\":3,\"name\":\"Europa- und Musikfest auf dem Kurti\"}]},{\"@type\":\"WebSite\",\"@id\":\"https:\\\/\\\/gronau-inside.de\\\/nl#website\",\"url\":\"https:\\\/\\\/gronau-inside.de\\\/nl\",\"name\":\"Gronau Inside\",\"description\":\"Musikstadt im Gr\u00fcnen\",\"publisher\":{\"@id\":\"https:\\\/\\\/gronau-inside.de\\\/nl#organization\"},\"potentialAction\":[{\"@type\":\"SearchAction\",\"target\":{\"@type\":\"EntryPoint\",\"urlTemplate\":\"https:\\\/\\\/gronau-inside.de\\\/nl?s={search_term_string}\"},\"query-input\":{\"@type\":\"PropertyValueSpecification\",\"valueRequired\":true,\"valueName\":\"search_term_string\"}}],\"inLanguage\":\"nl-NL\"},{\"@type\":\"Organization\",\"@id\":\"https:\\\/\\\/gronau-inside.de\\\/nl#organization\",\"name\":\"Gronau Inside\",\"url\":\"https:\\\/\\\/gronau-inside.de\\\/nl\",\"logo\":{\"@type\":\"ImageObject\",\"inLanguage\":\"nl-NL\",\"@id\":\"https:\\\/\\\/gronau-inside.de\\\/nl#\\\/schema\\\/logo\\\/image\\\/\",\"url\":\"https:\\\/\\\/gronau-inside.de\\\/wp-content\\\/uploads\\\/2020\\\/10\\\/01_gronau-logo_weissaufweiss_Schriftzug-1.png\",\"contentUrl\":\"https:\\\/\\\/gronau-inside.de\\\/wp-content\\\/uploads\\\/2020\\\/10\\\/01_gronau-logo_weissaufweiss_Schriftzug-1.png\",\"width\":254,\"height\":246,\"caption\":\"Gronau Inside\"},\"image\":{\"@id\":\"https:\\\/\\\/gronau-inside.de\\\/nl#\\\/schema\\\/logo\\\/image\\\/\"}}]}<\/script>\n<!-- \/ Yoast SEO plugin. -->","yoast_head_json":{"title":"Europa- und Musikfest auf dem Kurti - Gronau Inside","robots":{"index":"index","follow":"follow","max-snippet":"max-snippet:-1","max-image-preview":"max-image-preview:large","max-video-preview":"max-video-preview:-1"},"canonical":"https:\/\/gronau-inside.de\/nl\/veranstaltung\/europa-und-musikfest-auf-dem-kurti","og_locale":"nl_NL","og_type":"article","og_title":"Europa- und Musikfest auf dem Kurti - Gronau Inside","og_description":"BUNTE REPUBLIK DEUTSCHLAND ROCKT EUROPA Der Verein Grenzenlos e.V. l\u00e4dt mit vielen Kooperationspartnern zum gro\u00dfen Europa- und Musikfest auf dem Kurti \u2013 am Sonntag, den 17. Mai 2026 ab 14:00 [&hellip;]","og_url":"https:\/\/gronau-inside.de\/nl\/veranstaltung\/europa-und-musikfest-auf-dem-kurti","og_site_name":"Gronau Inside","article_modified_time":"2026-03-23T10:33:59+00:00","og_image":[{"width":966,"height":1362,"url":"https:\/\/gronau-inside.de\/wp-content\/uploads\/2026\/03\/Europafest-meets-Udo.jpg","type":"image\/jpeg"}],"twitter_card":"summary_large_image","twitter_misc":{"Geschatte leestijd":"2 minuten"},"schema":{"@context":"https:\/\/schema.org","@graph":[{"@type":"WebPage","@id":"https:\/\/gronau-inside.de\/nl\/veranstaltung\/europa-und-musikfest-auf-dem-kurti","url":"https:\/\/gronau-inside.de\/nl\/veranstaltung\/europa-und-musikfest-auf-dem-kurti","name":"Europa- und Musikfest auf dem Kurti - Gronau Inside","isPartOf":{"@id":"https:\/\/gronau-inside.de\/nl#website"},"primaryImageOfPage":{"@id":"https:\/\/gronau-inside.de\/nl\/veranstaltung\/europa-und-musikfest-auf-dem-kurti#primaryimage"},"image":{"@id":"https:\/\/gronau-inside.de\/nl\/veranstaltung\/europa-und-musikfest-auf-dem-kurti#primaryimage"},"thumbnailUrl":"https:\/\/gronau-inside.de\/wp-content\/uploads\/2026\/03\/Europafest-meets-Udo.jpg","datePublished":"2026-03-10T11:17:09+00:00","dateModified":"2026-03-23T10:33:59+00:00","breadcrumb":{"@id":"https:\/\/gronau-inside.de\/nl\/veranstaltung\/europa-und-musikfest-auf-dem-kurti#breadcrumb"},"inLanguage":"nl-NL","potentialAction":[{"@type":"ReadAction","target":["https:\/\/gronau-inside.de\/nl\/veranstaltung\/europa-und-musikfest-auf-dem-kurti"]}]},{"@type":"ImageObject","inLanguage":"nl-NL","@id":"https:\/\/gronau-inside.de\/nl\/veranstaltung\/europa-und-musikfest-auf-dem-kurti#primaryimage","url":"https:\/\/gronau-inside.de\/wp-content\/uploads\/2026\/03\/Europafest-meets-Udo.jpg","contentUrl":"https:\/\/gronau-inside.de\/wp-content\/uploads\/2026\/03\/Europafest-meets-Udo.jpg","width":966,"height":1362},{"@type":"BreadcrumbList","@id":"https:\/\/gronau-inside.de\/nl\/veranstaltung\/europa-und-musikfest-auf-dem-kurti#breadcrumb","itemListElement":[{"@type":"ListItem","position":1,"name":"Startseite","item":"https:\/\/gronau-inside.de\/nl\/startseite"},{"@type":"ListItem","position":2,"name":"Evenementen","item":"https:\/\/gronau-inside.de\/nl\/veranstaltungen\/"},{"@type":"ListItem","position":3,"name":"Europa- und Musikfest auf dem Kurti"}]},{"@type":"WebSite","@id":"https:\/\/gronau-inside.de\/nl#website","url":"https:\/\/gronau-inside.de\/nl","name":"Gronau Inside","description":"Musikstadt im Gr\u00fcnen","publisher":{"@id":"https:\/\/gronau-inside.de\/nl#organization"},"potentialAction":[{"@type":"SearchAction","target":{"@type":"EntryPoint","urlTemplate":"https:\/\/gronau-inside.de\/nl?s={search_term_string}"},"query-input":{"@type":"PropertyValueSpecification","valueRequired":true,"valueName":"search_term_string"}}],"inLanguage":"nl-NL"},{"@type":"Organization","@id":"https:\/\/gronau-inside.de\/nl#organization","name":"Gronau Inside","url":"https:\/\/gronau-inside.de\/nl","logo":{"@type":"ImageObject","inLanguage":"nl-NL","@id":"https:\/\/gronau-inside.de\/nl#\/schema\/logo\/image\/","url":"https:\/\/gronau-inside.de\/wp-content\/uploads\/2020\/10\/01_gronau-logo_weissaufweiss_Schriftzug-1.png","contentUrl":"https:\/\/gronau-inside.de\/wp-content\/uploads\/2020\/10\/01_gronau-logo_weissaufweiss_Schriftzug-1.png","width":254,"height":246,"caption":"Gronau Inside"},"image":{"@id":"https:\/\/gronau-inside.de\/nl#\/schema\/logo\/image\/"}}]}},"ticketed":false,"_links":{"self":[{"href":"https:\/\/gronau-inside.de\/nl\/wp-json\/wp\/v2\/tribe_events\/92697","targetHints":{"allow":["GET"]}}],"collection":[{"href":"https:\/\/gronau-inside.de\/nl\/wp-json\/wp\/v2\/tribe_events"}],"about":[{"href":"https:\/\/gronau-inside.de\/nl\/wp-json\/wp\/v2\/types\/tribe_events"}],"author":[{"embeddable":true,"href":"https:\/\/gronau-inside.de\/nl\/wp-json\/wp\/v2\/users\/7"}],"version-history":[{"count":0,"href":"https:\/\/gronau-inside.de\/nl\/wp-json\/wp\/v2\/tribe_events\/92697\/revisions"}],"wp:featuredmedia":[{"embeddable":true,"href":"https:\/\/gronau-inside.de\/nl\/wp-json\/wp\/v2\/media\/93059"}],"wp:attachment":[{"href":"https:\/\/gronau-inside.de\/nl\/wp-json\/wp\/v2\/media?parent=92697"}],"wp:term":[{"taxonomy":"post_tag","embeddable":true,"href":"https:\/\/gronau-inside.de\/nl\/wp-json\/wp\/v2\/tags?post=92697"},{"taxonomy":"tribe_events_cat","embeddable":true,"href":"https:\/\/gronau-inside.de\/nl\/wp-json\/wp\/v2\/tribe_events_cat?post=92697"}],"curies":[{"name":"wp","href":"https:\/\/api.w.org\/{rel}","templated":true}]}}