{"id":92967,"date":"2026-03-19T15:10:00","date_gmt":"2026-03-19T14:10:00","guid":{"rendered":"https:\/\/gronau-inside.de\/?post_type=tribe_events&#038;p=92967"},"modified":"2026-03-19T15:10:00","modified_gmt":"2026-03-19T14:10:00","slug":"plauderstunde-im-haus-lebenstein-mit-musik-und-austausch-in-georgs-galerie","status":"publish","type":"tribe_events","link":"https:\/\/gronau-inside.de\/nl\/veranstaltung\/plauderstunde-im-haus-lebenstein-mit-musik-und-austausch-in-georgs-galerie","title":{"rendered":"Plauderstunde im Haus Lebenstein mit Musik und Austausch in Georgs Galerie"},"content":{"rendered":"<p>Das Projekt <em>Haus Lebenstein<\/em> l\u00e4dt wieder zur Plauderstunde ein. Die Veranstaltung findet von 15 bis 17 Uhr in Georgs Galerie (Merschstra\u00dfe 21) statt.<\/p>\n<p>Die Plauderstunden haben sich als offenes Begegnungsformat etabliert, bei dem Interessierte in lockerer Atmosph\u00e4re zusammenkommen, um sich \u00fcber das entstehende Haus Lebenstein auszutauschen. Das Projekt entwickelt sich in der ehemaligen Synagoge in Epe zu einem \u201eDritten Ort\u201c \u2013 einem lebendigen Zentrum f\u00fcr Kultur, Erinnerung und gesellschaftlichen Austausch.<\/p>\n<p>Im Mittelpunkt steht auch diesmal der aktuelle Baufortschritt: Welche Arbeiten sind bereits abgeschlossen, welche n\u00e4chsten Schritte stehen an und wie nimmt das Haus Lebenstein zunehmend Gestalt an? Die Organisatoren geben Einblicke in den aktuellen Stand und beantworten Fragen rund um die Entwicklung des Projekts. Dar\u00fcber hinaus m\u00f6chten sie mit den G\u00e4sten \u00fcber neue Ideen f\u00fcr zuk\u00fcnftige Begegnungsformate ins Gespr\u00e4ch kommen \u2013 von kulturellen Angeboten bis hin zu offenen Mitmachformaten.<\/p>\n<p>Ein besonderer Akzent wird durch die musikalische Begleitung gesetzt:<br \/>\nAls Gastmusiker wird Friso Wyckelsma erwartet. Der Gronauer Student, der auch als Organist in der ev. Stadtkirche aktiv ist, widmet sich mit gro\u00dfer Leidenschaft Film- und Musicalmelodien, die er am Sonntag auf dem Fl\u00fcgel pr\u00e4sentieren wird.<\/p>\n<p>Die Plauderstunde ist offen f\u00fcr alle Interessierten. In entspannter Runde bei Kaffee und Gespr\u00e4chen sind Besucherinnen und Besucher eingeladen, sich einzubringen und das entstehende Haus Lebenstein aktiv mitzugestalten.<\/p>\n<p>Der Eintritt ist frei.<\/p>\n<p>&nbsp;<\/p>\n<p>Weitere Informationen, aktuelle Termine sowie M\u00f6glichkeiten zum Mitmachen finden Interessierte unter:<br \/>\n<a href=\"http:\/\/www.hauslebenstein.de\"><strong>www.hauslebenstein.de<\/strong><\/a><\/p>\n","protected":false},"excerpt":{"rendered":"<p>Das Projekt Haus Lebenstein l\u00e4dt wieder zur Plauderstunde ein. Die Veranstaltung findet von 15 bis 17 Uhr in Georgs Galerie (Merschstra\u00dfe 21) statt. Die Plauderstunden haben sich als offenes Begegnungsformat [&hellip;]<\/p>\n","protected":false},"author":7,"featured_media":92968,"template":"","meta":{"_acf_changed":false,"_price":"","_stock":"","_tribe_ticket_header":"","_tribe_default_ticket_provider":"","_tribe_ticket_capacity":"0","_ticket_start_date":"","_ticket_end_date":"","_tribe_ticket_show_description":"","_tribe_ticket_show_not_going":false,"_tribe_ticket_use_global_stock":"","_tribe_ticket_global_stock_level":"","_global_stock_mode":"","_global_stock_cap":"","_tribe_rsvp_for_event":"","_tribe_ticket_going_count":"","_tribe_ticket_not_going_count":"","_tribe_tickets_list":"[]","_tribe_ticket_has_attendee_info_fields":false,"_tribe_events_status":"","_tribe_events_status_reason":"","_tribe_events_is_hybrid":"","_tribe_events_is_virtual":"","_tribe_events_virtual_video_source":"","_tribe_events_virtual_embed_video":"","_tribe_events_virtual_linked_button_text":"","_tribe_events_virtual_linked_button":"","_tribe_events_virtual_show_embed_at":"","_tribe_events_virtual_show_embed_to":[],"_tribe_events_virtual_show_on_event":"","_tribe_events_virtual_show_on_views":"","_tribe_events_virtual_url":"","footnotes":"","_tec_slr_enabled":"","_tec_slr_layout":""},"tags":[],"tribe_events_cat":[308,310,334,336,416],"class_list":["post-92967","tribe_events","type-tribe_events","status-publish","has-post-thumbnail","hentry","tribe_events_cat-familien-kinder","tribe_events_cat-senioren","tribe_events_cat-soziales","tribe_events_cat-vortrag","tribe_events_cat-workshop","cat_familien-kinder","cat_senioren","cat_soziales","cat_vortrag","cat_workshop"],"acf":[],"yoast_head":"<!-- This site is optimized with the Yoast SEO plugin v27.5 - https:\/\/yoast.com\/product\/yoast-seo-wordpress\/ -->\n<title>Plauderstunde im Haus Lebenstein mit Musik und Austausch in Georgs Galerie - Gronau Inside<\/title>\n<meta name=\"robots\" content=\"index, follow, max-snippet:-1, max-image-preview:large, max-video-preview:-1\" \/>\n<link rel=\"canonical\" href=\"https:\/\/gronau-inside.de\/nl\/veranstaltung\/plauderstunde-im-haus-lebenstein-mit-musik-und-austausch-in-georgs-galerie\" \/>\n<meta property=\"og:locale\" content=\"nl_NL\" \/>\n<meta property=\"og:type\" content=\"article\" \/>\n<meta property=\"og:title\" content=\"Plauderstunde im Haus Lebenstein mit Musik und Austausch in Georgs Galerie - Gronau Inside\" \/>\n<meta property=\"og:description\" content=\"Das Projekt Haus Lebenstein l\u00e4dt wieder zur Plauderstunde ein. Die Veranstaltung findet von 15 bis 17 Uhr in Georgs Galerie (Merschstra\u00dfe 21) statt. Die Plauderstunden haben sich als offenes Begegnungsformat [&hellip;]\" \/>\n<meta property=\"og:url\" content=\"https:\/\/gronau-inside.de\/nl\/veranstaltung\/plauderstunde-im-haus-lebenstein-mit-musik-und-austausch-in-georgs-galerie\" \/>\n<meta property=\"og:site_name\" content=\"Gronau Inside\" \/>\n<meta property=\"og:image\" content=\"https:\/\/gronau-inside.de\/wp-content\/uploads\/2026\/03\/2026_Plauderstunde_Maerz.jpeg\" \/>\n\t<meta property=\"og:image:width\" content=\"2000\" \/>\n\t<meta property=\"og:image:height\" content=\"2500\" \/>\n\t<meta property=\"og:image:type\" content=\"image\/jpeg\" \/>\n<meta name=\"twitter:card\" content=\"summary_large_image\" \/>\n<meta name=\"twitter:label1\" content=\"Geschatte leestijd\" \/>\n\t<meta name=\"twitter:data1\" content=\"1 minuut\" \/>\n<script type=\"application\/ld+json\" class=\"yoast-schema-graph\">{\"@context\":\"https:\\\/\\\/schema.org\",\"@graph\":[{\"@type\":\"WebPage\",\"@id\":\"https:\\\/\\\/gronau-inside.de\\\/nl\\\/veranstaltung\\\/plauderstunde-im-haus-lebenstein-mit-musik-und-austausch-in-georgs-galerie\",\"url\":\"https:\\\/\\\/gronau-inside.de\\\/nl\\\/veranstaltung\\\/plauderstunde-im-haus-lebenstein-mit-musik-und-austausch-in-georgs-galerie\",\"name\":\"Plauderstunde im Haus Lebenstein mit Musik und Austausch in Georgs Galerie - Gronau Inside\",\"isPartOf\":{\"@id\":\"https:\\\/\\\/gronau-inside.de\\\/nl#website\"},\"primaryImageOfPage\":{\"@id\":\"https:\\\/\\\/gronau-inside.de\\\/nl\\\/veranstaltung\\\/plauderstunde-im-haus-lebenstein-mit-musik-und-austausch-in-georgs-galerie#primaryimage\"},\"image\":{\"@id\":\"https:\\\/\\\/gronau-inside.de\\\/nl\\\/veranstaltung\\\/plauderstunde-im-haus-lebenstein-mit-musik-und-austausch-in-georgs-galerie#primaryimage\"},\"thumbnailUrl\":\"https:\\\/\\\/gronau-inside.de\\\/wp-content\\\/uploads\\\/2026\\\/03\\\/2026_Plauderstunde_Maerz.jpeg\",\"datePublished\":\"2026-03-19T14:10:00+00:00\",\"breadcrumb\":{\"@id\":\"https:\\\/\\\/gronau-inside.de\\\/nl\\\/veranstaltung\\\/plauderstunde-im-haus-lebenstein-mit-musik-und-austausch-in-georgs-galerie#breadcrumb\"},\"inLanguage\":\"nl-NL\",\"potentialAction\":[{\"@type\":\"ReadAction\",\"target\":[\"https:\\\/\\\/gronau-inside.de\\\/nl\\\/veranstaltung\\\/plauderstunde-im-haus-lebenstein-mit-musik-und-austausch-in-georgs-galerie\"]}]},{\"@type\":\"ImageObject\",\"inLanguage\":\"nl-NL\",\"@id\":\"https:\\\/\\\/gronau-inside.de\\\/nl\\\/veranstaltung\\\/plauderstunde-im-haus-lebenstein-mit-musik-und-austausch-in-georgs-galerie#primaryimage\",\"url\":\"https:\\\/\\\/gronau-inside.de\\\/wp-content\\\/uploads\\\/2026\\\/03\\\/2026_Plauderstunde_Maerz.jpeg\",\"contentUrl\":\"https:\\\/\\\/gronau-inside.de\\\/wp-content\\\/uploads\\\/2026\\\/03\\\/2026_Plauderstunde_Maerz.jpeg\",\"width\":2000,\"height\":2500},{\"@type\":\"BreadcrumbList\",\"@id\":\"https:\\\/\\\/gronau-inside.de\\\/nl\\\/veranstaltung\\\/plauderstunde-im-haus-lebenstein-mit-musik-und-austausch-in-georgs-galerie#breadcrumb\",\"itemListElement\":[{\"@type\":\"ListItem\",\"position\":1,\"name\":\"Startseite\",\"item\":\"https:\\\/\\\/gronau-inside.de\\\/nl\\\/startseite\"},{\"@type\":\"ListItem\",\"position\":2,\"name\":\"Evenementen\",\"item\":\"https:\\\/\\\/gronau-inside.de\\\/nl\\\/veranstaltungen\\\/\"},{\"@type\":\"ListItem\",\"position\":3,\"name\":\"Plauderstunde im Haus Lebenstein mit Musik und Austausch in Georgs Galerie\"}]},{\"@type\":\"WebSite\",\"@id\":\"https:\\\/\\\/gronau-inside.de\\\/nl#website\",\"url\":\"https:\\\/\\\/gronau-inside.de\\\/nl\",\"name\":\"Gronau Inside\",\"description\":\"Musikstadt im Gr\u00fcnen\",\"publisher\":{\"@id\":\"https:\\\/\\\/gronau-inside.de\\\/nl#organization\"},\"potentialAction\":[{\"@type\":\"SearchAction\",\"target\":{\"@type\":\"EntryPoint\",\"urlTemplate\":\"https:\\\/\\\/gronau-inside.de\\\/nl?s={search_term_string}\"},\"query-input\":{\"@type\":\"PropertyValueSpecification\",\"valueRequired\":true,\"valueName\":\"search_term_string\"}}],\"inLanguage\":\"nl-NL\"},{\"@type\":\"Organization\",\"@id\":\"https:\\\/\\\/gronau-inside.de\\\/nl#organization\",\"name\":\"Gronau Inside\",\"url\":\"https:\\\/\\\/gronau-inside.de\\\/nl\",\"logo\":{\"@type\":\"ImageObject\",\"inLanguage\":\"nl-NL\",\"@id\":\"https:\\\/\\\/gronau-inside.de\\\/nl#\\\/schema\\\/logo\\\/image\\\/\",\"url\":\"https:\\\/\\\/gronau-inside.de\\\/wp-content\\\/uploads\\\/2020\\\/10\\\/01_gronau-logo_weissaufweiss_Schriftzug-1.png\",\"contentUrl\":\"https:\\\/\\\/gronau-inside.de\\\/wp-content\\\/uploads\\\/2020\\\/10\\\/01_gronau-logo_weissaufweiss_Schriftzug-1.png\",\"width\":254,\"height\":246,\"caption\":\"Gronau Inside\"},\"image\":{\"@id\":\"https:\\\/\\\/gronau-inside.de\\\/nl#\\\/schema\\\/logo\\\/image\\\/\"}}]}<\/script>\n<!-- \/ Yoast SEO plugin. -->","yoast_head_json":{"title":"Plauderstunde im Haus Lebenstein mit Musik und Austausch in Georgs Galerie - Gronau Inside","robots":{"index":"index","follow":"follow","max-snippet":"max-snippet:-1","max-image-preview":"max-image-preview:large","max-video-preview":"max-video-preview:-1"},"canonical":"https:\/\/gronau-inside.de\/nl\/veranstaltung\/plauderstunde-im-haus-lebenstein-mit-musik-und-austausch-in-georgs-galerie","og_locale":"nl_NL","og_type":"article","og_title":"Plauderstunde im Haus Lebenstein mit Musik und Austausch in Georgs Galerie - Gronau Inside","og_description":"Das Projekt Haus Lebenstein l\u00e4dt wieder zur Plauderstunde ein. Die Veranstaltung findet von 15 bis 17 Uhr in Georgs Galerie (Merschstra\u00dfe 21) statt. Die Plauderstunden haben sich als offenes Begegnungsformat [&hellip;]","og_url":"https:\/\/gronau-inside.de\/nl\/veranstaltung\/plauderstunde-im-haus-lebenstein-mit-musik-und-austausch-in-georgs-galerie","og_site_name":"Gronau Inside","og_image":[{"width":2000,"height":2500,"url":"https:\/\/gronau-inside.de\/wp-content\/uploads\/2026\/03\/2026_Plauderstunde_Maerz.jpeg","type":"image\/jpeg"}],"twitter_card":"summary_large_image","twitter_misc":{"Geschatte leestijd":"1 minuut"},"schema":{"@context":"https:\/\/schema.org","@graph":[{"@type":"WebPage","@id":"https:\/\/gronau-inside.de\/nl\/veranstaltung\/plauderstunde-im-haus-lebenstein-mit-musik-und-austausch-in-georgs-galerie","url":"https:\/\/gronau-inside.de\/nl\/veranstaltung\/plauderstunde-im-haus-lebenstein-mit-musik-und-austausch-in-georgs-galerie","name":"Plauderstunde im Haus Lebenstein mit Musik und Austausch in Georgs Galerie - Gronau Inside","isPartOf":{"@id":"https:\/\/gronau-inside.de\/nl#website"},"primaryImageOfPage":{"@id":"https:\/\/gronau-inside.de\/nl\/veranstaltung\/plauderstunde-im-haus-lebenstein-mit-musik-und-austausch-in-georgs-galerie#primaryimage"},"image":{"@id":"https:\/\/gronau-inside.de\/nl\/veranstaltung\/plauderstunde-im-haus-lebenstein-mit-musik-und-austausch-in-georgs-galerie#primaryimage"},"thumbnailUrl":"https:\/\/gronau-inside.de\/wp-content\/uploads\/2026\/03\/2026_Plauderstunde_Maerz.jpeg","datePublished":"2026-03-19T14:10:00+00:00","breadcrumb":{"@id":"https:\/\/gronau-inside.de\/nl\/veranstaltung\/plauderstunde-im-haus-lebenstein-mit-musik-und-austausch-in-georgs-galerie#breadcrumb"},"inLanguage":"nl-NL","potentialAction":[{"@type":"ReadAction","target":["https:\/\/gronau-inside.de\/nl\/veranstaltung\/plauderstunde-im-haus-lebenstein-mit-musik-und-austausch-in-georgs-galerie"]}]},{"@type":"ImageObject","inLanguage":"nl-NL","@id":"https:\/\/gronau-inside.de\/nl\/veranstaltung\/plauderstunde-im-haus-lebenstein-mit-musik-und-austausch-in-georgs-galerie#primaryimage","url":"https:\/\/gronau-inside.de\/wp-content\/uploads\/2026\/03\/2026_Plauderstunde_Maerz.jpeg","contentUrl":"https:\/\/gronau-inside.de\/wp-content\/uploads\/2026\/03\/2026_Plauderstunde_Maerz.jpeg","width":2000,"height":2500},{"@type":"BreadcrumbList","@id":"https:\/\/gronau-inside.de\/nl\/veranstaltung\/plauderstunde-im-haus-lebenstein-mit-musik-und-austausch-in-georgs-galerie#breadcrumb","itemListElement":[{"@type":"ListItem","position":1,"name":"Startseite","item":"https:\/\/gronau-inside.de\/nl\/startseite"},{"@type":"ListItem","position":2,"name":"Evenementen","item":"https:\/\/gronau-inside.de\/nl\/veranstaltungen\/"},{"@type":"ListItem","position":3,"name":"Plauderstunde im Haus Lebenstein mit Musik und Austausch in Georgs Galerie"}]},{"@type":"WebSite","@id":"https:\/\/gronau-inside.de\/nl#website","url":"https:\/\/gronau-inside.de\/nl","name":"Gronau Inside","description":"Musikstadt im Gr\u00fcnen","publisher":{"@id":"https:\/\/gronau-inside.de\/nl#organization"},"potentialAction":[{"@type":"SearchAction","target":{"@type":"EntryPoint","urlTemplate":"https:\/\/gronau-inside.de\/nl?s={search_term_string}"},"query-input":{"@type":"PropertyValueSpecification","valueRequired":true,"valueName":"search_term_string"}}],"inLanguage":"nl-NL"},{"@type":"Organization","@id":"https:\/\/gronau-inside.de\/nl#organization","name":"Gronau Inside","url":"https:\/\/gronau-inside.de\/nl","logo":{"@type":"ImageObject","inLanguage":"nl-NL","@id":"https:\/\/gronau-inside.de\/nl#\/schema\/logo\/image\/","url":"https:\/\/gronau-inside.de\/wp-content\/uploads\/2020\/10\/01_gronau-logo_weissaufweiss_Schriftzug-1.png","contentUrl":"https:\/\/gronau-inside.de\/wp-content\/uploads\/2020\/10\/01_gronau-logo_weissaufweiss_Schriftzug-1.png","width":254,"height":246,"caption":"Gronau Inside"},"image":{"@id":"https:\/\/gronau-inside.de\/nl#\/schema\/logo\/image\/"}}]}},"ticketed":false,"_links":{"self":[{"href":"https:\/\/gronau-inside.de\/nl\/wp-json\/wp\/v2\/tribe_events\/92967","targetHints":{"allow":["GET"]}}],"collection":[{"href":"https:\/\/gronau-inside.de\/nl\/wp-json\/wp\/v2\/tribe_events"}],"about":[{"href":"https:\/\/gronau-inside.de\/nl\/wp-json\/wp\/v2\/types\/tribe_events"}],"author":[{"embeddable":true,"href":"https:\/\/gronau-inside.de\/nl\/wp-json\/wp\/v2\/users\/7"}],"version-history":[{"count":0,"href":"https:\/\/gronau-inside.de\/nl\/wp-json\/wp\/v2\/tribe_events\/92967\/revisions"}],"wp:featuredmedia":[{"embeddable":true,"href":"https:\/\/gronau-inside.de\/nl\/wp-json\/wp\/v2\/media\/92968"}],"wp:attachment":[{"href":"https:\/\/gronau-inside.de\/nl\/wp-json\/wp\/v2\/media?parent=92967"}],"wp:term":[{"taxonomy":"post_tag","embeddable":true,"href":"https:\/\/gronau-inside.de\/nl\/wp-json\/wp\/v2\/tags?post=92967"},{"taxonomy":"tribe_events_cat","embeddable":true,"href":"https:\/\/gronau-inside.de\/nl\/wp-json\/wp\/v2\/tribe_events_cat?post=92967"}],"curies":[{"name":"wp","href":"https:\/\/api.w.org\/{rel}","templated":true}]}}